{"id":4680,"date":"2021-05-17T12:13:03","date_gmt":"2021-05-17T10:13:03","guid":{"rendered":"https:\/\/cordoba.salesianos.edu\/pastoral\/?page_id=4680"},"modified":"2021-05-17T16:54:44","modified_gmt":"2021-05-17T14:54:44","slug":"grupos-de-fe-cristo-vive","status":"publish","type":"page","link":"https:\/\/cordoba.salesianos.edu\/pastoral\/grupos-de-fe-cristo-vive\/","title":{"rendered":"Grupos de fe \u00abCristo Vive\u00bb"},"content":{"rendered":"<p>[et_pb_section fb_built=\u00bb1&#8243; fullwidth=\u00bbon\u00bb _builder_version=\u00bb4.6.0&#8243; _module_preset=\u00bbdefault\u00bb][et_pb_fullwidth_image src=\u00bbhttps:\/\/cordoba.salesianos.edu\/pastoral\/wp-content\/uploads\/sites\/4\/2021\/05\/cabecera_grupos_de_fe.jpeg\u00bb _builder_version=\u00bb4.9.4&#8243; _module_preset=\u00bbdefault\u00bb title_text=\u00bbcabecera_grupos_de_fe\u00bb hover_enabled=\u00bb0&#8243; sticky_enabled=\u00bb0&#8243;][\/et_pb_fullwidth_image][\/et_pb_section][et_pb_section fb_built=\u00bb1&#8243; _builder_version=\u00bb3.22.3&#8243; custom_padding=\u00bb0px|0px|9px|0px|false|false\u00bb top_divider_color=\u00bb#ffffff\u00bb animation_style=\u00bbfade\u00bb][et_pb_row column_structure=\u00bb3_4,1_4&#8243; module_id=\u00bbservicios\u00bb _builder_version=\u00bb3.25&#8243; _dynamic_attributes=\u00bblink_option_url\u00bb min_height=\u00bb533px\u00bb custom_padding=\u00bb22px|0px|27px|0px|false|false\u00bb link_option_url=\u00bbHORARIOS\u00bb][et_pb_column type=\u00bb3_4&#8243; _builder_version=\u00bb3.19.18&#8243; custom_padding=\u00bb|||\u00bb custom_padding__hover=\u00bb|||\u00bb][et_pb_text _builder_version=\u00bb3.27.4&#8243; custom_padding=\u00bb0px|||||\u00bb]<\/p>\n<blockquote>\n<h1><span style=\"font-size: x-large;\">GRUPOS DE FE \u00abCRISTO VIVE\u00bb<\/span><\/h1>\n<\/blockquote>\n<p>[\/et_pb_text][et_pb_toggle title=\u00bbIDENTIDAD\u00bb icon_color=\u00bb#e02b20&#8243; _builder_version=\u00bb4.6.0&#8243; title_font=\u00bb||||||||\u00bb title_font_size=\u00bb18px\u00bb]<\/p>\n<p><span>El\u00a0<\/span><strong>Movimiento Juvenil Salesiano Cristo Vive<\/strong><span>\u00a0es un itinerario de educaci\u00f3n en la fe que forma parte del Centro Juvenil. La finalidad es propiciar a los j\u00f3venes un encuentro con Cristo y sentir c\u00f3mo puede darle sentido a su vida.<\/span><\/p>\n<p>[\/et_pb_toggle][et_pb_toggle title=\u00bb\u00bfD\u00d3NDE SE REALIZAN LOS GRUPOS DE CRISTO VIVE?\u00bb icon_color=\u00bb#e02b20&#8243; _builder_version=\u00bb4.6.0&#8243; title_font=\u00bb||||||||\u00bb title_font_size=\u00bb18px\u00bb]<\/p>\n<p><span>Los grupos de Cristo Vive se realizan en las instalaciones del centro, usando las diferentes aulas y pudiendo hacer uso de diferentes instalaciones desde la sala de audiovisuales como el propio Santuario<\/span><\/p>\n<p>[\/et_pb_toggle][et_pb_toggle title=\u00bb\u00bfCU\u00c1NDO SE REALIZAN LOS GRUPOS DE CRISTO VIVE?\u00bb icon_color=\u00bb#e02b20&#8243; _builder_version=\u00bb4.6.0&#8243; title_font=\u00bb||||||||\u00bb title_font_size=\u00bb18px\u00bb]<\/p>\n<p style=\"font-weight: 400;\"><b><strong>Grupos Cristo Vive<\/strong><\/b>: Todos los grupos se re\u00fanen los viernes desde las 16:30 hasta las 22:00 de la noche seg\u00fan las franjas de edad.<\/p>\n<p style=\"font-weight: 400;\"><b><strong>Junta del Cristo Vive<\/strong><\/b>: Se re\u00fane normalmente los mi\u00e9rcoles a las 21:00 una vez al mes.<\/p>\n<p style=\"font-weight: 400;\"><b><strong>Eucarist\u00edas<\/strong><\/b>: 12:00 y 19:30 (20:30 en verano).<\/p>\n<p>[\/et_pb_toggle][et_pb_toggle title=\u00bb\u00bfQUI\u00c9N FORMA PARTE DEL CRISTO VIVE?\u00bb icon_color=\u00bb#e02b20&#8243; _builder_version=\u00bb4.6.0&#8243; title_font=\u00bb||||||||\u00bb title_font_size=\u00bb18px\u00bb]<\/p>\n<p style=\"font-weight: 400;\">Los niveles empiezan desde Luz 3, alumnado de 5\u00ba de Primaria, ya que Luz 1 y Luz 2 corresponden a catequesis. Los grupos de CV acabaran en Vida 2, los mayores, que lo forma el alumnado de Bachillerato.<\/p>\n<p style=\"font-weight: 400;\">En la actualidad hay un gran grupo de<span>\u00a0<\/span>56 animadores, unos 460 ni\u00f1os y ni\u00f1as y toda la comunidad de Salesianos.<\/p>\n<p>[\/et_pb_toggle][et_pb_toggle title=\u00bb\u00bfQUI\u00c9N PUEDE PARTICIPAR?\u00bb icon_color=\u00bb#e02b20&#8243; _builder_version=\u00bb4.6.0&#8243; title_font=\u00bb||||||||\u00bb title_font_size=\u00bb18px\u00bb]<\/p>\n<p><span>Cualquier joven que lo desee puede participar, siendo o no alumno del centro.<\/span><\/p>\n<p>[\/et_pb_toggle][et_pb_toggle title=\u00bb\u00bfQU\u00c9 ACTIVIDADES REALIZA?\u00bb icon_color=\u00bb#e02b20&#8243; _builder_version=\u00bb4.6.0&#8243; title_font=\u00bb||||||||\u00bb title_font_size=\u00bb18px\u00bb]<\/p>\n<ol>\n<li>\n<p style=\"font-weight: 400;\">Todos los a\u00f1os cada nivel tiene una serie de actividades como Convivencias, Pascua, Retiros, Encuentros\u2026 durante todo el a\u00f1o. Un resumen de todas ellas ser\u00eda:<\/p>\n<p style=\"font-weight: 400;\">Reuniones semanales de formaci\u00f3n. Cada animador con su grupo asignado de j\u00f3venes.<\/p>\n<p style=\"font-weight: 400;\">&#8211; <strong>Convivencia en Campobosco<\/strong>. Desde Luz 4 hasta Vida 2 cada nivel programa una convivencia en Campobosco con el objetivo de ofrecer a los animandos una formaci\u00f3n complementaria a la dada en grupos y, adem\u00e1s convivir, compartir, orar y celebrar en comunidad.<\/p>\n<p style=\"font-weight: 400;\">&#8211;<strong> Pascua<\/strong>. Desde la casa se invita y se fomenta la participaci\u00f3n de todos los animadores y animandos de vida 1 y Vida 2 a celebrar la Pascua de Resurrecci\u00f3n junto a otras casas.<\/p>\n<p style=\"font-weight: 400;\">&#8211;<strong> Encuentro pascual<\/strong> (despu\u00e9s de la Pascua).<\/p>\n<p style=\"font-weight: 400;\">&#8211; <strong>Encuentros de zona<\/strong>. Todos los niveles desde Luz 3 hasta Vida 2 tienen un encuentro de zona al a\u00f1o junto a otras casas salesianas.<\/p>\n<p style=\"font-weight: 400;\">&#8211; <strong>Retiros<\/strong>. Todos los animadores de Cristo Vive tienen que ir como m\u00ednimo a dos retiros al a\u00f1o ya sean organizados por la propia casa o por otras comunidades religiosas o de la misma di\u00f3cesis.<\/p>\n<p style=\"font-weight: 400;\">&#8211; <strong>Formaciones<\/strong>. Desde la pastoral se programan una serie de formaciones para los animadores en las que participan otros grupos del ambiente salesiano (Grupo de Cooperadores, animadores de Salterrae, ONG, Salesianos,\u2026) y de otras realidades cristianas. Estas formaciones persiguen que los diferentes niveles ofrezcan, en su itinerario de educaci\u00f3n en la fe, a todos los chavales (destinatarios) una formaci\u00f3n cristiana de calidad.<\/p>\n<\/li>\n<\/ol>\n<p>&nbsp;<\/p>\n<p>[\/et_pb_toggle][\/et_pb_column][et_pb_column type=\u00bb1_4&#8243; _builder_version=\u00bb3.19.18&#8243; custom_padding=\u00bb|||\u00bb custom_padding__hover=\u00bb|||\u00bb][et_pb_image src=\u00bbhttps:\/\/cordoba.salesianos.edu\/pastoral\/wp-content\/uploads\/sites\/4\/2021\/05\/EfTOuDGWAAAQtS0.jpeg\u00bb title_text=\u00bbEfTOuDGWAAAQtS0&#8243; url=\u00bb#\u00bb align_tablet=\u00bbcenter\u00bb align_phone=\u00bb\u00bb align_last_edited=\u00bbon|desktop\u00bb _builder_version=\u00bb4.9.4&#8243; custom_margin=\u00bb89px|||||\u00bb filter_saturate=\u00bb78%\u00bb hover_enabled=\u00bb0&#8243; sticky_enabled=\u00bb0&#8243;][\/et_pb_image][\/et_pb_column][\/et_pb_row][\/et_pb_section][et_pb_section fb_built=\u00bb1&#8243; _builder_version=\u00bb3.22&#8243; custom_padding=\u00bb|||59px||\u00bb saved_tabs=\u00bball\u00bb][et_pb_row custom_padding_last_edited=\u00bbon|phone\u00bb _builder_version=\u00bb3.25&#8243; background_size=\u00bbinitial\u00bb background_position=\u00bbtop_left\u00bb background_repeat=\u00bbrepeat\u00bb width=\u00bb67.1%\u00bb custom_margin=\u00bb|auto||24px||\u00bb custom_padding=\u00bb1px|0px|7px|89px|false|false\u00bb custom_padding_tablet=\u00bb0px|||\u00bb custom_padding_phone=\u00bb0px|||\u00bb][et_pb_column type=\u00bb4_4&#8243; _builder_version=\u00bb3.0.47&#8243; background_position=\u00bbtop_left\u00bb custom_padding=\u00bb|||\u00bb custom_padding__hover=\u00bb|||\u00bb][et_pb_text admin_label=\u00bbSalesianos (Texto)\u00bb _builder_version=\u00bb3.27.4&#8243; text_font=\u00bbArial||||\u00bb text_text_color=\u00bb#636a70&#8243; text_font_size=\u00bb22&#8243; text_line_height=\u00bb1.6em\u00bb header_font=\u00bbArial||||\u00bb header_text_color=\u00bb#636a70&#8243; header_font_size=\u00bb46px\u00bb background_size=\u00bbinitial\u00bb background_position=\u00bbtop_left\u00bb background_repeat=\u00bbrepeat\u00bb custom_margin=\u00bb|||-96px||\u00bb]<\/p>\n<p class=\"\"><strong>Enlaces Salesianos<\/strong><strong><img loading=\"lazy\" decoding=\"async\" class=\"wp-image-1598 alignleft\" src=\"https:\/\/cordoba.salesianos.edu\/pastoral\/wp-content\/uploads\/sites\/4\/2021\/05\/enlaces_salesianos.png\" alt=\"\" width=\"29\" height=\"30\" \/><\/strong><\/p>\n<p>[\/et_pb_text][\/et_pb_column][\/et_pb_row][et_pb_row column_structure=\u00bb1_5,1_5,1_5,1_5,1_5&#8243; _builder_version=\u00bb4.9.4&#8243; _module_preset=\u00bbdefault\u00bb][et_pb_column type=\u00bb1_5&#8243; _builder_version=\u00bb4.9.4&#8243; _module_preset=\u00bbdefault\u00bb][et_pb_blurb url=\u00bbhttp:\/\/sdb.org\/es\/\u00bb url_new_window=\u00bbon\u00bb image=\u00bbhttps:\/\/cordoba.salesianos.edu\/pastoral\/wp-content\/uploads\/sites\/4\/2021\/05\/01_SDBORG.png\u00bb alt=\u00bbSalesianos en el mundo\u00bb image_max_width=\u00bbnone\u00bb admin_label=\u00bbSDB_org\u00bb _builder_version=\u00bb3.0.87&#8243; background_size=\u00bbinitial\u00bb background_position=\u00bbtop_left\u00bb background_repeat=\u00bbrepeat\u00bb text_orientation=\u00bbcenter\u00bb use_border_color=\u00bboff\u00bb border_color=\u00bb#ffffff\u00bb border_style=\u00bbsolid\u00bb]<\/p>\n<p>En el mundo<\/p>\n<p>[\/et_pb_blurb][\/et_pb_column][et_pb_column type=\u00bb1_5&#8243; _builder_version=\u00bb4.9.4&#8243; _module_preset=\u00bbdefault\u00bb][et_pb_blurb url=\u00bbhttp:\/\/www.donbosco.es\u00bb url_new_window=\u00bbon\u00bb image=\u00bbhttps:\/\/cordoba.salesianos.edu\/pastoral\/wp-content\/uploads\/sites\/4\/2021\/05\/02_DBES.png\u00bb alt=\u00bbSalesianos en Espa\u00f1a\u00bb image_max_width=\u00bbnone\u00bb admin_label=\u00bbDonBosco_ES\u00bb _builder_version=\u00bb3.0.87&#8243; background_size=\u00bbinitial\u00bb background_position=\u00bbtop_left\u00bb background_repeat=\u00bbrepeat\u00bb text_orientation=\u00bbcenter\u00bb use_border_color=\u00bboff\u00bb border_color=\u00bb#ffffff\u00bb border_style=\u00bbsolid\u00bb]<\/p>\n<p>En Espa\u00f1a<\/p>\n<p>[\/et_pb_blurb][\/et_pb_column][et_pb_column type=\u00bb1_5&#8243; _builder_version=\u00bb4.9.4&#8243; _module_preset=\u00bbdefault\u00bb][et_pb_blurb url=\u00bbhttp:\/\/www.salesianos.edu\u00bb url_new_window=\u00bbon\u00bb image=\u00bbhttps:\/\/cordoba.salesianos.edu\/pastoral\/wp-content\/uploads\/sites\/4\/2021\/05\/03_smxedu.png\u00bb image_max_width=\u00bbnone\u00bb admin_label=\u00bbInspector\u00eda\u00bb _builder_version=\u00bb3.0.87&#8243; background_size=\u00bbinitial\u00bb background_position=\u00bbtop_left\u00bb background_repeat=\u00bbrepeat\u00bb text_orientation=\u00bbcenter\u00bb use_border_color=\u00bboff\u00bb border_color=\u00bb#ffffff\u00bb border_style=\u00bbsolid\u00bb]<\/p>\n<p>En la Inspector\u00eda<\/p>\n<p>[\/et_pb_blurb][\/et_pb_column][et_pb_column type=\u00bb1_5&#8243; _builder_version=\u00bb4.9.4&#8243; _module_preset=\u00bbdefault\u00bb][et_pb_blurb url=\u00bbhttp:\/\/www.infoans.org\/es\u00bb url_new_window=\u00bbon\u00bb image=\u00bbhttps:\/\/cordoba.salesianos.edu\/pastoral\/wp-content\/uploads\/sites\/4\/2021\/05\/04_ans.png\u00bb image_max_width=\u00bbnone\u00bb admin_label=\u00bbANS_info\u00bb _builder_version=\u00bb3.0.87&#8243; background_size=\u00bbinitial\u00bb background_position=\u00bbtop_left\u00bb background_repeat=\u00bbrepeat\u00bb text_orientation=\u00bbcenter\u00bb use_border_color=\u00bboff\u00bb border_color=\u00bb#ffffff\u00bb border_style=\u00bbsolid\u00bb]<\/p>\n<p>Agencia noticias<\/p>\n<p>[\/et_pb_blurb][\/et_pb_column][et_pb_column type=\u00bb1_5&#8243; _builder_version=\u00bb4.9.4&#8243; _module_preset=\u00bbdefault\u00bb][et_pb_blurb url=\u00bbhttp:\/\/boletin-salesiano.com\/\u00bb url_new_window=\u00bbon\u00bb image=\u00bbhttps:\/\/cordoba.salesianos.edu\/pastoral\/wp-content\/uploads\/sites\/4\/2021\/05\/05_boletins.png\u00bb image_max_width=\u00bbnone\u00bb admin_label=\u00bbBoletinSalesiano\u00bb _builder_version=\u00bb3.0.87&#8243; background_size=\u00bbinitial\u00bb background_position=\u00bbtop_left\u00bb background_repeat=\u00bbrepeat\u00bb text_orientation=\u00bbcenter\u00bb use_border_color=\u00bboff\u00bb border_color=\u00bb#ffffff\u00bb border_style=\u00bbsolid\u00bb]<\/p>\n<p>Bolet\u00edn Salesiano<\/p>\n<p>[\/et_pb_blurb][\/et_pb_column][\/et_pb_row][\/et_pb_section][et_pb_section fb_built=\u00bb1&#8243; _builder_version=\u00bb4.3.2&#8243;][\/et_pb_section]<\/p>\n","protected":false},"excerpt":{"rendered":"<p>GRUPOS DE FE \u00abCRISTO VIVE\u00bb El\u00a0Movimiento Juvenil Salesiano Cristo Vive\u00a0es un itinerario de educaci\u00f3n en la fe que forma parte del Centro Juvenil. La finalidad es propiciar a los j\u00f3venes un encuentro con Cristo y sentir c\u00f3mo puede darle sentido a su vida.Los grupos de Cristo Vive se realizan en las instalaciones del centro, usando [&hellip;]<\/p>\n","protected":false},"author":3,"featured_media":0,"parent":0,"menu_order":0,"comment_status":"closed","ping_status":"closed","template":"","meta":{"_et_pb_use_builder":"on","_et_pb_old_content":"","_et_gb_content_width":"","footnotes":""},"class_list":["post-4680","page","type-page","status-publish","hentry"],"yoast_head":"<!-- This site is optimized with the Yoast SEO plugin v28.3 - https:\/\/yoast.com\/product\/yoast-seo-wordpress\/ -->\n<title>Grupos de fe &quot;Cristo Vive&quot; - Pastoral<\/title>\n<meta name=\"robots\" content=\"index, follow, max-snippet:-1, max-image-preview:large, max-video-preview:-1\" \/>\n<link rel=\"canonical\" href=\"https:\/\/cordoba.salesianos.edu\/pastoral\/grupos-de-fe-cristo-vive\/\" \/>\n<meta property=\"og:locale\" content=\"es_ES\" \/>\n<meta property=\"og:type\" content=\"article\" \/>\n<meta property=\"og:title\" content=\"Grupos de fe &quot;Cristo Vive&quot; - Pastoral\" \/>\n<meta property=\"og:description\" content=\"GRUPOS DE FE &quot;CRISTO VIVE&quot; El\u00a0Movimiento Juvenil Salesiano Cristo Vive\u00a0es un itinerario de educaci\u00f3n en la fe que forma parte del Centro Juvenil. La finalidad es propiciar a los j\u00f3venes un encuentro con Cristo y sentir c\u00f3mo puede darle sentido a su vida.Los grupos de Cristo Vive se realizan en las instalaciones del centro, usando [&hellip;]\" \/>\n<meta property=\"og:url\" content=\"https:\/\/cordoba.salesianos.edu\/pastoral\/grupos-de-fe-cristo-vive\/\" \/>\n<meta property=\"og:site_name\" content=\"Pastoral\" \/>\n<meta property=\"article:modified_time\" content=\"2021-05-17T14:54:44+00:00\" \/>\n<meta property=\"og:image\" content=\"https:\/\/cordoba.salesianos.edu\/pastoral\/wp-content\/uploads\/sites\/4\/2021\/05\/enlaces_salesianos.png\" \/>\n<meta name=\"twitter:card\" content=\"summary_large_image\" \/>\n<meta name=\"twitter:label1\" content=\"Tiempo de lectura\" \/>\n\t<meta name=\"twitter:data1\" content=\"7 minutos\" \/>\n<script type=\"application\/ld+json\" class=\"yoast-schema-graph\">{\"@context\":\"https:\\\/\\\/schema.org\",\"@graph\":[{\"@type\":\"WebPage\",\"@id\":\"https:\\\/\\\/cordoba.salesianos.edu\\\/pastoral\\\/grupos-de-fe-cristo-vive\\\/\",\"url\":\"https:\\\/\\\/cordoba.salesianos.edu\\\/pastoral\\\/grupos-de-fe-cristo-vive\\\/\",\"name\":\"Grupos de fe \\\"Cristo Vive\\\" - Pastoral\",\"isPartOf\":{\"@id\":\"https:\\\/\\\/cordoba.salesianos.edu\\\/pastoral\\\/#website\"},\"primaryImageOfPage\":{\"@id\":\"https:\\\/\\\/cordoba.salesianos.edu\\\/pastoral\\\/grupos-de-fe-cristo-vive\\\/#primaryimage\"},\"image\":{\"@id\":\"https:\\\/\\\/cordoba.salesianos.edu\\\/pastoral\\\/grupos-de-fe-cristo-vive\\\/#primaryimage\"},\"thumbnailUrl\":\"https:\\\/\\\/cordoba.salesianos.edu\\\/pastoral\\\/wp-content\\\/uploads\\\/sites\\\/4\\\/2021\\\/05\\\/enlaces_salesianos.png\",\"datePublished\":\"2021-05-17T10:13:03+00:00\",\"dateModified\":\"2021-05-17T14:54:44+00:00\",\"breadcrumb\":{\"@id\":\"https:\\\/\\\/cordoba.salesianos.edu\\\/pastoral\\\/grupos-de-fe-cristo-vive\\\/#breadcrumb\"},\"inLanguage\":\"es\",\"potentialAction\":[{\"@type\":\"ReadAction\",\"target\":[\"https:\\\/\\\/cordoba.salesianos.edu\\\/pastoral\\\/grupos-de-fe-cristo-vive\\\/\"]}]},{\"@type\":\"ImageObject\",\"inLanguage\":\"es\",\"@id\":\"https:\\\/\\\/cordoba.salesianos.edu\\\/pastoral\\\/grupos-de-fe-cristo-vive\\\/#primaryimage\",\"url\":\"https:\\\/\\\/cordoba.salesianos.edu\\\/pastoral\\\/wp-content\\\/uploads\\\/sites\\\/4\\\/2021\\\/05\\\/enlaces_salesianos.png\",\"contentUrl\":\"https:\\\/\\\/cordoba.salesianos.edu\\\/pastoral\\\/wp-content\\\/uploads\\\/sites\\\/4\\\/2021\\\/05\\\/enlaces_salesianos.png\",\"width\":131,\"height\":131},{\"@type\":\"BreadcrumbList\",\"@id\":\"https:\\\/\\\/cordoba.salesianos.edu\\\/pastoral\\\/grupos-de-fe-cristo-vive\\\/#breadcrumb\",\"itemListElement\":[{\"@type\":\"ListItem\",\"position\":1,\"name\":\"Portada\",\"item\":\"https:\\\/\\\/cordoba.salesianos.edu\\\/pastoral\\\/\"},{\"@type\":\"ListItem\",\"position\":2,\"name\":\"Grupos de fe \u00abCristo Vive\u00bb\"}]},{\"@type\":\"WebSite\",\"@id\":\"https:\\\/\\\/cordoba.salesianos.edu\\\/pastoral\\\/#website\",\"url\":\"https:\\\/\\\/cordoba.salesianos.edu\\\/pastoral\\\/\",\"name\":\"Pastoral\",\"description\":\"P\u00e1gina oficial Salesianos C\u00f3rdoba\",\"potentialAction\":[{\"@type\":\"SearchAction\",\"target\":{\"@type\":\"EntryPoint\",\"urlTemplate\":\"https:\\\/\\\/cordoba.salesianos.edu\\\/pastoral\\\/?s={search_term_string}\"},\"query-input\":{\"@type\":\"PropertyValueSpecification\",\"valueRequired\":true,\"valueName\":\"search_term_string\"}}],\"inLanguage\":\"es\"}]}<\/script>\n<!-- \/ Yoast SEO plugin. -->","yoast_head_json":{"title":"Grupos de fe \"Cristo Vive\" - Pastoral","robots":{"index":"index","follow":"follow","max-snippet":"max-snippet:-1","max-image-preview":"max-image-preview:large","max-video-preview":"max-video-preview:-1"},"canonical":"https:\/\/cordoba.salesianos.edu\/pastoral\/grupos-de-fe-cristo-vive\/","og_locale":"es_ES","og_type":"article","og_title":"Grupos de fe \"Cristo Vive\" - Pastoral","og_description":"GRUPOS DE FE \"CRISTO VIVE\" El\u00a0Movimiento Juvenil Salesiano Cristo Vive\u00a0es un itinerario de educaci\u00f3n en la fe que forma parte del Centro Juvenil. La finalidad es propiciar a los j\u00f3venes un encuentro con Cristo y sentir c\u00f3mo puede darle sentido a su vida.Los grupos de Cristo Vive se realizan en las instalaciones del centro, usando [&hellip;]","og_url":"https:\/\/cordoba.salesianos.edu\/pastoral\/grupos-de-fe-cristo-vive\/","og_site_name":"Pastoral","article_modified_time":"2021-05-17T14:54:44+00:00","og_image":[{"url":"https:\/\/cordoba.salesianos.edu\/pastoral\/wp-content\/uploads\/sites\/4\/2021\/05\/enlaces_salesianos.png","type":"","width":"","height":""}],"twitter_card":"summary_large_image","twitter_misc":{"Tiempo de lectura":"7 minutos"},"schema":{"@context":"https:\/\/schema.org","@graph":[{"@type":"WebPage","@id":"https:\/\/cordoba.salesianos.edu\/pastoral\/grupos-de-fe-cristo-vive\/","url":"https:\/\/cordoba.salesianos.edu\/pastoral\/grupos-de-fe-cristo-vive\/","name":"Grupos de fe \"Cristo Vive\" - Pastoral","isPartOf":{"@id":"https:\/\/cordoba.salesianos.edu\/pastoral\/#website"},"primaryImageOfPage":{"@id":"https:\/\/cordoba.salesianos.edu\/pastoral\/grupos-de-fe-cristo-vive\/#primaryimage"},"image":{"@id":"https:\/\/cordoba.salesianos.edu\/pastoral\/grupos-de-fe-cristo-vive\/#primaryimage"},"thumbnailUrl":"https:\/\/cordoba.salesianos.edu\/pastoral\/wp-content\/uploads\/sites\/4\/2021\/05\/enlaces_salesianos.png","datePublished":"2021-05-17T10:13:03+00:00","dateModified":"2021-05-17T14:54:44+00:00","breadcrumb":{"@id":"https:\/\/cordoba.salesianos.edu\/pastoral\/grupos-de-fe-cristo-vive\/#breadcrumb"},"inLanguage":"es","potentialAction":[{"@type":"ReadAction","target":["https:\/\/cordoba.salesianos.edu\/pastoral\/grupos-de-fe-cristo-vive\/"]}]},{"@type":"ImageObject","inLanguage":"es","@id":"https:\/\/cordoba.salesianos.edu\/pastoral\/grupos-de-fe-cristo-vive\/#primaryimage","url":"https:\/\/cordoba.salesianos.edu\/pastoral\/wp-content\/uploads\/sites\/4\/2021\/05\/enlaces_salesianos.png","contentUrl":"https:\/\/cordoba.salesianos.edu\/pastoral\/wp-content\/uploads\/sites\/4\/2021\/05\/enlaces_salesianos.png","width":131,"height":131},{"@type":"BreadcrumbList","@id":"https:\/\/cordoba.salesianos.edu\/pastoral\/grupos-de-fe-cristo-vive\/#breadcrumb","itemListElement":[{"@type":"ListItem","position":1,"name":"Portada","item":"https:\/\/cordoba.salesianos.edu\/pastoral\/"},{"@type":"ListItem","position":2,"name":"Grupos de fe \u00abCristo Vive\u00bb"}]},{"@type":"WebSite","@id":"https:\/\/cordoba.salesianos.edu\/pastoral\/#website","url":"https:\/\/cordoba.salesianos.edu\/pastoral\/","name":"Pastoral","description":"P\u00e1gina oficial Salesianos C\u00f3rdoba","potentialAction":[{"@type":"SearchAction","target":{"@type":"EntryPoint","urlTemplate":"https:\/\/cordoba.salesianos.edu\/pastoral\/?s={search_term_string}"},"query-input":{"@type":"PropertyValueSpecification","valueRequired":true,"valueName":"search_term_string"}}],"inLanguage":"es"}]}},"_links":{"self":[{"href":"https:\/\/cordoba.salesianos.edu\/pastoral\/wp-json\/wp\/v2\/pages\/4680","targetHints":{"allow":["GET"]}}],"collection":[{"href":"https:\/\/cordoba.salesianos.edu\/pastoral\/wp-json\/wp\/v2\/pages"}],"about":[{"href":"https:\/\/cordoba.salesianos.edu\/pastoral\/wp-json\/wp\/v2\/types\/page"}],"author":[{"embeddable":true,"href":"https:\/\/cordoba.salesianos.edu\/pastoral\/wp-json\/wp\/v2\/users\/3"}],"replies":[{"embeddable":true,"href":"https:\/\/cordoba.salesianos.edu\/pastoral\/wp-json\/wp\/v2\/comments?post=4680"}],"version-history":[{"count":7,"href":"https:\/\/cordoba.salesianos.edu\/pastoral\/wp-json\/wp\/v2\/pages\/4680\/revisions"}],"predecessor-version":[{"id":4761,"href":"https:\/\/cordoba.salesianos.edu\/pastoral\/wp-json\/wp\/v2\/pages\/4680\/revisions\/4761"}],"wp:attachment":[{"href":"https:\/\/cordoba.salesianos.edu\/pastoral\/wp-json\/wp\/v2\/media?parent=4680"}],"curies":[{"name":"wp","href":"https:\/\/api.w.org\/{rel}","templated":true}]}}