{"id":4676,"date":"2021-05-17T16:35:37","date_gmt":"2021-05-17T14:35:37","guid":{"rendered":"https:\/\/cordoba.salesianos.edu\/pastoral\/?page_id=4676"},"modified":"2023-09-05T09:44:19","modified_gmt":"2023-09-05T07:44:19","slug":"pastoral-escolar","status":"publish","type":"page","link":"https:\/\/cordoba.salesianos.edu\/pastoral\/pastoral-escolar\/","title":{"rendered":"Pastoral Escolar"},"content":{"rendered":"<p>[et_pb_section fb_built=\u00bb1&#8243; fullwidth=\u00bbon\u00bb _builder_version=\u00bb4.16&#8243; _module_preset=\u00bbdefault\u00bb global_colors_info=\u00bb{}\u00bb][et_pb_fullwidth_image src=\u00bbhttps:\/\/cordoba.salesianos.edu\/pastoral\/wp-content\/uploads\/sites\/4\/2021\/05\/cabecera_pastoralescolar2.jpeg\u00bb title_text=\u00bbcabecera_pastoralescolar2&#8243; _builder_version=\u00bb4.16&#8243; _module_preset=\u00bbdefault\u00bb global_colors_info=\u00bb{}\u00bb][\/et_pb_fullwidth_image][\/et_pb_section][et_pb_section fb_built=\u00bb1&#8243; _builder_version=\u00bb4.16&#8243; custom_padding=\u00bb0px|0px|9px|0px|false|false\u00bb top_divider_color=\u00bb#ffffff\u00bb animation_style=\u00bbfade\u00bb global_colors_info=\u00bb{}\u00bb][et_pb_row module_id=\u00bbservicios\u00bb _builder_version=\u00bb4.16&#8243; _dynamic_attributes=\u00bblink_option_url\u00bb min_height=\u00bb533px\u00bb custom_padding=\u00bb22px|0px|27px|0px|false|false\u00bb link_option_url=\u00bbHORARIOS\u00bb global_colors_info=\u00bb{}\u00bb][et_pb_column type=\u00bb4_4&#8243; _builder_version=\u00bb4.16&#8243; custom_padding=\u00bb|||\u00bb global_colors_info=\u00bb{}\u00bb custom_padding__hover=\u00bb|||\u00bb][et_pb_text _builder_version=\u00bb4.16&#8243; custom_padding=\u00bb0px|||||\u00bb global_colors_info=\u00bb{}\u00bb]<\/p>\n<blockquote>\n<h1><span style=\"font-size: x-large;\">PASTORAL ESCOLAR<\/span><\/h1>\n<\/blockquote>\n<p>[\/et_pb_text][et_pb_toggle title=\u00bbLa escuela, lugar privilegiado de educaci\u00f3n integral\u00bb icon_color=\u00bb#e02b20&#8243; open_icon_color=\u00bb#e02b20&#8243; _builder_version=\u00bb4.16&#8243; title_font=\u00bb||||||||\u00bb title_font_size=\u00bb18px\u00bb global_colors_info=\u00bb{}\u00bb]<\/p>\n<p style=\"font-weight: 400;\">Consideramos la escuela como lugar privilegiado para la educaci\u00f3n integral de la persona en todas sus dimensiones, conforme a la visi\u00f3n humana y cristiana de la vida.<\/p>\n<p>[\/et_pb_toggle][et_pb_toggle title=\u00bbAtenci\u00f3n a todas las dimensiones de la persona\u00bb icon_color=\u00bb#e02b20&#8243; open_icon_color=\u00bb#e02b20&#8243; _builder_version=\u00bb4.16&#8243; title_font=\u00bb||||||||\u00bb title_font_size=\u00bb18px\u00bb global_colors_info=\u00bb{}\u00bb]<\/p>\n<p style=\"font-weight: 400;\">Por ello, la escuela ayuda a los alumnos y alumnas a:<\/p>\n<ul style=\"font-weight: 400;\">\n<li>descubrir y potenciar sus capacidades f\u00edsicas, afectivas e intelectuales, asumiendo las propias cualidades y limitaciones;<\/li>\n<li>desarrollar su sentido \u00e9tico y trascendente sobre la humanidad, la vida, la historia y el mundo, desde la perspectiva del mensaje de Jesucristo;<\/li>\n<li>desarrollar su dimensi\u00f3n socio-pol\u00edtica, que da sentido y abre al compromiso con la comunidad humana en la que vive;<\/li>\n<li>descubrir la vida como vocaci\u00f3n, concretando el propio proyecto de vida como servicio en la sociedad y en la Iglesia, que lleva a la autorrealizaci\u00f3n<\/li>\n<\/ul>\n<p style=\"font-weight: 400;\">Estas cuatro dimensiones constituyen una unidad en la persona, que crece y madura a trav\u00e9s de la acci\u00f3n educativa seg\u00fan su sexo, edad y situaci\u00f3n concreta.<\/p>\n<p>[\/et_pb_toggle][et_pb_toggle title=\u00bbRespeto al proceso educativo y al entorno\u00bb icon_color=\u00bb#e02b20&#8243; open_icon_color=\u00bb#e02b20&#8243; _builder_version=\u00bb4.16&#8243; title_font=\u00bb||||||||\u00bb title_font_size=\u00bb18px\u00bb global_colors_info=\u00bb{}\u00bb]<\/p>\n<p style=\"font-weight: 400;\"><span>En esta labor educativa tenemos presente la edad, el nivel de personalizaci\u00f3n y socializaci\u00f3n, las experiencias y el entorno familiar y social, que condicionan el proceso de educaci\u00f3n integral.<\/span><\/p>\n<p>[\/et_pb_toggle][et_pb_toggle title=\u00bbActividades Pastorales\u00bb icon_color=\u00bb#e02b20&#8243; open_icon_color=\u00bb#e02b20&#8243; _builder_version=\u00bb4.16&#8243; title_font=\u00bb||||||||\u00bb title_font_size=\u00bb18px\u00bb global_colors_info=\u00bb{}\u00bb]<\/p>\n<ul>\n<li><span><strong>Buenos d\u00edas:<\/strong><\/span><span>\u00a0<\/span>Cuidamos y privilegiamos este momento diario de formaci\u00f3n humana y cristiana en el aula. RESPONSABLES: Equipo de Pastoral y profesores de la primera hora de clase.<\/li>\n<li><span><strong>Buenos d\u00edas en el santuario:<\/strong>\u00a0<\/span>un mensaje para el d\u00eda a todas las etapas educativas, para todas las etapas. RESPONSABLES: Equipo de Pastoral, Direcci\u00f3n Titular y Direcci\u00f3n de Centro, quedando abierto a la implicaci\u00f3n de todo el profesorado.<\/li>\n<li><span><strong>Ambientaci\u00f3n:<\/strong><\/span><span>\u00a0<\/span>presentaci\u00f3n de carteleras en el colegio y en las aulas y diversas informaciones seg\u00fan el calendario. RESPONSABLES: Equipo de Pastoral.<\/li>\n<li><span><strong>Fiestas Salesianas:<\/strong><\/span><span>\u00a0<\/span>fomentamos el conocimiento y el cari\u00f1o a D. Bosco y Mar\u00eda Auxiliadora, Domingo Savio y los dem\u00e1s santos salesianos. RESPONSABLES: Equipo de Pastoral y Equipos T\u00e9cnicos de Coordinaci\u00f3n Pedag\u00f3gica.<\/li>\n<li><span><strong>Convivencias cristianas:<\/strong><\/span><span>\u00a0<\/span>en noviembre, cuaresma y Pascua. Para reflexionar en la fe y en nuestra vida. RESPONSABLES: Equipo de Pastoral y Subdirectores.<\/li>\n<li><span><strong>Animaci\u00f3n misionera:<\/strong><\/span><span>\u00a0<\/span>sensibilizaci\u00f3n sobre la realidad de nuestra sociedad y colaboraci\u00f3n directa con las misiones salesianas. RESPONSABLES: Equipo de Pastoral y ONG \u201cSolidaridad D. Bosco\u201d.<\/li>\n<li><span><strong>Celebraciones por curso y etapa:<\/strong><\/span><span>\u00a0<\/span>Celebraci\u00f3n de la Eucarist\u00eda, celebraciones de la Palabra, Saludo a Mar\u00eda Auxiliadora los 24 de cada mes, celebraci\u00f3n del sacramento de la reconciliaci\u00f3n. RESPONSABLES: Equipo de Pastoral.<\/li>\n<\/ul>\n<p>[\/et_pb_toggle][et_pb_image src=\u00bbhttps:\/\/cordoba.salesianos.edu\/pastoral\/wp-content\/uploads\/sites\/4\/2023\/09\/c513f5af-6748-4a33-a80a-63347e8d9a9a.jpg\u00bb _builder_version=\u00bb4.22.1&#8243; _module_preset=\u00bbdefault\u00bb title_text=\u00bbc513f5af-6748-4a33-a80a-63347e8d9a9a\u00bb hover_enabled=\u00bb0&#8243; sticky_enabled=\u00bb0&#8243;][\/et_pb_image][\/et_pb_column][\/et_pb_row][et_pb_row _builder_version=\u00bb4.16&#8243; global_colors_info=\u00bb{}\u00bb][et_pb_column type=\u00bb4_4&#8243; _builder_version=\u00bb4.16&#8243; custom_padding=\u00bb|||\u00bb global_colors_info=\u00bb{}\u00bb custom_padding__hover=\u00bb|||\u00bb][et_pb_divider divider_style=\u00bbdotted\u00bb divider_weight=\u00bb10px\u00bb _builder_version=\u00bb4.16&#8243; global_colors_info=\u00bb{}\u00bb]<br \/>\n[\/et_pb_divider][\/et_pb_column][\/et_pb_row][\/et_pb_section][et_pb_section fb_built=\u00bb1&#8243; _builder_version=\u00bb4.16&#8243; global_colors_info=\u00bb{}\u00bb][\/et_pb_section]<\/p>\n","protected":false},"excerpt":{"rendered":"<p>PASTORAL ESCOLAR Consideramos la escuela como lugar privilegiado para la educaci\u00f3n integral de la persona en todas sus dimensiones, conforme a la visi\u00f3n humana y cristiana de la vida.Por ello, la escuela ayuda a los alumnos y alumnas a: descubrir y potenciar sus capacidades f\u00edsicas, afectivas e intelectuales, asumiendo las propias cualidades y limitaciones; desarrollar [&hellip;]<\/p>\n","protected":false},"author":3,"featured_media":0,"parent":0,"menu_order":0,"comment_status":"closed","ping_status":"closed","template":"","meta":{"_et_pb_use_builder":"on","_et_pb_old_content":"","_et_gb_content_width":"","footnotes":""},"class_list":["post-4676","page","type-page","status-publish","hentry"],"yoast_head":"<!-- This site is optimized with the Yoast SEO plugin v28.3 - https:\/\/yoast.com\/product\/yoast-seo-wordpress\/ -->\n<title>Pastoral Escolar - Pastoral<\/title>\n<meta name=\"robots\" content=\"index, follow, max-snippet:-1, max-image-preview:large, max-video-preview:-1\" \/>\n<link rel=\"canonical\" href=\"https:\/\/cordoba.salesianos.edu\/pastoral\/pastoral-escolar\/\" \/>\n<meta property=\"og:locale\" content=\"es_ES\" \/>\n<meta property=\"og:type\" content=\"article\" \/>\n<meta property=\"og:title\" content=\"Pastoral Escolar - Pastoral\" \/>\n<meta property=\"og:description\" content=\"PASTORAL ESCOLAR Consideramos la escuela como lugar privilegiado para la educaci\u00f3n integral de la persona en todas sus dimensiones, conforme a la visi\u00f3n humana y cristiana de la vida.Por ello, la escuela ayuda a los alumnos y alumnas a: descubrir y potenciar sus capacidades f\u00edsicas, afectivas e intelectuales, asumiendo las propias cualidades y limitaciones; desarrollar [&hellip;]\" \/>\n<meta property=\"og:url\" content=\"https:\/\/cordoba.salesianos.edu\/pastoral\/pastoral-escolar\/\" \/>\n<meta property=\"og:site_name\" content=\"Pastoral\" \/>\n<meta property=\"article:modified_time\" content=\"2023-09-05T07:44:19+00:00\" \/>\n<meta name=\"twitter:card\" content=\"summary_large_image\" \/>\n<meta name=\"twitter:label1\" content=\"Tiempo de lectura\" \/>\n\t<meta name=\"twitter:data1\" content=\"3 minutos\" \/>\n<script type=\"application\/ld+json\" class=\"yoast-schema-graph\">{\"@context\":\"https:\\\/\\\/schema.org\",\"@graph\":[{\"@type\":\"WebPage\",\"@id\":\"https:\\\/\\\/cordoba.salesianos.edu\\\/pastoral\\\/pastoral-escolar\\\/\",\"url\":\"https:\\\/\\\/cordoba.salesianos.edu\\\/pastoral\\\/pastoral-escolar\\\/\",\"name\":\"Pastoral Escolar - Pastoral\",\"isPartOf\":{\"@id\":\"https:\\\/\\\/cordoba.salesianos.edu\\\/pastoral\\\/#website\"},\"datePublished\":\"2021-05-17T14:35:37+00:00\",\"dateModified\":\"2023-09-05T07:44:19+00:00\",\"breadcrumb\":{\"@id\":\"https:\\\/\\\/cordoba.salesianos.edu\\\/pastoral\\\/pastoral-escolar\\\/#breadcrumb\"},\"inLanguage\":\"es\",\"potentialAction\":[{\"@type\":\"ReadAction\",\"target\":[\"https:\\\/\\\/cordoba.salesianos.edu\\\/pastoral\\\/pastoral-escolar\\\/\"]}]},{\"@type\":\"BreadcrumbList\",\"@id\":\"https:\\\/\\\/cordoba.salesianos.edu\\\/pastoral\\\/pastoral-escolar\\\/#breadcrumb\",\"itemListElement\":[{\"@type\":\"ListItem\",\"position\":1,\"name\":\"Portada\",\"item\":\"https:\\\/\\\/cordoba.salesianos.edu\\\/pastoral\\\/\"},{\"@type\":\"ListItem\",\"position\":2,\"name\":\"Pastoral Escolar\"}]},{\"@type\":\"WebSite\",\"@id\":\"https:\\\/\\\/cordoba.salesianos.edu\\\/pastoral\\\/#website\",\"url\":\"https:\\\/\\\/cordoba.salesianos.edu\\\/pastoral\\\/\",\"name\":\"Pastoral\",\"description\":\"P\u00e1gina oficial Salesianos C\u00f3rdoba\",\"potentialAction\":[{\"@type\":\"SearchAction\",\"target\":{\"@type\":\"EntryPoint\",\"urlTemplate\":\"https:\\\/\\\/cordoba.salesianos.edu\\\/pastoral\\\/?s={search_term_string}\"},\"query-input\":{\"@type\":\"PropertyValueSpecification\",\"valueRequired\":true,\"valueName\":\"search_term_string\"}}],\"inLanguage\":\"es\"}]}<\/script>\n<!-- \/ Yoast SEO plugin. -->","yoast_head_json":{"title":"Pastoral Escolar - Pastoral","robots":{"index":"index","follow":"follow","max-snippet":"max-snippet:-1","max-image-preview":"max-image-preview:large","max-video-preview":"max-video-preview:-1"},"canonical":"https:\/\/cordoba.salesianos.edu\/pastoral\/pastoral-escolar\/","og_locale":"es_ES","og_type":"article","og_title":"Pastoral Escolar - Pastoral","og_description":"PASTORAL ESCOLAR Consideramos la escuela como lugar privilegiado para la educaci\u00f3n integral de la persona en todas sus dimensiones, conforme a la visi\u00f3n humana y cristiana de la vida.Por ello, la escuela ayuda a los alumnos y alumnas a: descubrir y potenciar sus capacidades f\u00edsicas, afectivas e intelectuales, asumiendo las propias cualidades y limitaciones; desarrollar [&hellip;]","og_url":"https:\/\/cordoba.salesianos.edu\/pastoral\/pastoral-escolar\/","og_site_name":"Pastoral","article_modified_time":"2023-09-05T07:44:19+00:00","twitter_card":"summary_large_image","twitter_misc":{"Tiempo de lectura":"3 minutos"},"schema":{"@context":"https:\/\/schema.org","@graph":[{"@type":"WebPage","@id":"https:\/\/cordoba.salesianos.edu\/pastoral\/pastoral-escolar\/","url":"https:\/\/cordoba.salesianos.edu\/pastoral\/pastoral-escolar\/","name":"Pastoral Escolar - Pastoral","isPartOf":{"@id":"https:\/\/cordoba.salesianos.edu\/pastoral\/#website"},"datePublished":"2021-05-17T14:35:37+00:00","dateModified":"2023-09-05T07:44:19+00:00","breadcrumb":{"@id":"https:\/\/cordoba.salesianos.edu\/pastoral\/pastoral-escolar\/#breadcrumb"},"inLanguage":"es","potentialAction":[{"@type":"ReadAction","target":["https:\/\/cordoba.salesianos.edu\/pastoral\/pastoral-escolar\/"]}]},{"@type":"BreadcrumbList","@id":"https:\/\/cordoba.salesianos.edu\/pastoral\/pastoral-escolar\/#breadcrumb","itemListElement":[{"@type":"ListItem","position":1,"name":"Portada","item":"https:\/\/cordoba.salesianos.edu\/pastoral\/"},{"@type":"ListItem","position":2,"name":"Pastoral Escolar"}]},{"@type":"WebSite","@id":"https:\/\/cordoba.salesianos.edu\/pastoral\/#website","url":"https:\/\/cordoba.salesianos.edu\/pastoral\/","name":"Pastoral","description":"P\u00e1gina oficial Salesianos C\u00f3rdoba","potentialAction":[{"@type":"SearchAction","target":{"@type":"EntryPoint","urlTemplate":"https:\/\/cordoba.salesianos.edu\/pastoral\/?s={search_term_string}"},"query-input":{"@type":"PropertyValueSpecification","valueRequired":true,"valueName":"search_term_string"}}],"inLanguage":"es"}]}},"_links":{"self":[{"href":"https:\/\/cordoba.salesianos.edu\/pastoral\/wp-json\/wp\/v2\/pages\/4676","targetHints":{"allow":["GET"]}}],"collection":[{"href":"https:\/\/cordoba.salesianos.edu\/pastoral\/wp-json\/wp\/v2\/pages"}],"about":[{"href":"https:\/\/cordoba.salesianos.edu\/pastoral\/wp-json\/wp\/v2\/types\/page"}],"author":[{"embeddable":true,"href":"https:\/\/cordoba.salesianos.edu\/pastoral\/wp-json\/wp\/v2\/users\/3"}],"replies":[{"embeddable":true,"href":"https:\/\/cordoba.salesianos.edu\/pastoral\/wp-json\/wp\/v2\/comments?post=4676"}],"version-history":[{"count":6,"href":"https:\/\/cordoba.salesianos.edu\/pastoral\/wp-json\/wp\/v2\/pages\/4676\/revisions"}],"predecessor-version":[{"id":4813,"href":"https:\/\/cordoba.salesianos.edu\/pastoral\/wp-json\/wp\/v2\/pages\/4676\/revisions\/4813"}],"wp:attachment":[{"href":"https:\/\/cordoba.salesianos.edu\/pastoral\/wp-json\/wp\/v2\/media?parent=4676"}],"curies":[{"name":"wp","href":"https:\/\/api.w.org\/{rel}","templated":true}]}}