{"id":4688,"date":"2022-11-09T13:33:03","date_gmt":"2022-11-09T12:33:03","guid":{"rendered":"https:\/\/cordoba.salesianos.edu\/familiasalesiana\/?page_id=4688"},"modified":"2022-11-17T10:54:18","modified_gmt":"2022-11-17T09:54:18","slug":"salesianos-cooperadores","status":"publish","type":"page","link":"https:\/\/cordoba.salesianos.edu\/familiasalesiana\/salesianos-cooperadores\/","title":{"rendered":"Salesianos Cooperadores"},"content":{"rendered":"<p>[et_pb_section fb_built=\u00bb1&#8243; fullwidth=\u00bbon\u00bb _builder_version=\u00bb4.16&#8243; global_colors_info=\u00bb{}\u00bb][et_pb_fullwidth_header title=\u00bbAsociaci\u00f3n Salesianos Cooperadores\u00bb module_class=\u00bbpagina-imagen-cabecera\u00bb _builder_version=\u00bb4.16&#8243; background_color=\u00bbrgba(255, 255, 255, 0)\u00bb background_image=\u00bbhttps:\/\/cordoba.salesianos.edu\/familiasalesiana\/wp-content\/uploads\/sites\/6\/2022\/11\/2017-02-04-168.jpg\u00bb background_size=\u00bbinitial\u00bb background_position=\u00bbtop_left\u00bb background_repeat=\u00bbrepeat\u00bb background_layout=\u00bblight\u00bb max_width_tablet=\u00bb50px\u00bb button_one_letter_spacing_hover=\u00bb0&#8243; button_two_letter_spacing_hover=\u00bb0&#8243; global_colors_info=\u00bb{}\u00bb button_one_text_size__hover_enabled=\u00bboff\u00bb button_two_text_size__hover_enabled=\u00bboff\u00bb button_one_text_color__hover_enabled=\u00bboff\u00bb button_two_text_color__hover_enabled=\u00bboff\u00bb button_one_border_width__hover_enabled=\u00bboff\u00bb button_two_border_width__hover_enabled=\u00bboff\u00bb button_one_border_color__hover_enabled=\u00bboff\u00bb button_two_border_color__hover_enabled=\u00bboff\u00bb button_one_border_radius__hover_enabled=\u00bboff\u00bb button_two_border_radius__hover_enabled=\u00bboff\u00bb button_one_letter_spacing__hover_enabled=\u00bbon\u00bb button_one_letter_spacing__hover=\u00bb0&#8243; button_two_letter_spacing__hover_enabled=\u00bbon\u00bb button_two_letter_spacing__hover=\u00bb0&#8243; button_one_bg_color__hover_enabled=\u00bboff\u00bb button_two_bg_color__hover_enabled=\u00bboff\u00bb][\/et_pb_fullwidth_header][\/et_pb_section][et_pb_section fb_built=\u00bb1&#8243; admin_label=\u00bbsection\u00bb _builder_version=\u00bb4.16&#8243; global_colors_info=\u00bb{}\u00bb][et_pb_row column_structure=\u00bb1_4,3_4&#8243; _builder_version=\u00bb4.16&#8243; custom_margin=\u00bb25px|||\u00bb custom_padding=\u00bb25px|||\u00bb global_colors_info=\u00bb{}\u00bb][et_pb_column type=\u00bb1_4&#8243; _builder_version=\u00bb4.16&#8243; custom_padding=\u00bb|||\u00bb global_colors_info=\u00bb{}\u00bb custom_padding__hover=\u00bb|||\u00bb][et_pb_image src=\u00bbhttps:\/\/cordoba.salesianos.edu\/familiasalesiana\/wp-content\/uploads\/sites\/6\/2022\/11\/sscc.jpg\u00bb alt=\u00bbSalesianos Cooperadores\u00bb title_text=\u00bbSalesianos Cooperadores\u00bb url=\u00bbhttp:\/\/cooperadores.org\/wp\/\u00bb url_new_window=\u00bbon\u00bb align=\u00bbcenter\u00bb force_fullwidth=\u00bbon\u00bb align_tablet=\u00bbcenter\u00bb align_phone=\u00bb\u00bb align_last_edited=\u00bbon|desktop\u00bb _builder_version=\u00bb4.16&#8243; animation_style=\u00bbslide\u00bb animation_direction=\u00bbright\u00bb animation_duration=\u00bb500ms\u00bb animation_intensity_slide=\u00bb10%\u00bb animation=\u00bbright\u00bb border_style=\u00bbsolid\u00bb always_center_on_mobile=\u00bbon\u00bb global_colors_info=\u00bb{}\u00bb][\/et_pb_image][\/et_pb_column][et_pb_column type=\u00bb3_4&#8243; _builder_version=\u00bb4.16&#8243; custom_padding=\u00bb|||\u00bb global_colors_info=\u00bb{}\u00bb custom_padding__hover=\u00bb|||\u00bb][et_pb_text _builder_version=\u00bb4.16&#8243; border_style=\u00bbsolid\u00bb global_colors_info=\u00bb{}\u00bb]<\/p>\n<h1>\u00bfQuienes son los salesianos cooperadores?<\/h1>\n<p>[\/et_pb_text][et_pb_text _builder_version=\u00bb4.16&#8243; border_style=\u00bbsolid\u00bb global_colors_info=\u00bb{}\u00bb]Los salesianos cooperadores son la primera rama fundada por Don Bosco de la Familia Salesiana. Nace de la necesidad que tiene Don Bosco de obtener\u00a0<em>cooperadores<\/em>\u00a0para sacar adelante su sue\u00f1o y poder brindar a los j\u00f3venes, su ideal de sistema preventivo.<br \/>\n[\/et_pb_text][\/et_pb_column][\/et_pb_row][et_pb_row _builder_version=\u00bb4.16&#8243; global_colors_info=\u00bb{}\u00bb][et_pb_column type=\u00bb4_4&#8243; _builder_version=\u00bb4.16&#8243; custom_padding=\u00bb|||\u00bb global_colors_info=\u00bb{}\u00bb custom_padding__hover=\u00bb|||\u00bb][et_pb_tabs _builder_version=\u00bb4.16&#8243; tab_font=\u00bbAmatic SC||||\u00bb tab_font_size=\u00bb24px\u00bb border_style=\u00bbsolid\u00bb global_colors_info=\u00bb{}\u00bb][et_pb_tab title=\u00bbHistoria\u00bb _builder_version=\u00bb4.16&#8243; body_font=\u00bb||||\u00bb body_text_align=\u00bbjustify\u00bb tab_font=\u00bb||||\u00bb global_colors_info=\u00bb{}\u00bb]<\/p>\n<h2>Nuestra historia&#8230;<\/h2>\n<div id=\"nlkguj\" class=\"\">\n<p>La obra de Don Bosco nace en\u00a01841\u00a0cuando el joven sacerdote de origen campesino se da cuenta de la realidad escabrosa de los muchachos pobres de una\u00a0Tur\u00edn\u00a0que comienza a vivir a plenitud su propia\u00a0revoluci\u00f3n industrial. Don Bosco renuncia a la posibilidad de ganarse la vida como sacerdote al servicio de la clase burguesa de la ciudad y prefiere abrir espacios para el desarrollo y formaci\u00f3n de los muchachos que nadie cuidaba.<\/p>\n<p>Muchas personas que hoy comprenden el significado de la propuesta de Don Bosco sea desde un punto religioso o desde un punto social son lo que se conoce como <em>cooperadores<\/em>.<\/p>\n<p id=\"qwtibb\">Su propia madre,\u00a0Margarita Occhiena, su director espiritual,\u00a0Jos\u00e9 Cafasso\u00a0y posteriormente grandes personalidades de la vida social se inscribir\u00edan en el proyecto educativo de Don Bosco.<\/p>\n<\/div>\n<div id=\"puqpam\" class=\"\">\n<p>Por otra parte, Don Bosco inspirar\u00eda su m\u00e9todo a la prominente figura de san\u00a0Francisco de Sales, cuyo carisma espiritual y amabilidad sellar\u00edan la experiencia educativa de Don Bosco. Para Don Bosco, los salesianos cooperadores son considerandos <em>salesianos externos<\/em>, es decir, que sin asumir los votos religiosos como lo ser\u00eda para los sacerdotes, salesianos coadjutores y salesianas, viven en plenitud su carisma salesiano permaneciendo en la sociedad civil y llegando a aquellos sitios en donde los religiosos por su naturaleza no pueden llegar siempre en pro y beneficio de los j\u00f3venes.<\/p>\n<p>&nbsp;<\/p>\n<\/div>\n<p>[\/et_pb_tab][et_pb_tab title=\u00bbEn la actualidad\u00bb _builder_version=\u00bb4.16&#8243; body_font=\u00bb||||\u00bb tab_font=\u00bb||||\u00bb global_colors_info=\u00bb{}\u00bb]<\/p>\n<h1>En la actualidad&#8230;<\/h1>\n<ol>\n<li><strong>M\u00c1S QUE FAMILIA<\/strong><\/li>\n<\/ol>\n<p>Este es el lema con el que el Consejo Provincial nos interpela a todos a \u201cFavorecer un ambiente familiar en el que el di\u00e1logo constante, la presencia animadora, el acompa\u00f1amiento personal y la experiencia de grupo ayudan a percibir la presencia de Dios, haciendo sentir en casa a todas las personas que se acerquen a nuestra Asociaci\u00f3n\u201d.<\/p>\n<ol start=\"2\">\n<li><strong>ABRIMOS CAMINOS<\/strong><\/li>\n<\/ol>\n<p>Con esta frase, los Salesianos de Espa\u00f1a nos proponen a tres ideas: \u201ccrecer como personas y creyentes, para fortalecer nuestras comunidades desde la vivencia de la fe y la fraternidad, y para encontrarnos con Jes\u00fas y anunciarlo\u201d.<\/p>\n<ol start=\"3\">\n<li><strong>C\u00d3RDOBA, UNA IGLESIA VIVA<\/strong><\/li>\n<\/ol>\n<p>Este es el t\u00edtulo con el que nuestro obispo, don Demetrio, encabeza su carta pastoral para este nuevo curso y en la que nos invita a \u201ccomenzar con renovadas energ\u00edas y con toda esperanza, abiertos tambi\u00e9n a lo imprevisto. Para que, con los ojos fijos en el Se\u00f1or y alentados por su Esp\u00edritu Santo, nos pongamos a la tarea cotidiana sin agobios y con toda esperanza\u201d.<\/p>\n<ol start=\"4\">\n<li><strong>COMO FERMENTO EN LA FAMILIA HUMANA DE HOY<\/strong><\/li>\n<\/ol>\n<p>As\u00ed titula el aguinaldo del Rector Mayor para 2023. Nos sugiere \u201cayudar a los j\u00f3venes a que descubran su protagonismo en la sociedad y su misi\u00f3n al lado de Jes\u00fas como creyentes\u201d. Y nos anima a todos a \u201credescubrir en nuestra vocaci\u00f3n laical la llamada de Dios para ser fermento en esta Humanidad que tanto lo necesita. A ser verdadera levadura en el mundo de hoy, en la familia humana de hoy, y por lo que es m\u00e1s que evidente que s\u00f3lo juntos, s\u00f3lo en comuni\u00f3n podremos hacer algo significativo hoy\u201d.<\/p>\n<p>[\/et_pb_tab][et_pb_tab title=\u00bbObjetivos\u00bb _builder_version=\u00bb4.16&#8243; body_font=\u00bb||||\u00bb tab_font=\u00bb||||\u00bb global_colors_info=\u00bb{}\u00bb]<\/p>\n<h2>Objetivos<\/h2>\n<p><strong>Ser Salesiano Cooperador es una vocaci\u00f3n recibida de Dios<\/strong><span>\u00a0<\/span>y requiere una camino de preparaci\u00f3n antes de realizar la promesa de ingreso en una asociaci\u00f3n local.<\/p>\n<p>Las<span>\u00a0<\/span><strong>tres dimensiones del ser Salesiano Cooperador<\/strong>, seg\u00fan se recoge en su \u201cProyecto de vida apost\u00f3lica\u201d son:<\/p>\n<p><strong>Primera<\/strong>: la vocaci\u00f3n, que es la com\u00fan llamada de los bautizados impregnada por el carisma Salesiano.<\/p>\n<p><strong>Segunda,<\/strong><span>\u00a0<\/span>la laicidad, o sea vivir los compromisos cotidianos como espacios para testimoniar y animar con los valores evang\u00e9licos y salesianos las realidades humanas.<\/p>\n<p><strong>Tercera:<\/strong><span>\u00a0<\/span>la salesianidad, o sea el patrimonio de valores espirituales y pedag\u00f3gicos dejados en herencia por Don Bosco y Madre Mazzarello: el esp\u00edritu salesiano, que es una experiencia evang\u00e9lica t\u00edpica que caracteriza y da un tono concreto a la presencia y acci\u00f3n en el mundo, al trato con los hermanos y a la relaci\u00f3n con Dios.<\/p>\n<p>[\/et_pb_tab][et_pb_tab title=\u00bbProgramaci\u00f3n Anual\u00bb _builder_version=\u00bb4.16&#8243; body_font=\u00bb||||\u00bb tab_font=\u00bb||||\u00bb global_colors_info=\u00bb{}\u00bb]<\/p>\n<h2>Calendario de Actividades:<\/h2>\n<p>[\/et_pb_tab][et_pb_tab title=\u00bbContacto\u00bb _builder_version=\u00bb4.16&#8243; body_font=\u00bb||||\u00bb tab_font=\u00bb||||\u00bb global_colors_info=\u00bb{}\u00bb]<\/p>\n<p class=\"paginaContacto\"><strong>Asociaci\u00f3n de Salesianos Cooperadores C\u00f3rdoba<\/strong><br \/><em>C\/ Santo Domingo Savio, 2<\/em><br \/><em>14002(C\u00f3rdoba)<\/em><\/p>\n<p>e-mail: coordinacion.cordoba@cooperadores.org<\/p>\n<p>[\/et_pb_tab][\/et_pb_tabs][\/et_pb_column][\/et_pb_row][\/et_pb_section]<\/p>\n","protected":false},"excerpt":{"rendered":"<p>\u00bfQuienes son los salesianos cooperadores? Los salesianos cooperadores son la primera rama fundada por Don Bosco de la Familia Salesiana. Nace de la necesidad que tiene Don Bosco de obtener\u00a0cooperadores\u00a0para sacar adelante su sue\u00f1o y poder brindar a los j\u00f3venes, su ideal de sistema preventivo. Nuestra historia&#8230; La obra de Don Bosco nace en\u00a01841\u00a0cuando el [&hellip;]<\/p>\n","protected":false},"author":3,"featured_media":0,"parent":0,"menu_order":0,"comment_status":"closed","ping_status":"closed","template":"","meta":{"_et_pb_use_builder":"on","_et_pb_old_content":"","_et_gb_content_width":"","footnotes":""},"class_list":["post-4688","page","type-page","status-publish","hentry"],"yoast_head":"<!-- This site is optimized with the Yoast SEO plugin v28.4 - https:\/\/yoast.com\/product\/yoast-seo-wordpress\/ -->\n<title>Salesianos Cooperadores - Familia Salesiana<\/title>\n<meta name=\"robots\" content=\"index, follow, max-snippet:-1, max-image-preview:large, max-video-preview:-1\" \/>\n<link rel=\"canonical\" href=\"https:\/\/cordoba.salesianos.edu\/familiasalesiana\/salesianos-cooperadores\/\" \/>\n<meta property=\"og:locale\" content=\"es_ES\" \/>\n<meta property=\"og:type\" content=\"article\" \/>\n<meta property=\"og:title\" content=\"Salesianos Cooperadores - Familia Salesiana\" \/>\n<meta property=\"og:description\" content=\"\u00bfQuienes son los salesianos cooperadores? Los salesianos cooperadores son la primera rama fundada por Don Bosco de la Familia Salesiana. Nace de la necesidad que tiene Don Bosco de obtener\u00a0cooperadores\u00a0para sacar adelante su sue\u00f1o y poder brindar a los j\u00f3venes, su ideal de sistema preventivo. Nuestra historia... La obra de Don Bosco nace en\u00a01841\u00a0cuando el [&hellip;]\" \/>\n<meta property=\"og:url\" content=\"https:\/\/cordoba.salesianos.edu\/familiasalesiana\/salesianos-cooperadores\/\" \/>\n<meta property=\"og:site_name\" content=\"Familia Salesiana\" \/>\n<meta property=\"article:modified_time\" content=\"2022-11-17T09:54:18+00:00\" \/>\n<meta name=\"twitter:card\" content=\"summary_large_image\" \/>\n<meta name=\"twitter:label1\" content=\"Tiempo de lectura\" \/>\n\t<meta name=\"twitter:data1\" content=\"4 minutos\" \/>\n<script type=\"application\/ld+json\" class=\"yoast-schema-graph\">{\"@context\":\"https:\\\/\\\/schema.org\",\"@graph\":[{\"@type\":\"WebPage\",\"@id\":\"https:\\\/\\\/cordoba.salesianos.edu\\\/familiasalesiana\\\/salesianos-cooperadores\\\/\",\"url\":\"https:\\\/\\\/cordoba.salesianos.edu\\\/familiasalesiana\\\/salesianos-cooperadores\\\/\",\"name\":\"Salesianos Cooperadores - Familia Salesiana\",\"isPartOf\":{\"@id\":\"https:\\\/\\\/cordoba.salesianos.edu\\\/familiasalesiana\\\/#website\"},\"datePublished\":\"2022-11-09T12:33:03+00:00\",\"dateModified\":\"2022-11-17T09:54:18+00:00\",\"breadcrumb\":{\"@id\":\"https:\\\/\\\/cordoba.salesianos.edu\\\/familiasalesiana\\\/salesianos-cooperadores\\\/#breadcrumb\"},\"inLanguage\":\"es\",\"potentialAction\":[{\"@type\":\"ReadAction\",\"target\":[\"https:\\\/\\\/cordoba.salesianos.edu\\\/familiasalesiana\\\/salesianos-cooperadores\\\/\"]}]},{\"@type\":\"BreadcrumbList\",\"@id\":\"https:\\\/\\\/cordoba.salesianos.edu\\\/familiasalesiana\\\/salesianos-cooperadores\\\/#breadcrumb\",\"itemListElement\":[{\"@type\":\"ListItem\",\"position\":1,\"name\":\"Portada\",\"item\":\"https:\\\/\\\/cordoba.salesianos.edu\\\/familiasalesiana\\\/\"},{\"@type\":\"ListItem\",\"position\":2,\"name\":\"Salesianos Cooperadores\"}]},{\"@type\":\"WebSite\",\"@id\":\"https:\\\/\\\/cordoba.salesianos.edu\\\/familiasalesiana\\\/#website\",\"url\":\"https:\\\/\\\/cordoba.salesianos.edu\\\/familiasalesiana\\\/\",\"name\":\"Familia Salesiana\",\"description\":\"P\u00e1gina oficial Salesianos C\u00f3rdoba\",\"potentialAction\":[{\"@type\":\"SearchAction\",\"target\":{\"@type\":\"EntryPoint\",\"urlTemplate\":\"https:\\\/\\\/cordoba.salesianos.edu\\\/familiasalesiana\\\/?s={search_term_string}\"},\"query-input\":{\"@type\":\"PropertyValueSpecification\",\"valueRequired\":true,\"valueName\":\"search_term_string\"}}],\"inLanguage\":\"es\"}]}<\/script>\n<!-- \/ Yoast SEO plugin. -->","yoast_head_json":{"title":"Salesianos Cooperadores - Familia Salesiana","robots":{"index":"index","follow":"follow","max-snippet":"max-snippet:-1","max-image-preview":"max-image-preview:large","max-video-preview":"max-video-preview:-1"},"canonical":"https:\/\/cordoba.salesianos.edu\/familiasalesiana\/salesianos-cooperadores\/","og_locale":"es_ES","og_type":"article","og_title":"Salesianos Cooperadores - Familia Salesiana","og_description":"\u00bfQuienes son los salesianos cooperadores? Los salesianos cooperadores son la primera rama fundada por Don Bosco de la Familia Salesiana. Nace de la necesidad que tiene Don Bosco de obtener\u00a0cooperadores\u00a0para sacar adelante su sue\u00f1o y poder brindar a los j\u00f3venes, su ideal de sistema preventivo. Nuestra historia... La obra de Don Bosco nace en\u00a01841\u00a0cuando el [&hellip;]","og_url":"https:\/\/cordoba.salesianos.edu\/familiasalesiana\/salesianos-cooperadores\/","og_site_name":"Familia Salesiana","article_modified_time":"2022-11-17T09:54:18+00:00","twitter_card":"summary_large_image","twitter_misc":{"Tiempo de lectura":"4 minutos"},"schema":{"@context":"https:\/\/schema.org","@graph":[{"@type":"WebPage","@id":"https:\/\/cordoba.salesianos.edu\/familiasalesiana\/salesianos-cooperadores\/","url":"https:\/\/cordoba.salesianos.edu\/familiasalesiana\/salesianos-cooperadores\/","name":"Salesianos Cooperadores - Familia Salesiana","isPartOf":{"@id":"https:\/\/cordoba.salesianos.edu\/familiasalesiana\/#website"},"datePublished":"2022-11-09T12:33:03+00:00","dateModified":"2022-11-17T09:54:18+00:00","breadcrumb":{"@id":"https:\/\/cordoba.salesianos.edu\/familiasalesiana\/salesianos-cooperadores\/#breadcrumb"},"inLanguage":"es","potentialAction":[{"@type":"ReadAction","target":["https:\/\/cordoba.salesianos.edu\/familiasalesiana\/salesianos-cooperadores\/"]}]},{"@type":"BreadcrumbList","@id":"https:\/\/cordoba.salesianos.edu\/familiasalesiana\/salesianos-cooperadores\/#breadcrumb","itemListElement":[{"@type":"ListItem","position":1,"name":"Portada","item":"https:\/\/cordoba.salesianos.edu\/familiasalesiana\/"},{"@type":"ListItem","position":2,"name":"Salesianos Cooperadores"}]},{"@type":"WebSite","@id":"https:\/\/cordoba.salesianos.edu\/familiasalesiana\/#website","url":"https:\/\/cordoba.salesianos.edu\/familiasalesiana\/","name":"Familia Salesiana","description":"P\u00e1gina oficial Salesianos C\u00f3rdoba","potentialAction":[{"@type":"SearchAction","target":{"@type":"EntryPoint","urlTemplate":"https:\/\/cordoba.salesianos.edu\/familiasalesiana\/?s={search_term_string}"},"query-input":{"@type":"PropertyValueSpecification","valueRequired":true,"valueName":"search_term_string"}}],"inLanguage":"es"}]}},"_links":{"self":[{"href":"https:\/\/cordoba.salesianos.edu\/familiasalesiana\/wp-json\/wp\/v2\/pages\/4688","targetHints":{"allow":["GET"]}}],"collection":[{"href":"https:\/\/cordoba.salesianos.edu\/familiasalesiana\/wp-json\/wp\/v2\/pages"}],"about":[{"href":"https:\/\/cordoba.salesianos.edu\/familiasalesiana\/wp-json\/wp\/v2\/types\/page"}],"author":[{"embeddable":true,"href":"https:\/\/cordoba.salesianos.edu\/familiasalesiana\/wp-json\/wp\/v2\/users\/3"}],"replies":[{"embeddable":true,"href":"https:\/\/cordoba.salesianos.edu\/familiasalesiana\/wp-json\/wp\/v2\/comments?post=4688"}],"version-history":[{"count":5,"href":"https:\/\/cordoba.salesianos.edu\/familiasalesiana\/wp-json\/wp\/v2\/pages\/4688\/revisions"}],"predecessor-version":[{"id":4749,"href":"https:\/\/cordoba.salesianos.edu\/familiasalesiana\/wp-json\/wp\/v2\/pages\/4688\/revisions\/4749"}],"wp:attachment":[{"href":"https:\/\/cordoba.salesianos.edu\/familiasalesiana\/wp-json\/wp\/v2\/media?parent=4688"}],"curies":[{"name":"wp","href":"https:\/\/api.w.org\/{rel}","templated":true}]}}