{"id":7926,"date":"2022-01-13T18:13:08","date_gmt":"2022-01-13T17:13:08","guid":{"rendered":"https:\/\/cordoba.salesianos.edu\/colegio\/?page_id=7926"},"modified":"2026-04-24T09:57:20","modified_gmt":"2026-04-24T07:57:20","slug":"escuela-empresa","status":"publish","type":"page","link":"https:\/\/cordoba.salesianos.edu\/colegio\/ciclos-formativos\/escuela-empresa\/","title":{"rendered":"Ciclo Formativos &#8211; Escuela\/Empresa"},"content":{"rendered":"<p>[et_pb_section fb_built=\u00bb1&#8243; _builder_version=\u00bb4.16&#8243; _module_preset=\u00bbdefault\u00bb background_image=\u00bbhttps:\/\/cordoba.salesianos.edu\/colegio\/wp-content\/uploads\/sites\/2\/2020\/10\/encabezado_noticias_casa-min.png\u00bb custom_padding=\u00bb||0px|||\u00bb global_colors_info=\u00bb{}\u00bb][et_pb_row column_structure=\u00bb1_2,1_2&#8243; _builder_version=\u00bb4.16&#8243; _module_preset=\u00bbdefault\u00bb custom_padding=\u00bb42px|||||\u00bb global_colors_info=\u00bb{}\u00bb][et_pb_column type=\u00bb1_2&#8243; _builder_version=\u00bb4.16&#8243; _module_preset=\u00bbdefault\u00bb global_colors_info=\u00bb{}\u00bb][et_pb_text _builder_version=\u00bb4.16&#8243; _module_preset=\u00bbdefault\u00bb header_text_align=\u00bbright\u00bb header_text_color=\u00bb#FFFFFF\u00bb header_font_size=\u00bb60px\u00bb custom_padding=\u00bb||||false|false\u00bb global_colors_info=\u00bb{}\u00bb]<\/p>\n<h1 style=\"text-align: left;\">Escuela-Empresa<\/h1>\n<p>[\/et_pb_text][et_pb_image src=\u00bbhttps:\/\/cordoba.salesianos.edu\/colegio\/wp-content\/uploads\/sites\/2\/2021\/11\/FOTO-1-scaled.jpg\u00bb title_text=\u00bbFOTO 1&#8243; _builder_version=\u00bb4.16&#8243; _module_preset=\u00bbdefault\u00bb global_colors_info=\u00bb{}\u00bb][\/et_pb_image][\/et_pb_column][et_pb_column type=\u00bb1_2&#8243; _builder_version=\u00bb4.16&#8243; _module_preset=\u00bbdefault\u00bb background_color=\u00bb#e2e2e2&#8243; custom_padding=\u00bb10px|10px|10px|10px|false|false\u00bb border_radii=\u00bbon|5px|5px|5px|5px\u00bb global_colors_info=\u00bb{}\u00bb][et_pb_text admin_label=\u00bbEl nostre repte\u00bb _builder_version=\u00bb4.16&#8243; text_font=\u00bb|300|||||||\u00bb text_text_color=\u00bb#e02b20&#8243; text_font_size=\u00bb29px\u00bb header_2_font=\u00bbLato|300|||||||\u00bb header_2_font_size=\u00bb32px\u00bb custom_margin=\u00bb25px|||||\u00bb custom_padding=\u00bb||15px|\u00bb global_colors_info=\u00bb{}\u00bb]<\/p>\n<h2 style=\"text-align: center;\">Informaci\u00f3n<\/h2>\n<p>[\/et_pb_text][et_pb_text _builder_version=\u00bb4.27.4&#8243; _module_preset=\u00bbdefault\u00bb global_colors_info=\u00bb{}\u00bb]<\/p>\n<p>Desde Salesianos C\u00f3rdoba \u2013 San Francisco de Sales \u201cEl Buen Amigo\u00bb, contamos con el departamento de\u00a0<strong>Escuela\u2013Empresa<\/strong>, con la idea de ofrecer a nuestro alumnado de Ciclos Formativos la posibilidad de insertarse en el\u00a0<strong>mercado laboral<\/strong>.<\/p>\n<p>Tenemos contacto directo con empresas y organizaciones l\u00edderes de diferentes sectores profesionales para entender sus necesidades y poder comprender la realidad formativo-laboral en cada momento.<\/p>\n<p>Puedes ver las actividades destacas en la tabla de m\u00e1s abajo.\u00a0<\/p>\n<ul><\/ul>\n<p>[\/et_pb_text][et_pb_button button_url=\u00bbhttps:\/\/cordoba.salesianos.edu\/colegio\/ciclos-formativos\/erasmus\/\u00bb button_text=\u00bbErasmus +\u00bb button_alignment=\u00bbcenter\u00bb _builder_version=\u00bb4.27.4&#8243; _module_preset=\u00bbdefault\u00bb global_colors_info=\u00bb{}\u00bb][\/et_pb_button][et_pb_text _builder_version=\u00bb4.27.4&#8243; _module_preset=\u00bbdefault\u00bb global_colors_info=\u00bb{}\u00bb][\/et_pb_text][\/et_pb_column][\/et_pb_row][\/et_pb_section][et_pb_section fb_built=\u00bb1&#8243; _builder_version=\u00bb4.16&#8243; use_background_color_gradient=\u00bbon\u00bb background_color_gradient_stops=\u00bb#ffffff 0%|#efefef 100%\u00bb background_color_gradient_start=\u00bb#ffffff\u00bb background_color_gradient_end=\u00bb#efefef\u00bb custom_padding=\u00bb||0px|||\u00bb bottom_divider_style=\u00bbwave2&#8243; bottom_divider_color=\u00bb#ffffff\u00bb bottom_divider_height=\u00bb50px\u00bb locked=\u00bboff\u00bb global_colors_info=\u00bb{}\u00bb][et_pb_row _builder_version=\u00bb4.16&#8243; locked=\u00bboff\u00bb global_colors_info=\u00bb{}\u00bb][et_pb_column type=\u00bb4_4&#8243; _builder_version=\u00bb4.16&#8243; custom_padding=\u00bb|||\u00bb global_colors_info=\u00bb{}\u00bb custom_padding__hover=\u00bb|||\u00bb][et_pb_tabs active_tab_background_color=\u00bb#FFFFFF\u00bb inactive_tab_background_color=\u00bb#E02B20&#8243; active_tab_text_color=\u00bb#E02B20&#8243; module_id=\u00bb#abajo\u00bb module_class=\u00bb#abajo\u00bb _builder_version=\u00bb4.27.4&#8243; tab_text_color=\u00bb#FFFFFF\u00bb custom_padding=\u00bb||10px|||\u00bb border_radii=\u00bbon|20px|20px|20px|20px\u00bb border_color_all=\u00bb#E02B20&#8243; box_shadow_style=\u00bbpreset1&#8243; box_shadow_horizontal=\u00bb2px\u00bb box_shadow_blur=\u00bb9px\u00bb box_shadow_color=\u00bbrgba(0,0,0,0.1)\u00bb global_colors_info=\u00bb{}\u00bb][et_pb_tab title=\u00bbBOLSA DE TRABAJO\u00bb _builder_version=\u00bb4.16&#8243; global_colors_info=\u00bb{}\u00bb]<\/p>\n<p>Atendemos las peticiones concretas de ofertas de empleo de empresas interesadas en nuestro alumnado. Desde el Departamento de Escuela\u2013Empresa, ponemos a disposici\u00f3n de todos nuestros alumnos graduados en las distintas familias profesionales la oportunidad de acceder a ofertas de trabajo acordes con su especialidad ya que la relaci\u00f3n que nos une con nuestro alumnado va m\u00e1s all\u00e1 de una simple relaci\u00f3n acad\u00e9mica, es m\u00e1s una relaci\u00f3n personal y profesional.<\/p>\n<p>[\/et_pb_tab][et_pb_tab title=\u00bbPR\u00c1CTICAS PROFESIONALES\u00bb _builder_version=\u00bb4.16&#8243; global_colors_info=\u00bb{}\u00bb]<\/p>\n<p>Garantizamos a nuestro alumnado una formaci\u00f3n pr\u00e1ctica a trav\u00e9s de la <strong>FFEOE<\/strong> (Fase de Formaci\u00f3n en Empresas u Organismos Equiparados) que se desarrolla en los dos cursos de todos los Ciclos Formativos para conseguir la adquisici\u00f3n de competencias profesionales, sociales y personales que le permitan ser profesionales capaces de adaptarse a cualquier puesto de trabajo con eficacia. Actualmente, nuestros planes formativos abarcan un total de 510 horas entre los dos cursos.<\/p>\n<p>[\/et_pb_tab][et_pb_tab title=\u00bbENCUENTRO CON EMPRESAS\u00bb _builder_version=\u00bb4.16&#8243; global_colors_info=\u00bb{}\u00bb]<\/p>\n<p style=\"text-align: justify;\">Organizamos en el centro encuentros con empresas colaboradoras, concebidos como espacios de intercambio y di\u00e1logo. Estos encuentros han servido para compartir puntos en com\u00fan, acercarnos a las distintas realidades del sector y fomentar una visi\u00f3n m\u00e1s integrada. En ellos han participado numerosas empresas y destacadas personalidades del \u00e1mbito profesional, enriqueciendo el debate y aportando diferentes perspectivas.<\/p>\n<p>[\/et_pb_tab][et_pb_tab title=\u00bbACTIVIDADES DE INSERCI\u00d3N\u00bb _builder_version=\u00bb4.27.4&#8243; _module_preset=\u00bbdefault\u00bb global_colors_info=\u00bb{}\u00bb]<\/p>\n<p>Participamos en actividades que potencian una inserci\u00f3n laboral real de nuestro alumnado, tales como las Jornadas Informativas de la BLET (Base Log\u00edstica), Foro \u201cEmpl\u00e9ate\u201d con la Diputaci\u00f3n de C\u00f3rdoba y Jornadas de Empleabilidad de la Fundaci\u00f3n Don Bosco en C\u00f3rdoba.<\/p>\n<p>[\/et_pb_tab][\/et_pb_tabs][et_pb_divider show_divider=\u00bboff\u00bb _builder_version=\u00bb4.16&#8243; global_colors_info=\u00bb{}\u00bb][\/et_pb_divider][\/et_pb_column][\/et_pb_row][\/et_pb_section][et_pb_section fb_built=\u00bb1&#8243; _builder_version=\u00bb4.16&#8243; _module_preset=\u00bbdefault\u00bb global_colors_info=\u00bb{}\u00bb][et_pb_row column_structure=\u00bb1_3,1_3,1_3&#8243; _builder_version=\u00bb4.16&#8243; _module_preset=\u00bbdefault\u00bb global_colors_info=\u00bb{}\u00bb][et_pb_column type=\u00bb1_3&#8243; _builder_version=\u00bb4.16&#8243; _module_preset=\u00bbdefault\u00bb global_colors_info=\u00bb{}\u00bb][et_pb_tabs disabled_on=\u00bbon|on|on\u00bb _builder_version=\u00bb4.16&#8243; _module_preset=\u00bbdefault\u00bb disabled=\u00bbon\u00bb global_colors_info=\u00bb{}\u00bb][et_pb_tab title=\u00bbBolsa de trabajo (acceso alumnos):\u00bb _builder_version=\u00bb4.16&#8243; _module_preset=\u00bbdefault\u00bb body_font=\u00bb||||||||\u00bb tab_text_color=\u00bb#E02B20&#8243; global_colors_info=\u00bb{}\u00bb]<\/p>\n<p>\u25cf Si eres antiguo alumno, reg\u00edstrate en nuestra bolsa de trabajo.<\/p>\n<p>\u25cf Actualiza tu curr\u00edculum.<\/p>\n<p>Haz click <a href=\"https:\/\/cordoba.salesianos.edu\/colegio\/ciclos-formativos\/escuela\/\">aqu\u00ed<\/a> para registrarte.<\/p>\n<p>[\/et_pb_tab][\/et_pb_tabs][\/et_pb_column][et_pb_column type=\u00bb1_3&#8243; _builder_version=\u00bb4.16&#8243; _module_preset=\u00bbdefault\u00bb global_colors_info=\u00bb{}\u00bb][et_pb_tabs disabled_on=\u00bbon|on|on\u00bb _builder_version=\u00bb4.16&#8243; _module_preset=\u00bbdefault\u00bb disabled=\u00bbon\u00bb global_colors_info=\u00bb{}\u00bb][et_pb_tab title=\u00bbBolsa de trabajo (acceso empresas):\u00bb _builder_version=\u00bb4.16&#8243; _module_preset=\u00bbdefault\u00bb body_font=\u00bb||||||||\u00bb tab_text_color=\u00bb#E02B20&#8243; global_colors_info=\u00bb{}\u00bb]<\/p>\n<p>\u25cf Petici\u00f3n de altas.<\/p>\n<p>\u25cf Portal de gesti\u00f3n<\/p>\n<p>Haz click <a href=\"https:\/\/cordoba.salesianos.edu\/colegio\/ciclos-formativos\/empresa\/\">aqu\u00ed<\/a> para registrarte.<\/p>\n<p>[\/et_pb_tab][\/et_pb_tabs][\/et_pb_column][et_pb_column type=\u00bb1_3&#8243; _builder_version=\u00bb4.16&#8243; _module_preset=\u00bbdefault\u00bb global_colors_info=\u00bb{}\u00bb][et_pb_tabs disabled_on=\u00bbon|on|on\u00bb _builder_version=\u00bb4.18.0&#8243; _module_preset=\u00bbdefault\u00bb disabled=\u00bbon\u00bb global_colors_info=\u00bb{}\u00bb][et_pb_tab title=\u00bbConvenio de pr\u00e1cticas\u00bb _builder_version=\u00bb4.18.0&#8243; _module_preset=\u00bbdefault\u00bb tab_text_color=\u00bb#E02B20&#8243; global_colors_info=\u00bb{}\u00bb]<\/p>\n<p>\u25cf Formaci\u00f3n DUAL<br \/>\u25cf FCT<\/p>\n<p>&nbsp;<\/p>\n<p>[\/et_pb_tab][\/et_pb_tabs][\/et_pb_column][\/et_pb_row][\/et_pb_section]<\/p>\n","protected":false},"excerpt":{"rendered":"<p>Escuela-EmpresaInformaci\u00f3nDesde Salesianos C\u00f3rdoba \u2013 San Francisco de Sales \u201cEl Buen Amigo\u00bb, contamos con el departamento de\u00a0Escuela\u2013Empresa, con la idea de ofrecer a nuestro alumnado de Ciclos Formativos la posibilidad de insertarse en el\u00a0mercado laboral. Tenemos contacto directo con empresas y organizaciones l\u00edderes de diferentes sectores profesionales para entender sus necesidades y poder comprender la realidad [&hellip;]<\/p>\n","protected":false},"author":3,"featured_media":0,"parent":5075,"menu_order":0,"comment_status":"closed","ping_status":"closed","template":"","meta":{"_et_pb_use_builder":"on","_et_pb_old_content":"","_et_gb_content_width":"","footnotes":""},"class_list":["post-7926","page","type-page","status-publish","hentry"],"yoast_head":"<!-- This site is optimized with the Yoast SEO plugin v28.3 - https:\/\/yoast.com\/product\/yoast-seo-wordpress\/ -->\n<title>Ciclo Formativos - Escuela\/Empresa - Colegio Salesiano San Francisco de Sales<\/title>\n<meta name=\"robots\" content=\"index, follow, max-snippet:-1, max-image-preview:large, max-video-preview:-1\" \/>\n<link rel=\"canonical\" href=\"https:\/\/cordoba.salesianos.edu\/colegio\/ciclos-formativos\/escuela-empresa\/\" \/>\n<meta property=\"og:locale\" content=\"es_ES\" \/>\n<meta property=\"og:type\" content=\"article\" \/>\n<meta property=\"og:title\" content=\"Ciclo Formativos - Escuela\/Empresa - Colegio Salesiano San Francisco de Sales\" \/>\n<meta property=\"og:description\" content=\"Escuela-EmpresaInformaci\u00f3nDesde Salesianos C\u00f3rdoba \u2013 San Francisco de Sales \u201cEl Buen Amigo\u00bb, contamos con el departamento de\u00a0Escuela\u2013Empresa, con la idea de ofrecer a nuestro alumnado de Ciclos Formativos la posibilidad de insertarse en el\u00a0mercado laboral. Tenemos contacto directo con empresas y organizaciones l\u00edderes de diferentes sectores profesionales para entender sus necesidades y poder comprender la realidad [&hellip;]\" \/>\n<meta property=\"og:url\" content=\"https:\/\/cordoba.salesianos.edu\/colegio\/ciclos-formativos\/escuela-empresa\/\" \/>\n<meta property=\"og:site_name\" content=\"Colegio Salesiano San Francisco de Sales\" \/>\n<meta property=\"article:modified_time\" content=\"2026-04-24T07:57:20+00:00\" \/>\n<meta name=\"twitter:card\" content=\"summary_large_image\" \/>\n<meta name=\"twitter:label1\" content=\"Tiempo de lectura\" \/>\n\t<meta name=\"twitter:data1\" content=\"2 minutos\" \/>\n<script type=\"application\/ld+json\" class=\"yoast-schema-graph\">{\"@context\":\"https:\\\/\\\/schema.org\",\"@graph\":[{\"@type\":\"WebPage\",\"@id\":\"https:\\\/\\\/cordoba.salesianos.edu\\\/colegio\\\/ciclos-formativos\\\/escuela-empresa\\\/\",\"url\":\"https:\\\/\\\/cordoba.salesianos.edu\\\/colegio\\\/ciclos-formativos\\\/escuela-empresa\\\/\",\"name\":\"Ciclo Formativos - Escuela\\\/Empresa - Colegio Salesiano San Francisco de Sales\",\"isPartOf\":{\"@id\":\"https:\\\/\\\/cordoba.salesianos.edu\\\/colegio\\\/#website\"},\"datePublished\":\"2022-01-13T17:13:08+00:00\",\"dateModified\":\"2026-04-24T07:57:20+00:00\",\"breadcrumb\":{\"@id\":\"https:\\\/\\\/cordoba.salesianos.edu\\\/colegio\\\/ciclos-formativos\\\/escuela-empresa\\\/#breadcrumb\"},\"inLanguage\":\"es\",\"potentialAction\":[{\"@type\":\"ReadAction\",\"target\":[\"https:\\\/\\\/cordoba.salesianos.edu\\\/colegio\\\/ciclos-formativos\\\/escuela-empresa\\\/\"]}]},{\"@type\":\"BreadcrumbList\",\"@id\":\"https:\\\/\\\/cordoba.salesianos.edu\\\/colegio\\\/ciclos-formativos\\\/escuela-empresa\\\/#breadcrumb\",\"itemListElement\":[{\"@type\":\"ListItem\",\"position\":1,\"name\":\"Portada\",\"item\":\"https:\\\/\\\/cordoba.salesianos.edu\\\/colegio\\\/\"},{\"@type\":\"ListItem\",\"position\":2,\"name\":\"Ciclos Formativos\",\"item\":\"https:\\\/\\\/cordoba.salesianos.edu\\\/colegio\\\/ciclos-formativos\\\/\"},{\"@type\":\"ListItem\",\"position\":3,\"name\":\"Ciclo Formativos &#8211; Escuela\\\/Empresa\"}]},{\"@type\":\"WebSite\",\"@id\":\"https:\\\/\\\/cordoba.salesianos.edu\\\/colegio\\\/#website\",\"url\":\"https:\\\/\\\/cordoba.salesianos.edu\\\/colegio\\\/\",\"name\":\"Colegio Salesiano San Francisco de Sales\",\"description\":\"P\u00e1gina oficial Salesianos C\u00f3rdoba\",\"potentialAction\":[{\"@type\":\"SearchAction\",\"target\":{\"@type\":\"EntryPoint\",\"urlTemplate\":\"https:\\\/\\\/cordoba.salesianos.edu\\\/colegio\\\/?s={search_term_string}\"},\"query-input\":{\"@type\":\"PropertyValueSpecification\",\"valueRequired\":true,\"valueName\":\"search_term_string\"}}],\"inLanguage\":\"es\"}]}<\/script>\n<!-- \/ Yoast SEO plugin. -->","yoast_head_json":{"title":"Ciclo Formativos - Escuela\/Empresa - Colegio Salesiano San Francisco de Sales","robots":{"index":"index","follow":"follow","max-snippet":"max-snippet:-1","max-image-preview":"max-image-preview:large","max-video-preview":"max-video-preview:-1"},"canonical":"https:\/\/cordoba.salesianos.edu\/colegio\/ciclos-formativos\/escuela-empresa\/","og_locale":"es_ES","og_type":"article","og_title":"Ciclo Formativos - Escuela\/Empresa - Colegio Salesiano San Francisco de Sales","og_description":"Escuela-EmpresaInformaci\u00f3nDesde Salesianos C\u00f3rdoba \u2013 San Francisco de Sales \u201cEl Buen Amigo\u00bb, contamos con el departamento de\u00a0Escuela\u2013Empresa, con la idea de ofrecer a nuestro alumnado de Ciclos Formativos la posibilidad de insertarse en el\u00a0mercado laboral. Tenemos contacto directo con empresas y organizaciones l\u00edderes de diferentes sectores profesionales para entender sus necesidades y poder comprender la realidad [&hellip;]","og_url":"https:\/\/cordoba.salesianos.edu\/colegio\/ciclos-formativos\/escuela-empresa\/","og_site_name":"Colegio Salesiano San Francisco de Sales","article_modified_time":"2026-04-24T07:57:20+00:00","twitter_card":"summary_large_image","twitter_misc":{"Tiempo de lectura":"2 minutos"},"schema":{"@context":"https:\/\/schema.org","@graph":[{"@type":"WebPage","@id":"https:\/\/cordoba.salesianos.edu\/colegio\/ciclos-formativos\/escuela-empresa\/","url":"https:\/\/cordoba.salesianos.edu\/colegio\/ciclos-formativos\/escuela-empresa\/","name":"Ciclo Formativos - Escuela\/Empresa - Colegio Salesiano San Francisco de Sales","isPartOf":{"@id":"https:\/\/cordoba.salesianos.edu\/colegio\/#website"},"datePublished":"2022-01-13T17:13:08+00:00","dateModified":"2026-04-24T07:57:20+00:00","breadcrumb":{"@id":"https:\/\/cordoba.salesianos.edu\/colegio\/ciclos-formativos\/escuela-empresa\/#breadcrumb"},"inLanguage":"es","potentialAction":[{"@type":"ReadAction","target":["https:\/\/cordoba.salesianos.edu\/colegio\/ciclos-formativos\/escuela-empresa\/"]}]},{"@type":"BreadcrumbList","@id":"https:\/\/cordoba.salesianos.edu\/colegio\/ciclos-formativos\/escuela-empresa\/#breadcrumb","itemListElement":[{"@type":"ListItem","position":1,"name":"Portada","item":"https:\/\/cordoba.salesianos.edu\/colegio\/"},{"@type":"ListItem","position":2,"name":"Ciclos Formativos","item":"https:\/\/cordoba.salesianos.edu\/colegio\/ciclos-formativos\/"},{"@type":"ListItem","position":3,"name":"Ciclo Formativos &#8211; Escuela\/Empresa"}]},{"@type":"WebSite","@id":"https:\/\/cordoba.salesianos.edu\/colegio\/#website","url":"https:\/\/cordoba.salesianos.edu\/colegio\/","name":"Colegio Salesiano San Francisco de Sales","description":"P\u00e1gina oficial Salesianos C\u00f3rdoba","potentialAction":[{"@type":"SearchAction","target":{"@type":"EntryPoint","urlTemplate":"https:\/\/cordoba.salesianos.edu\/colegio\/?s={search_term_string}"},"query-input":{"@type":"PropertyValueSpecification","valueRequired":true,"valueName":"search_term_string"}}],"inLanguage":"es"}]}},"_links":{"self":[{"href":"https:\/\/cordoba.salesianos.edu\/colegio\/wp-json\/wp\/v2\/pages\/7926","targetHints":{"allow":["GET"]}}],"collection":[{"href":"https:\/\/cordoba.salesianos.edu\/colegio\/wp-json\/wp\/v2\/pages"}],"about":[{"href":"https:\/\/cordoba.salesianos.edu\/colegio\/wp-json\/wp\/v2\/types\/page"}],"author":[{"embeddable":true,"href":"https:\/\/cordoba.salesianos.edu\/colegio\/wp-json\/wp\/v2\/users\/3"}],"replies":[{"embeddable":true,"href":"https:\/\/cordoba.salesianos.edu\/colegio\/wp-json\/wp\/v2\/comments?post=7926"}],"version-history":[{"count":12,"href":"https:\/\/cordoba.salesianos.edu\/colegio\/wp-json\/wp\/v2\/pages\/7926\/revisions"}],"predecessor-version":[{"id":9616,"href":"https:\/\/cordoba.salesianos.edu\/colegio\/wp-json\/wp\/v2\/pages\/7926\/revisions\/9616"}],"up":[{"embeddable":true,"href":"https:\/\/cordoba.salesianos.edu\/colegio\/wp-json\/wp\/v2\/pages\/5075"}],"wp:attachment":[{"href":"https:\/\/cordoba.salesianos.edu\/colegio\/wp-json\/wp\/v2\/media?parent=7926"}],"curies":[{"name":"wp","href":"https:\/\/api.w.org\/{rel}","templated":true}]}}