{"id":7620,"date":"2021-06-12T13:09:50","date_gmt":"2021-06-12T11:09:50","guid":{"rendered":"https:\/\/cordoba.salesianos.edu\/colegio\/?page_id=7620"},"modified":"2025-06-09T12:58:07","modified_gmt":"2025-06-09T10:58:07","slug":"ciclo-formativo-desarrollo-aplicaciones-multiplataforma","status":"publish","type":"page","link":"https:\/\/cordoba.salesianos.edu\/colegio\/ciclos-formativos\/ciclo-formativo-desarrollo-aplicaciones-multiplataforma\/","title":{"rendered":"Ciclo Formativo Desarrollo Aplicaciones Multiplataforma"},"content":{"rendered":"<p>[et_pb_section fb_built=\u00bb1&#8243; _builder_version=\u00bb4.16&#8243; _module_preset=\u00bbdefault\u00bb background_image=\u00bbhttps:\/\/cordoba.salesianos.edu\/colegio\/wp-content\/uploads\/sites\/2\/2020\/10\/encabezado_noticias_casa-min.png\u00bb custom_padding=\u00bb||0px|||\u00bb global_colors_info=\u00bb{}\u00bb][et_pb_row column_structure=\u00bb1_2,1_2&#8243; _builder_version=\u00bb4.16&#8243; _module_preset=\u00bbdefault\u00bb global_colors_info=\u00bb{}\u00bb][et_pb_column type=\u00bb1_2&#8243; _builder_version=\u00bb4.16&#8243; _module_preset=\u00bbdefault\u00bb global_colors_info=\u00bb{}\u00bb][et_pb_text _builder_version=\u00bb4.16&#8243; _module_preset=\u00bbdefault\u00bb header_text_align=\u00bbright\u00bb header_text_color=\u00bb#FFFFFF\u00bb header_font_size=\u00bb60px\u00bb custom_padding=\u00bb||||false|false\u00bb global_colors_info=\u00bb{}\u00bb]<\/p>\n<h1 style=\"text-align: left;\"><strong>CFGS<\/strong><strong>\u00a0Desarrollo de Aplicaciones Multiplataforma<\/strong><\/h1>\n<p>[\/et_pb_text][et_pb_video src=\u00bbhttps:\/\/youtu.be\/v3qGiVEQXaA\u00bb disabled_on=\u00bboff|off|off\u00bb _builder_version=\u00bb4.17.4&#8243; _module_preset=\u00bbdefault\u00bb width=\u00bb87.9%\u00bb global_colors_info=\u00bb{}\u00bb][\/et_pb_video][\/et_pb_column][et_pb_column type=\u00bb1_2&#8243; _builder_version=\u00bb4.16&#8243; _module_preset=\u00bbdefault\u00bb background_color=\u00bb#e2e2e2&#8243; custom_padding=\u00bb10px|10px|10px|10px|false|false\u00bb border_radii=\u00bbon|5px|5px|5px|5px\u00bb global_colors_info=\u00bb{}\u00bb][et_pb_text admin_label=\u00bbEl nostre repte\u00bb _builder_version=\u00bb4.20.0&#8243; text_font=\u00bb|300|||||||\u00bb text_text_color=\u00bb#e02b20&#8243; text_font_size=\u00bb29px\u00bb header_2_font=\u00bbLato|300|||||||\u00bb header_2_font_size=\u00bb32px\u00bb custom_margin=\u00bb|||\u00bb custom_padding=\u00bb||15px|\u00bb global_colors_info=\u00bb{}\u00bb]<\/p>\n<h2 style=\"text-align: center;\">Solicita informaci\u00f3n \/ cita presencial<\/h2>\n<p>[\/et_pb_text][et_pb_contact_form captcha=\u00bboff\u00bb email=\u00bbescolarizacion.cordoba@salesianos.edu\u00bb custom_message=\u00bbNUEVO FORMULARIO DE CONTACTO DE DESARROLLO APLICACIONES MULTIPLATAFORMA||et_pb_line_break_holder||Nombre y apellidos: %%Nombre%%||et_pb_line_break_holder||Tel\u00e9fono: %%Tel\u00e9fono%%||et_pb_line_break_holder||E-mail: %%Email%%||et_pb_line_break_holder||Motivo de la consulta: %%Mensaje%%||et_pb_line_break_holder||Pol\u00edtica de privacidad (Haz clic aqu\u00ed per verla): %%Privacidad%%\u00bb success_message=\u00bbTu solicitud se ha enviado correctamente. En breve nos pondremos en contacto con usted.Muchas gracias\u00bb submit_button_text=\u00bbEnviar\u00bb module_id=\u00bbet_pb_contact_form_0&#8243; _builder_version=\u00bb4.23.1&#8243; _unique_id=\u00bb5c547c59-74e4-4191-8f9e-ad7a9c95c24d\u00bb custom_button=\u00bbon\u00bb button_text_color=\u00bb#ffffff\u00bb button_bg_color=\u00bb#e02b20&#8243; button_border_color=\u00bb#e02b20&#8243; button_icon_placement=\u00bbleft\u00bb button_custom_padding=\u00bb|27px||27px|false|false\u00bb width=\u00bb85%\u00bb max_width=\u00bb85%\u00bb module_alignment=\u00bbcenter\u00bb custom_padding=\u00bb||||false|false\u00bb locked=\u00bboff\u00bb global_colors_info=\u00bb{}\u00bb][et_pb_contact_field field_id=\u00bbNombre\u00bb field_title=\u00bbNombre y apellidos\u00bb fullwidth_field=\u00bbon\u00bb _builder_version=\u00bb4.16&#8243; global_colors_info=\u00bb{}\u00bb button_text_size__hover_enabled=\u00bboff\u00bb button_one_text_size__hover_enabled=\u00bboff\u00bb button_two_text_size__hover_enabled=\u00bboff\u00bb button_text_color__hover_enabled=\u00bboff\u00bb button_one_text_color__hover_enabled=\u00bboff\u00bb button_two_text_color__hover_enabled=\u00bboff\u00bb button_border_width__hover_enabled=\u00bboff\u00bb button_one_border_width__hover_enabled=\u00bboff\u00bb button_two_border_width__hover_enabled=\u00bboff\u00bb button_border_color__hover_enabled=\u00bboff\u00bb button_one_border_color__hover_enabled=\u00bboff\u00bb button_two_border_color__hover_enabled=\u00bboff\u00bb button_border_radius__hover_enabled=\u00bboff\u00bb button_one_border_radius__hover_enabled=\u00bboff\u00bb button_two_border_radius__hover_enabled=\u00bboff\u00bb button_letter_spacing__hover_enabled=\u00bboff\u00bb button_one_letter_spacing__hover_enabled=\u00bboff\u00bb button_two_letter_spacing__hover_enabled=\u00bboff\u00bb button_bg_color__hover_enabled=\u00bboff\u00bb button_one_bg_color__hover_enabled=\u00bboff\u00bb button_two_bg_color__hover_enabled=\u00bboff\u00bb][\/et_pb_contact_field][et_pb_contact_field field_id=\u00bbEmail\u00bb field_title=\u00bbE-mail\u00bb field_type=\u00bbemail\u00bb fullwidth_field=\u00bbon\u00bb _builder_version=\u00bb4.16&#8243; global_colors_info=\u00bb{}\u00bb button_text_size__hover_enabled=\u00bboff\u00bb button_one_text_size__hover_enabled=\u00bboff\u00bb button_two_text_size__hover_enabled=\u00bboff\u00bb button_text_color__hover_enabled=\u00bboff\u00bb button_one_text_color__hover_enabled=\u00bboff\u00bb button_two_text_color__hover_enabled=\u00bboff\u00bb button_border_width__hover_enabled=\u00bboff\u00bb button_one_border_width__hover_enabled=\u00bboff\u00bb button_two_border_width__hover_enabled=\u00bboff\u00bb button_border_color__hover_enabled=\u00bboff\u00bb button_one_border_color__hover_enabled=\u00bboff\u00bb button_two_border_color__hover_enabled=\u00bboff\u00bb button_border_radius__hover_enabled=\u00bboff\u00bb button_one_border_radius__hover_enabled=\u00bboff\u00bb button_two_border_radius__hover_enabled=\u00bboff\u00bb button_letter_spacing__hover_enabled=\u00bboff\u00bb button_one_letter_spacing__hover_enabled=\u00bboff\u00bb button_two_letter_spacing__hover_enabled=\u00bboff\u00bb button_bg_color__hover_enabled=\u00bboff\u00bb button_one_bg_color__hover_enabled=\u00bboff\u00bb button_two_bg_color__hover_enabled=\u00bboff\u00bb][\/et_pb_contact_field][et_pb_contact_field field_id=\u00bbTel\u00e9fono\u00bb field_title=\u00bbTel\u00e9fono\u00bb fullwidth_field=\u00bbon\u00bb _builder_version=\u00bb4.16&#8243; global_colors_info=\u00bb{}\u00bb button_text_size__hover_enabled=\u00bboff\u00bb button_one_text_size__hover_enabled=\u00bboff\u00bb button_two_text_size__hover_enabled=\u00bboff\u00bb button_text_color__hover_enabled=\u00bboff\u00bb button_one_text_color__hover_enabled=\u00bboff\u00bb button_two_text_color__hover_enabled=\u00bboff\u00bb button_border_width__hover_enabled=\u00bboff\u00bb button_one_border_width__hover_enabled=\u00bboff\u00bb button_two_border_width__hover_enabled=\u00bboff\u00bb button_border_color__hover_enabled=\u00bboff\u00bb button_one_border_color__hover_enabled=\u00bboff\u00bb button_two_border_color__hover_enabled=\u00bboff\u00bb button_border_radius__hover_enabled=\u00bboff\u00bb button_one_border_radius__hover_enabled=\u00bboff\u00bb button_two_border_radius__hover_enabled=\u00bboff\u00bb button_letter_spacing__hover_enabled=\u00bboff\u00bb button_one_letter_spacing__hover_enabled=\u00bboff\u00bb button_two_letter_spacing__hover_enabled=\u00bboff\u00bb button_bg_color__hover_enabled=\u00bboff\u00bb button_one_bg_color__hover_enabled=\u00bboff\u00bb button_two_bg_color__hover_enabled=\u00bboff\u00bb][\/et_pb_contact_field][et_pb_contact_field field_id=\u00bbMensaje\u00bb field_title=\u00bbEscribe el motivo de tu consulta\u00bb fullwidth_field=\u00bbon\u00bb _builder_version=\u00bb4.16&#8243; global_colors_info=\u00bb{}\u00bb button_text_size__hover_enabled=\u00bboff\u00bb button_one_text_size__hover_enabled=\u00bboff\u00bb button_two_text_size__hover_enabled=\u00bboff\u00bb button_text_color__hover_enabled=\u00bboff\u00bb button_one_text_color__hover_enabled=\u00bboff\u00bb button_two_text_color__hover_enabled=\u00bboff\u00bb button_border_width__hover_enabled=\u00bboff\u00bb button_one_border_width__hover_enabled=\u00bboff\u00bb button_two_border_width__hover_enabled=\u00bboff\u00bb button_border_color__hover_enabled=\u00bboff\u00bb button_one_border_color__hover_enabled=\u00bboff\u00bb button_two_border_color__hover_enabled=\u00bboff\u00bb button_border_radius__hover_enabled=\u00bboff\u00bb button_one_border_radius__hover_enabled=\u00bboff\u00bb button_two_border_radius__hover_enabled=\u00bboff\u00bb button_letter_spacing__hover_enabled=\u00bboff\u00bb button_one_letter_spacing__hover_enabled=\u00bboff\u00bb button_two_letter_spacing__hover_enabled=\u00bboff\u00bb button_bg_color__hover_enabled=\u00bboff\u00bb button_one_bg_color__hover_enabled=\u00bboff\u00bb button_two_bg_color__hover_enabled=\u00bboff\u00bb][\/et_pb_contact_field][et_pb_contact_field field_id=\u00bbPrivacidad\u00bb field_title=\u00bbPol\u00edtica de privacidad (haz click aqu\u00ed para verla)\u00bb field_type=\u00bbcheckbox\u00bb checkbox_options=\u00bb%91{%22value%22:%22Acepto la pol\u00edtica de privacidad %22,%22checked%22:0,%22dragID%22:-1,%22link_url%22:%22%22,%22link_text%22:%22%22}%93&#8243; fullwidth_field=\u00bbon\u00bb _builder_version=\u00bb4.16&#8243; link_option_url=\u00bbhttps:\/\/cordoba.salesianos.edu\/colegio\/privacidad\/\u00bb global_colors_info=\u00bb{}\u00bb][\/et_pb_contact_field][\/et_pb_contact_form][\/et_pb_column][\/et_pb_row][\/et_pb_section][et_pb_section fb_built=\u00bb1&#8243; _builder_version=\u00bb4.16&#8243; use_background_color_gradient=\u00bbon\u00bb background_color_gradient_stops=\u00bb#ffffff 0%|#efefef 100%\u00bb background_color_gradient_start=\u00bb#ffffff\u00bb background_color_gradient_end=\u00bb#efefef\u00bb bottom_divider_style=\u00bbwave2&#8243; bottom_divider_color=\u00bb#ffffff\u00bb bottom_divider_height=\u00bb50px\u00bb locked=\u00bboff\u00bb global_colors_info=\u00bb{}\u00bb][et_pb_row _builder_version=\u00bb4.16&#8243; locked=\u00bboff\u00bb global_colors_info=\u00bb{}\u00bb][et_pb_column type=\u00bb4_4&#8243; _builder_version=\u00bb4.16&#8243; custom_padding=\u00bb|||\u00bb global_colors_info=\u00bb{}\u00bb custom_padding__hover=\u00bb|||\u00bb][et_pb_text admin_label=\u00bbQu\u00e8 aprendr\u00e0s?\u00bb _builder_version=\u00bb4.16&#8243; text_font=\u00bb|300|||||||\u00bb text_text_color=\u00bb#e02b20&#8243; text_font_size=\u00bb29px\u00bb header_2_font=\u00bbLato|300|||||||\u00bb header_2_font_size=\u00bb32px\u00bb custom_margin=\u00bb|||\u00bb custom_padding=\u00bb||15px|\u00bb global_colors_info=\u00bb{}\u00bb]<\/p>\n<h2 style=\"text-align: center;\"><span style=\"font-weight: 400;\">\u00bfQu\u00e9 aprender\u00e1s a hacer?<\/span><\/h2>\n<p>[\/et_pb_text][et_pb_text _builder_version=\u00bb4.16&#8243; _module_preset=\u00bbdefault\u00bb global_colors_info=\u00bb{}\u00bb]<\/p>\n<p>El CSGS Desarrollo de Aplicaciones Multiplataforma capacitar\u00e1 a los alumnos para desarrollar las conocidas Apps que todos llevamos en nuestros tel\u00e9fonos m\u00f3viles. Las aplicaciones est\u00e1n a la orden del d\u00eda: las usamos en nuestros smartphones y tablets. Adem\u00e1s, la mayor\u00eda de empresas han sacado su aplicaci\u00f3n propia, y, las que no, lo van a hacer muy pronto. Esto se debe a que la mayor parte de actividad online se hace a trav\u00e9s de un tel\u00e9fono m\u00f3vil, por lo que las aplicaciones permiten una mayor usabilidad a los usuarios. Seg\u00fan el estudio publicado por Inesdi, un desarrollador de aplicaciones multiplataforma tiene un salario que oscila entre los 40.000\u20ac y los 55.000\u20ac anuales. Con la transformaci\u00f3n digital, las profesiones vinculadas al sector tecnol\u00f3gico est\u00e1n siendo m\u00e1s demandadas y mejor pagadas. Adem\u00e1s:<\/p>\n<ul>\n<li>Configurar y explotar sistemas inform\u00e1ticos, adaptando la configuraci\u00f3n l\u00f3gica del sistema seg\u00fan las necesidades de uso y los criterios establecidos.<\/li>\n<li>Aplicar t\u00e9cnicas y procedimientos relacionados con la seguridad en sistemas, servicios y aplicaciones, cumpliendo el plan de seguridad.<\/li>\n<li>Gestionar bases de datos, interpretando su dise\u00f1o l\u00f3gico y verificando integridad, consistencia, seguridad y accesibilidad de los datos.<\/li>\n<li>Gestionar entornos de desarrollo adaptando su configuraci\u00f3n en cada caso para permitir el desarrollo y despliegue de aplicaciones.<\/li>\n<li>Desarrollar aplicaciones multiplataforma con acceso a bases de datos utilizando lenguajes, librer\u00edas y herramientas adecuados a las especificaciones.<\/li>\n<li>Integrar contenidos gr\u00e1ficos y componentes multimedia en aplicaciones multiplataforma, empleando herramientas espec\u00edficas y cumpliendo los requerimientos establecidos.<\/li>\n<li>Desarrollar interfaces gr\u00e1ficos de usuario interactivos y con la usabilidad adecuada, empleando componentes visuales est\u00e1ndar o implementando componentes visuales espec\u00edficos.<\/li>\n<li>Desarrollar aplicaciones para tel\u00e9fonos, PDA y otros dispositivos m\u00f3viles empleando t\u00e9cnicas y entornos de desarrollo espec\u00edficos.<\/li>\n<li>Desarrollar aplicaciones multiproceso y multihilo empleando librer\u00edas y t\u00e9cnicas de programaci\u00f3n espec\u00edficas.<\/li>\n<li>Participar en la implantaci\u00f3n de sistemas ERP-CRM evaluando la utilidad de cada uno de sus m\u00f3dulos.<\/li>\n<li>Gestionar la informaci\u00f3n almacenada en sistemas ERP-CRM garantizando su integridad.<\/li>\n<\/ul>\n<p>El ciclo formativo de\u00a0Desarrollo de Aplicaciones Multiplataforma\u00a0tiene una duraci\u00f3n de 2.000 horas distribuidas en dos cursos acad\u00e9micos.<\/p>\n<p>[\/et_pb_text][et_pb_image src=\u00bbhttps:\/\/cordoba.salesianos.edu\/colegio\/wp-content\/uploads\/sites\/2\/2022\/06\/FOTO-DAM-scaled.jpg\u00bb title_text=\u00bbFOTO DAM\u00bb _builder_version=\u00bb4.17.4&#8243; _module_preset=\u00bbdefault\u00bb min_height=\u00bb629.5px\u00bb custom_padding=\u00bb|90px|0px|90px||\u00bb global_colors_info=\u00bb{}\u00bb][\/et_pb_image][et_pb_divider show_divider=\u00bboff\u00bb _builder_version=\u00bb4.16&#8243; global_colors_info=\u00bb{}\u00bb][\/et_pb_divider][et_pb_tabs active_tab_background_color=\u00bb#FFFFFF\u00bb inactive_tab_background_color=\u00bb#E02B20&#8243; active_tab_text_color=\u00bb#E02B20&#8243; _builder_version=\u00bb4.16&#8243; tab_text_color=\u00bb#FFFFFF\u00bb border_radii=\u00bbon|20px|20px|20px|20px\u00bb border_color_all=\u00bb#E02B20&#8243; box_shadow_style=\u00bbpreset1&#8243; box_shadow_horizontal=\u00bb2px\u00bb box_shadow_blur=\u00bb9px\u00bb box_shadow_color=\u00bbrgba(0,0,0,0.1)\u00bb global_colors_info=\u00bb{}\u00bb][et_pb_tab title=\u00bbREQUISITOS DE ACCESO\u00bb _builder_version=\u00bb4.16&#8243; global_colors_info=\u00bb{}\u00bb]<\/p>\n<p style=\"text-align: justify;\">1. De conformidad con lo establecido en el <strong>art\u00edculo 112 del Real Decreto 659\/2023, de18 de julio<\/strong>, para el acceso a los ciclos formativos de grado medio se requerir\u00e1 una de las siguientes condiciones:<\/p>\n<p style=\"text-align: justify;\">a) Estar en posesi\u00f3n de, al menos, uno de los siguientes t\u00edtulos:<br \/>1\u00ba T\u00edtulo de T\u00e9cnico de Grado Medio de Formaci\u00f3n Profesional.<br \/>2\u00ba T\u00edtulo de T\u00e9cnico o T\u00e9cnica de Artes Pl\u00e1sticas y Dise\u00f1o.<br \/>3\u00ba T\u00edtulo de Bachiller.<br \/>4\u00ba T\u00edtulo de T\u00e9cnico Superior de Formaci\u00f3n Profesional.<br \/>5\u00ba T\u00edtulo de grado universitario.<\/p>\n<p style=\"text-align: justify;\">b) Haber superado una oferta formativa de grado C incluida en el ciclo formativo que se solicite y tener diecinueve a\u00f1os como m\u00ednimo.<\/p>\n<p style=\"text-align: justify;\">c) Haber superado un curso de formaci\u00f3n espec\u00edfico preparatorio para el acceso a ciclos formativos de grado superior en centros p\u00fablicos o privados autorizados por la Administraci\u00f3n educativa.<\/p>\n<p style=\"text-align: justify;\">d) Haber superado una prueba de acceso a ciclos formativos de grado superior.<\/p>\n<p style=\"text-align: justify;\">2. Sin perjuicio de los requisitos establecidos en el apartado anterior, se podr\u00e1 acceder a los ciclos formativos de grado superior acreditando alguna de las titulaciones y certificaciones declaradas equivalentes a los efectos de acceso a los ciclos formativos de grado medio establecidas en el apartado segundo de la disposici\u00f3n adicional sexta del Real Decreto 659\/2023, de 18 julio.<\/p>\n<p style=\"text-align: justify;\">3. En los supuestos de acceso al amparo de las letras c), d) y e) del apartado 1 del presente art\u00edculo, se requerir\u00e1, adem\u00e1s, tener diecinueve a\u00f1os como m\u00ednimo, cumplidos en el a\u00f1o de realizaci\u00f3n de la prueba, de finalizaci\u00f3n del curso de acceso o de obtenci\u00f3n del Certificado Profesional y no reunir otros requisitos de acceso a ciclos formativos de grado superior.<\/p>\n<ul style=\"text-align: justify;\"><\/ul>\n<p>[\/et_pb_tab][et_pb_tab title=\u00bbSALIDAS ACAD\u00c9MICAS\u00bb _builder_version=\u00bb4.16&#8243; global_colors_info=\u00bb{}\u00bb]<\/p>\n<p>Con estos estudios se obtiene el\u00a0<strong>t\u00edtulo de T\u00e9cnico\/a Superior <\/strong>de la profesi\u00f3n correspondiente al ciclo cursado, que permite acceder a:<\/p>\n<ul>\n<li>Cursos de especializaci\u00f3n profesional.<\/li>\n<li>Otro Ciclo de Formaci\u00f3n Profesional.<\/li>\n<li><strong>Preparaci\u00f3n de las Pruebas de Evaluaci\u00f3n de Bachillerato (\u00fanicamente las materias de opci\u00f3n del bloque de las troncales)<\/strong><\/li>\n<li>Ense\u00f1anzas Universitarias con la posibilidad de establecer convalidaciones de acuerdo con la normativa vigente.<\/li>\n<\/ul>\n<p>[\/et_pb_tab][et_pb_tab title=\u00bbSALIDAS PROFESIONALES\u00bb _builder_version=\u00bb4.16&#8243; global_colors_info=\u00bb{}\u00bb]<\/p>\n<ul>\n<li>Desarrollador de aplicaciones inform\u00e1ticas para la gesti\u00f3n empresarial y de negocio.<\/li>\n<li>Desarrollador de aplicaciones de prop\u00f3sito general.<\/li>\n<li>Desarrollador de aplicaciones en el \u00e1mbito del entretenimiento y la inform\u00e1tica m\u00f3vil.<\/li>\n<\/ul>\n<p>[\/et_pb_tab][et_pb_tab title=\u00bbM\u00d3DULOS PROFESIONALES\u00bb _builder_version=\u00bb4.16&#8243; _module_preset=\u00bbdefault\u00bb global_colors_info=\u00bb{}\u00bb]<\/p>\n<ul>\n<li>Sistemas inform\u00e1ticos.<\/li>\n<li>Bases de Datos.<\/li>\n<li>Programaci\u00f3n.<\/li>\n<li>Lenguajes de marcas y sistemas de gesti\u00f3n de informaci\u00f3n.<\/li>\n<li>Entornos de desarrollo.<\/li>\n<li>Acceso a datos.<\/li>\n<li>Desarrollo de interfaces.<\/li>\n<li>Programaci\u00f3n multimedia y dispositivos m\u00f3viles.<\/li>\n<li>Programaci\u00f3n de servicios y procesos.<\/li>\n<li>Sistemas de gesti\u00f3n empresarial.<\/li>\n<li>Ingl\u00e9s Profesional (Grado Superior).<\/li>\n<li>Itinerario personal para la empleabilidad I<\/li>\n<li>Itinerario personal para la empleabilidad II<\/li>\n<li>Digitalizaci\u00f3n aplicada a los sectores productivos (Grado Superior)<\/li>\n<li>Sostenibilidad aplicada al sistema productivo.<\/li>\n<li>Proyecto intermodular de desarrollo de aplicaciones multiplataforma.<\/li>\n<li>M\u00f3dulo profesional optativo<\/li>\n<\/ul>\n<p>\u00a0Incluye una fase de <strong>formaci\u00f3n en empresa u organismo equiparado<\/strong> como parte integrada del curr\u00edculo del ciclo formativo.<\/p>\n<p>[\/et_pb_tab][\/et_pb_tabs][et_pb_divider show_divider=\u00bboff\u00bb _builder_version=\u00bb4.16&#8243; global_colors_info=\u00bb{}\u00bb][\/et_pb_divider][\/et_pb_column][\/et_pb_row][et_pb_row _builder_version=\u00bb4.16&#8243; locked=\u00bboff\u00bb global_colors_info=\u00bb{}\u00bb][et_pb_column type=\u00bb4_4&#8243; _builder_version=\u00bb4.16&#8243; custom_padding=\u00bb|||\u00bb global_colors_info=\u00bb{}\u00bb custom_padding__hover=\u00bb|||\u00bb][et_pb_text admin_label=\u00bbFormaci\u00f3 professional DUAL\u00bb _builder_version=\u00bb4.16&#8243; text_font=\u00bb|300|||||||\u00bb text_text_color=\u00bb#e02b20&#8243; text_font_size=\u00bb29px\u00bb header_2_font=\u00bbLato|300|||||||\u00bb header_2_font_size=\u00bb32px\u00bb custom_margin=\u00bb|||\u00bb custom_padding=\u00bb||15px|\u00bb global_colors_info=\u00bb{}\u00bb]<\/p>\n<p style=\"text-align: center;\">FORMACI\u00d3N EN EMPRESA U ORGANISMO<br \/>EQUIPARADO<\/p>\n<p>[\/et_pb_text][et_pb_text _builder_version=\u00bb4.16&#8243; _module_preset=\u00bbdefault\u00bb global_colors_info=\u00bb{}\u00bb]<\/p>\n<p style=\"text-align: justify;\">En nuestro centro educativo contamos con la colaboraci\u00f3n de las empresas l\u00edderes en cada sector. Esta relaci\u00f3n nos permite ofrecer una formaci\u00f3n pr\u00e1ctica, actualizada y estrechamente vinculada a las necesidades reales del mercado laboral. Gracias a esta conexi\u00f3n directa con el entorno empresarial, nuestro alumnado adquiere competencias relevantes, participa en proyectos reales y tiene acceso a oportunidades de pr\u00e1cticas y empleabilidad en entornos profesionales de referencia.<\/p>\n<p style=\"text-align: justify;\">Incluye una fase de formaci\u00f3n en empresa u organismo equiparado como parte integrada del curr\u00edculo del ciclo formativo.<\/p>\n<p><span><span style=\"color: #494949;\">Estas son algunas de las empresas con las que tenemos\u00a0<b>convenios de colaboraci\u00f3n:<\/b><\/span><\/span><\/p>\n<p>[\/et_pb_text][\/et_pb_column][\/et_pb_row][et_pb_row _builder_version=\u00bb4.27.4&#8243; _module_preset=\u00bbdefault\u00bb column_structure=\u00bb1_4,1_4,1_4,1_4&#8243;][et_pb_column _builder_version=\u00bb4.27.4&#8243; _module_preset=\u00bbdefault\u00bb type=\u00bb1_4&#8243;][et_pb_image src=\u00bbhttps:\/\/cordoba.salesianos.edu\/colegio\/wp-content\/uploads\/sites\/2\/2025\/06\/SOFTCONTROL.png\u00bb _builder_version=\u00bb4.27.4&#8243; _module_preset=\u00bbdefault\u00bb title_text=\u00bbSOFTCONTROL\u00bb hover_enabled=\u00bb0&#8243; sticky_enabled=\u00bb0&#8243;][\/et_pb_image][\/et_pb_column][et_pb_column _builder_version=\u00bb4.27.4&#8243; _module_preset=\u00bbdefault\u00bb type=\u00bb1_4&#8243;][et_pb_image src=\u00bbhttps:\/\/cordoba.salesianos.edu\/colegio\/wp-content\/uploads\/sites\/2\/2025\/06\/SMALLDEV.jpg\u00bb _builder_version=\u00bb4.27.4&#8243; _module_preset=\u00bbdefault\u00bb title_text=\u00bbSMALLDEV\u00bb hover_enabled=\u00bb0&#8243; sticky_enabled=\u00bb0&#8243; module_alignment=\u00bbcenter\u00bb height=\u00bb130px\u00bb align=\u00bbcenter\u00bb][\/et_pb_image][\/et_pb_column][et_pb_column _builder_version=\u00bb4.27.4&#8243; _module_preset=\u00bbdefault\u00bb type=\u00bb1_4&#8243;][et_pb_image src=\u00bbhttps:\/\/cordoba.salesianos.edu\/colegio\/wp-content\/uploads\/sites\/2\/2025\/06\/SEPALO.png\u00bb _builder_version=\u00bb4.27.4&#8243; _module_preset=\u00bbdefault\u00bb title_text=\u00bbSEPALO\u00bb hover_enabled=\u00bb0&#8243; sticky_enabled=\u00bb0&#8243; align=\u00bbcenter\u00bb][\/et_pb_image][\/et_pb_column][et_pb_column _builder_version=\u00bb4.27.4&#8243; _module_preset=\u00bbdefault\u00bb type=\u00bb1_4&#8243;][et_pb_image src=\u00bbhttps:\/\/cordoba.salesianos.edu\/colegio\/wp-content\/uploads\/sites\/2\/2025\/06\/MERCACOR.png\u00bb _builder_version=\u00bb4.27.4&#8243; _module_preset=\u00bbdefault\u00bb title_text=\u00bbMERCACOR\u00bb height=\u00bb100px\u00bb hover_enabled=\u00bb0&#8243; sticky_enabled=\u00bb0&#8243;][\/et_pb_image][\/et_pb_column][\/et_pb_row][et_pb_row _builder_version=\u00bb4.27.4&#8243; _module_preset=\u00bbdefault\u00bb column_structure=\u00bb1_4,1_4,1_4,1_4&#8243;][et_pb_column _builder_version=\u00bb4.27.4&#8243; _module_preset=\u00bbdefault\u00bb type=\u00bb1_4&#8243;][et_pb_image src=\u00bbhttps:\/\/cordoba.salesianos.edu\/colegio\/wp-content\/uploads\/sites\/2\/2025\/06\/ROVIMATICA.png\u00bb _builder_version=\u00bb4.27.4&#8243; _module_preset=\u00bbdefault\u00bb title_text=\u00bbROVIMATICA\u00bb hover_enabled=\u00bb0&#8243; sticky_enabled=\u00bb0&#8243;][\/et_pb_image][\/et_pb_column][et_pb_column _builder_version=\u00bb4.27.4&#8243; _module_preset=\u00bbdefault\u00bb type=\u00bb1_4&#8243;][et_pb_image src=\u00bbhttps:\/\/cordoba.salesianos.edu\/colegio\/wp-content\/uploads\/sites\/2\/2025\/06\/MAGTEL.jpg\u00bb _builder_version=\u00bb4.27.4&#8243; _module_preset=\u00bbdefault\u00bb title_text=\u00bbMAGTEL\u00bb hover_enabled=\u00bb0&#8243; sticky_enabled=\u00bb0&#8243;][\/et_pb_image][\/et_pb_column][et_pb_column _builder_version=\u00bb4.27.4&#8243; _module_preset=\u00bbdefault\u00bb type=\u00bb1_4&#8243;][et_pb_image src=\u00bbhttps:\/\/cordoba.salesianos.edu\/colegio\/wp-content\/uploads\/sites\/2\/2025\/06\/FSCODE.png\u00bb _builder_version=\u00bb4.27.4&#8243; _module_preset=\u00bbdefault\u00bb title_text=\u00bbFSCODE\u00bb hover_enabled=\u00bb0&#8243; sticky_enabled=\u00bb0&#8243; align=\u00bbcenter\u00bb][\/et_pb_image][\/et_pb_column][et_pb_column _builder_version=\u00bb4.27.4&#8243; _module_preset=\u00bbdefault\u00bb type=\u00bb1_4&#8243;][et_pb_image src=\u00bbhttps:\/\/cordoba.salesianos.edu\/colegio\/wp-content\/uploads\/sites\/2\/2025\/06\/FOUR360.png\u00bb _builder_version=\u00bb4.27.4&#8243; _module_preset=\u00bbdefault\u00bb title_text=\u00bbFOUR360&#8243; hover_enabled=\u00bb0&#8243; sticky_enabled=\u00bb0&#8243;][\/et_pb_image][\/et_pb_column][\/et_pb_row][et_pb_row _builder_version=\u00bb4.16&#8243; locked=\u00bboff\u00bb global_colors_info=\u00bb{}\u00bb min_height=\u00bb86.9px\u00bb custom_padding=\u00bb56px|||||\u00bb custom_margin=\u00bb17px|auto||auto||\u00bb][et_pb_column type=\u00bb4_4&#8243; _builder_version=\u00bb4.16&#8243; custom_padding=\u00bb|||\u00bb global_colors_info=\u00bb{}\u00bb custom_padding__hover=\u00bb|||\u00bb][et_pb_text admin_label=\u00bbCicles\u00bb _builder_version=\u00bb4.16&#8243; text_font=\u00bb|300|||||||\u00bb text_text_color=\u00bb#e02b20&#8243; text_font_size=\u00bb29px\u00bb header_2_font=\u00bbLato|300|||||||\u00bb header_2_font_size=\u00bb32px\u00bb custom_margin=\u00bb|||\u00bb custom_padding=\u00bb||15px|\u00bb global_colors_info=\u00bb{}\u00bb]<\/p>\n<h2 style=\"text-align: center;\">ACCESO AL RESTO DE CICLOS<\/h2>\n<p>[\/et_pb_text][\/et_pb_column][\/et_pb_row][et_pb_row column_structure=\u00bb1_3,1_3,1_3&#8243; module_id=\u00bbgradosmedios\u00bb _builder_version=\u00bb4.16&#8243; min_height=\u00bb626.6px\u00bb custom_margin=\u00bb-36px|auto||auto|false|false\u00bb locked=\u00bboff\u00bb global_colors_info=\u00bb{}\u00bb][et_pb_column type=\u00bb1_3&#8243; _builder_version=\u00bb4.16&#8243; global_colors_info=\u00bb{}\u00bb][et_pb_image src=\u00bbhttps:\/\/cordoba.salesianos.edu\/colegio\/wp-content\/uploads\/sites\/2\/2024\/05\/GA.png\u00bb title_text=\u00bbGA\u00bb url=\u00bbhttps:\/\/cordoba.salesianos.edu\/colegio\/ciclos-formativos\/ciclo-formativo-tecnico-en-gestion-administrativa\/\u00bb url_new_window=\u00bbon\u00bb show_bottom_space=\u00bboff\u00bb align=\u00bbcenter\u00bb module_class=\u00bbGrow\u00bb _builder_version=\u00bb4.25.1&#8243; background_enable_image=\u00bboff\u00bb background_size=\u00bbcontain\u00bb height=\u00bb250px\u00bb max_height=\u00bb252px\u00bb border_radii=\u00bbon|5px|5px|5px|5px\u00bb global_colors_info=\u00bb{}\u00bb border_radii__hover_enabled=\u00bboff|desktop\u00bb transform_styles__hover_enabled=\u00bbon|hover\u00bb transform_scale__hover_enabled=\u00bbon|hover\u00bb transform_translate__hover_enabled=\u00bbon|desktop\u00bb transform_rotate__hover_enabled=\u00bbon|desktop\u00bb transform_skew__hover_enabled=\u00bbon|desktop\u00bb transform_origin__hover_enabled=\u00bbon|desktop\u00bb transform_scale__hover=\u00bb105%|105%\u00bb][\/et_pb_image][\/et_pb_column][et_pb_column type=\u00bb1_3&#8243; _builder_version=\u00bb4.16&#8243; global_colors_info=\u00bb{}\u00bb][et_pb_image src=\u00bbhttps:\/\/cordoba.salesianos.edu\/colegio\/wp-content\/uploads\/sites\/2\/2024\/05\/AC.png\u00bb title_text=\u00bbAC\u00bb url=\u00bbhttps:\/\/cordoba.salesianos.edu\/colegio\/ciclos-formativos\/actividades-comerciales\/\u00bb url_new_window=\u00bbon\u00bb align=\u00bbcenter\u00bb module_class=\u00bbGrow\u00bb _builder_version=\u00bb4.25.1&#8243; background_enable_image=\u00bboff\u00bb background_size=\u00bbcontain\u00bb min_height=\u00bb251px\u00bb height=\u00bb250px\u00bb max_height=\u00bb254px\u00bb border_radii=\u00bbon|5px|5px|5px|5px\u00bb global_colors_info=\u00bb{}\u00bb transform_styles__hover_enabled=\u00bbon|hover\u00bb transform_scale__hover_enabled=\u00bbon|hover\u00bb transform_translate__hover_enabled=\u00bbon|desktop\u00bb transform_rotate__hover_enabled=\u00bbon|desktop\u00bb transform_skew__hover_enabled=\u00bbon|desktop\u00bb transform_origin__hover_enabled=\u00bbon|desktop\u00bb transform_scale__hover=\u00bb105%|105%\u00bb][\/et_pb_image][et_pb_divider show_divider=\u00bboff\u00bb _builder_version=\u00bb4.16&#8243; global_colors_info=\u00bb{}\u00bb][\/et_pb_divider][et_pb_image src=\u00bbhttps:\/\/cordoba.salesianos.edu\/colegio\/wp-content\/uploads\/sites\/2\/2024\/05\/SMYR.png\u00bb title_text=\u00bbSMYR\u00bb url=\u00bbhttps:\/\/cordoba.salesianos.edu\/colegio\/ciclos-formativos\/ciclo-formativo-smr\/\u00bb align=\u00bbcenter\u00bb _builder_version=\u00bb4.25.1&#8243; _module_preset=\u00bbdefault\u00bb module_alignment=\u00bbcenter\u00bb height=\u00bb249px\u00bb max_height=\u00bb255px\u00bb border_radii=\u00bbon|5px|5px|5px|5px\u00bb global_colors_info=\u00bb{}\u00bb transform_styles__hover_enabled=\u00bbon|hover\u00bb transform_scale__hover_enabled=\u00bbon|hover\u00bb transform_translate__hover_enabled=\u00bbon|desktop\u00bb transform_rotate__hover_enabled=\u00bbon|desktop\u00bb transform_skew__hover_enabled=\u00bbon|desktop\u00bb transform_origin__hover_enabled=\u00bbon|desktop\u00bb][\/et_pb_image][\/et_pb_column][et_pb_column type=\u00bb1_3&#8243; _builder_version=\u00bb4.16&#8243; global_colors_info=\u00bb{}\u00bb][et_pb_image src=\u00bbhttps:\/\/cordoba.salesianos.edu\/colegio\/wp-content\/uploads\/sites\/2\/2024\/05\/APSD.png\u00bb title_text=\u00bbAPSD\u00bb url=\u00bbhttps:\/\/cordoba.salesianos.edu\/colegio\/ciclos-formativos\/ciclo-formativo-tecnico-en-atencion-a-personas-en-situacion-de-dependencia\/\u00bb url_new_window=\u00bbon\u00bb align=\u00bbcenter\u00bb module_class=\u00bbGrow\u00bb _builder_version=\u00bb4.25.1&#8243; background_enable_image=\u00bboff\u00bb background_size=\u00bbcontain\u00bb height=\u00bb250px\u00bb max_height=\u00bb250px\u00bb border_radii=\u00bbon|5px|5px|5px|5px\u00bb global_colors_info=\u00bb{}\u00bb transform_styles__hover_enabled=\u00bbon|hover\u00bb transform_scale__hover_enabled=\u00bbon|hover\u00bb transform_translate__hover_enabled=\u00bbon|desktop\u00bb transform_rotate__hover_enabled=\u00bbon|desktop\u00bb transform_skew__hover_enabled=\u00bbon|desktop\u00bb transform_origin__hover_enabled=\u00bbon|desktop\u00bb transform_scale__hover=\u00bb105%|105%\u00bb][\/et_pb_image][et_pb_divider show_divider=\u00bboff\u00bb _builder_version=\u00bb4.16&#8243; global_colors_info=\u00bb{}\u00bb][\/et_pb_divider][\/et_pb_column][\/et_pb_row][\/et_pb_section][et_pb_section fb_built=\u00bb1&#8243; disabled_on=\u00bbon|on|on\u00bb _builder_version=\u00bb4.16&#8243; use_background_color_gradient=\u00bbon\u00bb background_color_gradient_stops=\u00bb#ffffff 0%|#efefef 100%\u00bb background_color_gradient_start=\u00bb#ffffff\u00bb background_color_gradient_end=\u00bb#efefef\u00bb bottom_divider_style=\u00bbwave2&#8243; bottom_divider_color=\u00bb#ffffff\u00bb bottom_divider_height=\u00bb50px\u00bb disabled=\u00bbon\u00bb locked=\u00bboff\u00bb collapsed=\u00bbon\u00bb global_colors_info=\u00bb{}\u00bb][et_pb_row _builder_version=\u00bb4.16&#8243; locked=\u00bboff\u00bb global_colors_info=\u00bb{}\u00bb][et_pb_column type=\u00bb4_4&#8243; _builder_version=\u00bb4.16&#8243; custom_padding=\u00bb|||\u00bb global_colors_info=\u00bb{}\u00bb custom_padding__hover=\u00bb|||\u00bb][et_pb_text admin_label=\u00bbFormaci\u00f3 professional DUAL\u00bb _builder_version=\u00bb4.16&#8243; text_font=\u00bb|300|||||||\u00bb text_text_color=\u00bb#e02b20&#8243; text_font_size=\u00bb29px\u00bb header_2_font=\u00bbLato|300|||||||\u00bb header_2_font_size=\u00bb32px\u00bb custom_margin=\u00bb|||\u00bb custom_padding=\u00bb||15px|\u00bb global_colors_info=\u00bb{}\u00bb]<\/p>\n<p style=\"text-align: center;\"><b><span style=\"color: #cc0000;\">EMPRESA EN EL AULA<\/span><\/b><\/p>\n<p>[\/et_pb_text][et_pb_text _builder_version=\u00bb4.16&#8243; _module_preset=\u00bbdefault\u00bb global_colors_info=\u00bb{}\u00bb]<\/p>\n<p><span>Una nueva forma de aprender basada en la reproducci\u00f3n de situaciones reales de una oficina de trabajo. A trav\u00e9s de un sistema\u00a0de simulaci\u00f3n,\u00a0\u00a0<\/span><b>crear\u00e1s tu propia empresa<span>\u00a0<\/span><\/b><span>y asumir\u00e1s el rol de\u00a0<\/span><b>trabajador,<\/b><span>\u00a0pasando por los diversos departamentos y reproduciendo las\u00a0<\/span><b>tareas administrativas de una oficina:<\/b><span>\u00a0tesorer\u00eda, facturaci\u00f3n, n\u00f3minas, seguros, atenci\u00f3n al cliente, presentaci\u00f3n de impuestos, etc.<\/span><\/p>\n<p>[\/et_pb_text][et_pb_divider show_divider=\u00bboff\u00bb _builder_version=\u00bb4.16&#8243; global_colors_info=\u00bb{}\u00bb][\/et_pb_divider][\/et_pb_column][\/et_pb_row][et_pb_row _builder_version=\u00bb4.16&#8243; locked=\u00bboff\u00bb global_colors_info=\u00bb{}\u00bb][et_pb_column type=\u00bb4_4&#8243; _builder_version=\u00bb4.16&#8243; custom_padding=\u00bb|||\u00bb global_colors_info=\u00bb{}\u00bb custom_padding__hover=\u00bb|||\u00bb][et_pb_text admin_label=\u00bbFormaci\u00f3 professional DUAL\u00bb _builder_version=\u00bb4.16&#8243; text_font=\u00bb|300|||||||\u00bb text_text_color=\u00bb#e02b20&#8243; text_font_size=\u00bb29px\u00bb header_2_font=\u00bbLato|300|||||||\u00bb header_2_font_size=\u00bb32px\u00bb custom_margin=\u00bb|||\u00bb custom_padding=\u00bb||15px|\u00bb global_colors_info=\u00bb{}\u00bb]<\/p>\n<p style=\"text-align: center;\"><b><span style=\"color: #cc0000;\">MODALIDAD DUAL<\/span><\/b><\/p>\n<p>[\/et_pb_text][et_pb_text _builder_version=\u00bb4.16&#8243; _module_preset=\u00bbdefault\u00bb global_colors_info=\u00bb{}\u00bb]<\/p>\n<p><span style=\"color: #000000;\">Si apuestas por esta modalidad<span>\u00a0<\/span><b>recibir\u00e1s tu formaci\u00f3n tanto en el Centro Educativo<span>\u00a0<\/span><\/b>(2 d\u00edas a la semana)<span>\u00a0<\/span><b>como en alguna de las empresas m\u00e1s punteras del sector<span>\u00a0<\/span><\/b>(3 d\u00edas a la semana). Aprender en un entorno real de trabajo y de una forma pr\u00e1ctica mejorar\u00e1 no s\u00f3lo tus competencias profesionales, sino tambi\u00e9n tus habilidades sociales, interpersonales y el sentido de la responsabilidad.\u00a0<\/span><\/p>\n<p><span style=\"color: #000000;\">Estas son algunas de las empresas con las que tenemos<span>\u00a0<\/span><b>convenios de colaboraci\u00f3n:<\/b><\/span><\/p>\n<p>[\/et_pb_text][et_pb_gallery gallery_ids=\u00bb7602,7601,7600,7599,7598,7597,7596,7595&#8243; posts_number=\u00bb8&#8243; show_title_and_caption=\u00bboff\u00bb show_pagination=\u00bboff\u00bb disabled_on=\u00bbon|on|on\u00bb _builder_version=\u00bb4.16&#8243; _module_preset=\u00bbdefault\u00bb width=\u00bb100%\u00bb max_height=\u00bb1000px\u00bb disabled=\u00bbon\u00bb global_colors_info=\u00bb{}\u00bb][\/et_pb_gallery][et_pb_divider show_divider=\u00bboff\u00bb _builder_version=\u00bb4.16&#8243; global_colors_info=\u00bb{}\u00bb][\/et_pb_divider][\/et_pb_column][\/et_pb_row][\/et_pb_section]<\/p>\n","protected":false},"excerpt":{"rendered":"<p>CFGS\u00a0Desarrollo de Aplicaciones MultiplataformaSolicita informaci\u00f3n \/ cita presencial\u00bfQu\u00e9 aprender\u00e1s a hacer?El CSGS Desarrollo de Aplicaciones Multiplataforma capacitar\u00e1 a los alumnos para desarrollar las conocidas Apps que todos llevamos en nuestros tel\u00e9fonos m\u00f3viles. Las aplicaciones est\u00e1n a la orden del d\u00eda: las usamos en nuestros smartphones y tablets. Adem\u00e1s, la mayor\u00eda de empresas han sacado su [&hellip;]<\/p>\n","protected":false},"author":3,"featured_media":0,"parent":5075,"menu_order":0,"comment_status":"closed","ping_status":"closed","template":"","meta":{"_et_pb_use_builder":"on","_et_pb_old_content":"","_et_gb_content_width":"","footnotes":""},"class_list":["post-7620","page","type-page","status-publish","hentry"],"yoast_head":"<!-- This site is optimized with the Yoast SEO plugin v27.4 - https:\/\/yoast.com\/product\/yoast-seo-wordpress\/ -->\n<title>Ciclo Formativo Desarrollo Aplicaciones Multiplataforma - Colegio Salesiano San Francisco de Sales<\/title>\n<meta name=\"robots\" content=\"index, follow, max-snippet:-1, max-image-preview:large, max-video-preview:-1\" \/>\n<link rel=\"canonical\" href=\"https:\/\/cordoba.salesianos.edu\/colegio\/ciclos-formativos\/ciclo-formativo-desarrollo-aplicaciones-multiplataforma\/\" \/>\n<meta property=\"og:locale\" content=\"es_ES\" \/>\n<meta property=\"og:type\" content=\"article\" \/>\n<meta property=\"og:title\" content=\"Ciclo Formativo Desarrollo Aplicaciones Multiplataforma - Colegio Salesiano San Francisco de Sales\" \/>\n<meta property=\"og:description\" content=\"CFGS\u00a0Desarrollo de Aplicaciones MultiplataformaSolicita informaci\u00f3n \/ cita presencial\u00bfQu\u00e9 aprender\u00e1s a hacer?El CSGS Desarrollo de Aplicaciones Multiplataforma capacitar\u00e1 a los alumnos para desarrollar las conocidas Apps que todos llevamos en nuestros tel\u00e9fonos m\u00f3viles. Las aplicaciones est\u00e1n a la orden del d\u00eda: las usamos en nuestros smartphones y tablets. Adem\u00e1s, la mayor\u00eda de empresas han sacado su [&hellip;]\" \/>\n<meta property=\"og:url\" content=\"https:\/\/cordoba.salesianos.edu\/colegio\/ciclos-formativos\/ciclo-formativo-desarrollo-aplicaciones-multiplataforma\/\" \/>\n<meta property=\"og:site_name\" content=\"Colegio Salesiano San Francisco de Sales\" \/>\n<meta property=\"article:modified_time\" content=\"2025-06-09T10:58:07+00:00\" \/>\n<meta name=\"twitter:card\" content=\"summary_large_image\" \/>\n<meta name=\"twitter:label1\" content=\"Tiempo de lectura\" \/>\n\t<meta name=\"twitter:data1\" content=\"7 minutos\" \/>\n<script type=\"application\/ld+json\" class=\"yoast-schema-graph\">{\"@context\":\"https:\\\/\\\/schema.org\",\"@graph\":[{\"@type\":\"WebPage\",\"@id\":\"https:\\\/\\\/cordoba.salesianos.edu\\\/colegio\\\/ciclos-formativos\\\/ciclo-formativo-desarrollo-aplicaciones-multiplataforma\\\/\",\"url\":\"https:\\\/\\\/cordoba.salesianos.edu\\\/colegio\\\/ciclos-formativos\\\/ciclo-formativo-desarrollo-aplicaciones-multiplataforma\\\/\",\"name\":\"Ciclo Formativo Desarrollo Aplicaciones Multiplataforma - Colegio Salesiano San Francisco de Sales\",\"isPartOf\":{\"@id\":\"https:\\\/\\\/cordoba.salesianos.edu\\\/colegio\\\/#website\"},\"datePublished\":\"2021-06-12T11:09:50+00:00\",\"dateModified\":\"2025-06-09T10:58:07+00:00\",\"breadcrumb\":{\"@id\":\"https:\\\/\\\/cordoba.salesianos.edu\\\/colegio\\\/ciclos-formativos\\\/ciclo-formativo-desarrollo-aplicaciones-multiplataforma\\\/#breadcrumb\"},\"inLanguage\":\"es\",\"potentialAction\":[{\"@type\":\"ReadAction\",\"target\":[\"https:\\\/\\\/cordoba.salesianos.edu\\\/colegio\\\/ciclos-formativos\\\/ciclo-formativo-desarrollo-aplicaciones-multiplataforma\\\/\"]}]},{\"@type\":\"BreadcrumbList\",\"@id\":\"https:\\\/\\\/cordoba.salesianos.edu\\\/colegio\\\/ciclos-formativos\\\/ciclo-formativo-desarrollo-aplicaciones-multiplataforma\\\/#breadcrumb\",\"itemListElement\":[{\"@type\":\"ListItem\",\"position\":1,\"name\":\"Portada\",\"item\":\"https:\\\/\\\/cordoba.salesianos.edu\\\/colegio\\\/\"},{\"@type\":\"ListItem\",\"position\":2,\"name\":\"Ciclos Formativos\",\"item\":\"https:\\\/\\\/cordoba.salesianos.edu\\\/colegio\\\/ciclos-formativos\\\/\"},{\"@type\":\"ListItem\",\"position\":3,\"name\":\"Ciclo Formativo Desarrollo Aplicaciones Multiplataforma\"}]},{\"@type\":\"WebSite\",\"@id\":\"https:\\\/\\\/cordoba.salesianos.edu\\\/colegio\\\/#website\",\"url\":\"https:\\\/\\\/cordoba.salesianos.edu\\\/colegio\\\/\",\"name\":\"Colegio Salesiano San Francisco de Sales\",\"description\":\"P\u00e1gina oficial Salesianos C\u00f3rdoba\",\"potentialAction\":[{\"@type\":\"SearchAction\",\"target\":{\"@type\":\"EntryPoint\",\"urlTemplate\":\"https:\\\/\\\/cordoba.salesianos.edu\\\/colegio\\\/?s={search_term_string}\"},\"query-input\":{\"@type\":\"PropertyValueSpecification\",\"valueRequired\":true,\"valueName\":\"search_term_string\"}}],\"inLanguage\":\"es\"}]}<\/script>\n<!-- \/ Yoast SEO plugin. -->","yoast_head_json":{"title":"Ciclo Formativo Desarrollo Aplicaciones Multiplataforma - Colegio Salesiano San Francisco de Sales","robots":{"index":"index","follow":"follow","max-snippet":"max-snippet:-1","max-image-preview":"max-image-preview:large","max-video-preview":"max-video-preview:-1"},"canonical":"https:\/\/cordoba.salesianos.edu\/colegio\/ciclos-formativos\/ciclo-formativo-desarrollo-aplicaciones-multiplataforma\/","og_locale":"es_ES","og_type":"article","og_title":"Ciclo Formativo Desarrollo Aplicaciones Multiplataforma - Colegio Salesiano San Francisco de Sales","og_description":"CFGS\u00a0Desarrollo de Aplicaciones MultiplataformaSolicita informaci\u00f3n \/ cita presencial\u00bfQu\u00e9 aprender\u00e1s a hacer?El CSGS Desarrollo de Aplicaciones Multiplataforma capacitar\u00e1 a los alumnos para desarrollar las conocidas Apps que todos llevamos en nuestros tel\u00e9fonos m\u00f3viles. Las aplicaciones est\u00e1n a la orden del d\u00eda: las usamos en nuestros smartphones y tablets. Adem\u00e1s, la mayor\u00eda de empresas han sacado su [&hellip;]","og_url":"https:\/\/cordoba.salesianos.edu\/colegio\/ciclos-formativos\/ciclo-formativo-desarrollo-aplicaciones-multiplataforma\/","og_site_name":"Colegio Salesiano San Francisco de Sales","article_modified_time":"2025-06-09T10:58:07+00:00","twitter_card":"summary_large_image","twitter_misc":{"Tiempo de lectura":"7 minutos"},"schema":{"@context":"https:\/\/schema.org","@graph":[{"@type":"WebPage","@id":"https:\/\/cordoba.salesianos.edu\/colegio\/ciclos-formativos\/ciclo-formativo-desarrollo-aplicaciones-multiplataforma\/","url":"https:\/\/cordoba.salesianos.edu\/colegio\/ciclos-formativos\/ciclo-formativo-desarrollo-aplicaciones-multiplataforma\/","name":"Ciclo Formativo Desarrollo Aplicaciones Multiplataforma - Colegio Salesiano San Francisco de Sales","isPartOf":{"@id":"https:\/\/cordoba.salesianos.edu\/colegio\/#website"},"datePublished":"2021-06-12T11:09:50+00:00","dateModified":"2025-06-09T10:58:07+00:00","breadcrumb":{"@id":"https:\/\/cordoba.salesianos.edu\/colegio\/ciclos-formativos\/ciclo-formativo-desarrollo-aplicaciones-multiplataforma\/#breadcrumb"},"inLanguage":"es","potentialAction":[{"@type":"ReadAction","target":["https:\/\/cordoba.salesianos.edu\/colegio\/ciclos-formativos\/ciclo-formativo-desarrollo-aplicaciones-multiplataforma\/"]}]},{"@type":"BreadcrumbList","@id":"https:\/\/cordoba.salesianos.edu\/colegio\/ciclos-formativos\/ciclo-formativo-desarrollo-aplicaciones-multiplataforma\/#breadcrumb","itemListElement":[{"@type":"ListItem","position":1,"name":"Portada","item":"https:\/\/cordoba.salesianos.edu\/colegio\/"},{"@type":"ListItem","position":2,"name":"Ciclos Formativos","item":"https:\/\/cordoba.salesianos.edu\/colegio\/ciclos-formativos\/"},{"@type":"ListItem","position":3,"name":"Ciclo Formativo Desarrollo Aplicaciones Multiplataforma"}]},{"@type":"WebSite","@id":"https:\/\/cordoba.salesianos.edu\/colegio\/#website","url":"https:\/\/cordoba.salesianos.edu\/colegio\/","name":"Colegio Salesiano San Francisco de Sales","description":"P\u00e1gina oficial Salesianos C\u00f3rdoba","potentialAction":[{"@type":"SearchAction","target":{"@type":"EntryPoint","urlTemplate":"https:\/\/cordoba.salesianos.edu\/colegio\/?s={search_term_string}"},"query-input":{"@type":"PropertyValueSpecification","valueRequired":true,"valueName":"search_term_string"}}],"inLanguage":"es"}]}},"_links":{"self":[{"href":"https:\/\/cordoba.salesianos.edu\/colegio\/wp-json\/wp\/v2\/pages\/7620","targetHints":{"allow":["GET"]}}],"collection":[{"href":"https:\/\/cordoba.salesianos.edu\/colegio\/wp-json\/wp\/v2\/pages"}],"about":[{"href":"https:\/\/cordoba.salesianos.edu\/colegio\/wp-json\/wp\/v2\/types\/page"}],"author":[{"embeddable":true,"href":"https:\/\/cordoba.salesianos.edu\/colegio\/wp-json\/wp\/v2\/users\/3"}],"replies":[{"embeddable":true,"href":"https:\/\/cordoba.salesianos.edu\/colegio\/wp-json\/wp\/v2\/comments?post=7620"}],"version-history":[{"count":22,"href":"https:\/\/cordoba.salesianos.edu\/colegio\/wp-json\/wp\/v2\/pages\/7620\/revisions"}],"predecessor-version":[{"id":9379,"href":"https:\/\/cordoba.salesianos.edu\/colegio\/wp-json\/wp\/v2\/pages\/7620\/revisions\/9379"}],"up":[{"embeddable":true,"href":"https:\/\/cordoba.salesianos.edu\/colegio\/wp-json\/wp\/v2\/pages\/5075"}],"wp:attachment":[{"href":"https:\/\/cordoba.salesianos.edu\/colegio\/wp-json\/wp\/v2\/media?parent=7620"}],"curies":[{"name":"wp","href":"https:\/\/api.w.org\/{rel}","templated":true}]}}