{"id":5480,"date":"2021-04-29T11:55:56","date_gmt":"2021-04-29T09:55:56","guid":{"rendered":"https:\/\/cordoba.salesianos.edu\/colegio\/?page_id=5480"},"modified":"2026-03-19T15:07:33","modified_gmt":"2026-03-19T14:07:33","slug":"personal-pas","status":"publish","type":"page","link":"https:\/\/cordoba.salesianos.edu\/colegio\/personal-pas\/","title":{"rendered":"Personal PAS"},"content":{"rendered":"<p>[et_pb_section fb_built=\u00bb1&#8243; fullwidth=\u00bbon\u00bb _builder_version=\u00bb4.16&#8243; global_colors_info=\u00bb{}\u00bb][et_pb_fullwidth_header title=\u00bbEquipo de PAS\u00bb background_overlay_color=\u00bbrgba(220,0,27,0.72)\u00bb title_font_color=\u00bb#ffffff\u00bb module_class=\u00bbpagina-imagen-cabecera\u00bb _builder_version=\u00bb4.16&#8243; title_font=\u00bb||||||||\u00bb title_text_color=\u00bb#ffffff\u00bb title_font_size=\u00bb40px\u00bb content_font=\u00bb||||||||\u00bb content_text_align=\u00bbright\u00bb content_font_size=\u00bb16px\u00bb subhead_font=\u00bbLato|300|on||||||\u00bb subhead_text_align=\u00bbright\u00bb subhead_font_size=\u00bb30px\u00bb background_color=\u00bbrgba(220,0,27,0.89)\u00bb background_image=\u00bbhttps:\/\/cordoba.salesianos.edu\/colegio\/wp-content\/uploads\/sites\/2\/2021\/04\/Claustro-de-Profesores.JPG.jpg\u00bb background_blend=\u00bblighten\u00bb subhead_text_shadow_style=\u00bbpreset3&#8243; background_url=\u00bbhttps:\/\/cordoba.salesianos.edu\/colegio\/wp-content\/uploads\/sites\/2\/2021\/04\/Archivo_006-scaled.jpeg\u00bb global_colors_info=\u00bb{}\u00bb button_one_text_size__hover_enabled=\u00bboff\u00bb button_two_text_size__hover_enabled=\u00bboff\u00bb button_one_text_color__hover_enabled=\u00bboff\u00bb button_two_text_color__hover_enabled=\u00bboff\u00bb button_one_border_width__hover_enabled=\u00bboff\u00bb button_two_border_width__hover_enabled=\u00bboff\u00bb button_one_border_color__hover_enabled=\u00bboff\u00bb button_two_border_color__hover_enabled=\u00bboff\u00bb button_one_border_radius__hover_enabled=\u00bboff\u00bb button_two_border_radius__hover_enabled=\u00bboff\u00bb button_one_letter_spacing__hover_enabled=\u00bboff\u00bb button_two_letter_spacing__hover_enabled=\u00bboff\u00bb button_one_bg_color__hover_enabled=\u00bboff\u00bb button_two_bg_color__hover_enabled=\u00bboff\u00bb][\/et_pb_fullwidth_header][\/et_pb_section][et_pb_section fb_built=\u00bb1&#8243; module_class=\u00bbpagina-seccion-contenido\u00bb _builder_version=\u00bb4.16&#8243; custom_margin=\u00bb|||\u00bb custom_padding=\u00bb50px|0px|50px|0px\u00bb global_colors_info=\u00bb{}\u00bb][et_pb_row disabled_on=\u00bboff|off|off\u00bb _builder_version=\u00bb4.16&#8243; custom_padding=\u00bb40px|0px|23.625px|0px|false|false\u00bb global_colors_info=\u00bb{}\u00bb][et_pb_column type=\u00bb4_4&#8243; _builder_version=\u00bb4.16&#8243; custom_padding=\u00bb|||\u00bb global_colors_info=\u00bb{}\u00bb custom_padding__hover=\u00bb|||\u00bb][et_pb_text _builder_version=\u00bb4.16&#8243; header_font=\u00bb||||||||\u00bb header_2_font=\u00bbLato|300|||||||\u00bb header_2_text_align=\u00bbcenter\u00bb header_2_font_size=\u00bb30px\u00bb custom_padding=\u00bb1px|||||\u00bb global_colors_info=\u00bb{}\u00bb]<\/p>\n<h2>Personal de Administraci\u00f3n y Servicios<\/h2>\n<p>[\/et_pb_text][\/et_pb_column][\/et_pb_row][et_pb_row column_structure=\u00bb1_3,1_3,1_3&#8243; disabled_on=\u00bboff|off|off\u00bb _builder_version=\u00bb4.16&#8243; custom_margin=\u00bb0px||10px|\u00bb custom_padding=\u00bb0px|0px|0px|0px\u00bb global_colors_info=\u00bb{}\u00bb][et_pb_column type=\u00bb1_3&#8243; _builder_version=\u00bb4.16&#8243; custom_padding=\u00bb|||\u00bb global_colors_info=\u00bb{}\u00bb custom_padding__hover=\u00bb|||\u00bb][et_pb_testimonial portrait_url=\u00bbhttps:\/\/cordoba.salesianos.edu\/colegio\/wp-content\/uploads\/sites\/2\/2023\/09\/DSC_5430-scaled.jpg\u00bb quote_icon=\u00bboff\u00bb portrait_width=\u00bb140px\u00bb portrait_height=\u00bb140px\u00bb _builder_version=\u00bb4.22.1&#8243; body_font=\u00bbLato|300|||||||\u00bb background_color=\u00bb#ffffff\u00bb text_orientation=\u00bbcenter\u00bb custom_margin=\u00bb||-20px|\u00bb custom_padding=\u00bb10px||0px|\u00bb child_filter_brightness=\u00bb106%\u00bb box_shadow_style_image=\u00bbpreset6&#8243; global_colors_info=\u00bb{}\u00bb]<\/p>\n<h3>Antonio And\u00fajar Romero<\/h3>\n<p class=\"Estilopredeterminado\">Limpieza y mantenimiento.<\/p>\n<p>[\/et_pb_testimonial][\/et_pb_column][et_pb_column type=\u00bb1_3&#8243; _builder_version=\u00bb4.16&#8243; custom_padding=\u00bb|||\u00bb global_colors_info=\u00bb{}\u00bb custom_padding__hover=\u00bb|||\u00bb][et_pb_testimonial portrait_url=\u00bbhttps:\/\/cordoba.salesianos.edu\/colegio\/wp-content\/uploads\/sites\/2\/2021\/05\/Margarito.jpg\u00bb quote_icon=\u00bboff\u00bb portrait_width=\u00bb140px\u00bb portrait_height=\u00bb140px\u00bb admin_label=\u00bbEdu\u00bb _builder_version=\u00bb4.16&#8243; body_font=\u00bbLato|300|||||||\u00bb background_color=\u00bb#ffffff\u00bb text_orientation=\u00bbcenter\u00bb custom_margin=\u00bb||-20px|\u00bb custom_padding=\u00bb10px||0px|\u00bb child_filter_brightness=\u00bb106%\u00bb box_shadow_style_image=\u00bbpreset6&#8243; global_colors_info=\u00bb{}\u00bb]<\/p>\n<h3>David Margarito Alcal\u00e1<\/h3>\n<p class=\"Estilopredeterminado\">Responsable de pistas deportivas.<\/p>\n<p>[\/et_pb_testimonial][\/et_pb_column][et_pb_column type=\u00bb1_3&#8243; _builder_version=\u00bb4.16&#8243; global_colors_info=\u00bb{}\u00bb][et_pb_testimonial portrait_url=\u00bbhttps:\/\/cordoba.salesianos.edu\/colegio\/wp-content\/uploads\/sites\/2\/2026\/03\/100064802.jpg\u00bb quote_icon=\u00bboff\u00bb portrait_width=\u00bb140px\u00bb portrait_height=\u00bb140px\u00bb admin_label=\u00bbRecomendaci\u00f3n\u00bb _builder_version=\u00bb4.27.4&#8243; body_font=\u00bbLato|300|||||||\u00bb background_color=\u00bb#ffffff\u00bb text_orientation=\u00bbcenter\u00bb custom_margin=\u00bb||-20px|\u00bb custom_padding=\u00bb10px||0px|\u00bb child_filter_brightness=\u00bb106%\u00bb hover_enabled=\u00bb0&#8243; box_shadow_style_image=\u00bbpreset6&#8243; global_colors_info=\u00bb{}\u00bb title_text=\u00bb100064802&#8243; sticky_enabled=\u00bb0&#8243;]<\/p>\n<h3>Enrique Rubio Merino<\/h3>\n<p>Contable.<\/p>\n<p>[\/et_pb_testimonial][\/et_pb_column][\/et_pb_row][et_pb_row column_structure=\u00bb1_3,1_3,1_3&#8243; disabled_on=\u00bboff|off|off\u00bb _builder_version=\u00bb4.16&#8243; custom_margin=\u00bb0px||10px|\u00bb custom_padding=\u00bb0px|0px|0px|0px\u00bb global_colors_info=\u00bb{}\u00bb][et_pb_column type=\u00bb1_3&#8243; _builder_version=\u00bb4.16&#8243; custom_padding=\u00bb|||\u00bb global_colors_info=\u00bb{}\u00bb custom_padding__hover=\u00bb|||\u00bb][et_pb_testimonial portrait_url=\u00bbhttps:\/\/cordoba.salesianos.edu\/colegio\/wp-content\/uploads\/sites\/2\/2026\/03\/100046236.jpg\u00bb quote_icon=\u00bboff\u00bb portrait_width=\u00bb140px\u00bb portrait_height=\u00bb140px\u00bb _builder_version=\u00bb4.27.4&#8243; body_font=\u00bbLato|300|||||||\u00bb background_color=\u00bb#ffffff\u00bb text_orientation=\u00bbcenter\u00bb custom_margin=\u00bb||-20px|\u00bb custom_padding=\u00bb10px||0px|\u00bb child_filter_brightness=\u00bb106%\u00bb hover_enabled=\u00bb0&#8243; box_shadow_style_image=\u00bbpreset6&#8243; global_colors_info=\u00bb{}\u00bb title_text=\u00bb100046236&#8243; sticky_enabled=\u00bb0&#8243;]<\/p>\n<h3>Josefa Molina Romero<\/h3>\n<p class=\"Estilopredeterminado\">Limpieza y mantenimiento.<\/p>\n<p>[\/et_pb_testimonial][\/et_pb_column][et_pb_column type=\u00bb1_3&#8243; _builder_version=\u00bb4.16&#8243; custom_padding=\u00bb|||\u00bb global_colors_info=\u00bb{}\u00bb custom_padding__hover=\u00bb|||\u00bb][et_pb_testimonial portrait_url=\u00bbhttps:\/\/cordoba.salesianos.edu\/colegio\/wp-content\/uploads\/sites\/2\/2026\/03\/100041904.jpg\u00bb quote_icon=\u00bboff\u00bb portrait_width=\u00bb140px\u00bb portrait_height=\u00bb140px\u00bb _builder_version=\u00bb4.27.4&#8243; body_font=\u00bbLato|300|||||||\u00bb background_color=\u00bb#ffffff\u00bb text_orientation=\u00bbcenter\u00bb custom_margin=\u00bb||-20px|\u00bb custom_padding=\u00bb10px||0px|\u00bb child_filter_brightness=\u00bb106%\u00bb hover_enabled=\u00bb0&#8243; box_shadow_style_image=\u00bbpreset6&#8243; global_colors_info=\u00bb{}\u00bb sticky_enabled=\u00bb0&#8243; title_text=\u00bb100041904&#8243;]<\/p>\n<h3>Juan Dorado Rodr\u00edguez<\/h3>\n<p class=\"Estilopredeterminado\">Conserje.<\/p>\n<p>[\/et_pb_testimonial][\/et_pb_column][et_pb_column type=\u00bb1_3&#8243; _builder_version=\u00bb4.16&#8243; custom_padding=\u00bb|||\u00bb global_colors_info=\u00bb{}\u00bb custom_padding__hover=\u00bb|||\u00bb][et_pb_testimonial portrait_url=\u00bbhttps:\/\/cordoba.salesianos.edu\/colegio\/wp-content\/uploads\/sites\/2\/2023\/09\/LJV_1745-scaled.jpg\u00bb quote_icon=\u00bboff\u00bb portrait_width=\u00bb140px\u00bb portrait_height=\u00bb140px\u00bb _builder_version=\u00bb4.22.1&#8243; body_font=\u00bbLato|300|||||||\u00bb background_color=\u00bb#ffffff\u00bb text_orientation=\u00bbcenter\u00bb custom_margin=\u00bb||-20px|\u00bb custom_padding=\u00bb10px||0px|\u00bb child_filter_brightness=\u00bb106%\u00bb box_shadow_style_image=\u00bbpreset6&#8243; global_colors_info=\u00bb{}\u00bb]<\/p>\n<h3>Juan Garc\u00eda Serrano<\/h3>\n<p class=\"Estilopredeterminado\">Limpieza y mantenimiento.<\/p>\n<p>[\/et_pb_testimonial][\/et_pb_column][\/et_pb_row][et_pb_row column_structure=\u00bb1_3,1_3,1_3&#8243; disabled_on=\u00bboff|off|off\u00bb _builder_version=\u00bb4.16&#8243; custom_margin=\u00bb0px||10px|\u00bb custom_padding=\u00bb0px|0px|0px|0px\u00bb global_colors_info=\u00bb{}\u00bb][et_pb_column type=\u00bb1_3&#8243; _builder_version=\u00bb4.16&#8243; custom_padding=\u00bb|||\u00bb global_colors_info=\u00bb{}\u00bb custom_padding__hover=\u00bb|||\u00bb][et_pb_testimonial portrait_url=\u00bbhttps:\/\/cordoba.salesianos.edu\/colegio\/wp-content\/uploads\/sites\/2\/2026\/03\/100057239.jpg\u00bb quote_icon=\u00bboff\u00bb portrait_width=\u00bb140px\u00bb portrait_height=\u00bb140px\u00bb _builder_version=\u00bb4.27.4&#8243; body_font=\u00bbLato|300|||||||\u00bb background_color=\u00bb#ffffff\u00bb text_orientation=\u00bbcenter\u00bb custom_margin=\u00bb||-20px|\u00bb custom_padding=\u00bb10px||0px|\u00bb child_filter_brightness=\u00bb106%\u00bb hover_enabled=\u00bb0&#8243; box_shadow_style_image=\u00bbpreset6&#8243; global_colors_info=\u00bb{}\u00bb title_text=\u00bb100057239&#8243; sticky_enabled=\u00bb0&#8243;]<\/p>\n<h3>Mar\u00eda Jes\u00fas Solano Vega<\/h3>\n<p class=\"Estilopredeterminado\">Monitora de educaci\u00f3n infantil.<\/p>\n<p>[\/et_pb_testimonial][\/et_pb_column][et_pb_column type=\u00bb1_3&#8243; _builder_version=\u00bb4.16&#8243; global_colors_info=\u00bb{}\u00bb][et_pb_testimonial portrait_url=\u00bbhttps:\/\/cordoba.salesianos.edu\/colegio\/wp-content\/uploads\/sites\/2\/2026\/03\/242424.jpg\u00bb quote_icon=\u00bboff\u00bb portrait_width=\u00bb140px\u00bb portrait_height=\u00bb140px\u00bb _builder_version=\u00bb4.27.4&#8243; body_font=\u00bbLato|300|||||||\u00bb background_color=\u00bb#ffffff\u00bb text_orientation=\u00bbcenter\u00bb custom_margin=\u00bb||-20px|\u00bb custom_padding=\u00bb10px||0px|\u00bb child_filter_brightness=\u00bb106%\u00bb hover_enabled=\u00bb0&#8243; box_shadow_style_image=\u00bbpreset6&#8243; global_colors_info=\u00bb{}\u00bb title_text=\u00bb242424&#8243; sticky_enabled=\u00bb0&#8243;]<\/p>\n<h3>Marta Caro Zacar\u00edas<\/h3>\n<p class=\"Estilopredeterminado\">Secretaria.<\/p>\n<p>[\/et_pb_testimonial][\/et_pb_column][et_pb_column type=\u00bb1_3&#8243; _builder_version=\u00bb4.16&#8243; global_colors_info=\u00bb{}\u00bb][et_pb_testimonial portrait_url=\u00bbhttps:\/\/cordoba.salesianos.edu\/colegio\/wp-content\/uploads\/sites\/2\/2026\/03\/100001565.jpg\u00bb quote_icon=\u00bboff\u00bb portrait_width=\u00bb140px\u00bb portrait_height=\u00bb140px\u00bb _builder_version=\u00bb4.27.4&#8243; body_font=\u00bbLato|300|||||||\u00bb background_color=\u00bb#ffffff\u00bb text_orientation=\u00bbcenter\u00bb custom_margin=\u00bb||-20px|\u00bb custom_padding=\u00bb10px||0px|\u00bb child_filter_brightness=\u00bb106%\u00bb hover_enabled=\u00bb0&#8243; box_shadow_style_image=\u00bbpreset6&#8243; global_colors_info=\u00bb{}\u00bb title_text=\u00bb100001565&#8243; sticky_enabled=\u00bb0&#8243;]<\/p>\n<h3>Pilar Carmona Morales<\/h3>\n<p class=\"Estilopredeterminado\">Administradora.<\/p>\n<p>[\/et_pb_testimonial][\/et_pb_column][\/et_pb_row][et_pb_row column_structure=\u00bb1_3,1_3,1_3&#8243; disabled_on=\u00bboff|off|off\u00bb _builder_version=\u00bb4.16&#8243; custom_margin=\u00bb0px||10px|\u00bb custom_padding=\u00bb0px|0px|0px|0px\u00bb global_colors_info=\u00bb{}\u00bb][et_pb_column type=\u00bb1_3&#8243; _builder_version=\u00bb4.16&#8243; custom_padding=\u00bb|||\u00bb global_colors_info=\u00bb{}\u00bb custom_padding__hover=\u00bb|||\u00bb][et_pb_testimonial portrait_url=\u00bbhttps:\/\/cordoba.salesianos.edu\/colegio\/wp-content\/uploads\/sites\/2\/2021\/05\/Lopez-R.jpg\u00bb quote_icon=\u00bboff\u00bb portrait_width=\u00bb140px\u00bb portrait_height=\u00bb140px\u00bb _builder_version=\u00bb4.16&#8243; body_font=\u00bbLato|300|||||||\u00bb background_color=\u00bb#ffffff\u00bb text_orientation=\u00bbcenter\u00bb custom_margin=\u00bb||-20px|\u00bb custom_padding=\u00bb10px||0px|\u00bb child_filter_brightness=\u00bb106%\u00bb hover_enabled=\u00bb0&#8243; box_shadow_style_image=\u00bbpreset6&#8243; global_colors_info=\u00bb{}\u00bb sticky_enabled=\u00bb0&#8243;]<\/p>\n<h3>Rafael L\u00f3pez L\u00f3pez<\/h3>\n<p>Conserje<span style=\"font-size: 14px;\">.<\/span><\/p>\n<p><span style=\"font-size: 14px; color: #494949;\"><\/span><\/p>\n<p>[\/et_pb_testimonial][\/et_pb_column][et_pb_column type=\u00bb1_3&#8243; _builder_version=\u00bb4.16&#8243; custom_padding=\u00bb|||\u00bb global_colors_info=\u00bb{}\u00bb custom_padding__hover=\u00bb|||\u00bb][et_pb_testimonial portrait_url=\u00bbhttps:\/\/cordoba.salesianos.edu\/colegio\/wp-content\/uploads\/sites\/2\/2026\/03\/100046238.jpg\u00bb quote_icon=\u00bboff\u00bb portrait_width=\u00bb140px\u00bb portrait_height=\u00bb140px\u00bb _builder_version=\u00bb4.27.4&#8243; body_font=\u00bbLato|300|||||||\u00bb background_color=\u00bb#ffffff\u00bb text_orientation=\u00bbcenter\u00bb custom_margin=\u00bb||-20px|\u00bb custom_padding=\u00bb10px||0px|\u00bb child_filter_brightness=\u00bb106%\u00bb hover_enabled=\u00bb0&#8243; box_shadow_style_image=\u00bbpreset6&#8243; global_colors_info=\u00bb{}\u00bb title_text=\u00bb100046238&#8243; sticky_enabled=\u00bb0&#8243;]<\/p>\n<h3>Rosa Mar\u00eda Zamora Molina<\/h3>\n<p class=\"Estilopredeterminado\"><span style=\"font-size: 14px;\">Monitora de educaci\u00f3n infantil.<\/span><\/p>\n<p class=\"Estilopredeterminado\">[\/et_pb_testimonial][\/et_pb_column][et_pb_column type=\u00bb1_3&#8243; _builder_version=\u00bb4.16&#8243; global_colors_info=\u00bb{}\u00bb][et_pb_testimonial portrait_url=\u00bbhttps:\/\/cordoba.salesianos.edu\/colegio\/wp-content\/uploads\/sites\/2\/2021\/05\/Palomino.jpg\u00bb quote_icon=\u00bboff\u00bb portrait_width=\u00bb140px\u00bb portrait_height=\u00bb140px\u00bb disabled_on=\u00bboff|off|off\u00bb _builder_version=\u00bb4.27.4&#8243; body_font=\u00bbLato|300|||||||\u00bb background_color=\u00bb#ffffff\u00bb text_orientation=\u00bbcenter\u00bb custom_margin=\u00bb||-20px|\u00bb custom_padding=\u00bb10px||0px|\u00bb child_filter_brightness=\u00bb106%\u00bb hover_enabled=\u00bb0&#8243; box_shadow_style_image=\u00bbpreset6&#8243; global_colors_info=\u00bb{}\u00bb sticky_enabled=\u00bb0&#8243;]<\/p>\n<h3>Rosa Palomino Rodriguez<\/h3>\n<p class=\"Estilopredeterminado\">Monitora de educaci\u00f3n infantil y<\/p>\n<p class=\"Estilopredeterminado\">encargada de office.<\/p>\n<p>[\/et_pb_testimonial][\/et_pb_column][\/et_pb_row][et_pb_row column_structure=\u00bb1_3,1_3,1_3&#8243; disabled_on=\u00bboff|off|off\u00bb _builder_version=\u00bb4.16&#8243; custom_margin=\u00bb0px||10px|\u00bb custom_padding=\u00bb0px|0px|0px|0px\u00bb global_colors_info=\u00bb{}\u00bb][et_pb_column type=\u00bb1_3&#8243; _builder_version=\u00bb4.16&#8243; custom_padding=\u00bb|||\u00bb global_colors_info=\u00bb{}\u00bb custom_padding__hover=\u00bb|||\u00bb][\/et_pb_column][et_pb_column type=\u00bb1_3&#8243; _builder_version=\u00bb4.16&#8243; custom_padding=\u00bb|||\u00bb global_colors_info=\u00bb{}\u00bb custom_padding__hover=\u00bb|||\u00bb][et_pb_testimonial portrait_url=\u00bbhttps:\/\/cordoba.salesianos.edu\/colegio\/wp-content\/uploads\/sites\/2\/2026\/03\/100065686.jpg\u00bb quote_icon=\u00bboff\u00bb portrait_width=\u00bb140px\u00bb portrait_height=\u00bb140px\u00bb disabled_on=\u00bboff|off|off\u00bb _builder_version=\u00bb4.27.4&#8243; body_font=\u00bbLato|300|||||||\u00bb background_color=\u00bb#ffffff\u00bb text_orientation=\u00bbcenter\u00bb custom_margin=\u00bb||-20px|\u00bb custom_padding=\u00bb10px||0px|\u00bb child_filter_brightness=\u00bb106%\u00bb hover_enabled=\u00bb0&#8243; box_shadow_style_image=\u00bbpreset6&#8243; global_colors_info=\u00bb{}\u00bb title_text=\u00bb100065686&#8243; sticky_enabled=\u00bb0&#8243;]<\/p>\n<h3>Sandra Mar\u00eda Prieto Arenas<\/h3>\n<p class=\"Estilopredeterminado\">Monitora de educaci\u00f3n infantil.<\/p>\n<p>[\/et_pb_testimonial][\/et_pb_column][et_pb_column type=\u00bb1_3&#8243; _builder_version=\u00bb4.16&#8243; custom_padding=\u00bb|||\u00bb global_colors_info=\u00bb{}\u00bb custom_padding__hover=\u00bb|||\u00bb][\/et_pb_column][\/et_pb_row][\/et_pb_section][et_pb_section fb_built=\u00bb1&#8243; disabled_on=\u00bbon|on|on\u00bb _builder_version=\u00bb4.16&#8243; background_color=\u00bb#f2f2f2&#8243; custom_padding=\u00bb0px|0px|0px|0px\u00bb global_colors_info=\u00bb{}\u00bb][\/et_pb_section]<\/p>\n","protected":false},"excerpt":{"rendered":"<p>Personal de Administraci\u00f3n y ServiciosAntonio And\u00fajar Romero Limpieza y mantenimiento.David Margarito Alcal\u00e1 Responsable de pistas deportivas.Enrique Rubio Merino Contable.Josefa Molina Romero Limpieza y mantenimiento.Juan Dorado Rodr\u00edguez Conserje.Juan Garc\u00eda Serrano Limpieza y mantenimiento.Mar\u00eda Jes\u00fas Solano Vega Monitora de educaci\u00f3n infantil.Marta Caro Zacar\u00edas Secretaria.Pilar Carmona Morales Administradora.Rafael L\u00f3pez L\u00f3pez Conserje. Rosa Mar\u00eda Zamora Molina Monitora de educaci\u00f3n [&hellip;]<\/p>\n","protected":false},"author":3,"featured_media":0,"parent":0,"menu_order":0,"comment_status":"closed","ping_status":"closed","template":"","meta":{"_et_pb_use_builder":"on","_et_pb_old_content":"","_et_gb_content_width":"","footnotes":""},"class_list":["post-5480","page","type-page","status-publish","hentry"],"yoast_head":"<!-- This site is optimized with the Yoast SEO plugin v28.4 - https:\/\/yoast.com\/product\/yoast-seo-wordpress\/ -->\n<title>Personal PAS - Colegio Salesiano San Francisco de Sales<\/title>\n<meta name=\"robots\" content=\"index, follow, max-snippet:-1, max-image-preview:large, max-video-preview:-1\" \/>\n<link rel=\"canonical\" href=\"https:\/\/cordoba.salesianos.edu\/colegio\/personal-pas\/\" \/>\n<meta property=\"og:locale\" content=\"es_ES\" \/>\n<meta property=\"og:type\" content=\"article\" \/>\n<meta property=\"og:title\" content=\"Personal PAS - Colegio Salesiano San Francisco de Sales\" \/>\n<meta property=\"og:description\" content=\"Personal de Administraci\u00f3n y ServiciosAntonio And\u00fajar Romero Limpieza y mantenimiento.David Margarito Alcal\u00e1 Responsable de pistas deportivas.Enrique Rubio Merino Contable.Josefa Molina Romero Limpieza y mantenimiento.Juan Dorado Rodr\u00edguez Conserje.Juan Garc\u00eda Serrano Limpieza y mantenimiento.Mar\u00eda Jes\u00fas Solano Vega Monitora de educaci\u00f3n infantil.Marta Caro Zacar\u00edas Secretaria.Pilar Carmona Morales Administradora.Rafael L\u00f3pez L\u00f3pez Conserje. Rosa Mar\u00eda Zamora Molina Monitora de educaci\u00f3n [&hellip;]\" \/>\n<meta property=\"og:url\" content=\"https:\/\/cordoba.salesianos.edu\/colegio\/personal-pas\/\" \/>\n<meta property=\"og:site_name\" content=\"Colegio Salesiano San Francisco de Sales\" \/>\n<meta property=\"article:modified_time\" content=\"2026-03-19T14:07:33+00:00\" \/>\n<meta name=\"twitter:card\" content=\"summary_large_image\" \/>\n<meta name=\"twitter:label1\" content=\"Tiempo de lectura\" \/>\n\t<meta name=\"twitter:data1\" content=\"1 minuto\" \/>\n<script type=\"application\/ld+json\" class=\"yoast-schema-graph\">{\"@context\":\"https:\\\/\\\/schema.org\",\"@graph\":[{\"@type\":\"WebPage\",\"@id\":\"https:\\\/\\\/cordoba.salesianos.edu\\\/colegio\\\/personal-pas\\\/\",\"url\":\"https:\\\/\\\/cordoba.salesianos.edu\\\/colegio\\\/personal-pas\\\/\",\"name\":\"Personal PAS - Colegio Salesiano San Francisco de Sales\",\"isPartOf\":{\"@id\":\"https:\\\/\\\/cordoba.salesianos.edu\\\/colegio\\\/#website\"},\"datePublished\":\"2021-04-29T09:55:56+00:00\",\"dateModified\":\"2026-03-19T14:07:33+00:00\",\"breadcrumb\":{\"@id\":\"https:\\\/\\\/cordoba.salesianos.edu\\\/colegio\\\/personal-pas\\\/#breadcrumb\"},\"inLanguage\":\"es\",\"potentialAction\":[{\"@type\":\"ReadAction\",\"target\":[\"https:\\\/\\\/cordoba.salesianos.edu\\\/colegio\\\/personal-pas\\\/\"]}]},{\"@type\":\"BreadcrumbList\",\"@id\":\"https:\\\/\\\/cordoba.salesianos.edu\\\/colegio\\\/personal-pas\\\/#breadcrumb\",\"itemListElement\":[{\"@type\":\"ListItem\",\"position\":1,\"name\":\"Portada\",\"item\":\"https:\\\/\\\/cordoba.salesianos.edu\\\/colegio\\\/\"},{\"@type\":\"ListItem\",\"position\":2,\"name\":\"Personal PAS\"}]},{\"@type\":\"WebSite\",\"@id\":\"https:\\\/\\\/cordoba.salesianos.edu\\\/colegio\\\/#website\",\"url\":\"https:\\\/\\\/cordoba.salesianos.edu\\\/colegio\\\/\",\"name\":\"Colegio Salesiano San Francisco de Sales\",\"description\":\"P\u00e1gina oficial Salesianos C\u00f3rdoba\",\"potentialAction\":[{\"@type\":\"SearchAction\",\"target\":{\"@type\":\"EntryPoint\",\"urlTemplate\":\"https:\\\/\\\/cordoba.salesianos.edu\\\/colegio\\\/?s={search_term_string}\"},\"query-input\":{\"@type\":\"PropertyValueSpecification\",\"valueRequired\":true,\"valueName\":\"search_term_string\"}}],\"inLanguage\":\"es\"}]}<\/script>\n<!-- \/ Yoast SEO plugin. -->","yoast_head_json":{"title":"Personal PAS - Colegio Salesiano San Francisco de Sales","robots":{"index":"index","follow":"follow","max-snippet":"max-snippet:-1","max-image-preview":"max-image-preview:large","max-video-preview":"max-video-preview:-1"},"canonical":"https:\/\/cordoba.salesianos.edu\/colegio\/personal-pas\/","og_locale":"es_ES","og_type":"article","og_title":"Personal PAS - Colegio Salesiano San Francisco de Sales","og_description":"Personal de Administraci\u00f3n y ServiciosAntonio And\u00fajar Romero Limpieza y mantenimiento.David Margarito Alcal\u00e1 Responsable de pistas deportivas.Enrique Rubio Merino Contable.Josefa Molina Romero Limpieza y mantenimiento.Juan Dorado Rodr\u00edguez Conserje.Juan Garc\u00eda Serrano Limpieza y mantenimiento.Mar\u00eda Jes\u00fas Solano Vega Monitora de educaci\u00f3n infantil.Marta Caro Zacar\u00edas Secretaria.Pilar Carmona Morales Administradora.Rafael L\u00f3pez L\u00f3pez Conserje. Rosa Mar\u00eda Zamora Molina Monitora de educaci\u00f3n [&hellip;]","og_url":"https:\/\/cordoba.salesianos.edu\/colegio\/personal-pas\/","og_site_name":"Colegio Salesiano San Francisco de Sales","article_modified_time":"2026-03-19T14:07:33+00:00","twitter_card":"summary_large_image","twitter_misc":{"Tiempo de lectura":"1 minuto"},"schema":{"@context":"https:\/\/schema.org","@graph":[{"@type":"WebPage","@id":"https:\/\/cordoba.salesianos.edu\/colegio\/personal-pas\/","url":"https:\/\/cordoba.salesianos.edu\/colegio\/personal-pas\/","name":"Personal PAS - Colegio Salesiano San Francisco de Sales","isPartOf":{"@id":"https:\/\/cordoba.salesianos.edu\/colegio\/#website"},"datePublished":"2021-04-29T09:55:56+00:00","dateModified":"2026-03-19T14:07:33+00:00","breadcrumb":{"@id":"https:\/\/cordoba.salesianos.edu\/colegio\/personal-pas\/#breadcrumb"},"inLanguage":"es","potentialAction":[{"@type":"ReadAction","target":["https:\/\/cordoba.salesianos.edu\/colegio\/personal-pas\/"]}]},{"@type":"BreadcrumbList","@id":"https:\/\/cordoba.salesianos.edu\/colegio\/personal-pas\/#breadcrumb","itemListElement":[{"@type":"ListItem","position":1,"name":"Portada","item":"https:\/\/cordoba.salesianos.edu\/colegio\/"},{"@type":"ListItem","position":2,"name":"Personal PAS"}]},{"@type":"WebSite","@id":"https:\/\/cordoba.salesianos.edu\/colegio\/#website","url":"https:\/\/cordoba.salesianos.edu\/colegio\/","name":"Colegio Salesiano San Francisco de Sales","description":"P\u00e1gina oficial Salesianos C\u00f3rdoba","potentialAction":[{"@type":"SearchAction","target":{"@type":"EntryPoint","urlTemplate":"https:\/\/cordoba.salesianos.edu\/colegio\/?s={search_term_string}"},"query-input":{"@type":"PropertyValueSpecification","valueRequired":true,"valueName":"search_term_string"}}],"inLanguage":"es"}]}},"_links":{"self":[{"href":"https:\/\/cordoba.salesianos.edu\/colegio\/wp-json\/wp\/v2\/pages\/5480","targetHints":{"allow":["GET"]}}],"collection":[{"href":"https:\/\/cordoba.salesianos.edu\/colegio\/wp-json\/wp\/v2\/pages"}],"about":[{"href":"https:\/\/cordoba.salesianos.edu\/colegio\/wp-json\/wp\/v2\/types\/page"}],"author":[{"embeddable":true,"href":"https:\/\/cordoba.salesianos.edu\/colegio\/wp-json\/wp\/v2\/users\/3"}],"replies":[{"embeddable":true,"href":"https:\/\/cordoba.salesianos.edu\/colegio\/wp-json\/wp\/v2\/comments?post=5480"}],"version-history":[{"count":10,"href":"https:\/\/cordoba.salesianos.edu\/colegio\/wp-json\/wp\/v2\/pages\/5480\/revisions"}],"predecessor-version":[{"id":9574,"href":"https:\/\/cordoba.salesianos.edu\/colegio\/wp-json\/wp\/v2\/pages\/5480\/revisions\/9574"}],"wp:attachment":[{"href":"https:\/\/cordoba.salesianos.edu\/colegio\/wp-json\/wp\/v2\/media?parent=5480"}],"curies":[{"name":"wp","href":"https:\/\/api.w.org\/{rel}","templated":true}]}}