{"id":5364,"date":"2021-05-11T13:31:22","date_gmt":"2021-05-11T11:31:22","guid":{"rendered":"https:\/\/cordoba.salesianos.edu\/colegio\/?page_id=5364"},"modified":"2023-01-16T12:28:05","modified_gmt":"2023-01-16T11:28:05","slug":"bilinguismo","status":"publish","type":"page","link":"https:\/\/cordoba.salesianos.edu\/colegio\/bilinguismo\/","title":{"rendered":"Biling\u00fcismo"},"content":{"rendered":"<p>[et_pb_section fb_built=\u00bb1&#8243; fullwidth=\u00bbon\u00bb admin_label=\u00bbSecci\u00f3n\u00bb _builder_version=\u00bb4.16&#8243; global_colors_info=\u00bb{}\u00bb][et_pb_fullwidth_header title=\u00bbBiling\u00fcismo\u00bb title_font_color=\u00bb#ffffff\u00bb admin_label=\u00bbT\u00edtulo de anchura completa\u00bb module_class=\u00bbpagina-imagen-cabecera\u00bb _builder_version=\u00bb4.16&#8243; title_text_color=\u00bb#ffffff\u00bb title_font_size=\u00bb40px\u00bb background_color=\u00bbrgba(255,255,255,0)\u00bb background_image=\u00bbhttps:\/\/cordoba.salesianos.edu\/colegio\/wp-content\/uploads\/sites\/2\/2021\/04\/encabezado_plurilinguismo_2018-min.jpg\u00bb background_layout=\u00bblight\u00bb background_url=\u00bbhttps:\/\/cordoba.salesianos.edu\/colegio\/wp-content\/uploads\/sites\/2\/2021\/04\/Archivo_002-2-scaled.jpeg\u00bb global_colors_info=\u00bb{}\u00bb button_one_text_size__hover_enabled=\u00bboff\u00bb button_two_text_size__hover_enabled=\u00bboff\u00bb button_one_text_color__hover_enabled=\u00bboff\u00bb button_two_text_color__hover_enabled=\u00bboff\u00bb button_one_border_width__hover_enabled=\u00bboff\u00bb button_two_border_width__hover_enabled=\u00bboff\u00bb button_one_border_color__hover_enabled=\u00bboff\u00bb button_two_border_color__hover_enabled=\u00bboff\u00bb button_one_border_radius__hover_enabled=\u00bboff\u00bb button_two_border_radius__hover_enabled=\u00bboff\u00bb button_one_letter_spacing__hover_enabled=\u00bboff\u00bb button_two_letter_spacing__hover_enabled=\u00bboff\u00bb button_one_bg_color__hover_enabled=\u00bboff\u00bb button_two_bg_color__hover_enabled=\u00bboff\u00bb][\/et_pb_fullwidth_header][\/et_pb_section][et_pb_section fb_built=\u00bb1&#8243; admin_label=\u00bbSecci\u00f3n\u00bb module_class=\u00bbpagina-seccion-contenido\u00bb _builder_version=\u00bb4.16&#8243; width=\u00bb100%\u00bb custom_padding=\u00bb0px|0px|39px|0px\u00bb global_colors_info=\u00bb{}\u00bb][et_pb_row column_structure=\u00bb2_3,1_3&#8243; _builder_version=\u00bb4.16&#8243; custom_margin=\u00bb25px|||\u00bb custom_padding=\u00bb30px|0px||0px\u00bb global_colors_info=\u00bb{}\u00bb][et_pb_column type=\u00bb2_3&#8243; _builder_version=\u00bb4.16&#8243; custom_padding=\u00bb|||\u00bb global_colors_info=\u00bb{}\u00bb custom_padding__hover=\u00bb|||\u00bb][et_pb_testimonial author=\u00bbSandra Vicente Cornejo\u00bb job_title=\u00bbCoordinadora de Biling\u00fcismo\u00bb portrait_url=\u00bbhttps:\/\/cordoba.salesianos.edu\/colegio\/wp-content\/uploads\/sites\/2\/2021\/04\/PRF_0977.jpg\u00bb _builder_version=\u00bb4.16&#8243; custom_padding=\u00bb40px|||\u00bb box_shadow_style=\u00bbpreset3&#8243; global_colors_info=\u00bb{}\u00bb]<\/p>\n<h2 style=\"text-align: justify;\">Saludo de la coordinadora<\/h2>\n<p style=\"text-align: justify;\">Estimadas familias,<\/p>\n<p style=\"text-align: justify;\">Soy Sandra Vicente, Coordinadora de Biling\u00fcismo en el centro y\u00a0profesora de ingl\u00e9s en <a href=\"https:\/\/cordoba.salesianos.edu\/colegio\/educacion-primaria\/\" title=\"Sobre la E.S.O.\">Educaci\u00f3n Primaria<\/a>.<\/p>\n<p style=\"text-align: justify;\">El\u00a0manejo de\u00a0otros idiomas <strong>es una de las prioridades que tanto familias como profesores tenemos<\/strong>\u00a0en la formaci\u00f3n de nuestros ni\u00f1os y j\u00f3venes. Conlleva\u00a0 y favorece la <strong>apertura a otras culturas<\/strong>, el acceso a m\u00e1s y <strong>mejores oportunidades<\/strong>\u00a0y multiplica las posibilidades de <strong>\u00e9xito profesional<\/strong> y de <strong>realizaci\u00f3n personal<\/strong>. Es, al fin y al cabo, una apuesta por la comunicaci\u00f3n humana en un planeta m\u00e1s interconectado que nunca.<\/p>\n<p style=\"text-align: justify;\">En nuestro centro aceptamos con entusiasmo este reto en todas las <a href=\"https:\/\/cordoba.salesianos.edu\/colegio\/oferta-educativa\/\" title=\"Oferta educativa\">etapas<\/a> dise\u00f1ando y facilitando programas y actividades biling\u00fces donde la <strong>diversidad nacional e internacional<\/strong> toman protagonismo. Motivamos nuestros alumnos en la\u00a0 preparaci\u00f3n y celebraci\u00f3n de <strong>ex\u00e1menes oficiales<\/strong> de Cambridge a trav\u00e9s de la academia <strong>Cambridge ML<\/strong>,\u00a0actividades de<strong> intercambio con pa\u00edses europeos<\/strong>, presencia de <strong>asistentes de conversaci\u00f3n<\/strong> nativos,\u00a0<strong>visitas culturales<\/strong>\u00a0guiadas en ingl\u00e9s,\u00a0 estancias de <strong>inmersi\u00f3n ling\u00fc\u00edstica<\/strong>, asesoramiento en materia de biling\u00fcismo y muchas\u00a0otras actividades ya consolidadas y otras tantas por venir; <strong>crecer en biling\u00fcismo es una l\u00ednea prioritaria<\/strong>.<\/p>\n<p style=\"text-align: justify;\">Esta apuesta por el biling\u00fcismo se concreta actualmente\u00a0en torno a la <strong>lengua castellana\u00a0e inglesa<\/strong>,\u00a0siendo a la vez una invitaci\u00f3n a seguir\u00a0perfeccionando esta y lengua despu\u00e9s de\u00a0haber dejado\u00a0nuestro centro como parte natural de la formaci\u00f3n integral de la persona.<\/p>\n<p style=\"text-align: justify;\">Desde nuestra\u00a0<em>web<\/em>, as\u00ed como a trav\u00e9s de la plataforma\u00a0<a href=\"https:\/\/cordoba.salesianos.edu\/colegio\/qe-familia\/\" title=\"Sobre la plataforma Qe\"><em>Qualitas Educativa<\/em><\/a><em>\u00a0<\/em>os iremos dando cumplida cuenta de estas oportunidades.<\/p>\n<p style=\"text-align: justify;\">Quedo a vuestra disposici\u00f3n en mi correo,\u00a0plurilinguismo.cordoba@salesianos.edu, o en la propia plataforma\u00a0<a href=\"https:\/\/cordoba.salesianos.edu\/colegio\/qe\/\"><em>Qualitas <\/em><\/a><em><\/em>si ya sois\u00a0miembros de nuestra comunidad educativa.<\/p>\n<p>[\/et_pb_testimonial][\/et_pb_column][et_pb_column type=\u00bb1_3&#8243; _builder_version=\u00bb4.16&#8243; custom_padding=\u00bb|||\u00bb global_colors_info=\u00bb{}\u00bb custom_padding__hover=\u00bb|||\u00bb][et_pb_text module_class=\u00bbpagina-texto-light\u00bb _builder_version=\u00bb4.16&#8243; header_font=\u00bbLato|300|||||||\u00bb header_font_size=\u00bb38px\u00bb header_2_font=\u00bbLato|300|||||||\u00bb header_2_font_size=\u00bb36px\u00bb custom_margin=\u00bb|||\u00bb custom_padding=\u00bb25px||10px|\u00bb global_colors_info=\u00bb{}\u00bb]<\/p>\n<h2>Biling\u00fcismo ingl\u00e9s.<\/h2>\n<p>[\/et_pb_text][et_pb_divider show_divider=\u00bboff\u00bb _builder_version=\u00bb4.16&#8243; global_colors_info=\u00bb{}\u00bb][\/et_pb_divider][et_pb_image src=\u00bbhttps:\/\/cordoba.salesianos.edu\/colegio\/wp-content\/uploads\/sites\/2\/2021\/04\/plurilinguismo_bandera_ingles-min.png\u00bb alt=\u00bbIngl\u00e9s\u00bb title_text=\u00bbIngl\u00e9s\u00bb align_tablet=\u00bbcenter\u00bb align_phone=\u00bb\u00bb align_last_edited=\u00bbon|desktop\u00bb _builder_version=\u00bb4.16&#8243; box_shadow_style=\u00bbpreset3&#8243; box_shadow_vertical=\u00bb-12px\u00bb global_colors_info=\u00bb{}\u00bb][\/et_pb_image][et_pb_divider show_divider=\u00bboff\u00bb _builder_version=\u00bb4.16&#8243; global_colors_info=\u00bb{}\u00bb][\/et_pb_divider][\/et_pb_column][\/et_pb_row][et_pb_row module_class=\u00bb et_pb_row_fullwidth\u00bb _builder_version=\u00bb4.16&#8243; width=\u00bb94%\u00bb width_tablet=\u00bb80%\u00bb width_phone=\u00bb\u00bb width_last_edited=\u00bbon|desktop\u00bb max_width=\u00bb94%\u00bb max_width_tablet=\u00bb80%\u00bb max_width_phone=\u00bb\u00bb max_width_last_edited=\u00bbon|desktop\u00bb custom_padding=\u00bb81px|0px|39px|0px\u00bb make_fullwidth=\u00bbon\u00bb global_colors_info=\u00bb{}\u00bb][et_pb_column type=\u00bb4_4&#8243; _builder_version=\u00bb4.16&#8243; custom_padding=\u00bb|||\u00bb global_colors_info=\u00bb{}\u00bb custom_padding__hover=\u00bb|||\u00bb][et_pb_text module_class=\u00bbpagina-texto-light\u00bb _builder_version=\u00bb4.16&#8243; text_font=\u00bbCalligraffitti||||\u00bb text_font_size=\u00bb40px\u00bb text_line_height=\u00bb1.4em\u00bb text_orientation=\u00bbcenter\u00bb custom_margin=\u00bb|||\u00bb custom_margin_last_edited=\u00bboff|desktop\u00bb global_colors_info=\u00bb{}\u00bb]\u00bbLos l\u00edmites de mi lenguaje son los l\u00edmites de mi mundo\u00bb[\/et_pb_text][et_pb_text module_class=\u00bbpagina-texto-light\u00bb _builder_version=\u00bb4.16&#8243; text_font=\u00bbCalligraffitti||||\u00bb text_text_color=\u00bb#606060&#8243; text_font_size=\u00bb26px\u00bb text_line_height=\u00bb1.4em\u00bb text_orientation=\u00bbcenter\u00bb global_colors_info=\u00bb{}\u00bb]- Ludwig Wittgenstein[\/et_pb_text][\/et_pb_column][\/et_pb_row][et_pb_row column_structure=\u00bb1_3,1_3,1_3&#8243; _builder_version=\u00bb4.16&#8243; global_colors_info=\u00bb{}\u00bb][et_pb_column type=\u00bb1_3&#8243; _builder_version=\u00bb4.16&#8243; global_colors_info=\u00bb{}\u00bb][et_pb_image src=\u00bbhttps:\/\/cordoba.salesianos.edu\/colegio\/wp-content\/uploads\/sites\/2\/2021\/05\/descarga.png\u00bb alt=\u00bbCentro autorizado Bachillerato Dual\u00bb title_text=\u00bbdescarga\u00bb url=\u00bbhttp:\/\/www.cambridgemodernlanguages.com\/pag\/cordoba\u00bb align=\u00bbcenter\u00bb _builder_version=\u00bb4.16&#8243; global_colors_info=\u00bb{}\u00bb][\/et_pb_image][\/et_pb_column][et_pb_column type=\u00bb1_3&#8243; _builder_version=\u00bb4.16&#8243; global_colors_info=\u00bb{}\u00bb][\/et_pb_column][et_pb_column type=\u00bb1_3&#8243; _builder_version=\u00bb4.16&#8243; global_colors_info=\u00bb{}\u00bb][et_pb_image src=\u00bbhttps:\/\/cordoba.salesianos.edu\/colegio\/wp-content\/uploads\/sites\/2\/2021\/04\/ingles_centro_examinador_cambridge.png\u00bb alt=\u00bbCentro examinador de Cambridge\u00bb title_text=\u00bbCentro examinador de Cambridge\u00bb url=\u00bbhttp:\/\/www.cambridgeenglish.org\/es\/\u00bb _builder_version=\u00bb4.16&#8243; custom_margin=\u00bb100px||||false|false\u00bb global_colors_info=\u00bb{}\u00bb][\/et_pb_image][\/et_pb_column][\/et_pb_row][\/et_pb_section]<\/p>\n","protected":false},"excerpt":{"rendered":"<p>Saludo de la coordinadora Estimadas familias, Soy Sandra Vicente, Coordinadora de Biling\u00fcismo en el centro y\u00a0profesora de ingl\u00e9s en Educaci\u00f3n Primaria. El\u00a0manejo de\u00a0otros idiomas es una de las prioridades que tanto familias como profesores tenemos\u00a0en la formaci\u00f3n de nuestros ni\u00f1os y j\u00f3venes. Conlleva\u00a0 y favorece la apertura a otras culturas, el acceso a m\u00e1s y [&hellip;]<\/p>\n","protected":false},"author":3,"featured_media":0,"parent":0,"menu_order":0,"comment_status":"closed","ping_status":"closed","template":"","meta":{"_et_pb_use_builder":"on","_et_pb_old_content":"","_et_gb_content_width":"","footnotes":""},"class_list":["post-5364","page","type-page","status-publish","hentry"],"yoast_head":"<!-- This site is optimized with the Yoast SEO plugin v28.4 - https:\/\/yoast.com\/product\/yoast-seo-wordpress\/ -->\n<title>Biling\u00fcismo - Colegio Salesiano San Francisco de Sales<\/title>\n<meta name=\"robots\" content=\"index, follow, max-snippet:-1, max-image-preview:large, max-video-preview:-1\" \/>\n<link rel=\"canonical\" href=\"https:\/\/cordoba.salesianos.edu\/colegio\/bilinguismo\/\" \/>\n<meta property=\"og:locale\" content=\"es_ES\" \/>\n<meta property=\"og:type\" content=\"article\" \/>\n<meta property=\"og:title\" content=\"Biling\u00fcismo - Colegio Salesiano San Francisco de Sales\" \/>\n<meta property=\"og:description\" content=\"Saludo de la coordinadora Estimadas familias, Soy Sandra Vicente, Coordinadora de Biling\u00fcismo en el centro y\u00a0profesora de ingl\u00e9s en Educaci\u00f3n Primaria. El\u00a0manejo de\u00a0otros idiomas es una de las prioridades que tanto familias como profesores tenemos\u00a0en la formaci\u00f3n de nuestros ni\u00f1os y j\u00f3venes. Conlleva\u00a0 y favorece la apertura a otras culturas, el acceso a m\u00e1s y [&hellip;]\" \/>\n<meta property=\"og:url\" content=\"https:\/\/cordoba.salesianos.edu\/colegio\/bilinguismo\/\" \/>\n<meta property=\"og:site_name\" content=\"Colegio Salesiano San Francisco de Sales\" \/>\n<meta property=\"article:modified_time\" content=\"2023-01-16T11:28:05+00:00\" \/>\n<meta name=\"twitter:card\" content=\"summary_large_image\" \/>\n<meta name=\"twitter:label1\" content=\"Tiempo de lectura\" \/>\n\t<meta name=\"twitter:data1\" content=\"3 minutos\" \/>\n<script type=\"application\/ld+json\" class=\"yoast-schema-graph\">{\"@context\":\"https:\\\/\\\/schema.org\",\"@graph\":[{\"@type\":\"WebPage\",\"@id\":\"https:\\\/\\\/cordoba.salesianos.edu\\\/colegio\\\/bilinguismo\\\/\",\"url\":\"https:\\\/\\\/cordoba.salesianos.edu\\\/colegio\\\/bilinguismo\\\/\",\"name\":\"Biling\u00fcismo - Colegio Salesiano San Francisco de Sales\",\"isPartOf\":{\"@id\":\"https:\\\/\\\/cordoba.salesianos.edu\\\/colegio\\\/#website\"},\"datePublished\":\"2021-05-11T11:31:22+00:00\",\"dateModified\":\"2023-01-16T11:28:05+00:00\",\"breadcrumb\":{\"@id\":\"https:\\\/\\\/cordoba.salesianos.edu\\\/colegio\\\/bilinguismo\\\/#breadcrumb\"},\"inLanguage\":\"es\",\"potentialAction\":[{\"@type\":\"ReadAction\",\"target\":[\"https:\\\/\\\/cordoba.salesianos.edu\\\/colegio\\\/bilinguismo\\\/\"]}]},{\"@type\":\"BreadcrumbList\",\"@id\":\"https:\\\/\\\/cordoba.salesianos.edu\\\/colegio\\\/bilinguismo\\\/#breadcrumb\",\"itemListElement\":[{\"@type\":\"ListItem\",\"position\":1,\"name\":\"Portada\",\"item\":\"https:\\\/\\\/cordoba.salesianos.edu\\\/colegio\\\/\"},{\"@type\":\"ListItem\",\"position\":2,\"name\":\"Biling\u00fcismo\"}]},{\"@type\":\"WebSite\",\"@id\":\"https:\\\/\\\/cordoba.salesianos.edu\\\/colegio\\\/#website\",\"url\":\"https:\\\/\\\/cordoba.salesianos.edu\\\/colegio\\\/\",\"name\":\"Colegio Salesiano San Francisco de Sales\",\"description\":\"P\u00e1gina oficial Salesianos C\u00f3rdoba\",\"potentialAction\":[{\"@type\":\"SearchAction\",\"target\":{\"@type\":\"EntryPoint\",\"urlTemplate\":\"https:\\\/\\\/cordoba.salesianos.edu\\\/colegio\\\/?s={search_term_string}\"},\"query-input\":{\"@type\":\"PropertyValueSpecification\",\"valueRequired\":true,\"valueName\":\"search_term_string\"}}],\"inLanguage\":\"es\"}]}<\/script>\n<!-- \/ Yoast SEO plugin. -->","yoast_head_json":{"title":"Biling\u00fcismo - Colegio Salesiano San Francisco de Sales","robots":{"index":"index","follow":"follow","max-snippet":"max-snippet:-1","max-image-preview":"max-image-preview:large","max-video-preview":"max-video-preview:-1"},"canonical":"https:\/\/cordoba.salesianos.edu\/colegio\/bilinguismo\/","og_locale":"es_ES","og_type":"article","og_title":"Biling\u00fcismo - Colegio Salesiano San Francisco de Sales","og_description":"Saludo de la coordinadora Estimadas familias, Soy Sandra Vicente, Coordinadora de Biling\u00fcismo en el centro y\u00a0profesora de ingl\u00e9s en Educaci\u00f3n Primaria. El\u00a0manejo de\u00a0otros idiomas es una de las prioridades que tanto familias como profesores tenemos\u00a0en la formaci\u00f3n de nuestros ni\u00f1os y j\u00f3venes. Conlleva\u00a0 y favorece la apertura a otras culturas, el acceso a m\u00e1s y [&hellip;]","og_url":"https:\/\/cordoba.salesianos.edu\/colegio\/bilinguismo\/","og_site_name":"Colegio Salesiano San Francisco de Sales","article_modified_time":"2023-01-16T11:28:05+00:00","twitter_card":"summary_large_image","twitter_misc":{"Tiempo de lectura":"3 minutos"},"schema":{"@context":"https:\/\/schema.org","@graph":[{"@type":"WebPage","@id":"https:\/\/cordoba.salesianos.edu\/colegio\/bilinguismo\/","url":"https:\/\/cordoba.salesianos.edu\/colegio\/bilinguismo\/","name":"Biling\u00fcismo - Colegio Salesiano San Francisco de Sales","isPartOf":{"@id":"https:\/\/cordoba.salesianos.edu\/colegio\/#website"},"datePublished":"2021-05-11T11:31:22+00:00","dateModified":"2023-01-16T11:28:05+00:00","breadcrumb":{"@id":"https:\/\/cordoba.salesianos.edu\/colegio\/bilinguismo\/#breadcrumb"},"inLanguage":"es","potentialAction":[{"@type":"ReadAction","target":["https:\/\/cordoba.salesianos.edu\/colegio\/bilinguismo\/"]}]},{"@type":"BreadcrumbList","@id":"https:\/\/cordoba.salesianos.edu\/colegio\/bilinguismo\/#breadcrumb","itemListElement":[{"@type":"ListItem","position":1,"name":"Portada","item":"https:\/\/cordoba.salesianos.edu\/colegio\/"},{"@type":"ListItem","position":2,"name":"Biling\u00fcismo"}]},{"@type":"WebSite","@id":"https:\/\/cordoba.salesianos.edu\/colegio\/#website","url":"https:\/\/cordoba.salesianos.edu\/colegio\/","name":"Colegio Salesiano San Francisco de Sales","description":"P\u00e1gina oficial Salesianos C\u00f3rdoba","potentialAction":[{"@type":"SearchAction","target":{"@type":"EntryPoint","urlTemplate":"https:\/\/cordoba.salesianos.edu\/colegio\/?s={search_term_string}"},"query-input":{"@type":"PropertyValueSpecification","valueRequired":true,"valueName":"search_term_string"}}],"inLanguage":"es"}]}},"_links":{"self":[{"href":"https:\/\/cordoba.salesianos.edu\/colegio\/wp-json\/wp\/v2\/pages\/5364","targetHints":{"allow":["GET"]}}],"collection":[{"href":"https:\/\/cordoba.salesianos.edu\/colegio\/wp-json\/wp\/v2\/pages"}],"about":[{"href":"https:\/\/cordoba.salesianos.edu\/colegio\/wp-json\/wp\/v2\/types\/page"}],"author":[{"embeddable":true,"href":"https:\/\/cordoba.salesianos.edu\/colegio\/wp-json\/wp\/v2\/users\/3"}],"replies":[{"embeddable":true,"href":"https:\/\/cordoba.salesianos.edu\/colegio\/wp-json\/wp\/v2\/comments?post=5364"}],"version-history":[{"count":8,"href":"https:\/\/cordoba.salesianos.edu\/colegio\/wp-json\/wp\/v2\/pages\/5364\/revisions"}],"predecessor-version":[{"id":8477,"href":"https:\/\/cordoba.salesianos.edu\/colegio\/wp-json\/wp\/v2\/pages\/5364\/revisions\/8477"}],"wp:attachment":[{"href":"https:\/\/cordoba.salesianos.edu\/colegio\/wp-json\/wp\/v2\/media?parent=5364"}],"curies":[{"name":"wp","href":"https:\/\/api.w.org\/{rel}","templated":true}]}}