{"id":5263,"date":"2021-04-22T11:51:07","date_gmt":"2021-04-22T09:51:07","guid":{"rendered":"https:\/\/cordoba.salesianos.edu\/colegio\/?page_id=5263"},"modified":"2026-03-19T15:11:13","modified_gmt":"2026-03-19T14:11:13","slug":"personal-eso","status":"publish","type":"page","link":"https:\/\/cordoba.salesianos.edu\/colegio\/personal-eso\/","title":{"rendered":"Personal ESO"},"content":{"rendered":"<p>[et_pb_section fb_built=\u00bb1&#8243; fullwidth=\u00bbon\u00bb _builder_version=\u00bb4.16&#8243; global_colors_info=\u00bb{}\u00bb][et_pb_fullwidth_header title=\u00bbEquipo de Educaci\u00f3n Secundaria\u00bb background_overlay_color=\u00bbrgba(220,0,27,0.72)\u00bb title_font_color=\u00bb#ffffff\u00bb module_class=\u00bbpagina-imagen-cabecera\u00bb _builder_version=\u00bb4.16&#8243; title_font=\u00bb||||||||\u00bb title_text_color=\u00bb#ffffff\u00bb title_font_size=\u00bb40px\u00bb content_font=\u00bb||||||||\u00bb content_text_align=\u00bbright\u00bb content_font_size=\u00bb16px\u00bb subhead_font=\u00bbLato|300|on||||||\u00bb subhead_text_align=\u00bbright\u00bb subhead_font_size=\u00bb30px\u00bb background_color=\u00bbrgba(220,0,27,0.89)\u00bb background_image=\u00bbhttps:\/\/cordoba.salesianos.edu\/colegio\/wp-content\/uploads\/sites\/2\/2021\/04\/Claustro-de-Profesores.JPG.jpg\u00bb background_blend=\u00bblighten\u00bb subhead_text_shadow_style=\u00bbpreset3&#8243; background_url=\u00bbhttps:\/\/cordoba.salesianos.edu\/colegio\/wp-content\/uploads\/sites\/2\/2021\/04\/Archivo_006-scaled.jpeg\u00bb global_colors_info=\u00bb{}\u00bb button_one_text_size__hover_enabled=\u00bboff\u00bb button_two_text_size__hover_enabled=\u00bboff\u00bb button_one_text_color__hover_enabled=\u00bboff\u00bb button_two_text_color__hover_enabled=\u00bboff\u00bb button_one_border_width__hover_enabled=\u00bboff\u00bb button_two_border_width__hover_enabled=\u00bboff\u00bb button_one_border_color__hover_enabled=\u00bboff\u00bb button_two_border_color__hover_enabled=\u00bboff\u00bb button_one_border_radius__hover_enabled=\u00bboff\u00bb button_two_border_radius__hover_enabled=\u00bboff\u00bb button_one_letter_spacing__hover_enabled=\u00bboff\u00bb button_two_letter_spacing__hover_enabled=\u00bboff\u00bb button_one_bg_color__hover_enabled=\u00bboff\u00bb button_two_bg_color__hover_enabled=\u00bboff\u00bb][\/et_pb_fullwidth_header][\/et_pb_section][et_pb_section fb_built=\u00bb1&#8243; module_class=\u00bbpagina-seccion-contenido\u00bb _builder_version=\u00bb4.16&#8243; custom_margin=\u00bb|||\u00bb custom_padding=\u00bb50px|0px|50px|0px\u00bb global_colors_info=\u00bb{}\u00bb][et_pb_row disabled_on=\u00bboff|off|off\u00bb _builder_version=\u00bb4.16&#8243; custom_padding=\u00bb40px|0px|23.625px|0px|false|false\u00bb global_colors_info=\u00bb{}\u00bb][et_pb_column type=\u00bb4_4&#8243; _builder_version=\u00bb4.16&#8243; custom_padding=\u00bb|||\u00bb global_colors_info=\u00bb{}\u00bb custom_padding__hover=\u00bb|||\u00bb][et_pb_text _builder_version=\u00bb4.16&#8243; header_font=\u00bb||||||||\u00bb header_2_font=\u00bbLato|300|||||||\u00bb header_2_text_align=\u00bbcenter\u00bb header_2_font_size=\u00bb30px\u00bb custom_padding=\u00bb1px|||||\u00bb global_colors_info=\u00bb{}\u00bb]<\/p>\n<h2>Claustro de Profesores<\/h2>\n<p>[\/et_pb_text][\/et_pb_column][\/et_pb_row][et_pb_row column_structure=\u00bb1_3,1_3,1_3&#8243; disabled_on=\u00bboff|off|off\u00bb _builder_version=\u00bb4.16&#8243; custom_margin=\u00bb0px||10px|\u00bb custom_padding=\u00bb0px|0px|0px|0px\u00bb global_colors_info=\u00bb{}\u00bb][et_pb_column type=\u00bb1_3&#8243; _builder_version=\u00bb4.16&#8243; custom_padding=\u00bb|||\u00bb global_colors_info=\u00bb{}\u00bb custom_padding__hover=\u00bb|||\u00bb][et_pb_testimonial portrait_url=\u00bbhttps:\/\/cordoba.salesianos.edu\/colegio\/wp-content\/uploads\/sites\/2\/2023\/09\/LJV_2551-scaled.jpg\u00bb quote_icon=\u00bboff\u00bb portrait_width=\u00bb140px\u00bb portrait_height=\u00bb140px\u00bb _builder_version=\u00bb4.22.1&#8243; body_font=\u00bbLato|300|||||||\u00bb background_color=\u00bb#ffffff\u00bb text_orientation=\u00bbcenter\u00bb custom_margin=\u00bb||-20px|\u00bb custom_padding=\u00bb10px||0px|\u00bb child_filter_brightness=\u00bb106%\u00bb box_shadow_style_image=\u00bbpreset6&#8243; global_colors_info=\u00bb{}\u00bb]<\/p>\n<h3>Ana Mar\u00eda D\u00edaz Claudel<\/h3>\n<p class=\"Estilopredeterminado\">Profesora de M\u00fasica.<\/p>\n<p>[\/et_pb_testimonial][\/et_pb_column][et_pb_column type=\u00bb1_3&#8243; _builder_version=\u00bb4.16&#8243; custom_padding=\u00bb|||\u00bb global_colors_info=\u00bb{}\u00bb custom_padding__hover=\u00bb|||\u00bb][et_pb_testimonial portrait_url=\u00bbhttps:\/\/cordoba.salesianos.edu\/colegio\/wp-content\/uploads\/sites\/2\/2023\/09\/DSC_3087.jpg\u00bb quote_icon=\u00bboff\u00bb portrait_width=\u00bb140px\u00bb portrait_height=\u00bb140px\u00bb admin_label=\u00bbEdu\u00bb _builder_version=\u00bb4.22.1&#8243; body_font=\u00bbLato|300|||||||\u00bb background_color=\u00bb#ffffff\u00bb text_orientation=\u00bbcenter\u00bb custom_margin=\u00bb||-20px|\u00bb custom_padding=\u00bb10px||0px|\u00bb child_filter_brightness=\u00bb106%\u00bb box_shadow_style_image=\u00bbpreset6&#8243; global_colors_info=\u00bb{}\u00bb]<\/p>\n<h3>Antonio Comino Varo<\/h3>\n<p class=\"Estilopredeterminado\"><span>Profesor de Religi\u00f3n, Filosof\u00eda y Lat\u00edn.<\/span><\/p>\n<p class=\"Estilopredeterminado\">\n<p>[\/et_pb_testimonial][\/et_pb_column][et_pb_column type=\u00bb1_3&#8243; _builder_version=\u00bb4.16&#8243; global_colors_info=\u00bb{}\u00bb][et_pb_testimonial portrait_url=\u00bbhttps:\/\/cordoba.salesianos.edu\/colegio\/wp-content\/uploads\/sites\/2\/2023\/09\/DSC_2844.jpg\u00bb quote_icon=\u00bboff\u00bb portrait_width=\u00bb140px\u00bb portrait_height=\u00bb140px\u00bb admin_label=\u00bbRecomendaci\u00f3n\u00bb _builder_version=\u00bb4.22.1&#8243; body_font=\u00bbLato|300|||||||\u00bb background_color=\u00bb#ffffff\u00bb text_orientation=\u00bbcenter\u00bb custom_margin=\u00bb||-20px|\u00bb custom_padding=\u00bb10px||0px|\u00bb child_filter_brightness=\u00bb106%\u00bb box_shadow_style_image=\u00bbpreset6&#8243; global_colors_info=\u00bb{}\u00bb]<\/p>\n<h3>Antonio L\u00f3pez Quero<\/h3>\n<p>Profesor de Lengua Castellana y Literatura.<\/p>\n<p>[\/et_pb_testimonial][\/et_pb_column][\/et_pb_row][et_pb_row column_structure=\u00bb1_3,1_3,1_3&#8243; disabled_on=\u00bboff|off|off\u00bb _builder_version=\u00bb4.16&#8243; custom_margin=\u00bb0px||10px|\u00bb custom_padding=\u00bb0px|0px|0px|0px\u00bb global_colors_info=\u00bb{}\u00bb][et_pb_column type=\u00bb1_3&#8243; _builder_version=\u00bb4.16&#8243; custom_padding=\u00bb|||\u00bb global_colors_info=\u00bb{}\u00bb custom_padding__hover=\u00bb|||\u00bb][et_pb_testimonial portrait_url=\u00bbhttps:\/\/cordoba.salesianos.edu\/colegio\/wp-content\/uploads\/sites\/2\/2025\/09\/victorrodriguez.png\u00bb quote_icon=\u00bboff\u00bb portrait_width=\u00bb140px\u00bb portrait_height=\u00bb140px\u00bb _builder_version=\u00bb4.27.4&#8243; body_font=\u00bbLato|300|||||||\u00bb background_color=\u00bb#ffffff\u00bb text_orientation=\u00bbcenter\u00bb custom_margin=\u00bb||-20px|\u00bb custom_padding=\u00bb10px||0px|\u00bb child_filter_brightness=\u00bb106%\u00bb box_shadow_style_image=\u00bbpreset6&#8243; global_colors_info=\u00bb{}\u00bb]<\/p>\n<h3>Victor Rodr\u00edguez Rodr\u00edguez<\/h3>\n<p class=\"Estilopredeterminado\">Profesor de Tecnolog\u00eda y Computaci\u00f3n y Rob\u00f3tica.<\/p>\n<p>[\/et_pb_testimonial][\/et_pb_column][et_pb_column type=\u00bb1_3&#8243; _builder_version=\u00bb4.16&#8243; custom_padding=\u00bb|||\u00bb global_colors_info=\u00bb{}\u00bb custom_padding__hover=\u00bb|||\u00bb][et_pb_testimonial portrait_url=\u00bbhttps:\/\/cordoba.salesianos.edu\/colegio\/wp-content\/uploads\/sites\/2\/2023\/09\/LJV_2169-scaled.jpg\u00bb quote_icon=\u00bboff\u00bb portrait_width=\u00bb140px\u00bb portrait_height=\u00bb140px\u00bb _builder_version=\u00bb4.22.1&#8243; body_font=\u00bbLato|300|||||||\u00bb background_color=\u00bb#ffffff\u00bb text_orientation=\u00bbcenter\u00bb custom_margin=\u00bb||-20px|\u00bb custom_padding=\u00bb10px||0px|\u00bb child_filter_brightness=\u00bb106%\u00bb box_shadow_style_image=\u00bbpreset6&#8243; global_colors_info=\u00bb{}\u00bb]<\/p>\n<h3>Auxiliadora Casas Ruiz<\/h3>\n<p class=\"Estilopredeterminado\">Profesora de Geograf\u00eda e Historia.<\/p>\n<p>[\/et_pb_testimonial][\/et_pb_column][et_pb_column type=\u00bb1_3&#8243; _builder_version=\u00bb4.16&#8243; custom_padding=\u00bb|||\u00bb global_colors_info=\u00bb{}\u00bb custom_padding__hover=\u00bb|||\u00bb][et_pb_testimonial portrait_url=\u00bbhttps:\/\/cordoba.salesianos.edu\/colegio\/wp-content\/uploads\/sites\/2\/2023\/09\/LJV_2560-scaled.jpg\u00bb quote_icon=\u00bboff\u00bb portrait_width=\u00bb140px\u00bb portrait_height=\u00bb140px\u00bb _builder_version=\u00bb4.22.1&#8243; body_font=\u00bbLato|300|||||||\u00bb background_color=\u00bb#ffffff\u00bb text_orientation=\u00bbcenter\u00bb custom_margin=\u00bb||-20px|\u00bb custom_padding=\u00bb10px||0px|\u00bb child_filter_brightness=\u00bb106%\u00bb box_shadow_style_image=\u00bbpreset6&#8243; global_colors_info=\u00bb{}\u00bb]<\/p>\n<h3>Beatriz C\u00f3rdoba Navarro<\/h3>\n<p class=\"Estilopredeterminado\">Tutora de Secundaria.<\/p>\n<p class=\"Estilopredeterminado\">Profesora de Franc\u00e9s e Ingl\u00e9s.<\/p>\n<p>[\/et_pb_testimonial][\/et_pb_column][\/et_pb_row][et_pb_row column_structure=\u00bb1_3,1_3,1_3&#8243; disabled_on=\u00bboff|off|off\u00bb _builder_version=\u00bb4.16&#8243; custom_margin=\u00bb0px||10px|\u00bb custom_padding=\u00bb0px|0px|0px|0px\u00bb global_colors_info=\u00bb{}\u00bb][et_pb_column type=\u00bb1_3&#8243; _builder_version=\u00bb4.16&#8243; custom_padding=\u00bb|||\u00bb global_colors_info=\u00bb{}\u00bb custom_padding__hover=\u00bb|||\u00bb][et_pb_testimonial portrait_url=\u00bbhttps:\/\/cordoba.salesianos.edu\/colegio\/wp-content\/uploads\/sites\/2\/2026\/03\/DSC_1289.jpg\u00bb quote_icon=\u00bboff\u00bb portrait_width=\u00bb140px\u00bb portrait_height=\u00bb140px\u00bb disabled_on=\u00bboff|off|off\u00bb _builder_version=\u00bb4.27.4&#8243; body_font=\u00bbLato|300|||||||\u00bb background_color=\u00bb#ffffff\u00bb text_orientation=\u00bbcenter\u00bb custom_margin=\u00bb||-20px|\u00bb custom_padding=\u00bb10px||0px|\u00bb child_filter_brightness=\u00bb106%\u00bb hover_enabled=\u00bb0&#8243; box_shadow_style_image=\u00bbpreset6&#8243; global_colors_info=\u00bb{}\u00bb title_text=\u00bbDSC_1289&#8243; sticky_enabled=\u00bb0&#8243;]<\/p>\n<h3>Javier Espejo Ram\u00edrez<\/h3>\n<p class=\"Estilopredeterminado\">Tutor.\u00a0 Coordinador de pastoral en ESO y Bachillerato.<\/p>\n<p class=\"Estilopredeterminado\">Profesor de Geograf\u00eda e Historia y Educaci\u00f3n en Valores.<\/p>\n<p>[\/et_pb_testimonial][\/et_pb_column][et_pb_column type=\u00bb1_3&#8243; _builder_version=\u00bb4.16&#8243; custom_padding=\u00bb|||\u00bb global_colors_info=\u00bb{}\u00bb custom_padding__hover=\u00bb|||\u00bb][et_pb_testimonial portrait_url=\u00bbhttps:\/\/cordoba.salesianos.edu\/colegio\/wp-content\/uploads\/sites\/2\/2025\/09\/pilaranguiano2.png\u00bb quote_icon=\u00bboff\u00bb portrait_width=\u00bb140px\u00bb portrait_height=\u00bb140px\u00bb disabled_on=\u00bboff|off|off\u00bb _builder_version=\u00bb4.27.4&#8243; body_font=\u00bbLato|300|||||||\u00bb background_color=\u00bb#ffffff\u00bb text_orientation=\u00bbcenter\u00bb custom_margin=\u00bb||-20px|\u00bb custom_padding=\u00bb10px||0px|\u00bb child_filter_brightness=\u00bb106%\u00bb box_shadow_style_image=\u00bbpreset6&#8243; global_colors_info=\u00bb{}\u00bb]<\/p>\n<h3>Pilar Mar\u00eda Anguiano Gallardo<\/h3>\n<p class=\"Estilopredeterminado\">Profesora de Ingl\u00e9s y Franc\u00e9s.<\/p>\n<p>[\/et_pb_testimonial][\/et_pb_column][et_pb_column type=\u00bb1_3&#8243; _builder_version=\u00bb4.16&#8243; custom_padding=\u00bb|||\u00bb global_colors_info=\u00bb{}\u00bb custom_padding__hover=\u00bb|||\u00bb][et_pb_testimonial portrait_url=\u00bbhttps:\/\/cordoba.salesianos.edu\/colegio\/wp-content\/uploads\/sites\/2\/2026\/03\/DSC_1812.jpg\u00bb quote_icon=\u00bboff\u00bb portrait_width=\u00bb140px\u00bb portrait_height=\u00bb140px\u00bb disabled_on=\u00bboff|off|off\u00bb _builder_version=\u00bb4.27.4&#8243; body_font=\u00bbLato|300|||||||\u00bb background_color=\u00bb#ffffff\u00bb text_orientation=\u00bbcenter\u00bb custom_margin=\u00bb||-20px|\u00bb custom_padding=\u00bb10px||0px|\u00bb child_filter_brightness=\u00bb106%\u00bb hover_enabled=\u00bb0&#8243; box_shadow_style_image=\u00bbpreset6&#8243; global_colors_info=\u00bb{}\u00bb title_text=\u00bbDSC_1812&#8243; sticky_enabled=\u00bb0&#8243;]<\/p>\n<h3>Fernando B\u00e1\u00f1ez Mart\u00edn<\/h3>\n<p class=\"Estilopredeterminado\">Profesor de Filosof\u00eda.<\/p>\n<p class=\"Estilopredeterminado\">Salesiano sacerdote.<\/p>\n<p>[\/et_pb_testimonial][\/et_pb_column][\/et_pb_row][et_pb_row column_structure=\u00bb1_3,1_3,1_3&#8243; disabled_on=\u00bboff|off|off\u00bb _builder_version=\u00bb4.16&#8243; custom_margin=\u00bb0px||10px|\u00bb custom_padding=\u00bb0px|0px|0px|0px\u00bb global_colors_info=\u00bb{}\u00bb][et_pb_column type=\u00bb1_3&#8243; _builder_version=\u00bb4.16&#8243; custom_padding=\u00bb|||\u00bb global_colors_info=\u00bb{}\u00bb custom_padding__hover=\u00bb|||\u00bb][et_pb_testimonial portrait_url=\u00bbhttps:\/\/cordoba.salesianos.edu\/colegio\/wp-content\/uploads\/sites\/2\/2025\/01\/100022914-2.jpg\u00bb quote_icon=\u00bboff\u00bb portrait_width=\u00bb140px\u00bb portrait_height=\u00bb140px\u00bb disabled_on=\u00bboff|off|off\u00bb _builder_version=\u00bb4.27.4&#8243; body_font=\u00bbLato|300|||||||\u00bb background_color=\u00bb#ffffff\u00bb text_orientation=\u00bbcenter\u00bb custom_margin=\u00bb||-20px|\u00bb custom_padding=\u00bb10px||0px|\u00bb child_filter_brightness=\u00bb106%\u00bb box_shadow_style_image=\u00bbpreset6&#8243; global_colors_info=\u00bb{}\u00bb]<\/p>\n<h3>Francisco Pradas Moreno<\/h3>\n<p class=\"Estilopredeterminado\">Tutor de Secundaria.<\/p>\n<p class=\"Estilopredeterminado\">Profesor de Geograf\u00eda e Historia.<\/p>\n<p>[\/et_pb_testimonial][\/et_pb_column][et_pb_column type=\u00bb1_3&#8243; _builder_version=\u00bb4.16&#8243; global_colors_info=\u00bb{}\u00bb][et_pb_testimonial portrait_url=\u00bbhttps:\/\/cordoba.salesianos.edu\/colegio\/wp-content\/uploads\/sites\/2\/2023\/09\/DSC_3089.jpg\u00bb quote_icon=\u00bboff\u00bb portrait_width=\u00bb140px\u00bb portrait_height=\u00bb140px\u00bb _builder_version=\u00bb4.22.1&#8243; body_font=\u00bbLato|300|||||||\u00bb background_color=\u00bb#ffffff\u00bb text_orientation=\u00bbcenter\u00bb custom_margin=\u00bb||-20px|\u00bb custom_padding=\u00bb10px||0px|\u00bb child_filter_brightness=\u00bb106%\u00bb box_shadow_style_image=\u00bbpreset6&#8243; global_colors_info=\u00bb{}\u00bb]<\/p>\n<h3>David Gonz\u00e1lez Arag\u00f3n<\/h3>\n<p class=\"Estilopredeterminado\"><span>Tutor Secundaria<\/span>.<\/p>\n<p class=\"Estilopredeterminado\">Profesor de Biolog\u00eda y Geolog\u00eda.<\/p>\n<p>[\/et_pb_testimonial][\/et_pb_column][et_pb_column type=\u00bb1_3&#8243; _builder_version=\u00bb4.16&#8243; global_colors_info=\u00bb{}\u00bb][et_pb_testimonial portrait_url=\u00bbhttps:\/\/cordoba.salesianos.edu\/colegio\/wp-content\/uploads\/sites\/2\/2023\/09\/DSC_2720.jpg\u00bb quote_icon=\u00bboff\u00bb portrait_width=\u00bb140px\u00bb portrait_height=\u00bb140px\u00bb _builder_version=\u00bb4.22.1&#8243; body_font=\u00bbLato|300|||||||\u00bb background_color=\u00bb#ffffff\u00bb text_orientation=\u00bbcenter\u00bb custom_margin=\u00bb||-20px|\u00bb custom_padding=\u00bb10px||0px|\u00bb child_filter_brightness=\u00bb106%\u00bb box_shadow_style_image=\u00bbpreset6&#8243; global_colors_info=\u00bb{}\u00bb]<\/p>\n<h3>Kety Ram\u00edrez Montes<\/h3>\n<p class=\"Estilopredeterminado\">Profesora de Matem\u00e1ticas.<\/p>\n<p class=\"Estilopredeterminado\"><span>Jefatura de Estudios Bachillerato.<\/span><\/p>\n<p>[\/et_pb_testimonial][\/et_pb_column][\/et_pb_row][et_pb_row column_structure=\u00bb1_3,1_3,1_3&#8243; disabled_on=\u00bboff|off|off\u00bb _builder_version=\u00bb4.16&#8243; custom_margin=\u00bb0px||10px|\u00bb custom_padding=\u00bb0px|0px|0px|0px\u00bb global_colors_info=\u00bb{}\u00bb][et_pb_column type=\u00bb1_3&#8243; _builder_version=\u00bb4.16&#8243; custom_padding=\u00bb|||\u00bb global_colors_info=\u00bb{}\u00bb custom_padding__hover=\u00bb|||\u00bb][et_pb_testimonial portrait_url=\u00bbhttps:\/\/cordoba.salesianos.edu\/colegio\/wp-content\/uploads\/sites\/2\/2023\/09\/DSC_2921.jpg\u00bb quote_icon=\u00bboff\u00bb portrait_width=\u00bb140px\u00bb portrait_height=\u00bb140px\u00bb disabled_on=\u00bboff|off|off\u00bb _builder_version=\u00bb4.22.1&#8243; body_font=\u00bbLato|300|||||||\u00bb background_color=\u00bb#ffffff\u00bb text_orientation=\u00bbcenter\u00bb custom_margin=\u00bb||-20px|\u00bb custom_padding=\u00bb10px||0px|\u00bb child_filter_brightness=\u00bb106%\u00bb box_shadow_style_image=\u00bbpreset6&#8243; global_colors_info=\u00bb{}\u00bb]<\/p>\n<h3>Gabino Carmona Col\u00f3n<\/h3>\n<p class=\"Estilopredeterminado\"><span>Profesor de Lengua Castellana y <\/span><\/p>\n<p class=\"Estilopredeterminado\"><span>Oratoria y Debate.<\/span><\/p>\n<p class=\"Estilopredeterminado\"><span>Orientaci\u00f3n Bachillerato.<\/span><\/p>\n<p>[\/et_pb_testimonial][\/et_pb_column][et_pb_column type=\u00bb1_3&#8243; _builder_version=\u00bb4.16&#8243; custom_padding=\u00bb|||\u00bb global_colors_info=\u00bb{}\u00bb custom_padding__hover=\u00bb|||\u00bb][et_pb_testimonial portrait_url=\u00bbhttps:\/\/cordoba.salesianos.edu\/colegio\/wp-content\/uploads\/sites\/2\/2023\/09\/DSC_2839.jpg\u00bb quote_icon=\u00bboff\u00bb portrait_width=\u00bb140px\u00bb portrait_height=\u00bb140px\u00bb disabled_on=\u00bboff|off|off\u00bb _builder_version=\u00bb4.22.1&#8243; body_font=\u00bbLato|300|||||||\u00bb background_color=\u00bb#ffffff\u00bb text_orientation=\u00bbcenter\u00bb custom_margin=\u00bb||-20px|\u00bb custom_padding=\u00bb10px||0px|\u00bb child_filter_brightness=\u00bb106%\u00bb box_shadow_style_image=\u00bbpreset6&#8243; global_colors_info=\u00bb{}\u00bb]<\/p>\n<h3>Ignacio Hidalgo Dom\u00ednguez<\/h3>\n<p class=\"Estilopredeterminado\"><span>Profesor de Educaci\u00f3n pl\u00e1stica y Dibujo T\u00e9cnico.<\/span><\/p>\n<p>[\/et_pb_testimonial][\/et_pb_column][et_pb_column type=\u00bb1_3&#8243; _builder_version=\u00bb4.16&#8243; global_colors_info=\u00bb{}\u00bb][et_pb_testimonial portrait_url=\u00bbhttps:\/\/cordoba.salesianos.edu\/colegio\/wp-content\/uploads\/sites\/2\/2025\/01\/102088590.jpg\u00bb quote_icon=\u00bboff\u00bb portrait_width=\u00bb140px\u00bb portrait_height=\u00bb140px\u00bb disabled_on=\u00bboff|off|off\u00bb _builder_version=\u00bb4.27.4&#8243; body_font=\u00bbLato|300|||||||\u00bb background_color=\u00bb#ffffff\u00bb text_orientation=\u00bbcenter\u00bb custom_margin=\u00bb||-20px|\u00bb custom_padding=\u00bb10px||0px|\u00bb child_filter_brightness=\u00bb106%\u00bb box_shadow_style_image=\u00bbpreset6&#8243; global_colors_info=\u00bb{}\u00bb]<\/p>\n<h3>Alejandro Pradas Moreno<\/h3>\n<p>Profesor de Educaci\u00f3n F\u00edsica.<\/p>\n<p>Maestro de Primaria.<\/p>\n<p>[\/et_pb_testimonial][\/et_pb_column][\/et_pb_row][et_pb_row column_structure=\u00bb1_3,1_3,1_3&#8243; disabled_on=\u00bboff|off|off\u00bb _builder_version=\u00bb4.16&#8243; custom_margin=\u00bb0px||10px|\u00bb custom_padding=\u00bb0px|0px|0px|0px\u00bb global_colors_info=\u00bb{}\u00bb][et_pb_column type=\u00bb1_3&#8243; _builder_version=\u00bb4.16&#8243; custom_padding=\u00bb|||\u00bb global_colors_info=\u00bb{}\u00bb custom_padding__hover=\u00bb|||\u00bb][et_pb_testimonial portrait_url=\u00bbhttps:\/\/cordoba.salesianos.edu\/colegio\/wp-content\/uploads\/sites\/2\/2023\/09\/LJV_2066-scaled.jpg\u00bb quote_icon=\u00bboff\u00bb portrait_width=\u00bb140px\u00bb portrait_height=\u00bb140px\u00bb _builder_version=\u00bb4.22.1&#8243; body_font=\u00bbLato|300|||||||\u00bb background_color=\u00bb#ffffff\u00bb text_orientation=\u00bbcenter\u00bb custom_margin=\u00bb||-20px|\u00bb custom_padding=\u00bb10px||0px|\u00bb child_filter_brightness=\u00bb106%\u00bb box_shadow_style_image=\u00bbpreset6&#8243; global_colors_info=\u00bb{}\u00bb]<\/p>\n<h3>Isabel Mar\u00eda Segundo Marcos<\/h3>\n<p class=\"Estilopredeterminado\"><span>Tutora. <\/span><\/p>\n<p class=\"Estilopredeterminado\"><span>Profesora de Lengua Castellana.<\/span><\/p>\n<p class=\"Estilopredeterminado\"><span>Coordinadora de PLC.<\/span><\/p>\n<p>[\/et_pb_testimonial][\/et_pb_column][et_pb_column type=\u00bb1_3&#8243; _builder_version=\u00bb4.16&#8243; custom_padding=\u00bb|||\u00bb global_colors_info=\u00bb{}\u00bb custom_padding__hover=\u00bb|||\u00bb][et_pb_testimonial portrait_url=\u00bbhttps:\/\/cordoba.salesianos.edu\/colegio\/wp-content\/uploads\/sites\/2\/2023\/09\/LJV_2369.jpg\u00bb quote_icon=\u00bboff\u00bb portrait_width=\u00bb140px\u00bb portrait_height=\u00bb140px\u00bb _builder_version=\u00bb4.22.1&#8243; body_font=\u00bbLato|300|||||||\u00bb background_color=\u00bb#ffffff\u00bb text_orientation=\u00bbcenter\u00bb custom_margin=\u00bb||-20px|\u00bb custom_padding=\u00bb10px||0px|\u00bb child_filter_brightness=\u00bb106%\u00bb box_shadow_style_image=\u00bbpreset6&#8243; global_colors_info=\u00bb{}\u00bb]<\/p>\n<h3>Rafael S\u00e1nchez Cazorla<\/h3>\n<p class=\"Estilopredeterminado\">Profesor de Religi\u00f3n.<\/p>\n<p class=\"Estilopredeterminado\">Salesiano Sacerdote.<\/p>\n<p>[\/et_pb_testimonial][\/et_pb_column][et_pb_column type=\u00bb1_3&#8243; _builder_version=\u00bb4.16&#8243; custom_padding=\u00bb|||\u00bb global_colors_info=\u00bb{}\u00bb custom_padding__hover=\u00bb|||\u00bb][et_pb_testimonial portrait_url=\u00bbhttps:\/\/cordoba.salesianos.edu\/colegio\/wp-content\/uploads\/sites\/2\/2023\/09\/LJV_2232-scaled.jpg\u00bb quote_icon=\u00bboff\u00bb portrait_width=\u00bb140px\u00bb portrait_height=\u00bb140px\u00bb _builder_version=\u00bb4.22.1&#8243; body_font=\u00bbLato|300|||||||\u00bb background_color=\u00bb#ffffff\u00bb text_orientation=\u00bbcenter\u00bb custom_margin=\u00bb||-20px|\u00bb custom_padding=\u00bb10px||0px|\u00bb child_filter_brightness=\u00bb106%\u00bb box_shadow_style_image=\u00bbpreset6&#8243; global_colors_info=\u00bb{}\u00bb]<\/p>\n<h3>Javier Quir\u00f3s Garrido<\/h3>\n<p class=\"Estilopredeterminado\">Tutor de Secundaria.<\/p>\n<p class=\"Estilopredeterminado\">Profesor de Educaci\u00f3n F\u00edsica.<\/p>\n<p>[\/et_pb_testimonial][\/et_pb_column][\/et_pb_row][et_pb_row column_structure=\u00bb1_3,1_3,1_3&#8243; disabled_on=\u00bboff|off|off\u00bb _builder_version=\u00bb4.16&#8243; custom_margin=\u00bb0px||10px|\u00bb custom_padding=\u00bb0px|0px|0px|0px\u00bb global_colors_info=\u00bb{}\u00bb][et_pb_column type=\u00bb1_3&#8243; _builder_version=\u00bb4.16&#8243; custom_padding=\u00bb|||\u00bb global_colors_info=\u00bb{}\u00bb custom_padding__hover=\u00bb|||\u00bb][et_pb_testimonial portrait_url=\u00bbhttps:\/\/cordoba.salesianos.edu\/colegio\/wp-content\/uploads\/sites\/2\/2026\/03\/DSC_3450.jpg\u00bb quote_icon=\u00bboff\u00bb portrait_width=\u00bb140px\u00bb portrait_height=\u00bb140px\u00bb _builder_version=\u00bb4.27.4&#8243; body_font=\u00bbLato|300|||||||\u00bb background_color=\u00bb#ffffff\u00bb text_orientation=\u00bbcenter\u00bb custom_margin=\u00bb||-20px|\u00bb custom_padding=\u00bb10px||0px|\u00bb child_filter_brightness=\u00bb106%\u00bb box_shadow_style_image=\u00bbpreset6&#8243; global_colors_info=\u00bb{}\u00bb]<\/p>\n<h3>Javier Romero Bellido<\/h3>\n<p class=\"Estilopredeterminado\">Tutor de Secundaria.<\/p>\n<p class=\"Estilopredeterminado\">Profesor de Matem\u00e1ticas y Tecnolog\u00eda.<\/p>\n<p class=\"Estilopredeterminado\">Coordinaci\u00f3n TIC pedag\u00f3gica.<\/p>\n<p>[\/et_pb_testimonial][\/et_pb_column][et_pb_column type=\u00bb1_3&#8243; _builder_version=\u00bb4.16&#8243; custom_padding=\u00bb|||\u00bb global_colors_info=\u00bb{}\u00bb custom_padding__hover=\u00bb|||\u00bb][et_pb_testimonial portrait_url=\u00bbhttps:\/\/cordoba.salesianos.edu\/colegio\/wp-content\/uploads\/sites\/2\/2023\/09\/DSC_1727.jpg\u00bb quote_icon=\u00bboff\u00bb portrait_width=\u00bb140px\u00bb portrait_height=\u00bb140px\u00bb _builder_version=\u00bb4.22.1&#8243; body_font=\u00bbLato|300|||||||\u00bb background_color=\u00bb#ffffff\u00bb text_orientation=\u00bbcenter\u00bb custom_margin=\u00bb||-20px|\u00bb custom_padding=\u00bb10px||0px|\u00bb child_filter_brightness=\u00bb106%\u00bb box_shadow_style_image=\u00bbpreset6&#8243; global_colors_info=\u00bb{}\u00bb]<\/p>\n<h3>Jos\u00e9 Antonio L\u00f3pez Mart\u00ednez<\/h3>\n<p class=\"Estilopredeterminado\">Subdirector de ESO y Bachillerato.<\/p>\n<p>[\/et_pb_testimonial][\/et_pb_column][et_pb_column type=\u00bb1_3&#8243; _builder_version=\u00bb4.16&#8243; custom_padding=\u00bb|||\u00bb global_colors_info=\u00bb{}\u00bb custom_padding__hover=\u00bb|||\u00bb][et_pb_testimonial portrait_url=\u00bbhttps:\/\/cordoba.salesianos.edu\/colegio\/wp-content\/uploads\/sites\/2\/2023\/09\/DSC_5453.jpg\u00bb quote_icon=\u00bboff\u00bb portrait_width=\u00bb140px\u00bb portrait_height=\u00bb140px\u00bb _builder_version=\u00bb4.22.1&#8243; body_font=\u00bbLato|300|||||||\u00bb background_color=\u00bb#ffffff\u00bb text_orientation=\u00bbcenter\u00bb custom_margin=\u00bb||-20px|\u00bb custom_padding=\u00bb10px||0px|\u00bb child_filter_brightness=\u00bb106%\u00bb box_shadow_style_image=\u00bbpreset6&#8243; global_colors_info=\u00bb{}\u00bb]<\/p>\n<h3>Pedro Manuel Ferrero Bautista<\/h3>\n<p class=\"Estilopredeterminado\">Tutor de Secundaria.<\/p>\n<p class=\"Estilopredeterminado\">Profesor de F\u00edsica y Qu\u00edmica, <span>Computaci\u00f3n y Rob\u00f3tica y Cultura cient\u00edfica.<\/span><\/p>\n<p class=\"Estilopredeterminado\"><span>Coordinador TIC.<\/span><\/p>\n<p>[\/et_pb_testimonial][\/et_pb_column][\/et_pb_row][et_pb_row column_structure=\u00bb1_3,1_3,1_3&#8243; disabled_on=\u00bboff|off|off\u00bb _builder_version=\u00bb4.16&#8243; custom_margin=\u00bb0px||10px|\u00bb custom_padding=\u00bb0px|0px|0px|0px\u00bb global_colors_info=\u00bb{}\u00bb][et_pb_column type=\u00bb1_3&#8243; _builder_version=\u00bb4.16&#8243; custom_padding=\u00bb|||\u00bb global_colors_info=\u00bb{}\u00bb custom_padding__hover=\u00bb|||\u00bb][et_pb_testimonial portrait_url=\u00bbhttps:\/\/cordoba.salesianos.edu\/colegio\/wp-content\/uploads\/sites\/2\/2023\/09\/LJV_1749-scaled.jpg\u00bb quote_icon=\u00bboff\u00bb portrait_width=\u00bb140px\u00bb portrait_height=\u00bb140px\u00bb _builder_version=\u00bb4.22.1&#8243; body_font=\u00bbLato|300|||||||\u00bb background_color=\u00bb#ffffff\u00bb text_orientation=\u00bbcenter\u00bb custom_margin=\u00bb||-20px|\u00bb custom_padding=\u00bb10px||0px|\u00bb child_filter_brightness=\u00bb106%\u00bb box_shadow_style_image=\u00bbpreset6&#8243; global_colors_info=\u00bb{}\u00bb]<\/p>\n<h3>Jos\u00e9 Luis Garc\u00eda Montero<\/h3>\n<p class=\"Estilopredeterminado\">Maestro de pedagog\u00eda terap\u00e9utica y del aula de apoyo a la integraci\u00f3n.<\/p>\n<p>[\/et_pb_testimonial][\/et_pb_column][et_pb_column type=\u00bb1_3&#8243; _builder_version=\u00bb4.16&#8243; custom_padding=\u00bb|||\u00bb global_colors_info=\u00bb{}\u00bb custom_padding__hover=\u00bb|||\u00bb][et_pb_testimonial portrait_url=\u00bbhttps:\/\/cordoba.salesianos.edu\/colegio\/wp-content\/uploads\/sites\/2\/2023\/09\/LJV_2713.jpg\u00bb quote_icon=\u00bboff\u00bb portrait_width=\u00bb140px\u00bb portrait_height=\u00bb140px\u00bb _builder_version=\u00bb4.22.1&#8243; body_font=\u00bbLato|300|||||||\u00bb background_color=\u00bb#ffffff\u00bb text_orientation=\u00bbcenter\u00bb custom_margin=\u00bb||-20px|\u00bb custom_padding=\u00bb10px||0px|\u00bb child_filter_brightness=\u00bb106%\u00bb box_shadow_style_image=\u00bbpreset6&#8243; global_colors_info=\u00bb{}\u00bb]<\/p>\n<h3>Jos\u00e9 Miguel Luque Fern\u00e1ndez<\/h3>\n<p class=\"Estilopredeterminado\">Profesor de Educaci\u00f3n F\u00edsica.<\/p>\n<p>[\/et_pb_testimonial][\/et_pb_column][et_pb_column type=\u00bb1_3&#8243; _builder_version=\u00bb4.16&#8243; custom_padding=\u00bb|||\u00bb global_colors_info=\u00bb{}\u00bb custom_padding__hover=\u00bb|||\u00bb][et_pb_testimonial portrait_url=\u00bbhttps:\/\/cordoba.salesianos.edu\/colegio\/wp-content\/uploads\/sites\/2\/2023\/09\/DSC_2425.jpg\u00bb quote_icon=\u00bboff\u00bb portrait_width=\u00bb140px\u00bb portrait_height=\u00bb140px\u00bb _builder_version=\u00bb4.22.1&#8243; body_font=\u00bbLato|300|||||||\u00bb background_color=\u00bb#ffffff\u00bb text_orientation=\u00bbcenter\u00bb custom_margin=\u00bb||-20px|\u00bb custom_padding=\u00bb10px||0px|\u00bb child_filter_brightness=\u00bb106%\u00bb box_shadow_style_image=\u00bbpreset6&#8243; global_colors_info=\u00bb{}\u00bb]<\/p>\n<h3>Juan Francisco Alcal\u00e1 Coca<\/h3>\n<p class=\"Estilopredeterminado\">Tutor de ESO.<\/p>\n<p class=\"Estilopredeterminado\">Profesor de Biolog\u00eda y Geolog\u00eda.<\/p>\n<p class=\"Estilopredeterminado\">Coordinador de Calidad.<\/p>\n<p>[\/et_pb_testimonial][\/et_pb_column][\/et_pb_row][et_pb_row column_structure=\u00bb1_3,1_3,1_3&#8243; disabled_on=\u00bboff|off|off\u00bb _builder_version=\u00bb4.16&#8243; custom_margin=\u00bb0px||10px|\u00bb custom_padding=\u00bb0px|0px|0px|0px\u00bb global_colors_info=\u00bb{}\u00bb][et_pb_column type=\u00bb1_3&#8243; _builder_version=\u00bb4.16&#8243; custom_padding=\u00bb|||\u00bb global_colors_info=\u00bb{}\u00bb custom_padding__hover=\u00bb|||\u00bb][et_pb_testimonial portrait_url=\u00bbhttps:\/\/cordoba.salesianos.edu\/colegio\/wp-content\/uploads\/sites\/2\/2023\/09\/LJV_1852-scaled.jpg\u00bb quote_icon=\u00bboff\u00bb portrait_width=\u00bb140px\u00bb portrait_height=\u00bb140px\u00bb _builder_version=\u00bb4.22.1&#8243; body_font=\u00bbLato|300|||||||\u00bb background_color=\u00bb#ffffff\u00bb text_orientation=\u00bbcenter\u00bb custom_margin=\u00bb||-20px|\u00bb custom_padding=\u00bb10px||0px|\u00bb child_filter_brightness=\u00bb106%\u00bb box_shadow_style_image=\u00bbpreset6&#8243; global_colors_info=\u00bb{}\u00bb]<\/p>\n<h3>M\u00aa Dolores Jim\u00e9nez Fern\u00e1ndez<\/h3>\n<p class=\"Estilopredeterminado\">Profesora F\u00edsica y Qu\u00edmica.<\/p>\n<p>[\/et_pb_testimonial][\/et_pb_column][et_pb_column type=\u00bb1_3&#8243; _builder_version=\u00bb4.16&#8243; custom_padding=\u00bb|||\u00bb global_colors_info=\u00bb{}\u00bb custom_padding__hover=\u00bb|||\u00bb][et_pb_testimonial portrait_url=\u00bbhttps:\/\/cordoba.salesianos.edu\/colegio\/wp-content\/uploads\/sites\/2\/2023\/09\/DSC_5451.jpg\u00bb quote_icon=\u00bboff\u00bb portrait_width=\u00bb140px\u00bb portrait_height=\u00bb140px\u00bb _builder_version=\u00bb4.22.1&#8243; body_font=\u00bbLato|300|||||||\u00bb background_color=\u00bb#ffffff\u00bb text_orientation=\u00bbcenter\u00bb custom_margin=\u00bb||-20px|\u00bb custom_padding=\u00bb10px||0px|\u00bb child_filter_brightness=\u00bb106%\u00bb box_shadow_style_image=\u00bbpreset6&#8243; global_colors_info=\u00bb{}\u00bb]<\/p>\n<h3>Rosa Bellido Outeri\u00f1o<\/h3>\n<p class=\"Estilopredeterminado\">Directora Pedag\u00f3gica de centro.<\/p>\n<p class=\"Estilopredeterminado\"><span style=\"font-size: 14px;\">Profesora de Matem\u00e1ticas.<\/span><\/p>\n<p>[\/et_pb_testimonial][\/et_pb_column][et_pb_column type=\u00bb1_3&#8243; _builder_version=\u00bb4.16&#8243; custom_padding=\u00bb|||\u00bb global_colors_info=\u00bb{}\u00bb custom_padding__hover=\u00bb|||\u00bb][et_pb_testimonial portrait_url=\u00bbhttps:\/\/cordoba.salesianos.edu\/colegio\/wp-content\/uploads\/sites\/2\/2023\/09\/DSC_3433.jpg\u00bb quote_icon=\u00bboff\u00bb portrait_width=\u00bb140px\u00bb portrait_height=\u00bb140px\u00bb _builder_version=\u00bb4.22.1&#8243; body_font=\u00bbLato|300|||||||\u00bb background_color=\u00bb#ffffff\u00bb text_orientation=\u00bbcenter\u00bb custom_margin=\u00bb||-20px|\u00bb custom_padding=\u00bb10px||0px|\u00bb child_filter_brightness=\u00bb106%\u00bb box_shadow_style_image=\u00bbpreset6&#8243; global_colors_info=\u00bb{}\u00bb]<\/p>\n<h3>Sof\u00eda Pulido Ord\u00f3\u00f1ez<\/h3>\n<p class=\"Estilopredeterminado\">Profesora de Ingl\u00e9s y Franc\u00e9s.<\/p>\n<p>Jefa de Estudios de Secundaria<\/p>\n<p>[\/et_pb_testimonial][\/et_pb_column][\/et_pb_row][et_pb_row column_structure=\u00bb1_3,1_3,1_3&#8243; disabled_on=\u00bboff|off|off\u00bb _builder_version=\u00bb4.16&#8243; custom_margin=\u00bb0px||10px|\u00bb custom_padding=\u00bb0px|0px|0px|0px\u00bb global_colors_info=\u00bb{}\u00bb][et_pb_column type=\u00bb1_3&#8243; _builder_version=\u00bb4.16&#8243; custom_padding=\u00bb|||\u00bb global_colors_info=\u00bb{}\u00bb custom_padding__hover=\u00bb|||\u00bb][et_pb_testimonial portrait_url=\u00bbhttps:\/\/cordoba.salesianos.edu\/colegio\/wp-content\/uploads\/sites\/2\/2023\/09\/LJV_2554.jpg\u00bb quote_icon=\u00bboff\u00bb portrait_width=\u00bb140px\u00bb portrait_height=\u00bb140px\u00bb _builder_version=\u00bb4.22.1&#8243; body_font=\u00bbLato|300|||||||\u00bb background_color=\u00bb#ffffff\u00bb text_orientation=\u00bbcenter\u00bb custom_margin=\u00bb||-20px|\u00bb custom_padding=\u00bb10px||0px|\u00bb child_filter_brightness=\u00bb106%\u00bb box_shadow_style_image=\u00bbpreset6&#8243; global_colors_info=\u00bb{}\u00bb]<\/p>\n<h3>Sergio Rizos Espinosa<\/h3>\n<p class=\"Estilopredeterminado\">Profesor de Matem\u00e1ticas y Econom\u00eda<\/p>\n<p>[\/et_pb_testimonial][et_pb_testimonial portrait_url=\u00bbhttps:\/\/cordoba.salesianos.edu\/colegio\/wp-content\/uploads\/sites\/2\/2021\/05\/Delgado.jpg\u00bb quote_icon=\u00bboff\u00bb portrait_width=\u00bb140px\u00bb portrait_height=\u00bb140px\u00bb disabled_on=\u00bbon|on|on\u00bb _builder_version=\u00bb4.16&#8243; body_font=\u00bbLato|300|||||||\u00bb background_color=\u00bb#ffffff\u00bb text_orientation=\u00bbcenter\u00bb custom_margin=\u00bb||-20px|\u00bb custom_padding=\u00bb10px||0px|\u00bb child_filter_brightness=\u00bb106%\u00bb box_shadow_style_image=\u00bbpreset6&#8243; disabled=\u00bbon\u00bb global_colors_info=\u00bb{}\u00bb]<\/p>\n<h3>C\u00e9sar Delgado Lorente<\/h3>\n<p class=\"Estilopredeterminado\">Tutor de Secundaria.<\/p>\n<p class=\"Estilopredeterminado\">Profesor de Geograf\u00eda, Historia.<\/p>\n<p>[\/et_pb_testimonial][\/et_pb_column][et_pb_column type=\u00bb1_3&#8243; _builder_version=\u00bb4.16&#8243; custom_padding=\u00bb|||\u00bb global_colors_info=\u00bb{}\u00bb custom_padding__hover=\u00bb|||\u00bb][et_pb_testimonial portrait_url=\u00bbhttps:\/\/cordoba.salesianos.edu\/colegio\/wp-content\/uploads\/sites\/2\/2025\/01\/102188367-1.jpg\u00bb quote_icon=\u00bboff\u00bb portrait_width=\u00bb140px\u00bb portrait_height=\u00bb140px\u00bb disabled_on=\u00bbon|on|on\u00bb _builder_version=\u00bb4.27.4&#8243; body_font=\u00bbLato|300|||||||\u00bb background_color=\u00bb#ffffff\u00bb text_orientation=\u00bbcenter\u00bb custom_margin=\u00bb||-20px|\u00bb custom_padding=\u00bb10px||0px|\u00bb child_filter_brightness=\u00bb106%\u00bb box_shadow_style_image=\u00bbpreset6&#8243; disabled=\u00bbon\u00bb locked=\u00bboff\u00bb global_colors_info=\u00bb{}\u00bb]<\/p>\n<h3>Alberto Vizcaya Romero<\/h3>\n<p>Tutor, profesor de Tecnolog\u00eda y Digitalizaci\u00f3n, Computaci\u00f3n y Rob\u00f3tica, y F\u00edsica y Qu\u00edmica.<\/p>\n<p>[\/et_pb_testimonial][\/et_pb_column][et_pb_column type=\u00bb1_3&#8243; _builder_version=\u00bb4.16&#8243; custom_padding=\u00bb|||\u00bb global_colors_info=\u00bb{}\u00bb custom_padding__hover=\u00bb|||\u00bb][et_pb_testimonial portrait_url=\u00bbhttps:\/\/cordoba.salesianos.edu\/colegio\/wp-content\/uploads\/sites\/2\/2023\/09\/LJV_2150-scaled.jpg\u00bb quote_icon=\u00bboff\u00bb portrait_width=\u00bb140px\u00bb portrait_height=\u00bb140px\u00bb disabled_on=\u00bbon|on|on\u00bb _builder_version=\u00bb4.22.1&#8243; body_font=\u00bbLato|300|||||||\u00bb background_color=\u00bb#ffffff\u00bb text_orientation=\u00bbcenter\u00bb custom_margin=\u00bb||-20px|\u00bb custom_padding=\u00bb10px||0px|\u00bb child_filter_brightness=\u00bb106%\u00bb box_shadow_style_image=\u00bbpreset6&#8243; disabled=\u00bbon\u00bb global_colors_info=\u00bb{}\u00bb]<\/p>\n<h3>Isabel M\u00aa Hiedra L\u00f3pez<\/h3>\n<p>Profesora Matem\u00e1ticas<\/p>\n<p>[\/et_pb_testimonial][\/et_pb_column][\/et_pb_row][et_pb_row disabled_on=\u00bbon|on|on\u00bb _builder_version=\u00bb4.16&#8243; custom_padding=\u00bb40px|0px|23.625px|0px|false|false\u00bb disabled=\u00bbon\u00bb global_colors_info=\u00bb{}\u00bb][et_pb_column type=\u00bb4_4&#8243; _builder_version=\u00bb4.16&#8243; custom_padding=\u00bb|||\u00bb global_colors_info=\u00bb{}\u00bb custom_padding__hover=\u00bb|||\u00bb][et_pb_text _builder_version=\u00bb4.16&#8243; header_font=\u00bb||||||||\u00bb header_2_font=\u00bbLato|300|||||||\u00bb header_2_text_align=\u00bbcenter\u00bb header_2_font_size=\u00bb30px\u00bb global_colors_info=\u00bb{}\u00bb]<\/p>\n<h2>Departamento de Arte, Tecnolog\u00eda y Deporte<\/h2>\n<p>[\/et_pb_text][\/et_pb_column][\/et_pb_row][et_pb_row column_structure=\u00bb1_4,1_4,1_4,1_4&#8243; disabled_on=\u00bbon|on|on\u00bb _builder_version=\u00bb4.16&#8243; custom_margin=\u00bb0px||10px|\u00bb custom_padding=\u00bb0px|0px|0px|0px\u00bb disabled=\u00bbon\u00bb global_colors_info=\u00bb{}\u00bb][et_pb_column type=\u00bb1_4&#8243; _builder_version=\u00bb4.16&#8243; custom_padding=\u00bb|||\u00bb global_colors_info=\u00bb{}\u00bb custom_padding__hover=\u00bb|||\u00bb][et_pb_testimonial portrait_url=\u00bbhttps:\/\/cordoba.salesianos.edu\/colegio\/wp-content\/uploads\/sites\/2\/2021\/04\/pablo_sierra_flores_2020.jpg\u00bb quote_icon=\u00bboff\u00bb portrait_width=\u00bb140px\u00bb portrait_height=\u00bb140px\u00bb _builder_version=\u00bb4.16&#8243; body_font=\u00bbLato|300|||||||\u00bb background_color=\u00bb#ffffff\u00bb text_orientation=\u00bbcenter\u00bb custom_margin=\u00bb||-20px|\u00bb custom_padding=\u00bb10px||0px|\u00bb child_filter_brightness=\u00bb106%\u00bb box_shadow_style_image=\u00bbpreset6&#8243; global_colors_info=\u00bb{}\u00bb]<\/p>\n<h3>Pablo Sierra<\/h3>\n<p class=\"Estilopredeterminado\">Coordinador Qe &#8211;\u00a0Jefe de Departamento &#8211; Profesor de M\u00fasica<\/p>\n<p>[\/et_pb_testimonial][\/et_pb_column][et_pb_column type=\u00bb1_4&#8243; _builder_version=\u00bb4.16&#8243; custom_padding=\u00bb|||\u00bb global_colors_info=\u00bb{}\u00bb custom_padding__hover=\u00bb|||\u00bb][et_pb_testimonial portrait_url=\u00bbhttps:\/\/cordoba.salesianos.edu\/colegio\/wp-content\/uploads\/sites\/2\/2021\/04\/IMG_5670-200&#215;125-1.jpg\u00bb quote_icon=\u00bboff\u00bb portrait_width=\u00bb140px\u00bb portrait_height=\u00bb140px\u00bb _builder_version=\u00bb4.16&#8243; body_font=\u00bbLato|300|||||||\u00bb background_color=\u00bb#ffffff\u00bb text_orientation=\u00bbcenter\u00bb custom_margin=\u00bb||-20px|\u00bb custom_padding=\u00bb10px||0px|\u00bb child_filter_brightness=\u00bb106%\u00bb box_shadow_style_image=\u00bbpreset6&#8243; global_colors_info=\u00bb{}\u00bb]<\/p>\n<h3>C\u00e1ndido Arcas<\/h3>\n<p class=\"Estilopredeterminado\">Profesor de Educaci\u00f3n F\u00edsica<\/p>\n<p>[\/et_pb_testimonial][\/et_pb_column][et_pb_column type=\u00bb1_4&#8243; _builder_version=\u00bb4.16&#8243; custom_padding=\u00bb|||\u00bb global_colors_info=\u00bb{}\u00bb custom_padding__hover=\u00bb|||\u00bb][et_pb_testimonial portrait_url=\u00bbhttps:\/\/cordoba.salesianos.edu\/colegio\/wp-content\/uploads\/sites\/2\/2021\/04\/daniel_hernandez.jpg\u00bb quote_icon=\u00bboff\u00bb portrait_width=\u00bb140px\u00bb portrait_height=\u00bb140px\u00bb _builder_version=\u00bb4.16&#8243; body_font=\u00bbLato|300|||||||\u00bb background_color=\u00bb#ffffff\u00bb text_orientation=\u00bbcenter\u00bb custom_margin=\u00bb||-20px|\u00bb custom_padding=\u00bb10px||0px|\u00bb child_filter_brightness=\u00bb106%\u00bb box_shadow_style_image=\u00bbpreset6&#8243; global_colors_info=\u00bb{}\u00bb]<\/p>\n<h3>Daniel Hern\u00e1ndez<\/h3>\n<p class=\"Estilopredeterminado\">Profesor de Tecnolog\u00eda y Pl\u00e1stica<\/p>\n<p>[\/et_pb_testimonial][\/et_pb_column][et_pb_column type=\u00bb1_4&#8243; _builder_version=\u00bb4.16&#8243; custom_padding=\u00bb|||\u00bb global_colors_info=\u00bb{}\u00bb custom_padding__hover=\u00bb|||\u00bb][et_pb_testimonial portrait_url=\u00bbhttps:\/\/cordoba.salesianos.edu\/colegio\/wp-content\/uploads\/sites\/2\/2021\/04\/ester_melgarejo.jpg\u00bb quote_icon=\u00bboff\u00bb portrait_width=\u00bb140px\u00bb portrait_height=\u00bb140px\u00bb _builder_version=\u00bb4.16&#8243; body_font=\u00bbLato|300|||||||\u00bb background_color=\u00bb#ffffff\u00bb text_orientation=\u00bbcenter\u00bb custom_margin=\u00bb||-20px|\u00bb custom_padding=\u00bb10px||0px|\u00bb child_filter_brightness=\u00bb106%\u00bb box_shadow_style_image=\u00bbpreset6&#8243; global_colors_info=\u00bb{}\u00bb]<\/p>\n<h3>Esther Melgarejo<\/h3>\n<p class=\"Estilopredeterminado\">Profesora de Pl\u00e1stica y Dibujo T\u00e9cnico<\/p>\n<p>[\/et_pb_testimonial][\/et_pb_column][\/et_pb_row][et_pb_row column_structure=\u00bb1_4,1_4,1_4,1_4&#8243; disabled_on=\u00bbon|on|on\u00bb _builder_version=\u00bb4.16&#8243; custom_margin=\u00bb0px||10px|\u00bb custom_padding=\u00bb0px|0px|0px|0px\u00bb disabled=\u00bbon\u00bb global_colors_info=\u00bb{}\u00bb][et_pb_column type=\u00bb1_4&#8243; _builder_version=\u00bb4.16&#8243; custom_padding=\u00bb|||\u00bb global_colors_info=\u00bb{}\u00bb custom_padding__hover=\u00bb|||\u00bb][\/et_pb_column][et_pb_column type=\u00bb1_4&#8243; _builder_version=\u00bb4.16&#8243; custom_padding=\u00bb|||\u00bb global_colors_info=\u00bb{}\u00bb custom_padding__hover=\u00bb|||\u00bb][et_pb_testimonial portrait_url=\u00bbhttps:\/\/cordoba.salesianos.edu\/colegio\/wp-content\/uploads\/sites\/2\/2021\/04\/manolo_piera.jpg\u00bb quote_icon=\u00bboff\u00bb portrait_width=\u00bb140px\u00bb portrait_height=\u00bb140px\u00bb _builder_version=\u00bb4.16&#8243; body_font=\u00bbLato|300|||||||\u00bb background_color=\u00bb#ffffff\u00bb text_orientation=\u00bbcenter\u00bb custom_margin=\u00bb||-20px|\u00bb custom_padding=\u00bb10px||0px|\u00bb child_filter_brightness=\u00bb106%\u00bb box_shadow_style_image=\u00bbpreset6&#8243; global_colors_info=\u00bb{}\u00bb]<\/p>\n<h3>Manuel Piera<\/h3>\n<p class=\"Estilopredeterminado\">Coordinador TIC &#8211;\u00a0Profesor de Inform\u00e1tica<\/p>\n<p>[\/et_pb_testimonial][\/et_pb_column][et_pb_column type=\u00bb1_4&#8243; _builder_version=\u00bb4.16&#8243; custom_padding=\u00bb|||\u00bb global_colors_info=\u00bb{}\u00bb custom_padding__hover=\u00bb|||\u00bb][et_pb_testimonial portrait_url=\u00bbhttps:\/\/cordoba.salesianos.edu\/colegio\/wp-content\/uploads\/sites\/2\/2021\/04\/javier_vidal.jpg\u00bb quote_icon=\u00bboff\u00bb portrait_width=\u00bb140px\u00bb portrait_height=\u00bb140px\u00bb _builder_version=\u00bb4.16&#8243; body_font=\u00bbLato|300|||||||\u00bb background_color=\u00bb#ffffff\u00bb text_orientation=\u00bbcenter\u00bb custom_margin=\u00bb||-20px|\u00bb custom_padding=\u00bb10px||0px|\u00bb child_filter_brightness=\u00bb106%\u00bb box_shadow_style_image=\u00bbpreset6&#8243; global_colors_info=\u00bb{}\u00bb]<\/p>\n<h3>Javier Vidal<\/h3>\n<p class=\"Estilopredeterminado\">Profesor de Educaci\u00f3n F\u00edsica<\/p>\n<p>[\/et_pb_testimonial][\/et_pb_column][et_pb_column type=\u00bb1_4&#8243; _builder_version=\u00bb4.16&#8243; custom_padding=\u00bb|||\u00bb global_colors_info=\u00bb{}\u00bb custom_padding__hover=\u00bb|||\u00bb][\/et_pb_column][\/et_pb_row][et_pb_row disabled_on=\u00bbon|on|on\u00bb _builder_version=\u00bb4.16&#8243; custom_padding=\u00bb40px|0px|23.625px|0px|false|false\u00bb disabled=\u00bbon\u00bb global_colors_info=\u00bb{}\u00bb][et_pb_column type=\u00bb4_4&#8243; _builder_version=\u00bb4.16&#8243; custom_padding=\u00bb|||\u00bb global_colors_info=\u00bb{}\u00bb custom_padding__hover=\u00bb|||\u00bb][et_pb_text _builder_version=\u00bb4.16&#8243; header_font=\u00bb||||||||\u00bb header_2_font=\u00bbLato|300|||||||\u00bb header_2_text_align=\u00bbcenter\u00bb header_2_font_size=\u00bb30px\u00bb global_colors_info=\u00bb{}\u00bb]<\/p>\n<h2>Departamento de Ciencias Sociales<\/h2>\n<p>[\/et_pb_text][\/et_pb_column][\/et_pb_row][et_pb_row column_structure=\u00bb1_4,1_4,1_4,1_4&#8243; disabled_on=\u00bbon|on|on\u00bb _builder_version=\u00bb4.16&#8243; custom_margin=\u00bb0px||10px|\u00bb custom_padding=\u00bb0px|0px|0px|0px\u00bb disabled=\u00bbon\u00bb global_colors_info=\u00bb{}\u00bb][et_pb_column type=\u00bb1_4&#8243; _builder_version=\u00bb4.16&#8243; custom_padding=\u00bb|||\u00bb global_colors_info=\u00bb{}\u00bb custom_padding__hover=\u00bb|||\u00bb][et_pb_testimonial portrait_url=\u00bbhttps:\/\/cordoba.salesianos.edu\/colegio\/wp-content\/uploads\/sites\/2\/2021\/04\/marisol_corrales.jpg\u00bb quote_icon=\u00bboff\u00bb portrait_width=\u00bb140px\u00bb portrait_height=\u00bb140px\u00bb _builder_version=\u00bb4.16&#8243; body_font=\u00bbLato|300|||||||\u00bb background_color=\u00bb#ffffff\u00bb text_orientation=\u00bbcenter\u00bb custom_margin=\u00bb||-20px|\u00bb custom_padding=\u00bb10px||0px|\u00bb child_filter_brightness=\u00bb106%\u00bb box_shadow_style_image=\u00bbpreset6&#8243; global_colors_info=\u00bb{}\u00bb]<\/p>\n<h3>Marisol Corrales<\/h3>\n<p class=\"Estilopredeterminado\">Jefa de Departamento &#8211;\u00a0Profesora de Lat\u00edn y Griego<\/p>\n<p>[\/et_pb_testimonial][\/et_pb_column][et_pb_column type=\u00bb1_4&#8243; _builder_version=\u00bb4.16&#8243; custom_padding=\u00bb|||\u00bb global_colors_info=\u00bb{}\u00bb custom_padding__hover=\u00bb|||\u00bb][et_pb_testimonial portrait_url=\u00bbhttps:\/\/cordoba.salesianos.edu\/colegio\/wp-content\/uploads\/sites\/2\/2021\/04\/IMG_2796-200&#215;125-min.jpg\u00bb quote_icon=\u00bboff\u00bb portrait_width=\u00bb140px\u00bb portrait_height=\u00bb140px\u00bb _builder_version=\u00bb4.16&#8243; body_font=\u00bbLato|300|||||||\u00bb background_color=\u00bb#ffffff\u00bb text_orientation=\u00bbcenter\u00bb custom_margin=\u00bb||-20px|\u00bb custom_padding=\u00bb10px||0px|\u00bb child_filter_brightness=\u00bb106%\u00bb box_shadow_style_image=\u00bbpreset6&#8243; global_colors_info=\u00bb{}\u00bb]<\/p>\n<h3>Vidal Ferrero<\/h3>\n<p class=\"Estilopredeterminado\">Profesor de Geograf\u00eda e Historia y de Proyecto Interdisciplinar<\/p>\n<p>[\/et_pb_testimonial][\/et_pb_column][et_pb_column type=\u00bb1_4&#8243; _builder_version=\u00bb4.16&#8243; custom_padding=\u00bb|||\u00bb global_colors_info=\u00bb{}\u00bb custom_padding__hover=\u00bb|||\u00bb][et_pb_testimonial portrait_url=\u00bbhttps:\/\/cordoba.salesianos.edu\/colegio\/wp-content\/uploads\/sites\/2\/2021\/04\/esher_manchon.jpg\u00bb quote_icon=\u00bboff\u00bb portrait_width=\u00bb140px\u00bb portrait_height=\u00bb140px\u00bb _builder_version=\u00bb4.16&#8243; body_font=\u00bbLato|300|||||||\u00bb background_color=\u00bb#ffffff\u00bb text_orientation=\u00bbcenter\u00bb custom_margin=\u00bb||-20px|\u00bb custom_padding=\u00bb10px||0px|\u00bb child_filter_brightness=\u00bb106%\u00bb box_shadow_style_image=\u00bbpreset6&#8243; global_colors_info=\u00bb{}\u00bb]<\/p>\n<h3>Esther Manch\u00f3n<\/h3>\n<p class=\"Estilopredeterminado\">Profesora de Geograf\u00eda y \u00c1mbito Socio Ling\u00fc\u00edstico<\/p>\n<p>[\/et_pb_testimonial][\/et_pb_column][et_pb_column type=\u00bb1_4&#8243; _builder_version=\u00bb4.16&#8243; custom_padding=\u00bb|||\u00bb global_colors_info=\u00bb{}\u00bb custom_padding__hover=\u00bb|||\u00bb][et_pb_testimonial portrait_url=\u00bbhttps:\/\/cordoba.salesianos.edu\/colegio\/wp-content\/uploads\/sites\/2\/2021\/04\/pepe_ruiz.jpg\u00bb quote_icon=\u00bboff\u00bb portrait_width=\u00bb140px\u00bb portrait_height=\u00bb140px\u00bb _builder_version=\u00bb4.16&#8243; body_font=\u00bbLato|300|||||||\u00bb background_color=\u00bb#ffffff\u00bb text_orientation=\u00bbcenter\u00bb custom_margin=\u00bb||-20px|\u00bb custom_padding=\u00bb10px||0px|\u00bb child_filter_brightness=\u00bb106%\u00bb box_shadow_style_image=\u00bbpreset6&#8243; global_colors_info=\u00bb{}\u00bb]<\/p>\n<h3>Jos\u00e9 Ruiz<\/h3>\n<p class=\"Estilopredeterminado\">Profesor de Geograf\u00eda e Historia y Arte<\/p>\n<p>[\/et_pb_testimonial][\/et_pb_column][\/et_pb_row][et_pb_row column_structure=\u00bb1_4,1_4,1_4,1_4&#8243; disabled_on=\u00bbon|on|on\u00bb _builder_version=\u00bb4.16&#8243; custom_margin=\u00bb0px||10px|\u00bb custom_padding=\u00bb0px|0px|0px|0px\u00bb disabled=\u00bbon\u00bb global_colors_info=\u00bb{}\u00bb][et_pb_column type=\u00bb1_4&#8243; _builder_version=\u00bb4.16&#8243; custom_padding=\u00bb|||\u00bb global_colors_info=\u00bb{}\u00bb custom_padding__hover=\u00bb|||\u00bb][et_pb_testimonial portrait_url=\u00bbhttps:\/\/cordoba.salesianos.edu\/colegio\/wp-content\/uploads\/sites\/2\/2021\/04\/lidia_verge.jpg\u00bb quote_icon=\u00bboff\u00bb portrait_width=\u00bb140px\u00bb portrait_height=\u00bb140px\u00bb _builder_version=\u00bb4.16&#8243; body_font=\u00bbLato|300|||||||\u00bb background_color=\u00bb#ffffff\u00bb text_orientation=\u00bbcenter\u00bb custom_margin=\u00bb||-20px|\u00bb custom_padding=\u00bb10px||0px|\u00bb child_filter_brightness=\u00bb106%\u00bb box_shadow_style_image=\u00bbpreset6&#8243; global_colors_info=\u00bb{}\u00bb]<\/p>\n<h3>Lidia Verge<\/h3>\n<p class=\"Estilopredeterminado\"><span>Profesora de Geograf\u00eda e Historia y Lengua Valenciana<o:p><\/o:p><\/span><\/p>\n<p>[\/et_pb_testimonial][\/et_pb_column][et_pb_column type=\u00bb1_4&#8243; _builder_version=\u00bb4.16&#8243; custom_padding=\u00bb|||\u00bb global_colors_info=\u00bb{}\u00bb custom_padding__hover=\u00bb|||\u00bb][et_pb_testimonial portrait_url=\u00bbhttps:\/\/cordoba.salesianos.edu\/colegio\/wp-content\/uploads\/sites\/2\/2021\/04\/paco_sanchez-min.png\u00bb quote_icon=\u00bboff\u00bb portrait_width=\u00bb140px\u00bb portrait_height=\u00bb140px\u00bb _builder_version=\u00bb4.16&#8243; body_font=\u00bbLato|300|||||||\u00bb background_color=\u00bb#ffffff\u00bb text_orientation=\u00bbcenter\u00bb custom_margin=\u00bb||-20px|\u00bb custom_padding=\u00bb10px||0px|\u00bb child_filter_brightness=\u00bb106%\u00bb box_shadow_style_image=\u00bbpreset6&#8243; global_colors_info=\u00bb{}\u00bb]<\/p>\n<h3>Francisco S\u00e1nchez<\/h3>\n<p class=\"Estilopredeterminado\">Coordinador General Pastoral Escolar &#8211;\u00a0Profesor de Filosof\u00eda y Religi\u00f3n<\/p>\n<p>[\/et_pb_testimonial][\/et_pb_column][et_pb_column type=\u00bb1_4&#8243; _builder_version=\u00bb4.16&#8243; custom_padding=\u00bb|||\u00bb global_colors_info=\u00bb{}\u00bb custom_padding__hover=\u00bb|||\u00bb][et_pb_testimonial portrait_url=\u00bbhttps:\/\/cordoba.salesianos.edu\/colegio\/wp-content\/uploads\/sites\/2\/2021\/04\/rosendo_soler.jpg\u00bb quote_icon=\u00bboff\u00bb portrait_width=\u00bb140px\u00bb portrait_height=\u00bb140px\u00bb _builder_version=\u00bb4.16&#8243; body_font=\u00bbLato|300|||||||\u00bb background_color=\u00bb#ffffff\u00bb text_orientation=\u00bbcenter\u00bb custom_margin=\u00bb||-20px|\u00bb custom_padding=\u00bb10px||0px|\u00bb child_filter_brightness=\u00bb106%\u00bb box_shadow_style_image=\u00bbpreset6&#8243; global_colors_info=\u00bb{}\u00bb]<\/p>\n<h3>Rosendo Soler<\/h3>\n<p class=\"Estilopredeterminado\">Director Titular &#8211;\u00a0Profesor de Religi\u00f3n<\/p>\n<p class=\"Estilopredeterminado\">[\/et_pb_testimonial][\/et_pb_column][et_pb_column type=\u00bb1_4&#8243; _builder_version=\u00bb4.16&#8243; custom_padding=\u00bb|||\u00bb global_colors_info=\u00bb{}\u00bb custom_padding__hover=\u00bb|||\u00bb][et_pb_testimonial portrait_url=\u00bbhttps:\/\/cordoba.salesianos.edu\/colegio\/wp-content\/uploads\/sites\/2\/2021\/04\/IMG_3787-200&#215;125-min.jpg\u00bb quote_icon=\u00bboff\u00bb portrait_width=\u00bb140px\u00bb portrait_height=\u00bb140px\u00bb _builder_version=\u00bb4.16&#8243; body_font=\u00bbLato|300|||||||\u00bb background_color=\u00bb#ffffff\u00bb text_orientation=\u00bbcenter\u00bb custom_margin=\u00bb||-20px|\u00bb custom_padding=\u00bb10px||0px|\u00bb child_filter_brightness=\u00bb106%\u00bb box_shadow_style_image=\u00bbpreset6&#8243; global_colors_info=\u00bb{}\u00bb]<\/p>\n<h3>Maje Yag\u00fces<\/h3>\n<p class=\"Estilopredeterminado\">Profesora de Filosof\u00eda y Religi\u00f3n<\/p>\n<p>&nbsp;<\/p>\n<p>[\/et_pb_testimonial][\/et_pb_column][\/et_pb_row][et_pb_row disabled_on=\u00bbon|on|on\u00bb _builder_version=\u00bb4.16&#8243; custom_padding=\u00bb40px|0px|23.625px|0px|false|false\u00bb disabled=\u00bbon\u00bb global_colors_info=\u00bb{}\u00bb][et_pb_column type=\u00bb4_4&#8243; _builder_version=\u00bb4.16&#8243; custom_padding=\u00bb|||\u00bb global_colors_info=\u00bb{}\u00bb custom_padding__hover=\u00bb|||\u00bb][et_pb_text _builder_version=\u00bb4.16&#8243; header_font=\u00bb||||||||\u00bb header_2_font=\u00bbLato|300|||||||\u00bb header_2_text_align=\u00bbcenter\u00bb header_2_font_size=\u00bb30px\u00bb global_colors_info=\u00bb{}\u00bb]<\/p>\n<h2>Departamento de Orientaci\u00f3n<\/h2>\n<p>[\/et_pb_text][\/et_pb_column][\/et_pb_row][et_pb_row column_structure=\u00bb1_3,1_3,1_3&#8243; disabled_on=\u00bbon|on|on\u00bb _builder_version=\u00bb4.16&#8243; custom_margin=\u00bb0px||10px|\u00bb custom_padding=\u00bb0px|0px|0px|0px\u00bb disabled=\u00bbon\u00bb global_colors_info=\u00bb{}\u00bb][et_pb_column type=\u00bb1_3&#8243; _builder_version=\u00bb4.16&#8243; custom_padding=\u00bb|||\u00bb global_colors_info=\u00bb{}\u00bb custom_padding__hover=\u00bb|||\u00bb][et_pb_testimonial portrait_url=\u00bbhttps:\/\/cordoba.salesianos.edu\/colegio\/wp-content\/uploads\/sites\/2\/2020\/10\/soledad_bello_wp-min.jpg\u00bb quote_icon=\u00bboff\u00bb portrait_width=\u00bb140px\u00bb portrait_height=\u00bb140px\u00bb disabled_on=\u00bbon|on|on\u00bb _builder_version=\u00bb4.16&#8243; body_font=\u00bbLato|300|||||||\u00bb background_color=\u00bb#ffffff\u00bb text_orientation=\u00bbcenter\u00bb custom_margin=\u00bb||-20px|\u00bb custom_padding=\u00bb10px||0px|\u00bb child_filter_brightness=\u00bb106%\u00bb box_shadow_style_image=\u00bbpreset6&#8243; disabled=\u00bbon\u00bb global_colors_info=\u00bb{}\u00bb]<\/p>\n<h3>Soledad Bello<\/h3>\n<p class=\"Estilopredeterminado\">Orientadora 1\u00ba, 2\u00ba y 3\u00ba E.S.O. &#8211;\u00a0Profesora de Taller refuerzo Lengua<\/p>\n<p>[\/et_pb_testimonial][\/et_pb_column][et_pb_column type=\u00bb1_3&#8243; _builder_version=\u00bb4.16&#8243; custom_padding=\u00bb|||\u00bb global_colors_info=\u00bb{}\u00bb custom_padding__hover=\u00bb|||\u00bb][et_pb_testimonial portrait_url=\u00bbhttps:\/\/cordoba.salesianos.edu\/colegio\/wp-content\/uploads\/sites\/2\/2021\/04\/Juan-Angel-Diaz.jpg\u00bb quote_icon=\u00bboff\u00bb portrait_width=\u00bb140px\u00bb portrait_height=\u00bb140px\u00bb disabled_on=\u00bboff|off|off\u00bb _builder_version=\u00bb4.16&#8243; body_font=\u00bbLato|300|||||||\u00bb background_color=\u00bb#ffffff\u00bb text_orientation=\u00bbcenter\u00bb custom_margin=\u00bb||-20px|\u00bb custom_padding=\u00bb10px||0px|\u00bb child_filter_brightness=\u00bb106%\u00bb box_shadow_style_image=\u00bbpreset6&#8243; global_colors_info=\u00bb{}\u00bb]<\/p>\n<h3>Juan \u00c1ngel D\u00edaz<\/h3>\n<p class=\"Estilopredeterminado\">Orientador\u00a0<\/p>\n<p>[\/et_pb_testimonial][\/et_pb_column][et_pb_column type=\u00bb1_3&#8243; _builder_version=\u00bb4.16&#8243; custom_padding=\u00bb|||\u00bb global_colors_info=\u00bb{}\u00bb custom_padding__hover=\u00bb|||\u00bb][et_pb_testimonial portrait_url=\u00bbhttps:\/\/cordoba.salesianos.edu\/colegio\/wp-content\/uploads\/sites\/2\/2020\/10\/ana_vano.jpg\u00bb quote_icon=\u00bboff\u00bb portrait_width=\u00bb140px\u00bb portrait_height=\u00bb140px\u00bb disabled_on=\u00bbon|on|on\u00bb _builder_version=\u00bb4.16&#8243; body_font=\u00bbLato|300|||||||\u00bb background_color=\u00bb#ffffff\u00bb text_orientation=\u00bbcenter\u00bb custom_margin=\u00bb||-20px|\u00bb custom_padding=\u00bb10px||0px|\u00bb child_filter_brightness=\u00bb106%\u00bb box_shadow_style_image=\u00bbpreset6&#8243; disabled=\u00bbon\u00bb global_colors_info=\u00bb{}\u00bb]<\/p>\n<h3>Ana Va\u00f1\u00f3<\/h3>\n<p class=\"Estilopredeterminado\"><span>Maestra especialista en Pedagog\u00eda Terap\u00e9utica (PT)<\/span><\/p>\n<p>[\/et_pb_testimonial][\/et_pb_column][\/et_pb_row][\/et_pb_section][et_pb_section fb_built=\u00bb1&#8243; disabled_on=\u00bbon|on|on\u00bb _builder_version=\u00bb4.16&#8243; background_color=\u00bb#f2f2f2&#8243; custom_padding=\u00bb0px|0px|0px|0px\u00bb global_colors_info=\u00bb{}\u00bb][\/et_pb_section]<\/p>\n","protected":false},"excerpt":{"rendered":"<p>Claustro de ProfesoresAna Mar\u00eda D\u00edaz Claudel Profesora de M\u00fasica.Antonio Comino Varo Profesor de Religi\u00f3n, Filosof\u00eda y Lat\u00edn. Antonio L\u00f3pez Quero Profesor de Lengua Castellana y Literatura.Victor Rodr\u00edguez Rodr\u00edguez Profesor de Tecnolog\u00eda y Computaci\u00f3n y Rob\u00f3tica.Auxiliadora Casas Ruiz Profesora de Geograf\u00eda e Historia.Beatriz C\u00f3rdoba Navarro Tutora de Secundaria. Profesora de Franc\u00e9s e Ingl\u00e9s.Javier Espejo Ram\u00edrez Tutor.\u00a0 [&hellip;]<\/p>\n","protected":false},"author":3,"featured_media":0,"parent":0,"menu_order":0,"comment_status":"closed","ping_status":"closed","template":"","meta":{"_et_pb_use_builder":"on","_et_pb_old_content":"","_et_gb_content_width":"","footnotes":""},"class_list":["post-5263","page","type-page","status-publish","hentry"],"yoast_head":"<!-- This site is optimized with the Yoast SEO plugin v28.3 - https:\/\/yoast.com\/product\/yoast-seo-wordpress\/ -->\n<title>Personal ESO - Colegio Salesiano San Francisco de Sales<\/title>\n<meta name=\"robots\" content=\"index, follow, max-snippet:-1, max-image-preview:large, max-video-preview:-1\" \/>\n<link rel=\"canonical\" href=\"https:\/\/cordoba.salesianos.edu\/colegio\/personal-eso\/\" \/>\n<meta property=\"og:locale\" content=\"es_ES\" \/>\n<meta property=\"og:type\" content=\"article\" \/>\n<meta property=\"og:title\" content=\"Personal ESO - Colegio Salesiano San Francisco de Sales\" \/>\n<meta property=\"og:description\" content=\"Claustro de ProfesoresAna Mar\u00eda D\u00edaz Claudel Profesora de M\u00fasica.Antonio Comino Varo Profesor de Religi\u00f3n, Filosof\u00eda y Lat\u00edn. Antonio L\u00f3pez Quero Profesor de Lengua Castellana y Literatura.Victor Rodr\u00edguez Rodr\u00edguez Profesor de Tecnolog\u00eda y Computaci\u00f3n y Rob\u00f3tica.Auxiliadora Casas Ruiz Profesora de Geograf\u00eda e Historia.Beatriz C\u00f3rdoba Navarro Tutora de Secundaria. Profesora de Franc\u00e9s e Ingl\u00e9s.Javier Espejo Ram\u00edrez Tutor.\u00a0 [&hellip;]\" \/>\n<meta property=\"og:url\" content=\"https:\/\/cordoba.salesianos.edu\/colegio\/personal-eso\/\" \/>\n<meta property=\"og:site_name\" content=\"Colegio Salesiano San Francisco de Sales\" \/>\n<meta property=\"article:modified_time\" content=\"2026-03-19T14:11:13+00:00\" \/>\n<meta name=\"twitter:card\" content=\"summary_large_image\" \/>\n<meta name=\"twitter:label1\" content=\"Tiempo de lectura\" \/>\n\t<meta name=\"twitter:data1\" content=\"2 minutos\" \/>\n<script type=\"application\/ld+json\" class=\"yoast-schema-graph\">{\"@context\":\"https:\\\/\\\/schema.org\",\"@graph\":[{\"@type\":\"WebPage\",\"@id\":\"https:\\\/\\\/cordoba.salesianos.edu\\\/colegio\\\/personal-eso\\\/\",\"url\":\"https:\\\/\\\/cordoba.salesianos.edu\\\/colegio\\\/personal-eso\\\/\",\"name\":\"Personal ESO - Colegio Salesiano San Francisco de Sales\",\"isPartOf\":{\"@id\":\"https:\\\/\\\/cordoba.salesianos.edu\\\/colegio\\\/#website\"},\"datePublished\":\"2021-04-22T09:51:07+00:00\",\"dateModified\":\"2026-03-19T14:11:13+00:00\",\"breadcrumb\":{\"@id\":\"https:\\\/\\\/cordoba.salesianos.edu\\\/colegio\\\/personal-eso\\\/#breadcrumb\"},\"inLanguage\":\"es\",\"potentialAction\":[{\"@type\":\"ReadAction\",\"target\":[\"https:\\\/\\\/cordoba.salesianos.edu\\\/colegio\\\/personal-eso\\\/\"]}]},{\"@type\":\"BreadcrumbList\",\"@id\":\"https:\\\/\\\/cordoba.salesianos.edu\\\/colegio\\\/personal-eso\\\/#breadcrumb\",\"itemListElement\":[{\"@type\":\"ListItem\",\"position\":1,\"name\":\"Portada\",\"item\":\"https:\\\/\\\/cordoba.salesianos.edu\\\/colegio\\\/\"},{\"@type\":\"ListItem\",\"position\":2,\"name\":\"Personal ESO\"}]},{\"@type\":\"WebSite\",\"@id\":\"https:\\\/\\\/cordoba.salesianos.edu\\\/colegio\\\/#website\",\"url\":\"https:\\\/\\\/cordoba.salesianos.edu\\\/colegio\\\/\",\"name\":\"Colegio Salesiano San Francisco de Sales\",\"description\":\"P\u00e1gina oficial Salesianos C\u00f3rdoba\",\"potentialAction\":[{\"@type\":\"SearchAction\",\"target\":{\"@type\":\"EntryPoint\",\"urlTemplate\":\"https:\\\/\\\/cordoba.salesianos.edu\\\/colegio\\\/?s={search_term_string}\"},\"query-input\":{\"@type\":\"PropertyValueSpecification\",\"valueRequired\":true,\"valueName\":\"search_term_string\"}}],\"inLanguage\":\"es\"}]}<\/script>\n<!-- \/ Yoast SEO plugin. -->","yoast_head_json":{"title":"Personal ESO - Colegio Salesiano San Francisco de Sales","robots":{"index":"index","follow":"follow","max-snippet":"max-snippet:-1","max-image-preview":"max-image-preview:large","max-video-preview":"max-video-preview:-1"},"canonical":"https:\/\/cordoba.salesianos.edu\/colegio\/personal-eso\/","og_locale":"es_ES","og_type":"article","og_title":"Personal ESO - Colegio Salesiano San Francisco de Sales","og_description":"Claustro de ProfesoresAna Mar\u00eda D\u00edaz Claudel Profesora de M\u00fasica.Antonio Comino Varo Profesor de Religi\u00f3n, Filosof\u00eda y Lat\u00edn. Antonio L\u00f3pez Quero Profesor de Lengua Castellana y Literatura.Victor Rodr\u00edguez Rodr\u00edguez Profesor de Tecnolog\u00eda y Computaci\u00f3n y Rob\u00f3tica.Auxiliadora Casas Ruiz Profesora de Geograf\u00eda e Historia.Beatriz C\u00f3rdoba Navarro Tutora de Secundaria. Profesora de Franc\u00e9s e Ingl\u00e9s.Javier Espejo Ram\u00edrez Tutor.\u00a0 [&hellip;]","og_url":"https:\/\/cordoba.salesianos.edu\/colegio\/personal-eso\/","og_site_name":"Colegio Salesiano San Francisco de Sales","article_modified_time":"2026-03-19T14:11:13+00:00","twitter_card":"summary_large_image","twitter_misc":{"Tiempo de lectura":"2 minutos"},"schema":{"@context":"https:\/\/schema.org","@graph":[{"@type":"WebPage","@id":"https:\/\/cordoba.salesianos.edu\/colegio\/personal-eso\/","url":"https:\/\/cordoba.salesianos.edu\/colegio\/personal-eso\/","name":"Personal ESO - Colegio Salesiano San Francisco de Sales","isPartOf":{"@id":"https:\/\/cordoba.salesianos.edu\/colegio\/#website"},"datePublished":"2021-04-22T09:51:07+00:00","dateModified":"2026-03-19T14:11:13+00:00","breadcrumb":{"@id":"https:\/\/cordoba.salesianos.edu\/colegio\/personal-eso\/#breadcrumb"},"inLanguage":"es","potentialAction":[{"@type":"ReadAction","target":["https:\/\/cordoba.salesianos.edu\/colegio\/personal-eso\/"]}]},{"@type":"BreadcrumbList","@id":"https:\/\/cordoba.salesianos.edu\/colegio\/personal-eso\/#breadcrumb","itemListElement":[{"@type":"ListItem","position":1,"name":"Portada","item":"https:\/\/cordoba.salesianos.edu\/colegio\/"},{"@type":"ListItem","position":2,"name":"Personal ESO"}]},{"@type":"WebSite","@id":"https:\/\/cordoba.salesianos.edu\/colegio\/#website","url":"https:\/\/cordoba.salesianos.edu\/colegio\/","name":"Colegio Salesiano San Francisco de Sales","description":"P\u00e1gina oficial Salesianos C\u00f3rdoba","potentialAction":[{"@type":"SearchAction","target":{"@type":"EntryPoint","urlTemplate":"https:\/\/cordoba.salesianos.edu\/colegio\/?s={search_term_string}"},"query-input":{"@type":"PropertyValueSpecification","valueRequired":true,"valueName":"search_term_string"}}],"inLanguage":"es"}]}},"_links":{"self":[{"href":"https:\/\/cordoba.salesianos.edu\/colegio\/wp-json\/wp\/v2\/pages\/5263","targetHints":{"allow":["GET"]}}],"collection":[{"href":"https:\/\/cordoba.salesianos.edu\/colegio\/wp-json\/wp\/v2\/pages"}],"about":[{"href":"https:\/\/cordoba.salesianos.edu\/colegio\/wp-json\/wp\/v2\/types\/page"}],"author":[{"embeddable":true,"href":"https:\/\/cordoba.salesianos.edu\/colegio\/wp-json\/wp\/v2\/users\/3"}],"replies":[{"embeddable":true,"href":"https:\/\/cordoba.salesianos.edu\/colegio\/wp-json\/wp\/v2\/comments?post=5263"}],"version-history":[{"count":43,"href":"https:\/\/cordoba.salesianos.edu\/colegio\/wp-json\/wp\/v2\/pages\/5263\/revisions"}],"predecessor-version":[{"id":9582,"href":"https:\/\/cordoba.salesianos.edu\/colegio\/wp-json\/wp\/v2\/pages\/5263\/revisions\/9582"}],"wp:attachment":[{"href":"https:\/\/cordoba.salesianos.edu\/colegio\/wp-json\/wp\/v2\/media?parent=5263"}],"curies":[{"name":"wp","href":"https:\/\/api.w.org\/{rel}","templated":true}]}}