{"id":5048,"date":"2021-04-02T12:34:13","date_gmt":"2021-04-02T10:34:13","guid":{"rendered":"https:\/\/cordoba.salesianos.edu\/colegio\/?page_id=5048"},"modified":"2025-01-24T11:14:32","modified_gmt":"2025-01-24T10:14:32","slug":"educacion-secundaria","status":"publish","type":"page","link":"https:\/\/cordoba.salesianos.edu\/colegio\/educacion-secundaria\/","title":{"rendered":"Educaci\u00f3n Secundaria"},"content":{"rendered":"<p>[et_pb_section fb_built=\u00bb1&#8243; fullwidth=\u00bbon\u00bb _builder_version=\u00bb4.16&#8243; global_colors_info=\u00bb{}\u00bb][et_pb_fullwidth_header title=\u00bbE.S.O.\u00bb title_font_color=\u00bb#ffffff\u00bb module_class=\u00bbpagina-imagen-cabecera\u00bb _builder_version=\u00bb4.16&#8243; title_text_color=\u00bb#ffffff\u00bb title_font_size=\u00bb40px\u00bb background_color=\u00bbrgba(255,255,255,0)\u00bb background_image=\u00bbhttps:\/\/cordoba.salesianos.edu\/colegio\/wp-content\/uploads\/sites\/2\/2021\/05\/IMG-20210506-WA0015.jpg\u00bb background_size=\u00bbinitial\u00bb background_url=\u00bbhttps:\/\/cordoba.salesianos.edu\/colegio\/wp-content\/uploads\/sites\/2\/2020\/10\/Captura-de-pantalla-2017-03-21-a-las-17.25.56.png\u00bb global_colors_info=\u00bb{}\u00bb button_one_text_size__hover_enabled=\u00bboff\u00bb button_two_text_size__hover_enabled=\u00bboff\u00bb button_one_text_color__hover_enabled=\u00bboff\u00bb button_two_text_color__hover_enabled=\u00bboff\u00bb button_one_border_width__hover_enabled=\u00bboff\u00bb button_two_border_width__hover_enabled=\u00bboff\u00bb button_one_border_color__hover_enabled=\u00bboff\u00bb button_two_border_color__hover_enabled=\u00bboff\u00bb button_one_border_radius__hover_enabled=\u00bboff\u00bb button_two_border_radius__hover_enabled=\u00bboff\u00bb button_one_letter_spacing__hover_enabled=\u00bboff\u00bb button_two_letter_spacing__hover_enabled=\u00bboff\u00bb button_one_bg_color__hover_enabled=\u00bboff\u00bb button_two_bg_color__hover_enabled=\u00bboff\u00bb][\/et_pb_fullwidth_header][\/et_pb_section][et_pb_section fb_built=\u00bb1&#8243; module_class=\u00bbpagina-seccion-contenido\u00bb _builder_version=\u00bb4.16&#8243; custom_padding=\u00bb0%|||\u00bb global_colors_info=\u00bb{}\u00bb][et_pb_row column_structure=\u00bb2_3,1_3&#8243; module_class=\u00bbpagina-texto\u00bb _builder_version=\u00bb4.16&#8243; background_size=\u00bbinitial\u00bb background_position=\u00bbtop_left\u00bb background_repeat=\u00bbrepeat\u00bb custom_margin=\u00bb25px|||\u00bb custom_padding=\u00bb25px||23px|\u00bb global_colors_info=\u00bb{}\u00bb][et_pb_column type=\u00bb2_3&#8243; _builder_version=\u00bb4.16&#8243; custom_padding=\u00bb|||\u00bb global_colors_info=\u00bb{}\u00bb custom_padding__hover=\u00bb|||\u00bb][et_pb_text _builder_version=\u00bb4.16&#8243; background_size=\u00bbinitial\u00bb background_position=\u00bbtop_left\u00bb background_repeat=\u00bbrepeat\u00bb global_colors_info=\u00bb{}\u00bb]<\/p>\n<h1>Educaci\u00f3n Secundaria Obligatoria<\/h1>\n<p>[\/et_pb_text][et_pb_text _builder_version=\u00bb4.16&#8243; global_colors_info=\u00bb{}\u00bb]<\/p>\n<p class=\"Estilopredeterminado\"><span lang=\"ES\">La<span>\u00a0<\/span><strong>Educaci\u00f3n Secundaria Obligatoria\u00a0<\/strong>es una etapa educativa obligatoria que abarca<span>\u00a0<\/span><strong>desde los 12 hasta los 16 a\u00f1os<\/strong>.<\/span><\/p>\n<p class=\"Estilopredeterminado\"><span lang=\"ES\">Se compone de<span>\u00a0<\/span><strong>cuatro cursos<\/strong><span>\u00a0<\/span>en los que el alumno recibir\u00e1 una formaci\u00f3n integral desarrollando conocimientos, habilidades y competencias que le ser\u00e1n imprescindibles para su futuro acad\u00e9mico.<\/span><\/p>\n<p class=\"Estilopredeterminado\"><span lang=\"ES\">Al final de la etapa, el alumnado estar\u00e1 en disposici\u00f3n del<span>\u00a0<\/span><strong>t\u00edtulo de la E.S.O.<\/strong>, que le permitir\u00e1 acceder a<span>\u00a0<\/span><strong>estudios post-obligatorios<\/strong><span>\u00a0<\/span>(<span style=\"color: #e02b20;\">Bachillerato\u00a0y Ciclos de grado de medio de Formaci\u00f3n Profesional<\/span>).<\/span><\/p>\n<p class=\"Estilopredeterminado\"><span style=\"color: #dc001b; font-family: Arial, Helvetica, Arial, Lucida, sans-serif; font-size: 18px; font-weight: bold;\">\u00bfC\u00f3mo ayudamos a nuestro alumnado a conseguirlo?\u00a0<\/span><\/p>\n<p>Para que nuestros alumnos y alumnas alcancen sus objetivos formativos:<\/p>\n<ul>\n<li>Trabajamos por una <strong>convivencia sana<\/strong> en el aula y en el centro escolar como elemento imprescindible para favorecer los procesos de ense\u00f1anza y aprendizaje.<\/li>\n<li><strong>Acompa\u00f1amos<\/strong> individualmente a cada alumno en una etapa tan decisiva para su crecimiento como persona.<\/li>\n<li>Privilegiamos la <strong>comunicaci\u00f3n<\/strong> entre la familia y el colegio como elemento clave para el acompa\u00f1amiento acad\u00e9mico y personal de los alumnos.<\/li>\n<li>Favorecemos el <strong>pensamiento cr\u00edtico<\/strong> y la <strong>reflexi\u00f3n<\/strong> partiendo del estudio y del conocimiento de la realidad.<\/li>\n<li>Aplicamos las nuevas tecnolog\u00edas en el trabajo diario de clase gracias a las <strong>herramientas educativas de Google.<\/strong><\/li>\n<\/ul>\n<h2>\u00bfQu\u00e9 nos diferencia de otras propuestas educativas?<\/h2>\n<p>Salesianos es una apuesta segura. Nos avala la experiencia de <strong>m\u00e1s de cien a\u00f1os trabajando por y para los j\u00f3venes<\/strong> y las l\u00edneas pedag\u00f3gicas del Sistema Preventivo de nuestro fundador, Don Bosco. El estilo educativo salesiano est\u00e1 presente en todas las realidades de nuestras casas y, de forma particular, en el ambiente escuela.<\/p>\n<p>El<span>\u00a0<\/span><a href=\"https:\/\/cordoba.salesianos.edu\/colegio\/sistema-preventivo\/\">Sistema Preventivo<\/a><span>\u00a0<\/span>de<span>\u00a0<\/span><strong>Don Bosco<\/strong><span>\u00a0<\/span>est\u00e1 presente en todas nuestras actividades educativas, l\u00fadicas y extraescolares de diversas maneras:<\/p>\n<ul style=\"text-align: justify;\">\n<ul style=\"text-align: justify;\">\n<ul>\n<li><strong><span style=\"font-size: 14px; background-color: #ffffff;\">La\u00a0<\/span>Pedagog\u00eda de la Bondad<\/strong>: la base del Sistema Educativo de Don Bosco radica en la capacidad de prevenir, no como una evasi\u00f3n de las dificultades que la vida depara a cada persona sino como una preparaci\u00f3n para enfrentarse a ellas.<\/li>\n<li><strong>La Pedagog\u00eda de la Responsabilidad<\/strong>, del \u201cvoy yo\u201d, de la iniciativa que nos ayuda a crecer como persona y como grupo.<\/li>\n<li><strong>El crecimiento en la Fe cristiana<\/strong>:<span>\u00a0<\/span><em>\u201cEducar evangelizando y evangelizar educando\u201d<\/em><span>\u00a0<\/span>para un arm\u00f3nico desarrollo humano y cristiano.<\/li>\n<li>La <strong>educaci\u00f3n en valores cristianos desde el estilo salesiano<\/strong>, especialmente la alegr\u00eda, la<br \/>honradez, la cercan\u00eda y la caridad con los m\u00e1s necesitados.<\/li>\n<\/ul>\n<\/ul>\n<\/ul>\n<p>[\/et_pb_text][et_pb_testimonial url=\u00bbhttp:\/\/natalia.molina@salesianos.edu\u00bb portrait_url=\u00bbhttps:\/\/cordoba.salesianos.edu\/colegio\/wp-content\/uploads\/sites\/2\/2021\/04\/PRF_9921-e1617359589517.jpg\u00bb _builder_version=\u00bb4.16&#8243; background_size=\u00bbinitial\u00bb background_position=\u00bbtop_left\u00bb background_repeat=\u00bbrepeat\u00bb text_orientation=\u00bbjustified\u00bb custom_margin=\u00bb35px|||\u00bb box_shadow_style=\u00bbpreset3&#8243; global_colors_info=\u00bb{}\u00bb]<\/p>\n<p><strong>Presentaci\u00f3n de la subdirecci\u00f3n<\/strong><\/p>\n<p>\u00a0\u00a1Hola a todos!<\/p>\n<p>Me llamo David Gonz\u00e1lez Arag\u00f3n y desde el curso 2016-17 desempe\u00f1o las labores propias de la subdirecci\u00f3n de las etapas de ESO y Bachillerato de Salesianos C\u00f3rdoba.<\/p>\n<p>La educaci\u00f3n es una tarea hermosa y compleja que nos pide que colegio y casa vayamos de la mano con el \u00fanico fin de acompa\u00f1ar a sus hijos, nuestros alumnos, en su crecimiento y en su formaci\u00f3n. En ese sentido, los cuatro a\u00f1os de la Secundaria obligatoria son claves para su desarrollo como personas y como miembros de la sociedad. Don Bosco as\u00ed lo percibi\u00f3 cuando hace ya m\u00e1s de 150 a\u00f1os dio respuesta a lo que los j\u00f3venes del Tur\u00edn de su tiempo demandaban, y por eso promovi\u00f3 que esos muchachos estuvieran rodeados de personas que, desde la exigencia cari\u00f1osa salesiana, los escuchen, los acompa\u00f1en y los preparen para enfrentarse a su propio futuro. Los j\u00f3venes de hoy, como los de entonces, tambi\u00e9n reclaman nuestro tiempo y nuestras mejores cualidades para orientarlos en un mundo en continuo cambio. No puedo m\u00e1s que considerarme afortunado por formar parte de la historia de nuestros alumnos y sus familias, y poder caminar con ellos y ayudarles en lo que est\u00e9 en mi mano. Que nuestro querido y admirado Don Bosco nos inspire en esta tarea.<\/p>\n<p><strong>David Gonz\u00e1lez Arag\u00f3n.<\/strong><span style=\"font-size: 14px;\">\u00a0<\/span><\/p>\n<p>[\/et_pb_testimonial][et_pb_text module_class=\u00bbpagina-texto-light\u00bb _builder_version=\u00bb4.16&#8243; text_font=\u00bbLato|300|||||||\u00bb text_text_color=\u00bb#dc001b\u00bb text_font_size=\u00bb29px\u00bb header_font=\u00bb||||||||\u00bb custom_margin=\u00bb50px|||\u00bb custom_padding=\u00bb||10px|\u00bb global_colors_info=\u00bb{}\u00bb]Para saber m\u00e1s sobre&#8230;<br \/>\n[\/et_pb_text][et_pb_tabs _builder_version=\u00bb4.16&#8243; body_font=\u00bb||||||||\u00bb body_text_align=\u00bbjustify\u00bb body_line_height=\u00bb1.3em\u00bb tab_font=\u00bb||||||||\u00bb custom_padding=\u00bb||32px|||\u00bb global_colors_info=\u00bb{}\u00bb][et_pb_tab title=\u00bbOrganizaci\u00f3n de la etapa\u00bb _builder_version=\u00bb4.16&#8243; global_colors_info=\u00bb{}\u00bb]<\/p>\n<p>En la etapa de ESO contamos con una subdirecci\u00f3n, que desarrolla las labores propias de jefatura de estudios y direcci\u00f3n pedag\u00f3gica, y dos coordinaciones de ciclo, que acompa\u00f1an la labor de los tutores y la gesti\u00f3n de la convivencia.<\/p>\n<p>El equipo docente, formado por unas 30 personas, se organiza en Seminarios did\u00e1cticos con el fin de aunar criterios en los procesos de ense\u00f1anza y aprendizaje y en la evaluaci\u00f3n.<\/p>\n<p>Contamos tambi\u00e9n con un responsable de pastoral para la etapa, que coordina las actividades religiosas y pastorales, y un coordinador TIC para la gesti\u00f3n de equipos inform\u00e1ticos, acceso a red\u2026<\/p>\n<p>[\/et_pb_tab][et_pb_tab title=\u00bbInstalaciones de la etapa\u00bb _builder_version=\u00bb4.16&#8243; global_colors_info=\u00bb{}\u00bb]<\/p>\n<p>La ESO cuenta con 12 aulas, sala de inform\u00e1tica, aula de apoyo, taller de tecnolog\u00eda y laboratorio de ciencias, adem\u00e1s de la sala de profesores y los despachos de subdirecci\u00f3n y coordinaci\u00f3n. Hay tambi\u00e9n unos aseos de uso exclusivo de la etapa.<\/p>\n<p>Los alumnos de esta etapa tambi\u00e9n utilizan otras instalaciones que comparten con el resto del colegio: sala de audiovisuales, teatro, iglesia, cafeter\u00eda, comedor, polideportivo, pistas deportivas cubiertas, pistas de baloncesto, f\u00fatbol-sala y p\u00e1del as\u00ed como un campo f\u00fatbol de c\u00e9sped artificial.<\/p>\n<p>[\/et_pb_tab][et_pb_tab title=\u00bbAtenci\u00f3n a la diversidad\u00bb _builder_version=\u00bb4.16&#8243; tab_font=\u00bb||||||||\u00bb global_colors_info=\u00bb{}\u00bb]<\/p>\n<p>Salesianos C\u00f3rdoba es un espacio abierto, donde tiene cabida todo el mundo y donde la diversidad es una riqueza.<\/p>\n<p>Atendemos las situaciones particulares de los alumnos desde la labor de cada docente y en coordinaci\u00f3n con los tutores y el Equipo de orientaci\u00f3n escolar del centro. Este equipo cuenta con una orientadora propia para la etapa de ESO y un profesor de apoyo.<\/p>\n<p>En el Plan de Acci\u00f3n Tutorial, dise\u00f1ado por el propio centro, se trabajan tanto aspectos acad\u00e9micos (t\u00e9cnicas de concentraci\u00f3n y estudio, pautas de organizaci\u00f3n, orientaci\u00f3n acad\u00e9mica y profesional\u2026) como formativos (educaci\u00f3n afectivo-sexual, resoluci\u00f3n de conflictos, prevenci\u00f3n de adicciones, redes sociales\u2026).<\/p>\n<p>[\/et_pb_tab][et_pb_tab title=\u00bbApuesta por los idiomas\u00bb _builder_version=\u00bb4.16&#8243; global_colors_info=\u00bb{}\u00bb]<\/p>\n<p>La optatividad ofertada por el centro est\u00e1 orientada con el fin de procurar el mayor n\u00famero de horas posibles de ingl\u00e9s y franc\u00e9s, asegurando el desarrollo de las cuatro destrezas ling\u00fc\u00edsticas (writing, reading, listening, speaking).<\/p>\n<p>[\/et_pb_tab][et_pb_tab title=\u00bbFamilias\u00bb _builder_version=\u00bb4.16&#8243; global_colors_info=\u00bb{}\u00bb]<\/p>\n<p>Somos un colegio abierto a la comunidad, tanto a las familias como a nuestro entorno social e instituciones.<\/p>\n<p>Nos reunimos grupalmente con las familias al menos en dos ocasiones al a\u00f1o para informar sobre la realidad del centro y la marcha del curso, as\u00ed como cada vez que lo solicitan en\u00a0<span style=\"font-size: 14px;\">entrevistas individuales. <\/span><\/p>\n<p><span style=\"font-size: 14px;\">Se informa de la marcha acad\u00e9mica hasta cinco veces a lo largo del\u00a0<\/span>curso. La realidad de nuestra casa es muy rica y animamos a las familias a hacerse part\u00edcipes de la misma a trav\u00e9s de numerosas actividades y fiestas (Bel\u00e9n viviente, museo de cera, verbenas de Mar\u00eda Auxiliadora, Carrera popular\u2026).<\/p>\n<p>Contamos con la plataforma Qualitas Escuela Familia como un instrumento \u00e1gil, r\u00e1pido y efectivo que permite la comunicaci\u00f3n directa entre colegio y casa.<\/p>\n<p>[\/et_pb_tab][\/et_pb_tabs][\/et_pb_column][et_pb_column type=\u00bb1_3&#8243; _builder_version=\u00bb4.16&#8243; custom_padding=\u00bb|||\u00bb global_colors_info=\u00bb{}\u00bb custom_padding__hover=\u00bb|||\u00bb][et_pb_text module_class=\u00bbpagina-texto-light\u00bb _builder_version=\u00bb4.16&#8243; text_font=\u00bbLato|300|||||||\u00bb text_text_color=\u00bb#dc001b\u00bb text_font_size=\u00bb28px\u00bb custom_margin=\u00bb|||\u00bb custom_padding=\u00bb||10px|\u00bb global_colors_info=\u00bb{}\u00bb]Te ofrecemos&#8230;<br \/>\n[\/et_pb_text][et_pb_button button_url=\u00bb@ET-DC@eyJkeW5hbWljIjp0cnVlLCJjb250ZW50IjoicG9zdF9saW5rX3VybF9wYWdlIiwic2V0dGluZ3MiOnsicG9zdF9pZCI6IjQ5MTIifX0=@\u00bb url_new_window=\u00bbon\u00bb button_text=\u00bbPlataforma Qe\u00bb _builder_version=\u00bb4.16&#8243; _dynamic_attributes=\u00bbbutton_url\u00bb custom_button=\u00bbon\u00bb button_text_color=\u00bb#ffffff\u00bb button_bg_color=\u00bb#dc001b\u00bb button_border_width=\u00bb0px\u00bb button_border_radius=\u00bb6px\u00bb button_font=\u00bb||||||||\u00bb global_colors_info=\u00bb{}\u00bb button_text_size__hover_enabled=\u00bboff\u00bb button_one_text_size__hover_enabled=\u00bboff\u00bb button_two_text_size__hover_enabled=\u00bboff\u00bb button_text_color__hover_enabled=\u00bboff\u00bb button_one_text_color__hover_enabled=\u00bboff\u00bb button_two_text_color__hover_enabled=\u00bboff\u00bb button_border_width__hover_enabled=\u00bboff\u00bb button_one_border_width__hover_enabled=\u00bboff\u00bb button_two_border_width__hover_enabled=\u00bboff\u00bb button_border_color__hover_enabled=\u00bboff\u00bb button_one_border_color__hover_enabled=\u00bboff\u00bb button_two_border_color__hover_enabled=\u00bboff\u00bb button_border_radius__hover_enabled=\u00bboff\u00bb button_one_border_radius__hover_enabled=\u00bboff\u00bb button_two_border_radius__hover_enabled=\u00bboff\u00bb button_letter_spacing__hover_enabled=\u00bboff\u00bb button_one_letter_spacing__hover_enabled=\u00bboff\u00bb button_two_letter_spacing__hover_enabled=\u00bboff\u00bb button_bg_color__hover_enabled=\u00bboff\u00bb button_one_bg_color__hover_enabled=\u00bboff\u00bb button_two_bg_color__hover_enabled=\u00bboff\u00bb][\/et_pb_button][et_pb_button button_url=\u00bb@ET-DC@eyJkeW5hbWljIjp0cnVlLCJjb250ZW50IjoicG9zdF9saW5rX3VybF9wYWdlIiwic2V0dGluZ3MiOnsicG9zdF9pZCI6IjQ4OTYifX0=@\u00bb url_new_window=\u00bbon\u00bb button_text=\u00bbServicio de comedor\u00bb _builder_version=\u00bb4.16&#8243; _dynamic_attributes=\u00bbbutton_url\u00bb custom_button=\u00bbon\u00bb button_text_color=\u00bb#ffffff\u00bb button_bg_color=\u00bb#dc001b\u00bb button_border_width=\u00bb0px\u00bb button_border_radius=\u00bb6px\u00bb button_font=\u00bb||||||||\u00bb global_colors_info=\u00bb{}\u00bb button_text_size__hover_enabled=\u00bboff\u00bb button_one_text_size__hover_enabled=\u00bboff\u00bb button_two_text_size__hover_enabled=\u00bboff\u00bb button_text_color__hover_enabled=\u00bboff\u00bb button_one_text_color__hover_enabled=\u00bboff\u00bb button_two_text_color__hover_enabled=\u00bboff\u00bb button_border_width__hover_enabled=\u00bboff\u00bb button_one_border_width__hover_enabled=\u00bboff\u00bb button_two_border_width__hover_enabled=\u00bboff\u00bb button_border_color__hover_enabled=\u00bboff\u00bb button_one_border_color__hover_enabled=\u00bboff\u00bb button_two_border_color__hover_enabled=\u00bboff\u00bb button_border_radius__hover_enabled=\u00bboff\u00bb button_one_border_radius__hover_enabled=\u00bboff\u00bb button_two_border_radius__hover_enabled=\u00bboff\u00bb button_letter_spacing__hover_enabled=\u00bboff\u00bb button_one_letter_spacing__hover_enabled=\u00bboff\u00bb button_two_letter_spacing__hover_enabled=\u00bboff\u00bb button_bg_color__hover_enabled=\u00bboff\u00bb button_one_bg_color__hover_enabled=\u00bboff\u00bb button_two_bg_color__hover_enabled=\u00bboff\u00bb][\/et_pb_button][et_pb_button button_url=\u00bb@ET-DC@eyJkeW5hbWljIjp0cnVlLCJjb250ZW50IjoicG9zdF9saW5rX3VybF9wYWdlIiwic2V0dGluZ3MiOnsicG9zdF9pZCI6IjQ5MjAifX0=@\u00bb url_new_window=\u00bbon\u00bb button_text=\u00bbSeguro escolar\u00bb _builder_version=\u00bb4.16&#8243; _dynamic_attributes=\u00bbbutton_url\u00bb custom_button=\u00bbon\u00bb button_text_color=\u00bb#ffffff\u00bb button_bg_color=\u00bb#dc001b\u00bb button_border_width=\u00bb0px\u00bb button_border_radius=\u00bb6px\u00bb button_font=\u00bb||||||||\u00bb global_colors_info=\u00bb{}\u00bb button_text_size__hover_enabled=\u00bboff\u00bb button_one_text_size__hover_enabled=\u00bboff\u00bb button_two_text_size__hover_enabled=\u00bboff\u00bb button_text_color__hover_enabled=\u00bboff\u00bb button_one_text_color__hover_enabled=\u00bboff\u00bb button_two_text_color__hover_enabled=\u00bboff\u00bb button_border_width__hover_enabled=\u00bboff\u00bb button_one_border_width__hover_enabled=\u00bboff\u00bb button_two_border_width__hover_enabled=\u00bboff\u00bb button_border_color__hover_enabled=\u00bboff\u00bb button_one_border_color__hover_enabled=\u00bboff\u00bb button_two_border_color__hover_enabled=\u00bboff\u00bb button_border_radius__hover_enabled=\u00bboff\u00bb button_one_border_radius__hover_enabled=\u00bboff\u00bb button_two_border_radius__hover_enabled=\u00bboff\u00bb button_letter_spacing__hover_enabled=\u00bboff\u00bb button_one_letter_spacing__hover_enabled=\u00bboff\u00bb button_two_letter_spacing__hover_enabled=\u00bboff\u00bb button_bg_color__hover_enabled=\u00bboff\u00bb button_one_bg_color__hover_enabled=\u00bboff\u00bb button_two_bg_color__hover_enabled=\u00bboff\u00bb][\/et_pb_button][et_pb_button button_url=\u00bb@ET-DC@eyJkeW5hbWljIjp0cnVlLCJjb250ZW50IjoicG9zdF9saW5rX3VybF9wYWdlIiwic2V0dGluZ3MiOnsicG9zdF9pZCI6IjQ4MDYifX0=@\u00bb button_text=\u00bbDepartamento de Orientaci\u00f3n\u00bb _builder_version=\u00bb4.16&#8243; _dynamic_attributes=\u00bbbutton_url\u00bb custom_button=\u00bbon\u00bb button_text_color=\u00bb#ffffff\u00bb button_bg_color=\u00bb#dc001b\u00bb button_border_width=\u00bb0px\u00bb button_border_radius=\u00bb6px\u00bb button_font=\u00bb||||||||\u00bb global_colors_info=\u00bb{}\u00bb button_text_size__hover_enabled=\u00bboff\u00bb button_one_text_size__hover_enabled=\u00bboff\u00bb button_two_text_size__hover_enabled=\u00bboff\u00bb button_text_color__hover_enabled=\u00bboff\u00bb button_one_text_color__hover_enabled=\u00bboff\u00bb button_two_text_color__hover_enabled=\u00bboff\u00bb button_border_width__hover_enabled=\u00bboff\u00bb button_one_border_width__hover_enabled=\u00bboff\u00bb button_two_border_width__hover_enabled=\u00bboff\u00bb button_border_color__hover_enabled=\u00bboff\u00bb button_one_border_color__hover_enabled=\u00bboff\u00bb button_two_border_color__hover_enabled=\u00bboff\u00bb button_border_radius__hover_enabled=\u00bboff\u00bb button_one_border_radius__hover_enabled=\u00bboff\u00bb button_two_border_radius__hover_enabled=\u00bboff\u00bb button_letter_spacing__hover_enabled=\u00bboff\u00bb button_one_letter_spacing__hover_enabled=\u00bboff\u00bb button_two_letter_spacing__hover_enabled=\u00bboff\u00bb button_bg_color__hover_enabled=\u00bboff\u00bb button_one_bg_color__hover_enabled=\u00bboff\u00bb button_two_bg_color__hover_enabled=\u00bboff\u00bb][\/et_pb_button][et_pb_button button_url=\u00bb@ET-DC@eyJkeW5hbWljIjp0cnVlLCJjb250ZW50IjoicG9zdF9saW5rX3VybF9wYWdlIiwic2V0dGluZ3MiOnsicG9zdF9pZCI6IjUzNTgifX0=@\u00bb url_new_window=\u00bbon\u00bb button_text=\u00bbActividades de tarde\u00bb _builder_version=\u00bb4.16&#8243; _dynamic_attributes=\u00bbbutton_url\u00bb custom_button=\u00bbon\u00bb button_text_color=\u00bb#ffffff\u00bb button_bg_color=\u00bb#dc001b\u00bb button_border_width=\u00bb0px\u00bb button_border_radius=\u00bb6px\u00bb button_font=\u00bb||||||||\u00bb global_colors_info=\u00bb{}\u00bb button_text_size__hover_enabled=\u00bboff\u00bb button_one_text_size__hover_enabled=\u00bboff\u00bb button_two_text_size__hover_enabled=\u00bboff\u00bb button_text_color__hover_enabled=\u00bboff\u00bb button_one_text_color__hover_enabled=\u00bboff\u00bb button_two_text_color__hover_enabled=\u00bboff\u00bb button_border_width__hover_enabled=\u00bboff\u00bb button_one_border_width__hover_enabled=\u00bboff\u00bb button_two_border_width__hover_enabled=\u00bboff\u00bb button_border_color__hover_enabled=\u00bboff\u00bb button_one_border_color__hover_enabled=\u00bboff\u00bb button_two_border_color__hover_enabled=\u00bboff\u00bb button_border_radius__hover_enabled=\u00bboff\u00bb button_one_border_radius__hover_enabled=\u00bboff\u00bb button_two_border_radius__hover_enabled=\u00bboff\u00bb button_letter_spacing__hover_enabled=\u00bboff\u00bb button_one_letter_spacing__hover_enabled=\u00bboff\u00bb button_two_letter_spacing__hover_enabled=\u00bboff\u00bb button_bg_color__hover_enabled=\u00bboff\u00bb button_one_bg_color__hover_enabled=\u00bboff\u00bb button_two_bg_color__hover_enabled=\u00bboff\u00bb][\/et_pb_button][et_pb_button button_url=\u00bb@ET-DC@eyJkeW5hbWljIjp0cnVlLCJjb250ZW50IjoicG9zdF9saW5rX3VybF9wYWdlIiwic2V0dGluZ3MiOnsicG9zdF9pZCI6IjQ5MjcifX0=@\u00bb url_new_window=\u00bbon\u00bb button_text=\u00bbUniforme escolar\u00bb _builder_version=\u00bb4.16&#8243; _dynamic_attributes=\u00bbbutton_url\u00bb custom_button=\u00bbon\u00bb button_text_color=\u00bb#ffffff\u00bb button_bg_color=\u00bb#dc001b\u00bb button_border_width=\u00bb0px\u00bb button_border_radius=\u00bb6px\u00bb button_font=\u00bb||||||||\u00bb global_colors_info=\u00bb{}\u00bb button_text_size__hover_enabled=\u00bboff\u00bb button_one_text_size__hover_enabled=\u00bboff\u00bb button_two_text_size__hover_enabled=\u00bboff\u00bb button_text_color__hover_enabled=\u00bboff\u00bb button_one_text_color__hover_enabled=\u00bboff\u00bb button_two_text_color__hover_enabled=\u00bboff\u00bb button_border_width__hover_enabled=\u00bboff\u00bb button_one_border_width__hover_enabled=\u00bboff\u00bb button_two_border_width__hover_enabled=\u00bboff\u00bb button_border_color__hover_enabled=\u00bboff\u00bb button_one_border_color__hover_enabled=\u00bboff\u00bb button_two_border_color__hover_enabled=\u00bboff\u00bb button_border_radius__hover_enabled=\u00bboff\u00bb button_one_border_radius__hover_enabled=\u00bboff\u00bb button_two_border_radius__hover_enabled=\u00bboff\u00bb button_letter_spacing__hover_enabled=\u00bboff\u00bb button_one_letter_spacing__hover_enabled=\u00bboff\u00bb button_two_letter_spacing__hover_enabled=\u00bboff\u00bb button_bg_color__hover_enabled=\u00bboff\u00bb button_one_bg_color__hover_enabled=\u00bboff\u00bb button_two_bg_color__hover_enabled=\u00bboff\u00bb][\/et_pb_button][et_pb_divider show_divider=\u00bboff\u00bb _builder_version=\u00bb4.16&#8243; global_colors_info=\u00bb{}\u00bb][\/et_pb_divider][et_pb_blurb title=\u00bbEquipo docente\u00bb url=\u00bbhttps:\/\/cordoba.salesianos.edu\/colegio\/personal-eso\/\u00bb use_icon=\u00bbon\u00bb font_icon=\u00bb&#xe08b;||divi||400&#8243; icon_placement=\u00bbleft\u00bb image_icon_width=\u00bb46px\u00bb _builder_version=\u00bb4.22.1&#8243; header_font_size=\u00bb24px\u00bb body_font=\u00bb||||||||\u00bb body_line_height=\u00bb1.3em\u00bb custom_margin=\u00bb||20px|\u00bb custom_padding=\u00bb|||\u00bb animation_style=\u00bbslide\u00bb animation_direction=\u00bbright\u00bb animation_duration=\u00bb900ms\u00bb animation_delay=\u00bb300ms\u00bb animation=\u00bboff\u00bb link_option_url=\u00bbhttps:\/\/cordoba.salesianos.edu\/colegio\/personal-eso\/\u00bb icon_font_size=\u00bb46px\u00bb global_colors_info=\u00bb{}\u00bb]<\/p>\n<p>Conoce al equipo de profesores de la etapa de Secundaria.<\/p>\n<p>[\/et_pb_blurb][et_pb_image src=\u00bbhttps:\/\/cordoba.salesianos.edu\/colegio\/wp-content\/uploads\/sites\/2\/2024\/01\/CLAUSTRO-SECUNDARIA.-CURSO-23-24-scaled.jpg\u00bb title_text=\u00bbCLAUSTRO SECUNDARIA. CURSO 23-24&#8243; _builder_version=\u00bb4.23.1&#8243; _module_preset=\u00bbdefault\u00bb global_colors_info=\u00bb{}\u00bb][\/et_pb_image][\/et_pb_column][\/et_pb_row][et_pb_row disabled_on=\u00bbon|on|on\u00bb admin_label=\u00bbPREGUNTAS FRECUNTES\u00bb _builder_version=\u00bb4.16&#8243; custom_margin=\u00bb0px|||\u00bb custom_padding=\u00bb0px|0px|23.96875px|0px\u00bb disabled=\u00bbon\u00bb global_colors_info=\u00bb{}\u00bb][et_pb_column type=\u00bb4_4&#8243; _builder_version=\u00bb4.16&#8243; custom_padding=\u00bb|||\u00bb global_colors_info=\u00bb{}\u00bb custom_padding__hover=\u00bb|||\u00bb][et_pb_text _builder_version=\u00bb4.16&#8243; text_font=\u00bb||||\u00bb text_font_size=\u00bb21px\u00bb header_font=\u00bb||||\u00bb header_font_size=\u00bb44px\u00bb background_color=\u00bb#dc001b\u00bb background_layout=\u00bbdark\u00bb custom_margin=\u00bb25px|||\u00bb custom_padding=\u00bb20px||10px|20px\u00bb global_colors_info=\u00bb{}\u00bb]<\/p>\n<h2>PREGUNTAS FRECUENTES<\/h2>\n<p>[\/et_pb_text][et_pb_accordion open_toggle_text_color=\u00bb#dc001b\u00bb closed_toggle_text_color=\u00bb#dc001b\u00bb _builder_version=\u00bb4.16&#8243; toggle_text_color=\u00bb#dc001b\u00bb toggle_font=\u00bb||||||||\u00bb toggle_font_size=\u00bb17px\u00bb body_font=\u00bb||||||||\u00bb body_text_align=\u00bbjustify\u00bb border_width_all=\u00bb0px\u00bb border_color_all=\u00bb#e5e5e5&#8243; border_style_all=\u00bbsolid\u00bb use_border_color=\u00bbon\u00bb border_color=\u00bb#e5e5e5&#8243; border_width=\u00bb0px\u00bb global_colors_info=\u00bb{}\u00bb][et_pb_accordion_item title=\u00bb\u00bfQu\u00e9 puede llevar mi hijo\/-a para almorzar?\u00bb open=\u00bbon\u00bb _builder_version=\u00bb4.16&#8243; global_colors_info=\u00bb{}\u00bb]<\/p>\n<p><strong>Almuerzos sanos y variados<\/strong>, tales como frutas y peque\u00f1os bocadillos.\u00a0<strong>Evitaremos zumos y batidos<\/strong> por su alto contenido en az\u00facar. En su lugar pueden sacar su <strong>botella de agua<\/strong> para beber durante el almuerzo. Los <strong>viernes es el d\u00eda de la fruta<\/strong> por lo que todos traeremos <strong>fruta que ya hayan probado previamente en casa<\/strong>.<\/p>\n<p>Recomendamos utilizar <strong>cantimploras y botellas de agua reutilizables<\/strong>. Para transportar el almuerzo pueden llevar bolsas de tela, t\u00e1peres, envoltorios de tela reutilizables para el bocata&#8230; de esta manera evitaremos el papel de aluminio y pl\u00e1sticos de un solo uso.<\/p>\n<p>Con sencillas medidas como estas, <strong>estaremos ayudando a preservar el planeta<\/strong> que heredar\u00e1n el d\u00eda de ma\u00f1ana nuestros hijos e hijas, educ\u00e1ndoles con el ejemplo en el <strong>cuidado y respeto por el medio ambiente<\/strong>.<\/p>\n<p>[\/et_pb_accordion_item][et_pb_accordion_item title=\u00bb\u00bfCu\u00e1l es el horario de entradas y salidas?\u00bb _builder_version=\u00bb4.16&#8243; global_colors_info=\u00bb{}\u00bb open=\u00bboff\u00bb]<\/p>\n<p>Este curso 2020-2021, los alumnos y alumnas de Infantil\u00a0<strong>entrar\u00e1n y saldr\u00e1n por la puerta azul<\/strong>.<\/p>\n<blockquote>\n<p><em><a href=\"https:\/\/alicante.salesianos.edu\/colegio\/horarios\/#infantil\" title=\"Ver horarios\">Para ver los <strong>horarios de entradas y salidas<\/strong> pincha aqu\u00ed.<\/a><\/em><\/p>\n<\/blockquote>\n<p>[\/et_pb_accordion_item][et_pb_accordion_item title=\u00bb\u00bfQu\u00e9 pasa si llego tarde o me retraso?\u00bb _builder_version=\u00bb4.16&#8243; global_colors_info=\u00bb{}\u00bb open=\u00bboff\u00bb]<\/p>\n<ul>\n<li>Si llegas <strong>m\u00e1s tarde de las 9:10 h.<\/strong>\u00a0tendr\u00e1s que ir a recepci\u00f3n, donde a las <strong>9:30 h.<\/strong>\u00a0recoger\u00e1n a todos los que hayan llegado tarde para llevarlos a sus respectivas aulas.<\/li>\n<li>Si a la hora de recogerlo por la ma\u00f1ana llegas <strong>m\u00e1s tarde de las 13:05 h.<\/strong> tu hijo\/a entrar\u00e1 al comedor. Por tanto, tendr\u00e1s que <a href=\"https:\/\/alicante.salesianos.edu\/colegio\/comedor\/\">comprar un ticket<\/a> en recepci\u00f3n con fecha de ese d\u00eda y hac\u00e9rselo llegar al tutor\/a.<\/li>\n<li>Despu\u00e9s de comer, si llegas <strong>pasadas las 15:05 h.<\/strong>\u00a0tu hijo\/a no podr\u00e1 entrar al colegio.<\/li>\n<li>Si a la hora de recoger a tu hijo\/a por la tarde llegas <strong>pasadas las 17:00 h.<\/strong> tu hijo\/a entrar\u00e1 a la <a href=\"https:\/\/alicante.salesianos.edu\/colegio\/ludoteca\/\">ludoteca<\/a>, por lo que tendr\u00e1s que <a href=\"https:\/\/alicante.salesianos.edu\/colegio\/ludoteca\/\">abonar el servicio de ludoteca<\/a> de ese d\u00eda.<\/li>\n<\/ul>\n<p>[\/et_pb_accordion_item][et_pb_accordion_item title=\u00bb\u00bfPuedo dejar a mi hijo\/a en el colegio antes de las 9 h. o recogerlo despu\u00e9s de las 17 h.?\u00bb _builder_version=\u00bb4.16&#8243; global_colors_info=\u00bb{}\u00bb open=\u00bboff\u00bb]<\/p>\n<p><strong>S\u00ed.<\/strong> Contamos con un <strong>servicio de atenci\u00f3n matinal<\/strong> en la <strong><a href=\"https:\/\/alicante.salesianos.edu\/colegio\/ludoteca\/\">Ludoteca<\/a><\/strong>, en donde los ni\u00f1os\/as estar\u00e1n atendidos por una monitora <strong>de 7:30 a\u00a08:55 h.<\/strong>, momento en el cual ser\u00e1n llevados a su aula correspondiente. Este servicio tambi\u00e9n se ofrece por la tarde <strong>de 17:00 a 18:00 h.<\/strong><\/p>\n<p>Los ni\u00f1os\/as que utilicen estos servicios <strong>podran traer su desayuno\/merienda<\/strong> y tomarlo en el colegio, sin prisas y en un ambiente relajado.<\/p>\n<p><a href=\"https:\/\/alicante.salesianos.edu\/colegio\/ludoteca\/\" title=\"Sobre el servicio de Ludoteca\">Para m\u00e1s informaci\u00f3n sobre el servicio de Ludoteca pincha aqu\u00ed.<\/a><\/p>\n<p>[\/et_pb_accordion_item][et_pb_accordion_item title=\u00bb\u00bfPuedo llevar a mi hijo\/a al m\u00e9dico en horario escolar?\u00bb _builder_version=\u00bb4.16&#8243; global_colors_info=\u00bb{}\u00bb open=\u00bboff\u00bb]<strong>S\u00ed<\/strong>, se podr\u00e1 entrar y salir para ir al m\u00e9dico en el horario de patio de <strong>10:30 a 11:15 h.<\/strong> por la puerta del pabell\u00f3n de infantil, <strong>previo aviso al tutor\/a<\/strong>.<br \/>\n[\/et_pb_accordion_item][et_pb_accordion_item title=\u00bb\u00bfPuedo participar en las actividades del colegio?\u00bb _builder_version=\u00bb4.16&#8243; global_colors_info=\u00bb{}\u00bb open=\u00bboff\u00bb]<strong>S\u00ed.<\/strong> A lo largo del curso escolar se proponen muchos <strong>talleres y fiestas<\/strong> en donde <strong>los padres est\u00e1n invitados a participar<\/strong>, como por ejemplo la fiesta de Don Bosco, fiesta del agua, taller las profesiones, etc.<\/p>\n<p>Para nosotros,\u00a0<strong>la colaboraci\u00f3n de las familias es imprescindible<\/strong> por lo que promovemos y animamos actividades en las que podais participar de forma directa o inderecta en el aula.<br \/>\n[\/et_pb_accordion_item][et_pb_accordion_item title=\u00bb\u00bfLlevan uniforme? \u00bfD\u00f3nde se compra la equipaci\u00f3n deportiva del colegio?\u00bb _builder_version=\u00bb4.16&#8243; global_colors_info=\u00bb{}\u00bb open=\u00bboff\u00bb]<\/p>\n<p>Adem\u00e1s del <strong>babi<\/strong>, el \u00fanico uniforme obligatorio es la <strong>equipaci\u00f3n deportiva<\/strong>, la cual\u00a0<strong>se compra en <a href=\"https:\/\/www.elcorteingles.es\/uniformes\/alicante\/alicante\/don-bosco-salesianos\/\">El Corte Ingl\u00e9s<\/a><\/strong>\u00a0y consta de una <strong>camiseta<\/strong>, un <strong>ch\u00e1ndal<\/strong> para invierno y <strong>pantal\u00f3n corto<\/strong> para verano. Esta equipaci\u00f3n, adem\u00e1s de utilizarla para las clases de <strong>psicomotricidad<\/strong>, ser\u00e1 <strong>obligatoria en las salidas culturales<\/strong>.<\/p>\n<p><a href=\"https:\/\/alicante.salesianos.edu\/colegio\/uniforme\/\" title=\"Uniforme escolar\">Para m\u00e1s informaci\u00f3n sobre el baby y el uniforme deportivo pincha aqu\u00ed.<\/a><\/p>\n<p>[\/et_pb_accordion_item][et_pb_accordion_item title=\u00bb\u00bfY si tengo que darle alguna medicaci\u00f3n a mi hijo\/a? \u00bfC\u00f3mo puedo solicitar dieta blanda?\u00bb _builder_version=\u00bb4.16&#8243; global_colors_info=\u00bb{}\u00bb open=\u00bboff\u00bb]<\/p>\n<p>En nuestro centro contamos con un <a href=\"https:\/\/alicante.salesianos.edu\/colegio\/salud\/\" title=\"Sobre el Departamento de Salud\">Departamento de Salud<\/a> que atender\u00e1 este tipo de necesidades. Pincha <a href=\"https:\/\/alicante.salesianos.edu\/colegio\/salud\/\" title=\"Sobre el Departamento de Salud\">aqu\u00ed<\/a> para encontrar respuesta a esta y otras preguntas.<\/p>\n<p>[\/et_pb_accordion_item][et_pb_accordion_item title=\u00bb\u00bfQu\u00e9 actividades extraescolares y deportivas ofrece el centro?\u00bb _builder_version=\u00bb4.16&#8243; global_colors_info=\u00bb{}\u00bb open=\u00bboff\u00bb]<\/p>\n<p>En nuestro centro ofrecemos una amplia variedad de <a href=\"https:\/\/alicante.salesianos.edu\/colegio\/extraescolares\/\" title=\"M\u00e1s informaci\u00f3n sobre las actividades extraescolares\"><strong>actividades extraescolares<\/strong><\/a>. Tambi\u00e9n contamos un <strong><a href=\"https:\/\/alicante.salesianos.edu\/deporte\/club\/\" title=\"Conoce el Club Deportivo Salesianos Alicante\">Club Deportivo<\/a><\/strong> que ofrece <strong>actividades deportivas a partir de 4 a\u00f1os<\/strong>. Para m\u00e1s informaci\u00f3n pincha en cada uno de los enlaces.<\/p>\n<p>[\/et_pb_accordion_item][et_pb_accordion_item title=\u00bb\u00bfD\u00f3nde puedo comprar los libros y cu\u00e1les son?\u00bb _builder_version=\u00bb4.16&#8243; global_colors_info=\u00bb{}\u00bb open=\u00bboff\u00bb]<\/p>\n<p><em><a href=\"https:\/\/alicante.salesianos.edu\/colegio\/libros\/\" title=\"Libros de texto\">Para ver toda la informaci\u00f3n con respecto a los <strong>libros de texto<\/strong>\u00a0(puntos de venta, listados de libros, ISBN&#8230;) pincha aqu\u00ed.<\/a><\/em><\/p>\n<p>Si tu hijo\/a va a pasar a <strong>1\u00ba de Primaria<\/strong>, puedes acogerte al <strong><a href=\"https:\/\/alicante.salesianos.edu\/colegio\/banco-libros\/\" title=\"Banco de Libros\">Banco de Libros<\/a><\/strong>. <span>Se trata de un <strong>programa voluntario de reutilizaci\u00f3n, reposici\u00f3n y renovaci\u00f3n de libros de texto<\/strong> y material curricular p<\/span><span>ara las etapas de educaci\u00f3n obligatoria de <strong>Primaria y E.S.O<\/strong>.\u00a0<\/span><em><a href=\"https:\/\/alicante.salesianos.edu\/colegio\/banco-libros\/\" title=\"M\u00e1s informaci\u00f3n sobre el Banco de Libros\">Para m\u00e1s informaci\u00f3n sobre el Banco de Libros pincha aqu\u00ed.<\/a><\/em><\/p>\n<p>[\/et_pb_accordion_item][et_pb_accordion_item title=\u00bb\u00bfEl colegio participa en el Banco de Libros?\u00bb _builder_version=\u00bb4.16&#8243; global_colors_info=\u00bb{}\u00bb open=\u00bboff\u00bb]<\/p>\n<p>S\u00ed. Pero <strong>Infantil<\/strong>, al tratarse de una etapa educativa no obligatoria, <strong>no entra en el Banco de Libros<\/strong>.<\/p>\n<p><em><a href=\"https:\/\/alicante.salesianos.edu\/colegio\/banco-libros\/\" title=\"Banco de Libros\">Para m\u00e1s informaci\u00f3n sobre el Banco de Libros pincha aqu\u00ed.<\/a><\/em><\/p>\n<p>[\/et_pb_accordion_item][\/et_pb_accordion][et_pb_accordion open_toggle_text_color=\u00bb#dc001b\u00bb closed_toggle_text_color=\u00bb#dc001b\u00bb disabled_on=\u00bbon|on|on\u00bb _builder_version=\u00bb4.16&#8243; toggle_text_color=\u00bb#dc001b\u00bb toggle_font=\u00bb||||||||\u00bb toggle_font_size=\u00bb17px\u00bb body_font=\u00bb||||||||\u00bb body_text_align=\u00bbjustify\u00bb border_width_all=\u00bb0px\u00bb border_color_all=\u00bb#e5e5e5&#8243; border_style_all=\u00bbsolid\u00bb use_border_color=\u00bbon\u00bb border_color=\u00bb#e5e5e5&#8243; border_width=\u00bb0px\u00bb disabled=\u00bbon\u00bb global_colors_info=\u00bb{}\u00bb][et_pb_accordion_item title=\u00bb\u00bfQu\u00e9 puede llevar mi hijo\/-a para almorzar?\u00bb open=\u00bbon\u00bb _builder_version=\u00bb4.16&#8243; global_colors_info=\u00bb{}\u00bb]<\/p>\n<p><strong>Almuerzos sanos y variados<\/strong>, tales como frutas y peque\u00f1os bocadillos.\u00a0<strong>Evitaremos zumos y batidos<\/strong> por su alto contenido en az\u00facar. En su lugar pueden sacar su <strong>botella de agua<\/strong> para beber durante el almuerzo. Los <strong>viernes es el d\u00eda de la fruta<\/strong> por lo que todos traeremos <strong>fruta que ya hayan probado previamente en casa<\/strong>.<\/p>\n<p>Recomendamos utilizar <strong>cantimploras y botellas de agua reutilizables<\/strong>. Para transportar el almuerzo pueden llevar bolsas de tela, t\u00e1peres, envoltorios de tela reutilizables para el bocata&#8230; de esta manera evitaremos el papel de aluminio y pl\u00e1sticos de un solo uso.<\/p>\n<p>Con sencillas medidas como estas, <strong>estaremos ayudando a preservar el planeta<\/strong> que heredar\u00e1n el d\u00eda de ma\u00f1ana nuestros hijos e hijas, educ\u00e1ndoles con el ejemplo en el <strong>cuidado y respeto por el medio ambiente<\/strong>.<\/p>\n<p>[\/et_pb_accordion_item][et_pb_accordion_item title=\u00bb\u00bfCu\u00e1l es el horario de entradas y salidas?\u00bb _builder_version=\u00bb4.16&#8243; global_colors_info=\u00bb{}\u00bb open=\u00bboff\u00bb]<\/p>\n<p><strong>SEPTIEMBRE Y JUNIO<\/strong> \u00a0| De 9 a 13 h.<\/p>\n<p>La <strong>entrada<\/strong> ser\u00e1 por la puerta del pabell\u00f3n de infantil de<strong> 8:55 a 9:10 h<\/strong>.<\/p>\n<p>La <strong>salida<\/strong> ser\u00e1 por la puerta del pabell\u00f3n de infantil a las <strong>12:50 h<\/strong>. Las familias acceder\u00e1n directamente a las aulas por los pasillos del interior del edificio. No se podr\u00e1n utilizar las escaleras debido a que coincide con el momento de comedor.<\/p>\n<p><strong>OCTUBRE &#8211; MAYO<\/strong> \u00a0|\u00a0De 9 a 13 h. \u00a0y de 15 a 17 h.<\/p>\n<p>La <strong>entrada<\/strong> ser\u00e1 por la puerta del pabell\u00f3n de infantil de<strong> 8:55h a 9:10h<\/strong> y de <strong>15:00h a<\/strong>\u00a0 <strong>15:05h.<\/strong><\/p>\n<p>La <strong>salida<\/strong> ser\u00e1:<\/p>\n<ul>\n<li><strong>al mediod\u00eda<\/strong> por la puerta del pabell\u00f3n de infantil a las <strong>12:55 h.<\/strong><\/li>\n<li><strong>por la tarde<\/strong> en las respectivas aulas a partir de las <strong>16:50 h.<\/strong><\/li>\n<\/ul>\n<p>[\/et_pb_accordion_item][et_pb_accordion_item title=\u00bb\u00bfQu\u00e9 pasa si llego tarde o me retraso?\u00bb _builder_version=\u00bb4.16&#8243; global_colors_info=\u00bb{}\u00bb open=\u00bboff\u00bb]<\/p>\n<ul>\n<li>Si llegas <strong>m\u00e1s tarde de las 9:10 h.<\/strong>\u00a0tendr\u00e1s que ir a recepci\u00f3n, donde a las <strong>9:30 h.<\/strong>\u00a0recoger\u00e1n a todos los que hayan llegado tarde para llevarlos a sus respectivas aulas.<\/li>\n<li>Si a la hora de recogerlo por la ma\u00f1ana llegas <strong>m\u00e1s tarde de las 13:05 h.<\/strong> tu hijo\/a entrar\u00e1 al comedor. Por tanto, tendr\u00e1s que <a href=\"https:\/\/alicante.salesianos.edu\/colegio\/comedor\/\">comprar un ticket<\/a> en recepci\u00f3n con fecha de ese d\u00eda y hac\u00e9rselo llegar al tutor\/a.<\/li>\n<li>Despu\u00e9s de comer, si llegas <strong>pasadas las 15:05 h.<\/strong>\u00a0tu hijo\/a no podr\u00e1 entrar al colegio.<\/li>\n<li>Si a la hora de recoger a tu hijo\/a por la tarde llegas <strong>pasadas las 17:00 h.<\/strong> tu hijo\/a entrar\u00e1 a la <a href=\"https:\/\/alicante.salesianos.edu\/colegio\/ludoteca\/\">ludoteca<\/a>, por lo que tendr\u00e1s que <a href=\"https:\/\/alicante.salesianos.edu\/colegio\/ludoteca\/\">abonar el servicio de ludoteca<\/a> de ese d\u00eda.<\/li>\n<\/ul>\n<p>[\/et_pb_accordion_item][et_pb_accordion_item title=\u00bb\u00bfPuedo dejar a mi hijo\/a en el colegio antes de las 9 h. o recogerlo despu\u00e9s de las 17 h.?\u00bb _builder_version=\u00bb4.16&#8243; global_colors_info=\u00bb{}\u00bb open=\u00bboff\u00bb]<\/p>\n<p><strong>S\u00ed.<\/strong> Contamos con un <strong>servicio de atenci\u00f3n matinal<\/strong> en la <strong><a href=\"https:\/\/alicante.salesianos.edu\/colegio\/ludoteca\/\">Ludoteca<\/a><\/strong>, en donde los ni\u00f1os\/as estar\u00e1n atendidos por una monitora <strong>de 7:30 a\u00a08:55 h.<\/strong>, momento en el cual ser\u00e1n llevados a su aula correspondiente. Este servicio tambi\u00e9n se ofrece por la tarde <strong>de 17:00 a 18:00 h.<\/strong><\/p>\n<p>Los ni\u00f1os\/as que utilicen estos servicios <strong>podran traer su desayuno\/merienda<\/strong> y tomarlo en el colegio, sin prisas y en un ambiente relajado.<\/p>\n<p><a href=\"https:\/\/alicante.salesianos.edu\/colegio\/ludoteca\/\" title=\"Sobre el servicio de Ludoteca\">Para m\u00e1s informaci\u00f3n sobre el servicio de Ludoteca pincha aqu\u00ed.<\/a><\/p>\n<p>[\/et_pb_accordion_item][et_pb_accordion_item title=\u00bb\u00bfPuedo llevar a mi hijo\/a al m\u00e9dico en horario escolar?\u00bb _builder_version=\u00bb4.16&#8243; global_colors_info=\u00bb{}\u00bb open=\u00bboff\u00bb]<strong>S\u00ed<\/strong>, se podr\u00e1 entrar y salir para ir al m\u00e9dico en el horario de patio de <strong>10:30 a 11:15 h.<\/strong> por la puerta del pabell\u00f3n de infantil, <strong>previo aviso al tutor\/a<\/strong>.<br \/>\n[\/et_pb_accordion_item][et_pb_accordion_item title=\u00bb\u00bfPuedo participar en las actividades del colegio?\u00bb _builder_version=\u00bb4.16&#8243; global_colors_info=\u00bb{}\u00bb open=\u00bboff\u00bb]<strong>S\u00ed.<\/strong> A lo largo del curso escolar se proponen muchos <strong>talleres y fiestas<\/strong> en donde <strong>los padres est\u00e1n invitados a participar<\/strong>, como por ejemplo la fiesta de Don Bosco, fiesta del agua, taller las profesiones, etc.<\/p>\n<p>Para nosotros,\u00a0<strong>la colaboraci\u00f3n de las familias es imprescindible<\/strong> por lo que promovemos y animamos actividades en las que podais participar de forma directa o inderecta en el aula.<br \/>\n[\/et_pb_accordion_item][et_pb_accordion_item title=\u00bb\u00bfLlevan uniforme? \u00bfD\u00f3nde se compra la equipaci\u00f3n deportiva del colegio?\u00bb _builder_version=\u00bb4.16&#8243; global_colors_info=\u00bb{}\u00bb open=\u00bboff\u00bb]<\/p>\n<p>Adem\u00e1s del <strong>babi<\/strong>, el \u00fanico uniforme obligatorio es la <strong>equipaci\u00f3n deportiva<\/strong>, la cual\u00a0<strong>se compra en <a href=\"https:\/\/www.elcorteingles.es\/uniformes\/alicante\/alicante\/don-bosco-salesianos\/\">El Corte Ingl\u00e9s<\/a><\/strong>\u00a0y consta de una <strong>camiseta<\/strong>, un <strong>ch\u00e1ndal<\/strong> para invierno y <strong>pantal\u00f3n corto<\/strong> para verano. Esta equipaci\u00f3n, adem\u00e1s de utilizarla para las clases de <strong>psicomotricidad<\/strong>, ser\u00e1 <strong>obligatoria en las salidas culturales<\/strong>.<\/p>\n<p><a href=\"https:\/\/alicante.salesianos.edu\/colegio\/uniforme\/\" title=\"Uniforme escolar\">Para m\u00e1s informaci\u00f3n sobre el baby y el uniforme deportivo pincha aqu\u00ed.<\/a><\/p>\n<p>[\/et_pb_accordion_item][et_pb_accordion_item title=\u00bb\u00bfY si tengo que darle alguna medicaci\u00f3n a mi hijo\/a? \u00bfC\u00f3mo puedo solicitar dieta blanda?\u00bb _builder_version=\u00bb4.16&#8243; global_colors_info=\u00bb{}\u00bb open=\u00bboff\u00bb]<\/p>\n<p>En nuestro centro contamos con un <a href=\"https:\/\/alicante.salesianos.edu\/colegio\/salud\/\" title=\"Sobre el Departamento de Salud\">Departamento de Salud<\/a> que atender\u00e1 este tipo de necesidades. Pincha <a href=\"https:\/\/alicante.salesianos.edu\/colegio\/salud\/\" title=\"Sobre el Departamento de Salud\">aqu\u00ed<\/a> para encontrar respuesta a esta y otras preguntas.<\/p>\n<p>[\/et_pb_accordion_item][et_pb_accordion_item title=\u00bb\u00bfQu\u00e9 actividades extraescolares y deportivas ofrece el centro?\u00bb _builder_version=\u00bb4.16&#8243; global_colors_info=\u00bb{}\u00bb open=\u00bboff\u00bb]<\/p>\n<p>En nuestro centro ofrecemos una amplia variedad de <a href=\"https:\/\/alicante.salesianos.edu\/colegio\/extraescolares\/\" title=\"M\u00e1s informaci\u00f3n sobre las actividades extraescolares\"><strong>actividades extraescolares<\/strong><\/a>. Tambi\u00e9n contamos un <strong><a href=\"https:\/\/alicante.salesianos.edu\/deporte\/club\/\" title=\"Conoce el Club Deportivo Salesianos Alicante\">Club Deportivo<\/a><\/strong> que ofrece <strong>actividades deportivas a partir de 4 a\u00f1os<\/strong>. Para m\u00e1s informaci\u00f3n pincha en cada uno de los enlaces.<\/p>\n<p>[\/et_pb_accordion_item][et_pb_accordion_item title=\u00bb\u00bfD\u00f3nde puedo comprar los libros y cu\u00e1les son?\u00bb _builder_version=\u00bb4.16&#8243; global_colors_info=\u00bb{}\u00bb open=\u00bboff\u00bb]<\/p>\n<p><em><a href=\"https:\/\/alicante.salesianos.edu\/colegio\/libros\/\" title=\"Libros de texto\">Para ver toda la informaci\u00f3n con respecto a los <strong>libros de texto<\/strong>\u00a0(puntos de venta, listados de libros, ISBN&#8230;) pincha aqu\u00ed.<\/a><\/em><\/p>\n<p>Si tu hijo\/a va a pasar a <strong>1\u00ba de Primaria<\/strong>, puedes acogerte al <strong><a href=\"https:\/\/alicante.salesianos.edu\/colegio\/banco-libros\/\" title=\"Banco de Libros\">Banco de Libros<\/a><\/strong>. <span>Se trata de un <strong>programa voluntario de reutilizaci\u00f3n, reposici\u00f3n y renovaci\u00f3n de libros de texto<\/strong> y material curricular p<\/span><span>ara las etapas de educaci\u00f3n obligatoria de <strong>Primaria y E.S.O<\/strong>.\u00a0<\/span><em><a href=\"https:\/\/alicante.salesianos.edu\/colegio\/banco-libros\/\" title=\"M\u00e1s informaci\u00f3n sobre el Banco de Libros\">Para m\u00e1s informaci\u00f3n sobre el Banco de Libros pincha aqu\u00ed.<\/a><\/em><\/p>\n<p>[\/et_pb_accordion_item][et_pb_accordion_item title=\u00bb\u00bfEl colegio participa en el Banco de Libros?\u00bb _builder_version=\u00bb4.16&#8243; global_colors_info=\u00bb{}\u00bb open=\u00bboff\u00bb]<\/p>\n<p>S\u00ed. Pero <strong>Infantil<\/strong>, al tratarse de una etapa educativa no obligatoria, <strong>no entra en el Banco de Libros<\/strong>.<\/p>\n<p><em><a href=\"https:\/\/alicante.salesianos.edu\/colegio\/banco-libros\/\" title=\"Banco de Libros\">Para m\u00e1s informaci\u00f3n sobre el Banco de Libros pincha aqu\u00ed.<\/a><\/em><\/p>\n<p>[\/et_pb_accordion_item][\/et_pb_accordion][\/et_pb_column][\/et_pb_row][\/et_pb_section]<\/p>\n","protected":false},"excerpt":{"rendered":"<p>Educaci\u00f3n Secundaria ObligatoriaLa\u00a0Educaci\u00f3n Secundaria Obligatoria\u00a0es una etapa educativa obligatoria que abarca\u00a0desde los 12 hasta los 16 a\u00f1os. Se compone de\u00a0cuatro cursos\u00a0en los que el alumno recibir\u00e1 una formaci\u00f3n integral desarrollando conocimientos, habilidades y competencias que le ser\u00e1n imprescindibles para su futuro acad\u00e9mico. Al final de la etapa, el alumnado estar\u00e1 en disposici\u00f3n del\u00a0t\u00edtulo de la [&hellip;]<\/p>\n","protected":false},"author":3,"featured_media":0,"parent":0,"menu_order":0,"comment_status":"closed","ping_status":"closed","template":"","meta":{"_et_pb_use_builder":"on","_et_pb_old_content":"","_et_gb_content_width":"","footnotes":""},"class_list":["post-5048","page","type-page","status-publish","hentry"],"yoast_head":"<!-- This site is optimized with the Yoast SEO plugin v28.3 - https:\/\/yoast.com\/product\/yoast-seo-wordpress\/ -->\n<title>Educaci\u00f3n Secundaria - Colegio Salesiano San Francisco de Sales<\/title>\n<meta name=\"robots\" content=\"index, follow, max-snippet:-1, max-image-preview:large, max-video-preview:-1\" \/>\n<link rel=\"canonical\" href=\"https:\/\/cordoba.salesianos.edu\/colegio\/educacion-secundaria\/\" \/>\n<meta property=\"og:locale\" content=\"es_ES\" \/>\n<meta property=\"og:type\" content=\"article\" \/>\n<meta property=\"og:title\" content=\"Educaci\u00f3n Secundaria - Colegio Salesiano San Francisco de Sales\" \/>\n<meta property=\"og:description\" content=\"Educaci\u00f3n Secundaria ObligatoriaLa\u00a0Educaci\u00f3n Secundaria Obligatoria\u00a0es una etapa educativa obligatoria que abarca\u00a0desde los 12 hasta los 16 a\u00f1os. Se compone de\u00a0cuatro cursos\u00a0en los que el alumno recibir\u00e1 una formaci\u00f3n integral desarrollando conocimientos, habilidades y competencias que le ser\u00e1n imprescindibles para su futuro acad\u00e9mico. Al final de la etapa, el alumnado estar\u00e1 en disposici\u00f3n del\u00a0t\u00edtulo de la [&hellip;]\" \/>\n<meta property=\"og:url\" content=\"https:\/\/cordoba.salesianos.edu\/colegio\/educacion-secundaria\/\" \/>\n<meta property=\"og:site_name\" content=\"Colegio Salesiano San Francisco de Sales\" \/>\n<meta property=\"article:modified_time\" content=\"2025-01-24T10:14:32+00:00\" \/>\n<meta name=\"twitter:card\" content=\"summary_large_image\" \/>\n<meta name=\"twitter:label1\" content=\"Tiempo de lectura\" \/>\n\t<meta name=\"twitter:data1\" content=\"6 minutos\" \/>\n<script type=\"application\/ld+json\" class=\"yoast-schema-graph\">{\"@context\":\"https:\\\/\\\/schema.org\",\"@graph\":[{\"@type\":\"WebPage\",\"@id\":\"https:\\\/\\\/cordoba.salesianos.edu\\\/colegio\\\/educacion-secundaria\\\/\",\"url\":\"https:\\\/\\\/cordoba.salesianos.edu\\\/colegio\\\/educacion-secundaria\\\/\",\"name\":\"Educaci\u00f3n Secundaria - Colegio Salesiano San Francisco de Sales\",\"isPartOf\":{\"@id\":\"https:\\\/\\\/cordoba.salesianos.edu\\\/colegio\\\/#website\"},\"datePublished\":\"2021-04-02T10:34:13+00:00\",\"dateModified\":\"2025-01-24T10:14:32+00:00\",\"breadcrumb\":{\"@id\":\"https:\\\/\\\/cordoba.salesianos.edu\\\/colegio\\\/educacion-secundaria\\\/#breadcrumb\"},\"inLanguage\":\"es\",\"potentialAction\":[{\"@type\":\"ReadAction\",\"target\":[\"https:\\\/\\\/cordoba.salesianos.edu\\\/colegio\\\/educacion-secundaria\\\/\"]}]},{\"@type\":\"BreadcrumbList\",\"@id\":\"https:\\\/\\\/cordoba.salesianos.edu\\\/colegio\\\/educacion-secundaria\\\/#breadcrumb\",\"itemListElement\":[{\"@type\":\"ListItem\",\"position\":1,\"name\":\"Portada\",\"item\":\"https:\\\/\\\/cordoba.salesianos.edu\\\/colegio\\\/\"},{\"@type\":\"ListItem\",\"position\":2,\"name\":\"Educaci\u00f3n Secundaria\"}]},{\"@type\":\"WebSite\",\"@id\":\"https:\\\/\\\/cordoba.salesianos.edu\\\/colegio\\\/#website\",\"url\":\"https:\\\/\\\/cordoba.salesianos.edu\\\/colegio\\\/\",\"name\":\"Colegio Salesiano San Francisco de Sales\",\"description\":\"P\u00e1gina oficial Salesianos C\u00f3rdoba\",\"potentialAction\":[{\"@type\":\"SearchAction\",\"target\":{\"@type\":\"EntryPoint\",\"urlTemplate\":\"https:\\\/\\\/cordoba.salesianos.edu\\\/colegio\\\/?s={search_term_string}\"},\"query-input\":{\"@type\":\"PropertyValueSpecification\",\"valueRequired\":true,\"valueName\":\"search_term_string\"}}],\"inLanguage\":\"es\"}]}<\/script>\n<!-- \/ Yoast SEO plugin. -->","yoast_head_json":{"title":"Educaci\u00f3n Secundaria - Colegio Salesiano San Francisco de Sales","robots":{"index":"index","follow":"follow","max-snippet":"max-snippet:-1","max-image-preview":"max-image-preview:large","max-video-preview":"max-video-preview:-1"},"canonical":"https:\/\/cordoba.salesianos.edu\/colegio\/educacion-secundaria\/","og_locale":"es_ES","og_type":"article","og_title":"Educaci\u00f3n Secundaria - Colegio Salesiano San Francisco de Sales","og_description":"Educaci\u00f3n Secundaria ObligatoriaLa\u00a0Educaci\u00f3n Secundaria Obligatoria\u00a0es una etapa educativa obligatoria que abarca\u00a0desde los 12 hasta los 16 a\u00f1os. Se compone de\u00a0cuatro cursos\u00a0en los que el alumno recibir\u00e1 una formaci\u00f3n integral desarrollando conocimientos, habilidades y competencias que le ser\u00e1n imprescindibles para su futuro acad\u00e9mico. Al final de la etapa, el alumnado estar\u00e1 en disposici\u00f3n del\u00a0t\u00edtulo de la [&hellip;]","og_url":"https:\/\/cordoba.salesianos.edu\/colegio\/educacion-secundaria\/","og_site_name":"Colegio Salesiano San Francisco de Sales","article_modified_time":"2025-01-24T10:14:32+00:00","twitter_card":"summary_large_image","twitter_misc":{"Tiempo de lectura":"6 minutos"},"schema":{"@context":"https:\/\/schema.org","@graph":[{"@type":"WebPage","@id":"https:\/\/cordoba.salesianos.edu\/colegio\/educacion-secundaria\/","url":"https:\/\/cordoba.salesianos.edu\/colegio\/educacion-secundaria\/","name":"Educaci\u00f3n Secundaria - Colegio Salesiano San Francisco de Sales","isPartOf":{"@id":"https:\/\/cordoba.salesianos.edu\/colegio\/#website"},"datePublished":"2021-04-02T10:34:13+00:00","dateModified":"2025-01-24T10:14:32+00:00","breadcrumb":{"@id":"https:\/\/cordoba.salesianos.edu\/colegio\/educacion-secundaria\/#breadcrumb"},"inLanguage":"es","potentialAction":[{"@type":"ReadAction","target":["https:\/\/cordoba.salesianos.edu\/colegio\/educacion-secundaria\/"]}]},{"@type":"BreadcrumbList","@id":"https:\/\/cordoba.salesianos.edu\/colegio\/educacion-secundaria\/#breadcrumb","itemListElement":[{"@type":"ListItem","position":1,"name":"Portada","item":"https:\/\/cordoba.salesianos.edu\/colegio\/"},{"@type":"ListItem","position":2,"name":"Educaci\u00f3n Secundaria"}]},{"@type":"WebSite","@id":"https:\/\/cordoba.salesianos.edu\/colegio\/#website","url":"https:\/\/cordoba.salesianos.edu\/colegio\/","name":"Colegio Salesiano San Francisco de Sales","description":"P\u00e1gina oficial Salesianos C\u00f3rdoba","potentialAction":[{"@type":"SearchAction","target":{"@type":"EntryPoint","urlTemplate":"https:\/\/cordoba.salesianos.edu\/colegio\/?s={search_term_string}"},"query-input":{"@type":"PropertyValueSpecification","valueRequired":true,"valueName":"search_term_string"}}],"inLanguage":"es"}]}},"_links":{"self":[{"href":"https:\/\/cordoba.salesianos.edu\/colegio\/wp-json\/wp\/v2\/pages\/5048","targetHints":{"allow":["GET"]}}],"collection":[{"href":"https:\/\/cordoba.salesianos.edu\/colegio\/wp-json\/wp\/v2\/pages"}],"about":[{"href":"https:\/\/cordoba.salesianos.edu\/colegio\/wp-json\/wp\/v2\/types\/page"}],"author":[{"embeddable":true,"href":"https:\/\/cordoba.salesianos.edu\/colegio\/wp-json\/wp\/v2\/users\/3"}],"replies":[{"embeddable":true,"href":"https:\/\/cordoba.salesianos.edu\/colegio\/wp-json\/wp\/v2\/comments?post=5048"}],"version-history":[{"count":20,"href":"https:\/\/cordoba.salesianos.edu\/colegio\/wp-json\/wp\/v2\/pages\/5048\/revisions"}],"predecessor-version":[{"id":9140,"href":"https:\/\/cordoba.salesianos.edu\/colegio\/wp-json\/wp\/v2\/pages\/5048\/revisions\/9140"}],"wp:attachment":[{"href":"https:\/\/cordoba.salesianos.edu\/colegio\/wp-json\/wp\/v2\/media?parent=5048"}],"curies":[{"name":"wp","href":"https:\/\/api.w.org\/{rel}","templated":true}]}}