{"id":4806,"date":"2020-10-07T20:05:54","date_gmt":"2020-10-07T18:05:54","guid":{"rendered":"https:\/\/cordoba.salesianos.edu\/colegio\/?page_id=4806"},"modified":"2026-03-19T14:49:40","modified_gmt":"2026-03-19T13:49:40","slug":"orientacion","status":"publish","type":"page","link":"https:\/\/cordoba.salesianos.edu\/colegio\/orientacion\/","title":{"rendered":"Orientaci\u00f3n"},"content":{"rendered":"<p>[et_pb_section fb_built=\u00bb1&#8243; fullwidth=\u00bbon\u00bb _builder_version=\u00bb4.16&#8243; global_colors_info=\u00bb{}\u00bb][et_pb_fullwidth_header title=\u00bbDepartamento de Orientaci\u00f3n\u00bb background_overlay_color=\u00bbrgba(0,0,0,0.17)\u00bb title_font_color=\u00bb#ffffff\u00bb module_class=\u00bbpagina-imagen-cabecera\u00bb _builder_version=\u00bb4.16&#8243; title_font=\u00bb||||||||\u00bb title_text_color=\u00bb#ffffff\u00bb title_font_size=\u00bb40px\u00bb content_font=\u00bb||||||||\u00bb content_text_align=\u00bbright\u00bb content_font_size=\u00bb16px\u00bb subhead_font=\u00bbLato|300|on||||||\u00bb subhead_text_align=\u00bbright\u00bb subhead_font_size=\u00bb30px\u00bb background_image=\u00bbhttps:\/\/cordoba.salesianos.edu\/colegio\/wp-content\/uploads\/sites\/2\/2020\/10\/noticia_colegio_18_03_23_Semana-orientacion-4oESO_2.-min.jpg\u00bb filter_saturate=\u00bb110%\u00bb subhead_text_shadow_style=\u00bbpreset3&#8243; background_url=\u00bbhttps:\/\/cordoba.salesianos.edu\/colegio\/wp-content\/uploads\/sites\/2\/2020\/10\/Archivo_006-1-scaled.jpeg\u00bb global_colors_info=\u00bb{}\u00bb button_one_text_size__hover_enabled=\u00bboff\u00bb button_two_text_size__hover_enabled=\u00bboff\u00bb button_one_text_color__hover_enabled=\u00bboff\u00bb button_two_text_color__hover_enabled=\u00bboff\u00bb button_one_border_width__hover_enabled=\u00bboff\u00bb button_two_border_width__hover_enabled=\u00bboff\u00bb button_one_border_color__hover_enabled=\u00bboff\u00bb button_two_border_color__hover_enabled=\u00bboff\u00bb button_one_border_radius__hover_enabled=\u00bboff\u00bb button_two_border_radius__hover_enabled=\u00bboff\u00bb button_one_letter_spacing__hover_enabled=\u00bboff\u00bb button_two_letter_spacing__hover_enabled=\u00bboff\u00bb button_one_bg_color__hover_enabled=\u00bboff\u00bb button_two_bg_color__hover_enabled=\u00bboff\u00bb][\/et_pb_fullwidth_header][\/et_pb_section][et_pb_section fb_built=\u00bb1&#8243; _builder_version=\u00bb4.16&#8243; custom_padding=\u00bb40px|0px|17px|0px|false|false\u00bb global_colors_info=\u00bb{}\u00bb][et_pb_row column_structure=\u00bb3_5,2_5&#8243; _builder_version=\u00bb4.16&#8243; global_colors_info=\u00bb{}\u00bb][et_pb_column type=\u00bb3_5&#8243; _builder_version=\u00bb4.16&#8243; custom_padding=\u00bb|||\u00bb global_colors_info=\u00bb{}\u00bb custom_padding__hover=\u00bb|||\u00bb][et_pb_text _builder_version=\u00bb4.16&#8243; text_font=\u00bb||||||||\u00bb header_font=\u00bb||||||||\u00bb header_2_font=\u00bbLato|300|||||||\u00bb header_2_font_size=\u00bb30px\u00bb text_orientation=\u00bbjustified\u00bb custom_margin=\u00bb||\u00bb global_colors_info=\u00bb{}\u00bb]<\/p>\n<h2>\u00bfQu\u00e9 es?<\/h2>\n<p>Nuestro <strong><span style=\"color: #e02b20;\">Departamento de Orientaci\u00f3n<\/span><\/strong> es un equipo formado por profesionales que apoyamos al conjunto del profesorado y familias en todas aquellas actuaciones encaminadas a asegurar una formaci\u00f3n integral y a la adaptaci\u00f3n de los procesos de ense\u00f1anza a las caracter\u00edsticas y necesidades educativas de nuestro alumnado.<\/p>\n<p>[\/et_pb_text][et_pb_text _builder_version=\u00bb4.16&#8243; text_font=\u00bb||||||||\u00bb header_font=\u00bb||||||||\u00bb header_2_font=\u00bbLato|300|||||||\u00bb header_2_font_size=\u00bb30px\u00bb text_orientation=\u00bbjustified\u00bb global_colors_info=\u00bb{}\u00bb]<\/p>\n<h2>\u00bfCu\u00e1l es su finalidad?<\/h2>\n<p>Nuestra misi\u00f3n es la de participar en la planificaci\u00f3n y desarrollo de las actuaciones que faciliten en nuestro colegio la <strong>atenci\u00f3n a la diversidad del alumnado<\/strong>, tanto a trav\u00e9s de los procesos de ense\u00f1anza-aprendizaje en las distintas \u00e1reas curriculares, como a trav\u00e9s de la acci\u00f3n tutorial y de la orientaci\u00f3n acad\u00e9mica y profesional. As\u00ed mismo ayudar a dar la mejor respuesta educativa siguiendo los principios de equidad e inclusi\u00f3n.<\/p>\n<p>[\/et_pb_text][et_pb_button button_url=\u00bbhttps:\/\/www.orientaline.es\/?yafxb=51281&#8243; button_text=\u00bbOrientaline\u00bb disabled_on=\u00bboff|off|off\u00bb _builder_version=\u00bb4.16&#8243; custom_button=\u00bbon\u00bb button_text_color=\u00bb#ffffff\u00bb button_bg_color=\u00bb#dc001b\u00bb button_border_width=\u00bb0px\u00bb button_font=\u00bb||||||||\u00bb custom_margin=\u00bb|494px|25px|||\u00bb custom_padding=\u00bb|17px||||\u00bb box_shadow_style=\u00bbpreset3&#8243; global_colors_info=\u00bb{}\u00bb][\/et_pb_button][et_pb_image src=\u00bbhttps:\/\/cordoba.salesianos.edu\/colegio\/wp-content\/uploads\/sites\/2\/2021\/11\/Captura-de-pantalla-2021-11-25-a-las-16.44.03.png\u00bb title_text=\u00bbCaptura de pantalla 2021-11-25 a las 16.44.03&#8243; url=\u00bbhttps:\/\/www.orientaline.es\/?yafxb=51281&#8243; _builder_version=\u00bb4.16&#8243; _module_preset=\u00bbdefault\u00bb width=\u00bb11%\u00bb global_colors_info=\u00bb{}\u00bb][\/et_pb_image][\/et_pb_column][et_pb_column type=\u00bb2_5&#8243; _builder_version=\u00bb4.16&#8243; custom_padding=\u00bb|||\u00bb global_colors_info=\u00bb{}\u00bb custom_padding__hover=\u00bb|||\u00bb][et_pb_testimonial author=\u00bbMar\u00eda Caraba\u00f1o\u00bb job_title=\u00bbCoordinadora del Departamento de Orientaci\u00f3n\u00bb portrait_url=\u00bbhttps:\/\/cordoba.salesianos.edu\/colegio\/wp-content\/uploads\/sites\/2\/2021\/04\/PRF_0922.jpg\u00bb _builder_version=\u00bb4.16&#8243; text_orientation=\u00bbjustified\u00bb custom_padding=\u00bb50px|40px|40px|40px||true\u00bb box_shadow_style=\u00bbpreset3&#8243; global_colors_info=\u00bb{}\u00bb]<\/p>\n<p>Bienvenido\/a.<\/p>\n<p>Soy Mar\u00eda Caraba\u00f1o, coordinadora del Departamento de Orientaci\u00f3n del colegio. Me gustar\u00eda presentaros a todo el equipo, formado por psic\u00f3logos, maestros de pedagog\u00eda terap\u00e9utica y de audici\u00f3n y lenguaje.<\/p>\n<p>[\/et_pb_testimonial][\/et_pb_column][\/et_pb_row][\/et_pb_section][et_pb_section fb_built=\u00bb1&#8243; module_id=\u00bbCoronavirus\u00bb _builder_version=\u00bb4.16&#8243; custom_padding=\u00bb36px||19px|||\u00bb border_width_top=\u00bb2px\u00bb border_color_top=\u00bb#51626f\u00bb border_style_top=\u00bbdashed\u00bb border_width_bottom=\u00bb2px\u00bb border_color_bottom=\u00bb#51626f\u00bb border_style_bottom=\u00bbdashed\u00bb global_colors_info=\u00bb{}\u00bb][et_pb_row _builder_version=\u00bb4.16&#8243; global_colors_info=\u00bb{}\u00bb][et_pb_column type=\u00bb4_4&#8243; _builder_version=\u00bb4.16&#8243; custom_padding=\u00bb|||\u00bb global_colors_info=\u00bb{}\u00bb custom_padding__hover=\u00bb|||\u00bb][et_pb_text _builder_version=\u00bb4.16&#8243; text_font=\u00bb||||||||\u00bb header_font=\u00bb||||||||\u00bb header_2_font=\u00bbLato|900|||||||\u00bb header_2_font_size=\u00bb30px\u00bb text_orientation=\u00bbcenter\u00bb global_colors_info=\u00bb{}\u00bb]<\/p>\n<h2>Objetivos<\/h2>\n<p>[\/et_pb_text][et_pb_text _builder_version=\u00bb4.16&#8243; text_font=\u00bb||||||||\u00bb header_font=\u00bb||||||||\u00bb header_2_font=\u00bbLato|300|||||||\u00bb header_2_font_size=\u00bb30px\u00bb text_orientation=\u00bbjustified\u00bb locked=\u00bboff\u00bb global_colors_info=\u00bb{}\u00bb]<\/p>\n<ul>\n<li><span style=\"font-size: 14px; color: #494949;\">Intervenir el <strong>desarrollo pleno e integral<\/strong> del alumnado, tanto en su aspecto social, afectivo, intelectual y f\u00edsico.\u2022 Intervenir el desarrollo pleno e integral del alumnado, tanto en su aspecto social, afectivo, intelectual y f\u00edsico.<\/span><\/li>\n<li><span style=\"font-size: 14px; color: #494949;\">Coordinar la elaboraci\u00f3n y puesta en pr\u00e1ctica del <strong>Plan de Acci\u00f3n Tutorial, la Orientaci\u00f3n Acad\u00e9mica y Profesional y la Atenci\u00f3n a la Diversidad<\/strong>.<\/span><\/li>\n<li><span style=\"font-size: 14px; color: #494949;\">Colaborar buscando cauces de <strong>coordinaci\u00f3n fluida<\/strong> con el profesorado, alumnos\/as, las familias, el entorno y la comunidad.<\/span><\/li>\n<li><span style=\"font-size: 14px; color: #494949;\">Realizar pruebas grupales y <strong>evaluaciones psicopedag\u00f3gicas individualizadas<\/strong>.<\/span><\/li>\n<li><span style=\"font-size: 14px; color: #494949;\">Contribuir a la <strong>prevenci\u00f3n e identificaci\u00f3n temprana<\/strong> de las dificultades de aprendizaje, coordinando la puesta en marcha de las medidas educativas pertinentes.<\/span><\/li>\n<li><span style=\"font-size: 14px; color: #494949;\">Favorecer el tr\u00e1nsito y la coordinaci\u00f3n entre las diferentes etapas educativas.<\/span><\/li>\n<li><span style=\"font-size: 14px; color: #494949;\">Animar el proceso de actualizaci\u00f3n pedag\u00f3gica y pastoral iniciado por el centro.<\/span><\/li>\n<\/ul>\n<p>[\/et_pb_text][\/et_pb_column][\/et_pb_row][\/et_pb_section][et_pb_section fb_built=\u00bb1&#8243; module_id=\u00bbEquipo\u00bb module_class=\u00bbpagina-seccion-contenido\u00bb _builder_version=\u00bb4.16&#8243; custom_margin=\u00bb|||\u00bb custom_padding=\u00bb18px|0px|50px|0px|false|false\u00bb global_colors_info=\u00bb{}\u00bb][et_pb_row _builder_version=\u00bb4.16&#8243; global_colors_info=\u00bb{}\u00bb][et_pb_column type=\u00bb4_4&#8243; _builder_version=\u00bb4.16&#8243; custom_padding=\u00bb|||\u00bb global_colors_info=\u00bb{}\u00bb custom_padding__hover=\u00bb|||\u00bb][et_pb_text _builder_version=\u00bb4.16&#8243; text_font=\u00bb||||||||\u00bb header_font=\u00bb||||||||\u00bb header_2_font=\u00bbLato|300|||||||\u00bb header_2_font_size=\u00bb30px\u00bb text_orientation=\u00bbcenter\u00bb global_colors_info=\u00bb{}\u00bb]<\/p>\n<h2>\u00bfQu\u00e9 personas lo forman?<\/h2>\n<p>[\/et_pb_text][\/et_pb_column][\/et_pb_row][et_pb_row column_structure=\u00bb1_3,1_3,1_3&#8243; disabled_on=\u00bboff|off|off\u00bb _builder_version=\u00bb4.16&#8243; width=\u00bb68.1%\u00bb custom_margin=\u00bb0px||10px|\u00bb custom_padding=\u00bb0px|0px|0px|0px\u00bb global_colors_info=\u00bb{}\u00bb][et_pb_column type=\u00bb1_3&#8243; _builder_version=\u00bb4.16&#8243; custom_padding=\u00bb|||\u00bb global_colors_info=\u00bb{}\u00bb custom_padding__hover=\u00bb|||\u00bb][et_pb_testimonial portrait_url=\u00bbhttps:\/\/cordoba.salesianos.edu\/colegio\/wp-content\/uploads\/sites\/2\/2023\/09\/DSC_3084.jpg\u00bb quote_icon=\u00bboff\u00bb portrait_width=\u00bb140px\u00bb portrait_height=\u00bb140px\u00bb _builder_version=\u00bb4.22.1&#8243; body_font=\u00bbLato|300|||||||\u00bb background_color=\u00bb#ffffff\u00bb text_orientation=\u00bbcenter\u00bb custom_margin=\u00bb||-20px|\u00bb custom_padding=\u00bb10px||0px|\u00bb child_filter_brightness=\u00bb106%\u00bb box_shadow_style_image=\u00bbpreset6&#8243; global_colors_info=\u00bb{}\u00bb]<\/p>\n<h2>Mar\u00eda Caraba\u00f1o<\/h2>\n<p>Coordinadora del Departamento y de Bienestar. Orientadora ESO.<\/p>\n<p>[\/et_pb_testimonial][\/et_pb_column][et_pb_column type=\u00bb1_3&#8243; _builder_version=\u00bb4.16&#8243; custom_padding=\u00bb|||\u00bb global_colors_info=\u00bb{}\u00bb custom_padding__hover=\u00bb|||\u00bb][et_pb_testimonial portrait_url=\u00bbhttps:\/\/cordoba.salesianos.edu\/colegio\/wp-content\/uploads\/sites\/2\/2026\/03\/102094322.jpg\u00bb quote_icon=\u00bboff\u00bb portrait_width=\u00bb140px\u00bb portrait_height=\u00bb140px\u00bb _builder_version=\u00bb4.27.4&#8243; body_font=\u00bbLato|300|||||||\u00bb background_color=\u00bb#ffffff\u00bb text_orientation=\u00bbcenter\u00bb custom_margin=\u00bb||-20px|\u00bb custom_padding=\u00bb10px||0px|\u00bb child_filter_brightness=\u00bb106%\u00bb hover_enabled=\u00bb0&#8243; box_shadow_style_image=\u00bbpreset6&#8243; global_colors_info=\u00bb{}\u00bb title_text=\u00bb102094322&#8243; sticky_enabled=\u00bb0&#8243;]<\/p>\n<h2><strong>Mar\u00eda Moreno Ruiz<\/strong><\/h2>\n<p>Orientadora Infantil- Primaria.<\/p>\n<p>[\/et_pb_testimonial][\/et_pb_column][et_pb_column type=\u00bb1_3&#8243; _builder_version=\u00bb4.16&#8243; custom_padding=\u00bb|||\u00bb global_colors_info=\u00bb{}\u00bb custom_padding__hover=\u00bb|||\u00bb][et_pb_testimonial portrait_url=\u00bbhttps:\/\/cordoba.salesianos.edu\/colegio\/wp-content\/uploads\/sites\/2\/2023\/09\/LJV_1749-scaled.jpg\u00bb quote_icon=\u00bboff\u00bb portrait_width=\u00bb140px\u00bb portrait_height=\u00bb140px\u00bb _builder_version=\u00bb4.22.1&#8243; body_font=\u00bbLato|300|||||||\u00bb background_color=\u00bb#ffffff\u00bb text_orientation=\u00bbcenter\u00bb custom_margin=\u00bb||-20px|\u00bb custom_padding=\u00bb10px||0px|\u00bb child_filter_brightness=\u00bb106%\u00bb box_shadow_style_image=\u00bbpreset6&#8243; global_colors_info=\u00bb{}\u00bb]<\/p>\n<h2><strong>Jos\u00e9 Luis Garc\u00eda Montero<\/strong><\/h2>\n<p>Maestro especialista en Pedagog\u00eda Terap\u00e9utica Primaria &#8211; ESO.<\/p>\n<p>[\/et_pb_testimonial][\/et_pb_column][\/et_pb_row][et_pb_row column_structure=\u00bb1_3,1_3,1_3&#8243; disabled_on=\u00bboff|off|off\u00bb _builder_version=\u00bb4.16&#8243; custom_margin=\u00bb0px||10px|\u00bb custom_padding=\u00bb0px|0px|0px|0px\u00bb global_colors_info=\u00bb{}\u00bb][et_pb_column type=\u00bb1_3&#8243; _builder_version=\u00bb4.16&#8243; custom_padding=\u00bb|||\u00bb global_colors_info=\u00bb{}\u00bb custom_padding__hover=\u00bb|||\u00bb][et_pb_testimonial portrait_url=\u00bbhttps:\/\/cordoba.salesianos.edu\/colegio\/wp-content\/uploads\/sites\/2\/2023\/09\/DSC_2169.jpg\u00bb quote_icon=\u00bboff\u00bb portrait_width=\u00bb140px\u00bb portrait_height=\u00bb140px\u00bb _builder_version=\u00bb4.22.1&#8243; body_font=\u00bbLato|300|||||||\u00bb background_color=\u00bb#ffffff\u00bb text_orientation=\u00bbcenter\u00bb custom_margin=\u00bb||-20px|\u00bb custom_padding=\u00bb10px||0px|\u00bb child_filter_brightness=\u00bb106%\u00bb box_shadow_style_image=\u00bbpreset6&#8243; global_colors_info=\u00bb{}\u00bb]<\/p>\n<h2><strong>Mar\u00eda de la Luz <\/strong><\/h2>\n<h2><strong>Ruiz Barneto<\/strong><\/h2>\n<p>Maestra especialista en Pedagog\u00eda Terap\u00e9utica\u00a0 Infantil-Primaria.<\/p>\n<p>[\/et_pb_testimonial][\/et_pb_column][et_pb_column type=\u00bb1_3&#8243; _builder_version=\u00bb4.16&#8243; custom_padding=\u00bb|||\u00bb global_colors_info=\u00bb{}\u00bb custom_padding__hover=\u00bb|||\u00bb][et_pb_testimonial portrait_url=\u00bbhttps:\/\/cordoba.salesianos.edu\/colegio\/wp-content\/uploads\/sites\/2\/2023\/09\/LJV_1118-scaled.jpg\u00bb quote_icon=\u00bboff\u00bb portrait_width=\u00bb140px\u00bb portrait_height=\u00bb140px\u00bb _builder_version=\u00bb4.22.1&#8243; body_font=\u00bbLato|300|||||||\u00bb background_color=\u00bb#ffffff\u00bb text_orientation=\u00bbcenter\u00bb custom_margin=\u00bb||-20px|\u00bb custom_padding=\u00bb10px||0px|\u00bb child_filter_brightness=\u00bb106%\u00bb box_shadow_style_image=\u00bbpreset6&#8243; global_colors_info=\u00bb{}\u00bb]<\/p>\n<h2><strong>Encarnaci\u00f3n Serena Rojas<\/strong><\/h2>\n<p>Maestra de Audici\u00f3n y Lenguaje. Logopedia.<\/p>\n<p>[\/et_pb_testimonial][\/et_pb_column][et_pb_column type=\u00bb1_3&#8243; _builder_version=\u00bb4.16&#8243; custom_padding=\u00bb|||\u00bb global_colors_info=\u00bb{}\u00bb custom_padding__hover=\u00bb|||\u00bb][\/et_pb_column][\/et_pb_row][\/et_pb_section][et_pb_section fb_built=\u00bb1&#8243; prev_background_color=\u00bb#ffffff\u00bb module_id=\u00bbFormulario\u00bb _builder_version=\u00bb4.16&#8243; background_color=\u00bb#eaeaea\u00bb use_background_color_gradient=\u00bbon\u00bb background_color_gradient_direction=\u00bb178deg\u00bb background_color_gradient_stops=\u00bb#efefef 0%|#e0e0e0 100%\u00bb background_color_gradient_start=\u00bb#efefef\u00bb background_color_gradient_end=\u00bb#e0e0e0&#8243; custom_padding=\u00bb95px|0px|54px|0px|false|false\u00bb top_divider_style=\u00bbslant2&#8243; global_colors_info=\u00bb{}\u00bb][et_pb_row _builder_version=\u00bb4.16&#8243; global_colors_info=\u00bb{}\u00bb][et_pb_column type=\u00bb4_4&#8243; _builder_version=\u00bb4.16&#8243; custom_padding=\u00bb|||\u00bb global_colors_info=\u00bb{}\u00bb custom_padding__hover=\u00bb|||\u00bb][et_pb_contact_form email=\u00bborientacion.cordoba@salesianos.edu\u00bb title=\u00bbContacta con el departamento\u00bb custom_message=\u00bb%%Nombre%% %%Apellidos%% (%%Curso%%) se ha puesto en contacto con ORIENTACI\u00d3N a trav\u00e9s de la web (alicante.salesianos.edu\/colegio\/orientacion):||et_pb_line_break_holder||||et_pb_line_break_holder||&#8212;&#8212;||et_pb_line_break_holder||%%message%%||et_pb_line_break_holder||&#8212;&#8212;||et_pb_line_break_holder||||et_pb_line_break_holder||Puedes responder a este correo directamente salvo que te lo hayan REENVIADO. En ese caso, tendr\u00e1s que redactar un NUEVO CORREO con la respuesta y enviarlo a %%email%%.||et_pb_line_break_holder||||et_pb_line_break_holder||Para cualquier problema o sugerencia sobre el sistema de formularios de la web envia un correo a comunicacion.cordoba@salesianos.edu.\u00bb success_message=\u00bbTu mensaje se ha enviado correctamente. Nos pondremos en contacto contigo lo antes posible.\u00bb submit_button_text=\u00bbEnviar\u00bb _builder_version=\u00bb4.16&#8243; _unique_id=\u00bb5820d6cf-4389-4f76-99e3-4148a25c8d69&#8243; form_field_background_color=\u00bb#ffffff\u00bb title_level=\u00bbh2&#8243; title_font=\u00bbLato|300|||||||\u00bb title_font_size=\u00bb30px\u00bb title_line_height=\u00bb1.3em\u00bb form_field_font=\u00bb||||||||\u00bb custom_button=\u00bbon\u00bb button_text_color=\u00bb#ffffff\u00bb button_bg_color=\u00bb#dc001b\u00bb button_border_width=\u00bb0px\u00bb button_font=\u00bb||||||||\u00bb form_background_color=\u00bb#ffffff\u00bb global_colors_info=\u00bb{}\u00bb][et_pb_contact_field field_id=\u00bbNombre\u00bb field_title=\u00bbNombre\u00bb _builder_version=\u00bb4.16&#8243; global_colors_info=\u00bb{}\u00bb button_text_size__hover_enabled=\u00bboff\u00bb button_one_text_size__hover_enabled=\u00bboff\u00bb button_two_text_size__hover_enabled=\u00bboff\u00bb button_text_color__hover_enabled=\u00bboff\u00bb button_one_text_color__hover_enabled=\u00bboff\u00bb button_two_text_color__hover_enabled=\u00bboff\u00bb button_border_width__hover_enabled=\u00bboff\u00bb button_one_border_width__hover_enabled=\u00bboff\u00bb button_two_border_width__hover_enabled=\u00bboff\u00bb button_border_color__hover_enabled=\u00bboff\u00bb button_one_border_color__hover_enabled=\u00bboff\u00bb button_two_border_color__hover_enabled=\u00bboff\u00bb button_border_radius__hover_enabled=\u00bboff\u00bb button_one_border_radius__hover_enabled=\u00bboff\u00bb button_two_border_radius__hover_enabled=\u00bboff\u00bb button_letter_spacing__hover_enabled=\u00bboff\u00bb button_one_letter_spacing__hover_enabled=\u00bboff\u00bb button_two_letter_spacing__hover_enabled=\u00bboff\u00bb button_bg_color__hover_enabled=\u00bboff\u00bb button_one_bg_color__hover_enabled=\u00bboff\u00bb button_two_bg_color__hover_enabled=\u00bboff\u00bb][\/et_pb_contact_field][et_pb_contact_field field_id=\u00bbEmail\u00bb field_title=\u00bbDirecci\u00f3n de correo electr\u00f3nico\u00bb field_type=\u00bbemail\u00bb _builder_version=\u00bb4.16&#8243; global_colors_info=\u00bb{}\u00bb button_text_size__hover_enabled=\u00bboff\u00bb button_one_text_size__hover_enabled=\u00bboff\u00bb button_two_text_size__hover_enabled=\u00bboff\u00bb button_text_color__hover_enabled=\u00bboff\u00bb button_one_text_color__hover_enabled=\u00bboff\u00bb button_two_text_color__hover_enabled=\u00bboff\u00bb button_border_width__hover_enabled=\u00bboff\u00bb button_one_border_width__hover_enabled=\u00bboff\u00bb button_two_border_width__hover_enabled=\u00bboff\u00bb button_border_color__hover_enabled=\u00bboff\u00bb button_one_border_color__hover_enabled=\u00bboff\u00bb button_two_border_color__hover_enabled=\u00bboff\u00bb button_border_radius__hover_enabled=\u00bboff\u00bb button_one_border_radius__hover_enabled=\u00bboff\u00bb button_two_border_radius__hover_enabled=\u00bboff\u00bb button_letter_spacing__hover_enabled=\u00bboff\u00bb button_one_letter_spacing__hover_enabled=\u00bboff\u00bb button_two_letter_spacing__hover_enabled=\u00bboff\u00bb button_bg_color__hover_enabled=\u00bboff\u00bb button_one_bg_color__hover_enabled=\u00bboff\u00bb button_two_bg_color__hover_enabled=\u00bboff\u00bb][\/et_pb_contact_field][et_pb_contact_field field_id=\u00bbMessage\u00bb field_title=\u00bbMensaje\u00bb field_type=\u00bbtext\u00bb fullwidth_field=\u00bbon\u00bb _builder_version=\u00bb4.16&#8243; global_colors_info=\u00bb{}\u00bb button_text_size__hover_enabled=\u00bboff\u00bb button_one_text_size__hover_enabled=\u00bboff\u00bb button_two_text_size__hover_enabled=\u00bboff\u00bb button_text_color__hover_enabled=\u00bboff\u00bb button_one_text_color__hover_enabled=\u00bboff\u00bb button_two_text_color__hover_enabled=\u00bboff\u00bb button_border_width__hover_enabled=\u00bboff\u00bb button_one_border_width__hover_enabled=\u00bboff\u00bb button_two_border_width__hover_enabled=\u00bboff\u00bb button_border_color__hover_enabled=\u00bboff\u00bb button_one_border_color__hover_enabled=\u00bboff\u00bb button_two_border_color__hover_enabled=\u00bboff\u00bb button_border_radius__hover_enabled=\u00bboff\u00bb button_one_border_radius__hover_enabled=\u00bboff\u00bb button_two_border_radius__hover_enabled=\u00bboff\u00bb button_letter_spacing__hover_enabled=\u00bboff\u00bb button_one_letter_spacing__hover_enabled=\u00bboff\u00bb button_two_letter_spacing__hover_enabled=\u00bboff\u00bb button_bg_color__hover_enabled=\u00bboff\u00bb button_one_bg_color__hover_enabled=\u00bboff\u00bb button_two_bg_color__hover_enabled=\u00bboff\u00bb][\/et_pb_contact_field][et_pb_contact_field field_id=\u00bbPrivacidad\u00bb field_title=\u00bb \u00bb field_type=\u00bbcheckbox\u00bb checkbox_options=\u00bb%91{%22value%22:%22Acepto la pol\u00edtica de privacidad del sitio.%22,%22checked%22:0,%22dragID%22:-1,%22link_url%22:%22https:\/\/alicante.salesianos.edu\/politica-de-privacidad\/%22,%22link_text%22:%22%22}%93&#8243; fullwidth_field=\u00bbon\u00bb _builder_version=\u00bb4.16&#8243; global_colors_info=\u00bb{}\u00bb][\/et_pb_contact_field][\/et_pb_contact_form][\/et_pb_column][\/et_pb_row][\/et_pb_section][et_pb_section fb_built=\u00bb1&#8243; prev_background_color=\u00bb#eaeaea\u00bb disabled_on=\u00bbon|on|on\u00bb module_id=\u00bbred-de-mediacion\u00bb _builder_version=\u00bb4.16&#8243; background_color=\u00bb#ededed\u00bb use_background_color_gradient=\u00bbon\u00bb background_color_gradient_direction=\u00bb203deg\u00bb background_color_gradient_stops=\u00bb#f2f2f2 0%|#e8e8e8 100%\u00bb background_color_gradient_start=\u00bb#f2f2f2&#8243; background_color_gradient_end=\u00bb#e8e8e8&#8243; custom_padding=\u00bb94px|0px|85px|0px|false|false\u00bb top_divider_style=\u00bbwave2&#8243; bottom_divider_style=\u00bbwave2&#8243; bottom_divider_color=\u00bb#ffffff\u00bb disabled=\u00bbon\u00bb global_colors_info=\u00bb{}\u00bb][et_pb_row _builder_version=\u00bb4.16&#8243; custom_padding=\u00bb27px|0px|0|0px|false|false\u00bb global_colors_info=\u00bb{}\u00bb][et_pb_column type=\u00bb4_4&#8243; _builder_version=\u00bb4.16&#8243; custom_padding=\u00bb|||\u00bb global_colors_info=\u00bb{}\u00bb custom_padding__hover=\u00bb|||\u00bb][et_pb_text _builder_version=\u00bb4.16&#8243; header_font=\u00bb||||||||\u00bb header_2_font=\u00bbLato|700|on||||||\u00bb header_2_text_align=\u00bbcenter\u00bb header_2_text_color=\u00bb#51626f\u00bb header_2_font_size=\u00bb38px\u00bb global_colors_info=\u00bb{}\u00bb]<\/p>\n<h2 style=\"text-align: center;\">Red de mediaci\u00f3n<\/h2>\n<p>[\/et_pb_text][\/et_pb_column][\/et_pb_row][et_pb_row column_structure=\u00bb1_3,1_3,1_3&#8243; _builder_version=\u00bb4.16&#8243; global_colors_info=\u00bb{}\u00bb][et_pb_column type=\u00bb1_3&#8243; _builder_version=\u00bb4.16&#8243; custom_padding=\u00bb|||\u00bb global_colors_info=\u00bb{}\u00bb custom_padding__hover=\u00bb|||\u00bb][et_pb_blurb title=\u00bbEquipo permanente\u00bb url=\u00bbhttps:\/\/alicante.salesianos.edu\/colegio\/mediacion\/#equipo-permanente\u00bb use_icon=\u00bbon\u00bb font_icon=\u00bb&#xe0df;||divi||400&#8243; _builder_version=\u00bb4.16&#8243; header_level=\u00bbh3&#8243; header_font=\u00bbLato||||||||\u00bb header_font_size=\u00bb26px\u00bb body_font=\u00bb||||||||\u00bb text_orientation=\u00bbcenter\u00bb animation_style=\u00bbzoom\u00bb link_option_url=\u00bbhttps:\/\/alicante.salesianos.edu\/colegio\/mediacion\/#equipo-permanente\u00bb global_colors_info=\u00bb{}\u00bb]<\/p>\n<div><span lang=\"es\">Profesores que se han formado en mediaci\u00f3n y que dinamizan el servicio. <\/span><\/div>\n<div><span><\/span><\/div>\n<p>[\/et_pb_blurb][\/et_pb_column][et_pb_column type=\u00bb1_3&#8243; _builder_version=\u00bb4.16&#8243; custom_padding=\u00bb|||\u00bb global_colors_info=\u00bb{}\u00bb custom_padding__hover=\u00bb|||\u00bb][et_pb_blurb title=\u00bbAlumnos mediadores\u00bb use_icon=\u00bbon\u00bb font_icon=\u00bb&#xe108;||divi||400&#8243; _builder_version=\u00bb4.16&#8243; header_level=\u00bbh3&#8243; header_font=\u00bbLato||||||||\u00bb header_font_size=\u00bb26px\u00bb body_font=\u00bb||||||||\u00bb text_orientation=\u00bbcenter\u00bb animation_style=\u00bbzoom\u00bb global_colors_info=\u00bb{}\u00bb]<\/p>\n<div>\n<div><span lang=\"es\">Alumnos voluntarios que han recibido la formaci\u00f3n adecuada y que act\u00faan como mediadores en los casos que se les asignen, participando adem\u00e1s<span>\u00a0 <\/span>en las actividades de difusi\u00f3n y concienciaci\u00f3n de la red de mediaci\u00f3n, como formar a otros compa\u00f1eros. <\/span><\/div>\n<div><span><\/span><\/div>\n<\/div>\n<p>[\/et_pb_blurb][\/et_pb_column][et_pb_column type=\u00bb1_3&#8243; _builder_version=\u00bb4.16&#8243; custom_padding=\u00bb|||\u00bb global_colors_info=\u00bb{}\u00bb custom_padding__hover=\u00bb|||\u00bb][et_pb_blurb title=\u00bbComponentes no mediadores\u00bb use_icon=\u00bbon\u00bb font_icon=\u00bb&#xe08b;||divi||400&#8243; _builder_version=\u00bb4.16&#8243; header_level=\u00bbh3&#8243; header_font=\u00bbLato||||||||\u00bb header_font_size=\u00bb26px\u00bb body_font=\u00bb||||||||\u00bb text_orientation=\u00bbcenter\u00bb animation_style=\u00bbzoom\u00bb global_colors_info=\u00bb{}\u00bb]<\/p>\n<div>\n<div>\n<div><span lang=\"es\">Alumnos, profesores, padres o miembros de la comunidad educativa, formados o no que voluntariamente quieren participar en diversas actividades puntuales relacionadas con la red de mediaci\u00f3n.<\/span><\/div>\n<div><span><\/span><\/div>\n<\/div>\n<\/div>\n<p>[\/et_pb_blurb][\/et_pb_column][\/et_pb_row][\/et_pb_section][et_pb_section fb_built=\u00bb1&#8243; disabled_on=\u00bbon|on|on\u00bb _builder_version=\u00bb4.16&#8243; custom_padding=\u00bb0|0px|18px|0px|false|false\u00bb disabled=\u00bbon\u00bb global_colors_info=\u00bb{}\u00bb][et_pb_row _builder_version=\u00bb4.16&#8243; custom_padding=\u00bb0|0px|27px|0px|false|false\u00bb global_colors_info=\u00bb{}\u00bb][et_pb_column type=\u00bb4_4&#8243; _builder_version=\u00bb4.16&#8243; custom_padding=\u00bb|||\u00bb global_colors_info=\u00bb{}\u00bb custom_padding__hover=\u00bb|||\u00bb][et_pb_text _builder_version=\u00bb4.16&#8243; text_font=\u00bb||||||||\u00bb text_font_size=\u00bb16px\u00bb link_font=\u00bb||||||||\u00bb link_text_color=\u00bb#6b6b6b\u00bb header_font=\u00bb||||||||\u00bb header_2_font=\u00bbLato|300|||||||\u00bb header_2_font_size=\u00bb27px\u00bb header_3_font=\u00bb|300|||||||\u00bb header_3_font_size=\u00bb20px\u00bb background_color=\u00bb#dc001b\u00bb background_layout=\u00bbdark\u00bb custom_margin=\u00bb30px|||\u00bb custom_padding=\u00bb17px|30px|7px|30px||true\u00bb border_radii=\u00bb|20px|20px||\u00bb border_color_all=\u00bb#dddddd\u00bb border_style_all=\u00bbdashed\u00bb global_colors_info=\u00bb{}\u00bb]<\/p>\n<h2>Preguntas frecuentes<\/h2>\n<p>[\/et_pb_text][et_pb_accordion open_toggle_text_color=\u00bb#dc001b\u00bb closed_toggle_text_color=\u00bb#dc001b\u00bb _builder_version=\u00bb4.16&#8243; toggle_level=\u00bbh3&#8243; toggle_font=\u00bb||||||||\u00bb toggle_font_size=\u00bb17px\u00bb global_colors_info=\u00bb{}\u00bb][et_pb_accordion_item title=\u00bb\u00bfC\u00f3mo se solicita una mediaci\u00f3n?\u00bb open=\u00bbon\u00bb _builder_version=\u00bb4.16&#8243; global_colors_info=\u00bb{}\u00bb]<\/p>\n<p>Tienes cuatro maneras de solicitar una mediaci\u00f3n:<\/p>\n<ul>\n<li>Comentarlo con cualquier miembro del <a href=\"https:\/\/alicante.salesianos.edu\/colegio\/mediacion\/#equipo-permanente\" title=\"Ver miembros del equipo\">equipo permanente<\/a>.<\/li>\n<li>Rellenar el <a href=\"https:\/\/alicante.salesianos.edu\/colegio\/mediacion\/#Formulario\" title=\"Ir al formulario\">formulario<\/a> que encontrar\u00e1s m\u00e1s abajo.<\/li>\n<li>Dirigirte por correo electr\u00f3nico a:\u00a0<a href=\"mailto:mediacion.alicante@salesianos.edu\" title=\"Enviar un correo\">mediacion.alicante@salesianos.edu<\/a><\/li>\n<li>Comentarlo con tu tutor\/a.<\/li>\n<\/ul>\n<p>En cualquiera de estos casos se te facilitar\u00e1 una <strong>hoja de solicitud<\/strong> para rellenarla antes de iniciar la <strong>premediaci\u00f3n<\/strong>.<\/p>\n<p>[\/et_pb_accordion_item][et_pb_accordion_item title=\u00bb\u00bfQui\u00e9n puede solicitar una mediaci\u00f3n?\u00bb _builder_version=\u00bb4.16&#8243; global_colors_info=\u00bb{}\u00bb open=\u00bboff\u00bb]<\/p>\n<p>Cualquier alumno o alumna del centro <strong>a partir de 5\u00ba de Primaria<\/strong>\u00a0inclusive.<\/p>\n<p>[\/et_pb_accordion_item][et_pb_accordion_item title=\u00bb\u00bfQu\u00e9 conductas son mediables y cu\u00e1les no?\u00bb _builder_version=\u00bb4.16&#8243; global_colors_info=\u00bb{}\u00bb open=\u00bboff\u00bb]<\/p>\n<p><strong>Son mediables:<\/strong><\/p>\n<ul>\n<li>Faltas de respeto.<\/li>\n<li>Amistades que se han deteriorado.<\/li>\n<li>Rumores y malentendidos.<\/li>\n<li>Objetos personales.<\/li>\n<li>Espacios de juego.<\/li>\n<li>Valores<\/li>\n<\/ul>\n<p><strong>NO son mediables:<\/strong><\/p>\n<ul>\n<li>Conductas que est\u00e9n tipificadas en el RRI.<\/li>\n<li>Conductas delictivas.<\/li>\n<li>Acoso escolar.<\/li>\n<li>Desequilibrios de poder, maltrato.<\/li>\n<li>Conductas disruptivas en el aula.<\/li>\n<\/ul>\n<p>[\/et_pb_accordion_item][et_pb_accordion_item title=\u00bb\u00bfQu\u00e9 es la premediaci\u00f3n?\u00bb _builder_version=\u00bb4.16&#8243; global_colors_info=\u00bb{}\u00bb open=\u00bboff\u00bb]<\/p>\n<p>Es el momento previo en el que el equipo de mediaci\u00f3n se entrevista con las partes implicadas en el conflicto para:<\/p>\n<ul>\n<li>Escuchar.<\/li>\n<li>Determinar si es una situaci\u00f3n mediable.<\/li>\n<li>Comprobar que las dos partes est\u00e1n interesadas en hablar.<\/li>\n<\/ul>\n<p><strong>En caso positivo<\/strong>, ambas partes rellenan el documento d\u00f3nde se comprometen a dialogar, respetarse, e intentar llegar a un acuerdo.<\/p>\n<p>[\/et_pb_accordion_item][et_pb_accordion_item title=\u00bb\u00bfC\u00f3mo es una mediaci\u00f3n?\u00bb _builder_version=\u00bb4.16&#8243; global_colors_info=\u00bb{}\u00bb open=\u00bboff\u00bb]<\/p>\n<p><strong>Se fija el d\u00eda y la hora y se asigna una pareja de mediadores.<\/strong>\u00a0La mediaci\u00f3n se realizar\u00e1 de la siguiente manera:<\/p>\n<ul>\n<li>Cada parte expone el conflicto.<\/li>\n<li>Ambas partes proponen soluciones.<\/li>\n<li>Se eligen las m\u00e1s convenientes.<\/li>\n<li>Si se llega a un acuerdo, se firma un compromiso.<\/li>\n<li>Pasado un tiempo se revisa si el conflicto est\u00e1 resuelto.<\/li>\n<\/ul>\n<p>Cabe destacar que <strong>el mediador es un facilitador pero no resuelve los conflictos ni toma partido de ellos<\/strong>.<\/p>\n<p>[\/et_pb_accordion_item][et_pb_accordion_item title=\u00bb\u00bfQu\u00e9 hace el mediador?\u00bb _builder_version=\u00bb4.16&#8243; global_colors_info=\u00bb{}\u00bb open=\u00bboff\u00bb]<\/p>\n<p><span>Los <strong>mediadores escolares<\/strong> son aquellas personas que son capaces de ver en el conflicto una oportunidad para la posibilidad de hablar, de la paz y de la no violencia:<\/span><\/p>\n<ul>\n<li><span>El <\/span><span>mediador es el encargado de establecer las <\/span><span>normas.<\/span><\/li>\n<li><span>No <\/span><span>tiene que juzgar por lo que digan los participantes. <\/span><\/li>\n<li><span>Debe <\/span><span>estar escuchando activamente.<\/span><\/li>\n<li><span>Respeta <\/span><span>la confidencialidad.<\/span><\/li>\n<li><span>Intenta <\/span><span>dar\u00a0<\/span><span>opciones (pero no soluciones) <\/span><span>para\u00a0<\/span><span>ayudar a resolver el <\/span><span>conflicto.<\/span><\/li>\n<\/ul>\n<p>[\/et_pb_accordion_item][et_pb_accordion_item title=\u00bb\u00bfQu\u00e9 es la red de mediaci\u00f3n?\u00bb _builder_version=\u00bb4.16&#8243; global_colors_info=\u00bb{}\u00bb open=\u00bboff\u00bb]<\/p>\n<ul>\n<li>Un grupo de personas de nuestro colegio interesadas en tener una buena convivencia y un clima de di\u00e1logo positivo, para resolver pac\u00edficamente los conflictos.<\/li>\n<li>Anualmente se realizar\u00e1 una actividad para difundir estos valores y sensibilizar a todos los miembros de la comunidad educativa-pastoral.<\/li>\n<li>Algunos miembros de la red de mediaci\u00f3n pueden ser mediadores, tras un <strong>proceso de formaci\u00f3n<\/strong> de mediaci\u00f3n.<\/li>\n<li>El equipo de mediadores <strong>se ir\u00e1 renovando cada curso<\/strong>.<\/li>\n<\/ul>\n<p>[\/et_pb_accordion_item][et_pb_accordion_item title=\u00bb\u00bfC\u00f3mo puedo formar parte de la red de mediaci\u00f3n?\u00bb _builder_version=\u00bb4.16&#8243; global_colors_info=\u00bb{}\u00bb open=\u00bboff\u00bb]<\/p>\n<p>Ponte en contacto con nosotros a trav\u00e9s del formulario que encontrar\u00e1s m\u00e1s abajo o mediante el correo:\u00a0<a href=\"mailto:mediacion.alicante@salesianos.edu\" title=\"Enviar correo\">mediacion.alicante@salesianos.edu<\/a><\/p>\n<p>[\/et_pb_accordion_item][\/et_pb_accordion][\/et_pb_column][\/et_pb_row][\/et_pb_section]<\/p>\n","protected":false},"excerpt":{"rendered":"<p>\u00bfQu\u00e9 es? Nuestro Departamento de Orientaci\u00f3n es un equipo formado por profesionales que apoyamos al conjunto del profesorado y familias en todas aquellas actuaciones encaminadas a asegurar una formaci\u00f3n integral y a la adaptaci\u00f3n de los procesos de ense\u00f1anza a las caracter\u00edsticas y necesidades educativas de nuestro alumnado.\u00bfCu\u00e1l es su finalidad? Nuestra misi\u00f3n es la [&hellip;]<\/p>\n","protected":false},"author":3,"featured_media":0,"parent":0,"menu_order":0,"comment_status":"closed","ping_status":"closed","template":"","meta":{"_et_pb_use_builder":"on","_et_pb_old_content":"","_et_gb_content_width":"","footnotes":""},"class_list":["post-4806","page","type-page","status-publish","hentry"],"yoast_head":"<!-- This site is optimized with the Yoast SEO plugin v28.4 - https:\/\/yoast.com\/product\/yoast-seo-wordpress\/ -->\n<title>Orientaci\u00f3n - Colegio Salesiano San Francisco de Sales<\/title>\n<meta name=\"robots\" content=\"index, follow, max-snippet:-1, max-image-preview:large, max-video-preview:-1\" \/>\n<link rel=\"canonical\" href=\"https:\/\/cordoba.salesianos.edu\/colegio\/orientacion\/\" \/>\n<meta property=\"og:locale\" content=\"es_ES\" \/>\n<meta property=\"og:type\" content=\"article\" \/>\n<meta property=\"og:title\" content=\"Orientaci\u00f3n - Colegio Salesiano San Francisco de Sales\" \/>\n<meta property=\"og:description\" content=\"\u00bfQu\u00e9 es? Nuestro Departamento de Orientaci\u00f3n es un equipo formado por profesionales que apoyamos al conjunto del profesorado y familias en todas aquellas actuaciones encaminadas a asegurar una formaci\u00f3n integral y a la adaptaci\u00f3n de los procesos de ense\u00f1anza a las caracter\u00edsticas y necesidades educativas de nuestro alumnado.\u00bfCu\u00e1l es su finalidad? Nuestra misi\u00f3n es la [&hellip;]\" \/>\n<meta property=\"og:url\" content=\"https:\/\/cordoba.salesianos.edu\/colegio\/orientacion\/\" \/>\n<meta property=\"og:site_name\" content=\"Colegio Salesiano San Francisco de Sales\" \/>\n<meta property=\"article:modified_time\" content=\"2026-03-19T13:49:40+00:00\" \/>\n<meta name=\"twitter:card\" content=\"summary_large_image\" \/>\n<meta name=\"twitter:label1\" content=\"Tiempo de lectura\" \/>\n\t<meta name=\"twitter:data1\" content=\"2 minutos\" \/>\n<script type=\"application\/ld+json\" class=\"yoast-schema-graph\">{\"@context\":\"https:\\\/\\\/schema.org\",\"@graph\":[{\"@type\":\"WebPage\",\"@id\":\"https:\\\/\\\/cordoba.salesianos.edu\\\/colegio\\\/orientacion\\\/\",\"url\":\"https:\\\/\\\/cordoba.salesianos.edu\\\/colegio\\\/orientacion\\\/\",\"name\":\"Orientaci\u00f3n - Colegio Salesiano San Francisco de Sales\",\"isPartOf\":{\"@id\":\"https:\\\/\\\/cordoba.salesianos.edu\\\/colegio\\\/#website\"},\"datePublished\":\"2020-10-07T18:05:54+00:00\",\"dateModified\":\"2026-03-19T13:49:40+00:00\",\"breadcrumb\":{\"@id\":\"https:\\\/\\\/cordoba.salesianos.edu\\\/colegio\\\/orientacion\\\/#breadcrumb\"},\"inLanguage\":\"es\",\"potentialAction\":[{\"@type\":\"ReadAction\",\"target\":[\"https:\\\/\\\/cordoba.salesianos.edu\\\/colegio\\\/orientacion\\\/\"]}]},{\"@type\":\"BreadcrumbList\",\"@id\":\"https:\\\/\\\/cordoba.salesianos.edu\\\/colegio\\\/orientacion\\\/#breadcrumb\",\"itemListElement\":[{\"@type\":\"ListItem\",\"position\":1,\"name\":\"Portada\",\"item\":\"https:\\\/\\\/cordoba.salesianos.edu\\\/colegio\\\/\"},{\"@type\":\"ListItem\",\"position\":2,\"name\":\"Orientaci\u00f3n\"}]},{\"@type\":\"WebSite\",\"@id\":\"https:\\\/\\\/cordoba.salesianos.edu\\\/colegio\\\/#website\",\"url\":\"https:\\\/\\\/cordoba.salesianos.edu\\\/colegio\\\/\",\"name\":\"Colegio Salesiano San Francisco de Sales\",\"description\":\"P\u00e1gina oficial Salesianos C\u00f3rdoba\",\"potentialAction\":[{\"@type\":\"SearchAction\",\"target\":{\"@type\":\"EntryPoint\",\"urlTemplate\":\"https:\\\/\\\/cordoba.salesianos.edu\\\/colegio\\\/?s={search_term_string}\"},\"query-input\":{\"@type\":\"PropertyValueSpecification\",\"valueRequired\":true,\"valueName\":\"search_term_string\"}}],\"inLanguage\":\"es\"}]}<\/script>\n<!-- \/ Yoast SEO plugin. -->","yoast_head_json":{"title":"Orientaci\u00f3n - Colegio Salesiano San Francisco de Sales","robots":{"index":"index","follow":"follow","max-snippet":"max-snippet:-1","max-image-preview":"max-image-preview:large","max-video-preview":"max-video-preview:-1"},"canonical":"https:\/\/cordoba.salesianos.edu\/colegio\/orientacion\/","og_locale":"es_ES","og_type":"article","og_title":"Orientaci\u00f3n - Colegio Salesiano San Francisco de Sales","og_description":"\u00bfQu\u00e9 es? Nuestro Departamento de Orientaci\u00f3n es un equipo formado por profesionales que apoyamos al conjunto del profesorado y familias en todas aquellas actuaciones encaminadas a asegurar una formaci\u00f3n integral y a la adaptaci\u00f3n de los procesos de ense\u00f1anza a las caracter\u00edsticas y necesidades educativas de nuestro alumnado.\u00bfCu\u00e1l es su finalidad? Nuestra misi\u00f3n es la [&hellip;]","og_url":"https:\/\/cordoba.salesianos.edu\/colegio\/orientacion\/","og_site_name":"Colegio Salesiano San Francisco de Sales","article_modified_time":"2026-03-19T13:49:40+00:00","twitter_card":"summary_large_image","twitter_misc":{"Tiempo de lectura":"2 minutos"},"schema":{"@context":"https:\/\/schema.org","@graph":[{"@type":"WebPage","@id":"https:\/\/cordoba.salesianos.edu\/colegio\/orientacion\/","url":"https:\/\/cordoba.salesianos.edu\/colegio\/orientacion\/","name":"Orientaci\u00f3n - Colegio Salesiano San Francisco de Sales","isPartOf":{"@id":"https:\/\/cordoba.salesianos.edu\/colegio\/#website"},"datePublished":"2020-10-07T18:05:54+00:00","dateModified":"2026-03-19T13:49:40+00:00","breadcrumb":{"@id":"https:\/\/cordoba.salesianos.edu\/colegio\/orientacion\/#breadcrumb"},"inLanguage":"es","potentialAction":[{"@type":"ReadAction","target":["https:\/\/cordoba.salesianos.edu\/colegio\/orientacion\/"]}]},{"@type":"BreadcrumbList","@id":"https:\/\/cordoba.salesianos.edu\/colegio\/orientacion\/#breadcrumb","itemListElement":[{"@type":"ListItem","position":1,"name":"Portada","item":"https:\/\/cordoba.salesianos.edu\/colegio\/"},{"@type":"ListItem","position":2,"name":"Orientaci\u00f3n"}]},{"@type":"WebSite","@id":"https:\/\/cordoba.salesianos.edu\/colegio\/#website","url":"https:\/\/cordoba.salesianos.edu\/colegio\/","name":"Colegio Salesiano San Francisco de Sales","description":"P\u00e1gina oficial Salesianos C\u00f3rdoba","potentialAction":[{"@type":"SearchAction","target":{"@type":"EntryPoint","urlTemplate":"https:\/\/cordoba.salesianos.edu\/colegio\/?s={search_term_string}"},"query-input":{"@type":"PropertyValueSpecification","valueRequired":true,"valueName":"search_term_string"}}],"inLanguage":"es"}]}},"_links":{"self":[{"href":"https:\/\/cordoba.salesianos.edu\/colegio\/wp-json\/wp\/v2\/pages\/4806","targetHints":{"allow":["GET"]}}],"collection":[{"href":"https:\/\/cordoba.salesianos.edu\/colegio\/wp-json\/wp\/v2\/pages"}],"about":[{"href":"https:\/\/cordoba.salesianos.edu\/colegio\/wp-json\/wp\/v2\/types\/page"}],"author":[{"embeddable":true,"href":"https:\/\/cordoba.salesianos.edu\/colegio\/wp-json\/wp\/v2\/users\/3"}],"replies":[{"embeddable":true,"href":"https:\/\/cordoba.salesianos.edu\/colegio\/wp-json\/wp\/v2\/comments?post=4806"}],"version-history":[{"count":15,"href":"https:\/\/cordoba.salesianos.edu\/colegio\/wp-json\/wp\/v2\/pages\/4806\/revisions"}],"predecessor-version":[{"id":9532,"href":"https:\/\/cordoba.salesianos.edu\/colegio\/wp-json\/wp\/v2\/pages\/4806\/revisions\/9532"}],"wp:attachment":[{"href":"https:\/\/cordoba.salesianos.edu\/colegio\/wp-json\/wp\/v2\/media?parent=4806"}],"curies":[{"name":"wp","href":"https:\/\/api.w.org\/{rel}","templated":true}]}}