{"id":4709,"date":"2020-10-07T19:34:25","date_gmt":"2020-10-07T17:34:25","guid":{"rendered":"https:\/\/cordoba.salesianos.edu\/colegio\/?page_id=4709"},"modified":"2026-02-01T12:22:00","modified_gmt":"2026-02-01T11:22:00","slug":"inicio-colegio","status":"publish","type":"page","link":"https:\/\/cordoba.salesianos.edu\/colegio\/","title":{"rendered":"Inicio Colegio"},"content":{"rendered":"<p>[et_pb_section fb_built=\u00bb1&#8243; fullwidth=\u00bbon\u00bb disabled_on=\u00bboff|off|off\u00bb _builder_version=\u00bb4.16&#8243; global_colors_info=\u00bb{}\u00bb][et_pb_fullwidth_slider show_image_video_mobile=\u00bbon\u00bb module_class=\u00bbpagina-texto-light\u00bb _builder_version=\u00bb4.18.0&#8243; header_level=\u00bbh1&#8243; header_font=\u00bbLato|900|||||||\u00bb header_font_size=\u00bb46px\u00bb body_font=\u00bbLato|300|on||||||\u00bb body_font_size=\u00bb30px\u00bb custom_button=\u00bbon\u00bb button_text_size=\u00bb24px\u00bb button_text_color=\u00bb#ffffff\u00bb button_bg_color=\u00bb#dc001b\u00bb button_border_width=\u00bb0px\u00bb button_font=\u00bbLato||on||||||\u00bb custom_margin=\u00bb||\u00bb border_width_top_image=\u00bb50px\u00bb border_color_top_image=\u00bbrgba(0,0,0,0)\u00bb box_shadow_style_button=\u00bbpreset3&#8243; global_colors_info=\u00bb{}\u00bb][et_pb_slide button_text=\u00bbOferta educativa\u00bb button_link=\u00bb@ET-DC@eyJkeW5hbWljIjp0cnVlLCJjb250ZW50IjoicG9zdF9saW5rX3VybF9wYWdlIiwic2V0dGluZ3MiOnsicG9zdF9pZCI6IjQ4MjYifX0=@\u00bb image=\u00bbhttps:\/\/cordoba.salesianos.edu\/colegio\/wp-content\/uploads\/sites\/2\/2021\/05\/CORDOBA.png\u00bb use_bg_overlay=\u00bbon\u00bb bg_overlay_color=\u00bbrgba(255,255,255,0.82)\u00bb _builder_version=\u00bb4.16&#8243; _dynamic_attributes=\u00bbbutton_link,link_option_url\u00bb header_font=\u00bbLato|700|||||||\u00bb body_font=\u00bb|600|||||||\u00bb body_font_size=\u00bb42px\u00bb background_image=\u00bbhttps:\/\/cordoba.salesianos.edu\/colegio\/wp-content\/uploads\/sites\/2\/2021\/05\/FONDO-COLEGIO.jpg\u00bb background_enable_image=\u00bbon\u00bb background_layout=\u00bblight\u00bb link_option_url=\u00bb@ET-DC@eyJkeW5hbWljIjp0cnVlLCJjb250ZW50IjoicG9zdF9saW5rX3VybF9wYWdlIiwic2V0dGluZ3MiOnsicG9zdF9pZCI6IjQ4MjYifX0=@\u00bb global_colors_info=\u00bb{}\u00bb body_text_shadow_style__hover=\u00bbnone\u00bb body_text_shadow_style__hover_enabled=\u00bbnone\u00bb body_text_shadow_color__hover=\u00bbrgba(0,0,0,0.4)\u00bb body_text_shadow_color__hover_enabled=\u00bbrgba(0,0,0,0.4)\u00bb header_text_shadow_style__hover=\u00bbnone\u00bb header_text_shadow_style__hover_enabled=\u00bbnone\u00bb header_text_shadow_color__hover=\u00bbrgba(0,0,0,0.4)\u00bb header_text_shadow_color__hover_enabled=\u00bbrgba(0,0,0,0.4)\u00bb background_layout__hover=\u00bbdark\u00bb background_layout__hover_enabled=\u00bbdark\u00bb text_shadow_style__hover=\u00bbnone\u00bb text_shadow_style__hover_enabled=\u00bbnone\u00bb text_shadow_color__hover=\u00bbrgba(0,0,0,0.4)\u00bb text_shadow_color__hover_enabled=\u00bbrgba(0,0,0,0.4)\u00bb sticky_transition=\u00bbon\u00bb]<\/p>\n<p>\u00a1Con\u00f3cenos desde casa!<\/p>\n<p>[\/et_pb_slide][et_pb_slide button_link=\u00bbhttps:\/\/creciendojuntos.salesianos.edu\/cordoba\/\u00bb use_bg_overlay=\u00bbon\u00bb bg_overlay_color=\u00bbRGBA(255,255,255,0)\u00bb _builder_version=\u00bb4.16&#8243; header_font=\u00bbLato|700|||||||\u00bb body_font=\u00bb|600|||||||\u00bb body_font_size=\u00bb42px\u00bb background_image=\u00bbhttps:\/\/cordoba.salesianos.edu\/colegio\/wp-content\/uploads\/sites\/2\/2022\/01\/CORDOBA_MMQE_banner-web.jpg\u00bb background_enable_image=\u00bbon\u00bb background_layout=\u00bblight\u00bb link_option_url=\u00bbhttps:\/\/creciendojuntos.salesianos.edu\/cordoba\/\u00bb background_last_edited=\u00bbon|phone\u00bb background_image_phone=\u00bbhttps:\/\/cordoba.salesianos.edu\/colegio\/wp-content\/uploads\/sites\/2\/2022\/01\/CORD_MMQE-_MVL-scaled.jpg\u00bb background_enable_image_phone=\u00bbon\u00bb global_colors_info=\u00bb{}\u00bb body_text_shadow_style__hover=\u00bbnone\u00bb body_text_shadow_style__hover_enabled=\u00bbnone\u00bb body_text_shadow_color__hover=\u00bbrgba(0,0,0,0.4)\u00bb body_text_shadow_color__hover_enabled=\u00bbrgba(0,0,0,0.4)\u00bb header_text_shadow_style__hover=\u00bbnone\u00bb header_text_shadow_style__hover_enabled=\u00bbnone\u00bb header_text_shadow_color__hover=\u00bbrgba(0,0,0,0.4)\u00bb header_text_shadow_color__hover_enabled=\u00bbrgba(0,0,0,0.4)\u00bb background_layout__hover=\u00bbdark\u00bb background_layout__hover_enabled=\u00bbdark\u00bb text_shadow_style__hover=\u00bbnone\u00bb text_shadow_style__hover_enabled=\u00bbnone\u00bb text_shadow_color__hover=\u00bbrgba(0,0,0,0.4)\u00bb text_shadow_color__hover_enabled=\u00bbrgba(0,0,0,0.4)\u00bb sticky_transition=\u00bbon\u00bb][\/et_pb_slide][\/et_pb_fullwidth_slider][\/et_pb_section][et_pb_section fb_built=\u00bb1&#8243; next_background_color=\u00bb#ffffff\u00bb disabled_on=\u00bbon|on|on\u00bb _builder_version=\u00bb4.16&#8243; background_color=\u00bb#dc001b\u00bb background_image=\u00bbhttps:\/\/cordoba.salesianos.edu\/colegio\/wp-content\/uploads\/sites\/2\/2020\/10\/encabezado_noticias_casa-min.png\u00bb custom_padding=\u00bb0px||0px|||\u00bb bottom_divider_style=\u00bbcurve2&#8243; bottom_divider_height=\u00bb26px\u00bb link_option_url=\u00bbhttps:\/\/cordoba.matriculavirtual.com\/\u00bb disabled=\u00bbon\u00bb global_colors_info=\u00bb{}\u00bb][et_pb_row _builder_version=\u00bb4.16&#8243; global_colors_info=\u00bb{}\u00bb][et_pb_column type=\u00bb4_4&#8243; _builder_version=\u00bb4.16&#8243; global_colors_info=\u00bb{}\u00bb][et_pb_blurb title=\u00bbCONOCE TODO EL PROCESO DE ADMISI\u00d3N\u00bb url=\u00bbhttps:\/\/cordoba.salesianos.edu\/colegio\/admisiones\/\u00bb use_icon=\u00bbon\u00bb font_icon=\u00bb&#x5a;||divi||400&#8243; icon_color=\u00bb#ffffff\u00bb icon_placement=\u00bbleft\u00bb image_icon_width=\u00bb74px\u00bb content_max_width=\u00bb1100px\u00bb icon_placement_tablet=\u00bb\u00bb icon_placement_phone=\u00bbtop\u00bb icon_placement_last_edited=\u00bbon|phone\u00bb image_icon_width_tablet=\u00bb74px\u00bb image_icon_width_phone=\u00bb74px\u00bb image_icon_width_last_edited=\u00bbon|phone\u00bb disabled_on=\u00bboff|off|off\u00bb _builder_version=\u00bb4.16&#8243; header_level=\u00bbh3&#8243; header_font=\u00bbLato|900|||||||\u00bb header_text_color=\u00bb#ffffff\u00bb header_font_size=\u00bb35px\u00bb body_font=\u00bbLato||on||||||\u00bb body_text_color=\u00bb#ffffff\u00bb body_font_size=\u00bb17px\u00bb image_icon_custom_padding_tablet=\u00bb\u00bb image_icon_custom_padding_phone=\u00bb\u00bb image_icon_custom_padding_last_edited=\u00bbon|phone\u00bb animation=\u00bboff\u00bb link_option_url=\u00bbhttps:\/\/cordoba.salesianos.edu\/colegio\/admisiones\/\u00bb header_font_size_phone=\u00bb30px\u00bb header_font_size_last_edited=\u00bboff|phone\u00bb text_orientation_tablet=\u00bb\u00bb text_orientation_phone=\u00bbcenter\u00bb text_orientation_last_edited=\u00bbon|phone\u00bb body_text_shadow_style=\u00bbpreset3&#8243; body_text_shadow_blur_strength=\u00bb1.05em\u00bb border_width_all_image_tablet=\u00bb\u00bb border_width_all_image_phone=\u00bb\u00bb border_width_all_image_last_edited=\u00bbon|phone\u00bb icon_font_size=\u00bb74px\u00bb global_colors_info=\u00bb{}\u00bb]<\/p>\n<p>CURSO 2022-2023<\/p>\n<p>[\/et_pb_blurb][\/et_pb_column][\/et_pb_row][\/et_pb_section][et_pb_section fb_built=\u00bb1&#8243; module_id=\u00bbportada\u00bb _builder_version=\u00bb4.16&#8243; custom_margin=\u00bb||50px\u00bb custom_padding=\u00bb50px||||false|false\u00bb global_colors_info=\u00bb{}\u00bb][et_pb_row _builder_version=\u00bb4.16&#8243; background_size=\u00bbinitial\u00bb background_position=\u00bbtop_left\u00bb background_repeat=\u00bbrepeat\u00bb custom_margin=\u00bb|||\u00bb custom_padding=\u00bb25px|0px|20px|0px|false|false\u00bb global_colors_info=\u00bb{}\u00bb][et_pb_column type=\u00bb4_4&#8243; _builder_version=\u00bb4.16&#8243; background_position=\u00bbtop_left\u00bb custom_padding=\u00bb|||\u00bb global_colors_info=\u00bb{}\u00bb custom_padding__hover=\u00bb|||\u00bb][et_pb_text admin_label=\u00bb\u00bfQui\u00e9nes somos? (Texto)\u00bb _builder_version=\u00bb4.16&#8243; text_font=\u00bbArial||||\u00bb text_text_color=\u00bb#636a70&#8243; text_font_size=\u00bb22&#8243; text_line_height=\u00bb1.6em\u00bb header_font=\u00bbLato|300|||||||\u00bb header_text_color=\u00bbrgba(81,98,111,0.81)\u00bb header_font_size=\u00bb27px\u00bb header_2_font=\u00bbLato|300|||||||\u00bb header_2_text_color=\u00bbrgba(81,98,111,0.81)\u00bb header_2_font_size=\u00bb27px\u00bb background_size=\u00bbinitial\u00bb background_position=\u00bbtop_left\u00bb background_repeat=\u00bbrepeat\u00bb custom_margin=\u00bb|||\u00bb custom_padding=\u00bb|||\u00bb global_colors_info=\u00bb{}\u00bb]<\/p>\n<h1><strong>Con\u00f3cenos<\/strong><strong><img loading=\"lazy\" decoding=\"async\" class=\"wp-image-3090 alignleft\" src=\"https:\/\/cordoba.salesianos.edu\/colegio\/wp-content\/uploads\/sites\/2\/2020\/10\/don-bosco.png\" alt=\"\" width=\"29\" height=\"30\" \/><\/strong><\/h1>\n<p>[\/et_pb_text][\/et_pb_column][\/et_pb_row][et_pb_row column_structure=\u00bb1_6,1_6,1_6,1_6,1_6,1_6&#8243; _builder_version=\u00bb4.16&#8243; background_size=\u00bbinitial\u00bb background_position=\u00bbtop_left\u00bb background_repeat=\u00bbrepeat\u00bb custom_padding=\u00bb25px||30px||false|false\u00bb global_colors_info=\u00bb{}\u00bb][et_pb_column type=\u00bb1_6&#8243; _builder_version=\u00bb4.16&#8243; custom_padding=\u00bb|||\u00bb global_colors_info=\u00bb{}\u00bb custom_padding__hover=\u00bb|||\u00bb][et_pb_blurb title=\u00bbAdmisiones\u00bb url=\u00bbhttps:\/\/cordoba.salesianos.edu\/colegio\/admisiones\/\u00bb use_icon=\u00bbon\u00bb font_icon=\u00bb&#x6c;||divi||400&#8243; image_icon_background_color=\u00bb#ffffff\u00bb image_icon_width=\u00bb59px\u00bb disabled_on=\u00bboff|off|off\u00bb _builder_version=\u00bb4.16&#8243; header_level=\u00bbh2&#8243; header_font=\u00bb||||||||\u00bb header_font_size=\u00bb16px\u00bb background_size=\u00bbinitial\u00bb background_position=\u00bbtop_left\u00bb background_repeat=\u00bbrepeat\u00bb image_icon_custom_padding=\u00bb25px|25px|25px|25px|false|false\u00bb text_orientation=\u00bbcenter\u00bb animation=\u00bboff\u00bb link_option_url=\u00bbhttps:\/\/cordoba.salesianos.edu\/colegio\/admisiones\/\u00bb border_radii_image=\u00bbon|100%|100%|100%|100%\u00bb border_width_all_image=\u00bb3px\u00bb border_color_all_image=\u00bb#636a70&#8243; icon_font_size=\u00bb59px\u00bb use_circle=\u00bbon\u00bb use_circle_border=\u00bbon\u00bb circle_border_color=\u00bb#636a70&#8243; circle_color=\u00bb#ffffff\u00bb saved_tabs=\u00bball\u00bb global_colors_info=\u00bb{}\u00bb image_icon_background_color__sticky_enabled=\u00bb#dc001b\u00bb image_icon_background_color__sticky=\u00bb#dc001b\u00bb][\/et_pb_blurb][\/et_pb_column][et_pb_column type=\u00bb1_6&#8243; _builder_version=\u00bb4.16&#8243; custom_padding=\u00bb|||\u00bb global_colors_info=\u00bb{}\u00bb custom_padding__hover=\u00bb|||\u00bb][et_pb_blurb title=\u00bbPropuesta educativa\u00bb url=\u00bbhttps:\/\/cordoba.salesianos.edu\/colegio\/propuesta-educativa\/\u00bb use_icon=\u00bbon\u00bb font_icon=\u00bb&#xe104;||divi||400&#8243; image_icon_background_color=\u00bb#ffffff\u00bb image_icon_width=\u00bb59px\u00bb _builder_version=\u00bb4.16&#8243; header_level=\u00bbh2&#8243; header_font=\u00bb||||||||\u00bb header_font_size=\u00bb16px\u00bb background_size=\u00bbinitial\u00bb background_position=\u00bbtop_left\u00bb background_repeat=\u00bbrepeat\u00bb image_icon_custom_padding=\u00bb25px|25px|25px|25px|false|false\u00bb text_orientation=\u00bbcenter\u00bb animation=\u00bboff\u00bb border_radii_image=\u00bbon|100%|100%|100%|100%\u00bb border_width_all_image=\u00bb3px\u00bb border_color_all_image=\u00bb#636a70&#8243; icon_font_size=\u00bb59px\u00bb use_circle=\u00bbon\u00bb use_circle_border=\u00bbon\u00bb circle_border_color=\u00bb#636a70&#8243; circle_color=\u00bb#ffffff\u00bb saved_tabs=\u00bball\u00bb global_colors_info=\u00bb{}\u00bb image_icon_background_color__sticky_enabled=\u00bb#dc001b\u00bb image_icon_background_color__sticky=\u00bb#dc001b\u00bb][\/et_pb_blurb][\/et_pb_column][et_pb_column type=\u00bb1_6&#8243; _builder_version=\u00bb4.16&#8243; custom_padding=\u00bb|||\u00bb global_colors_info=\u00bb{}\u00bb custom_padding__hover=\u00bb|||\u00bb][et_pb_blurb title=\u00bbOferta educativa\u00bb url=\u00bbhttps:\/\/cordoba.salesianos.edu\/colegio\/oferta-educativa\/\u00bb use_icon=\u00bbon\u00bb font_icon=\u00bb&#xe022;||divi||400&#8243; image_icon_background_color=\u00bb#ffffff\u00bb image_icon_width=\u00bb59px\u00bb _builder_version=\u00bb4.16&#8243; header_level=\u00bbh2&#8243; header_font=\u00bb||||||||\u00bb header_font_size=\u00bb16px\u00bb background_size=\u00bbinitial\u00bb background_position=\u00bbtop_left\u00bb background_repeat=\u00bbrepeat\u00bb image_icon_custom_padding=\u00bb25px|25px|25px|25px|false|false\u00bb text_orientation=\u00bbcenter\u00bb animation=\u00bboff\u00bb link_option_url=\u00bbhttps:\/\/cordoba.salesianos.edu\/colegio\/oferta-educativa\/\u00bb border_radii_image=\u00bbon|100%|100%|100%|100%\u00bb border_width_all_image=\u00bb3px\u00bb border_color_all_image=\u00bb#636a70&#8243; icon_font_size=\u00bb59px\u00bb use_circle=\u00bbon\u00bb use_circle_border=\u00bbon\u00bb circle_border_color=\u00bb#636a70&#8243; circle_color=\u00bb#ffffff\u00bb saved_tabs=\u00bball\u00bb global_colors_info=\u00bb{}\u00bb image_icon_background_color__sticky_enabled=\u00bb#dc001b\u00bb image_icon_background_color__sticky=\u00bb#dc001b\u00bb][\/et_pb_blurb][\/et_pb_column][et_pb_column type=\u00bb1_6&#8243; _builder_version=\u00bb4.16&#8243; custom_padding=\u00bb|||\u00bb global_colors_info=\u00bb{}\u00bb custom_padding__hover=\u00bb|||\u00bb][et_pb_blurb title=\u00bbPersonal\u00bb url=\u00bbhttps:\/\/cordoba.salesianos.edu\/colegio\/personal\/\u00bb use_icon=\u00bbon\u00bb font_icon=\u00bb&#xe108;||divi||400&#8243; image_icon_background_color=\u00bb#ffffff\u00bb image_icon_width=\u00bb59px\u00bb _builder_version=\u00bb4.16&#8243; header_level=\u00bbh2&#8243; header_font=\u00bb||||||||\u00bb header_font_size=\u00bb16px\u00bb background_size=\u00bbinitial\u00bb background_position=\u00bbtop_left\u00bb background_repeat=\u00bbrepeat\u00bb image_icon_custom_padding=\u00bb25px|25px|25px|25px|false|false\u00bb text_orientation=\u00bbcenter\u00bb animation=\u00bboff\u00bb link_option_url=\u00bbhttps:\/\/cordoba.salesianos.edu\/colegio\/personal\/\u00bb border_radii_image=\u00bbon|100%|100%|100%|100%\u00bb border_width_all_image=\u00bb3px\u00bb border_color_all_image=\u00bb#636a70&#8243; icon_font_size=\u00bb59px\u00bb use_circle=\u00bbon\u00bb use_circle_border=\u00bbon\u00bb circle_border_color=\u00bb#636a70&#8243; circle_color=\u00bb#ffffff\u00bb saved_tabs=\u00bball\u00bb global_colors_info=\u00bb{}\u00bb image_icon_background_color__sticky_enabled=\u00bb#dc001b\u00bb image_icon_background_color__sticky=\u00bb#dc001b\u00bb][\/et_pb_blurb][\/et_pb_column][et_pb_column type=\u00bb1_6&#8243; _builder_version=\u00bb4.16&#8243; custom_padding=\u00bb|||\u00bb global_colors_info=\u00bb{}\u00bb custom_padding__hover=\u00bb|||\u00bb][et_pb_blurb title=\u00bbInstalaciones\u00bb url=\u00bbhttps:\/\/cordoba.salesianos.edu\/colegio\/alquiler-instalaciones\/\u00bb use_icon=\u00bbon\u00bb font_icon=\u00bb&#xe0ef;||divi||400&#8243; image_icon_background_color=\u00bb#ffffff\u00bb image_icon_width=\u00bb59px\u00bb disabled_on=\u00bboff|off|off\u00bb _builder_version=\u00bb4.16&#8243; header_level=\u00bbh2&#8243; header_font=\u00bb||||||||\u00bb header_font_size=\u00bb16px\u00bb background_size=\u00bbinitial\u00bb background_position=\u00bbtop_left\u00bb background_repeat=\u00bbrepeat\u00bb image_icon_custom_padding=\u00bb25px|25px|25px|25px|false|false\u00bb text_orientation=\u00bbcenter\u00bb animation=\u00bboff\u00bb link_option_url=\u00bbhttps:\/\/cordoba.salesianos.edu\/colegio\/alquiler-instalaciones\/\u00bb border_radii_image=\u00bbon|100%|100%|100%|100%\u00bb border_width_all_image=\u00bb3px\u00bb border_color_all_image=\u00bb#636a70&#8243; icon_font_size=\u00bb59px\u00bb use_circle=\u00bbon\u00bb use_circle_border=\u00bbon\u00bb circle_border_color=\u00bb#636a70&#8243; circle_color=\u00bb#ffffff\u00bb saved_tabs=\u00bball\u00bb global_colors_info=\u00bb{}\u00bb image_icon_background_color__sticky_enabled=\u00bb#dc001b\u00bb image_icon_background_color__sticky=\u00bb#dc001b\u00bb][\/et_pb_blurb][\/et_pb_column][et_pb_column type=\u00bb1_6&#8243; _builder_version=\u00bb4.16&#8243; custom_padding=\u00bb|||\u00bb global_colors_info=\u00bb{}\u00bb custom_padding__hover=\u00bb|||\u00bb][et_pb_blurb title=\u00bbUniforme Escolar\u00bb url=\u00bbhttps:\/\/cordoba.salesianos.edu\/colegio\/uniformes\/\u00bb use_icon=\u00bbon\u00bb font_icon=\u00bb&#xf553;||fa||900&#8243; image_icon_background_color=\u00bb#ffffff\u00bb image_icon_width=\u00bb59px\u00bb disabled_on=\u00bboff|off|off\u00bb _builder_version=\u00bb4.27.4&#8243; header_level=\u00bbh2&#8243; header_font=\u00bb||||||||\u00bb header_font_size=\u00bb16px\u00bb background_size=\u00bbinitial\u00bb background_position=\u00bbtop_left\u00bb background_repeat=\u00bbrepeat\u00bb image_icon_custom_padding=\u00bb25px|25px|25px|25px|false|false\u00bb text_orientation=\u00bbcenter\u00bb animation=\u00bboff\u00bb link_option_url=\u00bbhttps:\/\/cordoba.salesianos.edu\/colegio\/uniformes\/\u00bb hover_enabled=\u00bb0&#8243; border_radii_image=\u00bbon|100%|100%|100%|100%\u00bb border_width_all_image=\u00bb3px\u00bb border_color_all_image=\u00bb#636a70&#8243; icon_font_size=\u00bb59px\u00bb use_circle=\u00bbon\u00bb use_circle_border=\u00bbon\u00bb circle_border_color=\u00bb#636a70&#8243; circle_color=\u00bb#ffffff\u00bb saved_tabs=\u00bball\u00bb global_colors_info=\u00bb{}\u00bb image_icon_background_color__sticky_enabled=\u00bb#dc001b\u00bb image_icon_background_color__sticky=\u00bb#dc001b\u00bb sticky_enabled=\u00bb0&#8243;][\/et_pb_blurb][\/et_pb_column][\/et_pb_row][et_pb_row disabled_on=\u00bbon|on|on\u00bb _builder_version=\u00bb4.16&#8243; background_size=\u00bbinitial\u00bb background_position=\u00bbtop_left\u00bb background_repeat=\u00bbrepeat\u00bb custom_margin=\u00bb|||\u00bb custom_padding=\u00bb25px||20px||false|false\u00bb disabled=\u00bbon\u00bb locked=\u00bboff\u00bb global_colors_info=\u00bb{}\u00bb][et_pb_column type=\u00bb4_4&#8243; _builder_version=\u00bb4.16&#8243; background_position=\u00bbtop_left\u00bb custom_padding=\u00bb|||\u00bb global_colors_info=\u00bb{}\u00bb custom_padding__hover=\u00bb|||\u00bb][et_pb_text admin_label=\u00bbNoticias de la casa (Texto)\u00bb _builder_version=\u00bb4.16&#8243; text_font=\u00bbArial||||\u00bb text_text_color=\u00bb#636a70&#8243; text_font_size=\u00bb22&#8243; text_line_height=\u00bb1.6em\u00bb header_font=\u00bbLato|300|||||||\u00bb header_text_color=\u00bbrgba(81,98,111,0.81)\u00bb header_font_size=\u00bb27px\u00bb header_2_font=\u00bbLato|300|||||||\u00bb header_2_text_color=\u00bbrgba(81,98,111,0.81)\u00bb header_2_font_size=\u00bb27px\u00bb background_size=\u00bbinitial\u00bb background_position=\u00bbtop_left\u00bb background_repeat=\u00bbrepeat\u00bb custom_margin=\u00bb|||\u00bb custom_padding=\u00bb|||\u00bb saved_tabs=\u00bball\u00bb global_colors_info=\u00bb{}\u00bb]<\/p>\n<h1><strong>Noticias del Colegio<img loading=\"lazy\" decoding=\"async\" class=\"wp-image-3090 alignleft\" src=\"https:\/\/cordoba.salesianos.edu\/colegio\/wp-content\/uploads\/sites\/2\/2020\/10\/Captura-de-pantalla-2017-05-24-a-las-13.27.09-150x150-1.png\" alt=\"\" width=\"29\" height=\"30\" \/><\/strong><\/h1>\n<p>[\/et_pb_text][\/et_pb_column][\/et_pb_row][et_pb_row custom_padding_last_edited=\u00bbon|phone\u00bb disabled_on=\u00bbon|on|on\u00bb _builder_version=\u00bb4.16&#8243; background_size=\u00bbinitial\u00bb background_position=\u00bbtop_left\u00bb background_repeat=\u00bbrepeat\u00bb custom_margin=\u00bb|||\u00bb custom_padding=\u00bb25px||25px||false|false\u00bb custom_padding_tablet=\u00bb\u00bb custom_padding_phone=\u00bb||50px\u00bb disabled=\u00bbon\u00bb saved_tabs=\u00bball\u00bb global_colors_info=\u00bb{}\u00bb][et_pb_column type=\u00bb4_4&#8243; _builder_version=\u00bb4.16&#8243; custom_padding=\u00bb|||\u00bb global_colors_info=\u00bb{}\u00bb custom_padding__hover=\u00bb|||\u00bb][et_pb_blog fullwidth=\u00bboff\u00bb posts_number=\u00bb3&#8243; include_categories=\u00bb10&#8243; meta_date=\u00bbj M, Y\u00bb show_author=\u00bboff\u00bb show_categories=\u00bboff\u00bb show_pagination=\u00bboff\u00bb use_overlay=\u00bbon\u00bb overlay_icon_color=\u00bb#e02b20&#8243; disabled_on=\u00bboff|on|off\u00bb admin_label=\u00bbUltimas noticias (blog)\u00bb _builder_version=\u00bb4.16&#8243; header_font=\u00bb|700|||||||\u00bb header_text_color=\u00bb#dc001b\u00bb header_font_size=\u00bb16&#8243; header_line_height=\u00bb1.2em\u00bb body_font_size=\u00bb12&#8243; body_line_height=\u00bb1.5em\u00bb meta_font=\u00bb||on||\u00bb meta_font_size=\u00bb12&#8243; meta_line_height=\u00bb1.5em\u00bb body_font_size_last_edited=\u00bboff|\u00bb border_width_all=\u00bb0px\u00bb border_color_all=\u00bb#d8d8d8&#8243; border_style_all=\u00bbsolid\u00bb border_width_all_fullwidth=\u00bb0px\u00bb border_color_all_fullwidth=\u00bb#d8d8d8&#8243; border_style_all_fullwidth=\u00bbsolid\u00bb box_shadow_style=\u00bbpreset3&#8243; use_border_color=\u00bbon\u00bb border_width=\u00bb0px\u00bb use_dropshadow=\u00bbon\u00bb saved_tabs=\u00bball\u00bb global_colors_info=\u00bb{}\u00bb]\u00a0<br \/>\n[\/et_pb_blog][et_pb_button button_url=\u00bbhttps:\/\/cordoba.salesianos.edu\/colegio\/noticias\/\u00bb button_text=\u00bbVer todas las noticias\u00bb button_alignment=\u00bbright\u00bb _builder_version=\u00bb4.16&#8243; custom_button=\u00bbon\u00bb button_text_size=\u00bb19px\u00bb button_text_color=\u00bb#dc001b\u00bb button_border_width=\u00bb1px\u00bb button_border_color=\u00bb#dc001b\u00bb button_border_radius=\u00bb100px\u00bb button_icon=\u00bb&#x35;||divi||400&#8243; background_layout=\u00bbdark\u00bb global_colors_info=\u00bb{}\u00bb button_text_size__hover_enabled=\u00bboff\u00bb button_one_text_size__hover_enabled=\u00bboff\u00bb button_two_text_size__hover_enabled=\u00bboff\u00bb button_text_color__hover_enabled=\u00bboff\u00bb button_one_text_color__hover_enabled=\u00bboff\u00bb button_two_text_color__hover_enabled=\u00bboff\u00bb button_border_width__hover_enabled=\u00bboff\u00bb button_one_border_width__hover_enabled=\u00bboff\u00bb button_two_border_width__hover_enabled=\u00bboff\u00bb button_border_color__hover_enabled=\u00bboff\u00bb button_one_border_color__hover_enabled=\u00bboff\u00bb button_two_border_color__hover_enabled=\u00bboff\u00bb button_border_radius__hover_enabled=\u00bboff\u00bb button_one_border_radius__hover_enabled=\u00bboff\u00bb button_two_border_radius__hover_enabled=\u00bboff\u00bb button_letter_spacing__hover_enabled=\u00bboff\u00bb button_one_letter_spacing__hover_enabled=\u00bboff\u00bb button_two_letter_spacing__hover_enabled=\u00bboff\u00bb button_bg_color__hover_enabled=\u00bboff\u00bb button_one_bg_color__hover_enabled=\u00bboff\u00bb button_two_bg_color__hover_enabled=\u00bboff\u00bb]\u00a0<br \/>\n[\/et_pb_button][\/et_pb_column][\/et_pb_row][et_pb_row disabled_on=\u00bbon|on|on\u00bb module_id=\u00bbdestacado\u00bb _builder_version=\u00bb4.16&#8243; background_size=\u00bbinitial\u00bb background_position=\u00bbtop_left\u00bb background_repeat=\u00bbrepeat\u00bb custom_margin=\u00bb|||\u00bb custom_padding=\u00bb25px||20px||false|false\u00bb disabled=\u00bbon\u00bb global_colors_info=\u00bb{}\u00bb][et_pb_column type=\u00bb4_4&#8243; _builder_version=\u00bb4.16&#8243; background_position=\u00bbtop_left\u00bb custom_padding=\u00bb|||\u00bb global_colors_info=\u00bb{}\u00bb custom_padding__hover=\u00bb|||\u00bb][et_pb_text admin_label=\u00bbDestacado (Texto)\u00bb _builder_version=\u00bb4.16&#8243; text_font=\u00bbArial||||\u00bb text_text_color=\u00bb#636a70&#8243; text_font_size=\u00bb22&#8243; text_line_height=\u00bb1.6em\u00bb header_font=\u00bbLato|300|||||||\u00bb header_text_color=\u00bbrgba(81,98,111,0.81)\u00bb header_font_size=\u00bb27px\u00bb header_2_font=\u00bbLato|300|||||||\u00bb header_2_text_color=\u00bbrgba(81,98,111,0.81)\u00bb header_2_font_size=\u00bb27px\u00bb background_size=\u00bbinitial\u00bb background_position=\u00bbtop_left\u00bb background_repeat=\u00bbrepeat\u00bb custom_margin=\u00bb|||\u00bb custom_padding=\u00bb|||\u00bb global_colors_info=\u00bb{}\u00bb]<\/p>\n<h1><strong>Destacado<\/strong><strong><img loading=\"lazy\" decoding=\"async\" class=\"wp-image-3090 alignleft\" src=\"https:\/\/cordoba.salesianos.edu\/colegio\/wp-content\/uploads\/sites\/2\/2020\/10\/destacados.png\" alt=\"\" width=\"29\" height=\"30\" \/><\/strong><\/h1>\n<p>[\/et_pb_text][\/et_pb_column][\/et_pb_row][et_pb_row column_structure=\u00bb1_5,3_5,1_5&#8243; disabled_on=\u00bbon|on|on\u00bb _builder_version=\u00bb4.16&#8243; _module_preset=\u00bbdefault\u00bb disabled=\u00bbon\u00bb global_colors_info=\u00bb{}\u00bb][et_pb_column type=\u00bb1_5&#8243; _builder_version=\u00bb4.16&#8243; _module_preset=\u00bbdefault\u00bb global_colors_info=\u00bb{}\u00bb][\/et_pb_column][et_pb_column type=\u00bb3_5&#8243; _builder_version=\u00bb4.16&#8243; _module_preset=\u00bbdefault\u00bb global_colors_info=\u00bb{}\u00bb][et_pb_image src=\u00bbhttps:\/\/cordoba.salesianos.edu\/colegio\/wp-content\/uploads\/sites\/2\/2022\/01\/LaOrotava_MMQE_carte.png\u00bb title_text=\u00bbLaOrotava_MMQE_carte\u00bb url=\u00bbhttps:\/\/recursos.salesianos.edu\/creciendojuntos\/cordoba\/\u00bb _builder_version=\u00bb4.16&#8243; _module_preset=\u00bbdefault\u00bb global_colors_info=\u00bb{}\u00bb][\/et_pb_image][et_pb_code _builder_version=\u00bb4.16&#8243; _module_preset=\u00bbdefault\u00bb global_colors_info=\u00bb{}\u00bb]<iframe loading=\"lazy\" src=\"https:\/\/docs.google.com\/forms\/d\/e\/1FAIpQLSfp4xOV6wUjkjiuwUvsELPo_3JI3JQjBBTPKn6umhPRe1IcEQ\/viewform?embedded=true\" width=\"640\" height=\"1060\" frameborder=\"0\" marginheight=\"0\" marginwidth=\"0\">Cargando\u2026<\/iframe>[\/et_pb_code][\/et_pb_column][et_pb_column type=\u00bb1_5&#8243; _builder_version=\u00bb4.16&#8243; _module_preset=\u00bbdefault\u00bb global_colors_info=\u00bb{}\u00bb][\/et_pb_column][\/et_pb_row][et_pb_row column_structure=\u00bb1_2,1_2&#8243; disabled_on=\u00bbon|on|on\u00bb _builder_version=\u00bb4.16&#8243; custom_margin=\u00bb||||false|false\u00bb custom_padding=\u00bb25px||60px||false|false\u00bb disabled=\u00bbon\u00bb global_colors_info=\u00bb{}\u00bb][et_pb_column type=\u00bb1_2&#8243; _builder_version=\u00bb4.16&#8243; custom_padding=\u00bb|||\u00bb global_colors_info=\u00bb{}\u00bb custom_padding__hover=\u00bb|||\u00bb][et_pb_text _builder_version=\u00bb4.16&#8243; header_font=\u00bb||||||||\u00bb header_text_color=\u00bb#ed2149&#8243; header_3_font=\u00bbLato|300|||||||\u00bb header_3_text_color=\u00bb#0c71c3&#8243; header_3_font_size=\u00bb36px\u00bb global_colors_info=\u00bb{}\u00bb]<\/p>\n<h3>#\u00daltimaHora<\/h3>\n<p>[\/et_pb_text][et_pb_blurb title=\u00bbFORMACI\u00d3N GRATUITA: C\u00f3mo fomentar la autonom\u00eda en los ni\u00f1os\/-as\u00bb url=\u00bbhttps:\/\/forms.gle\/mkmLQ7HWaWDdVvwv6&#8243; use_icon=\u00bbon\u00bb font_icon=\u00bb&#xe07e;||divi||400&#8243; icon_color=\u00bb#ffffff\u00bb image_icon_background_color=\u00bb#0c71c3&#8243; icon_placement=\u00bbleft\u00bb image_icon_width=\u00bb23px\u00bb disabled_on=\u00bboff|off|off\u00bb _builder_version=\u00bb4.16&#8243; header_font=\u00bbLato|700|||||||\u00bb header_text_color=\u00bb#0c71c3&#8243; header_font_size=\u00bb20px\u00bb header_line_height=\u00bb1.3em\u00bb body_line_height=\u00bb1.3em\u00bb background_color=\u00bb#f2f2f2&#8243; image_icon_custom_padding=\u00bb8px|8px|8px|8px|false|false\u00bb custom_margin=\u00bb||||false|false\u00bb custom_padding=\u00bb13px|15px|1px|15px|false|true\u00bb link_option_url=\u00bbhttps:\/\/forms.gle\/mkmLQ7HWaWDdVvwv6&#8243; border_radii=\u00bbon|20px|20px|20px|20px\u00bb border_radii_image=\u00bbon|100%|100%|100%|100%\u00bb icon_font_size=\u00bb23px\u00bb use_circle=\u00bbon\u00bb circle_color=\u00bb#0c71c3&#8243; global_colors_info=\u00bb{}\u00bb transform_styles__hover_enabled=\u00bbon|hover\u00bb transform_scale__hover_enabled=\u00bbon|hover\u00bb transform_translate__hover_enabled=\u00bbon|desktop\u00bb transform_rotate__hover_enabled=\u00bbon|desktop\u00bb transform_skew__hover_enabled=\u00bbon|desktop\u00bb transform_origin__hover_enabled=\u00bbon|desktop\u00bb transform_scale__hover=\u00bb108%|108%\u00bb image_icon_background_color__sticky_enabled=\u00bb#dc001b\u00bb image_icon_background_color__sticky=\u00bb#dc001b\u00bb]<\/p>\n<p><span title=\":information_source:\"><span data-offset-key=\"boi7r-0-0\">&#x2139;&#xfe0f;<\/span><\/span><span data-offset-key=\"boi7r-1-0\"> Desde la Concejal\u00eda de Educaci\u00f3n del Ayuntamiento de Alicante nos informan de la realizaci\u00f3n de la Conferencia online \u00ab<strong>C\u00f3mo fomentar la autonom\u00eda en los ni\u00f1os\/as<\/strong>\u00bb a cargo del psic\u00f3logo Alberto Soler (<\/span><span class=\"Link__link___QEwjn\"><span data-offset-key=\"boi7r-2-0\">https:\/\/www.albertosoler.es\/<\/span><\/span><span data-offset-key=\"boi7r-3-0\">), <strong>dirigido a padres y madres de la ciudad de Alicante con hijos e hijas en edad escolar de educaci\u00f3n Infantil y Primaria<\/strong>. Es <strong>GRATUITA<\/strong> pero requiere de <strong>inscripci\u00f3n previa<\/strong>.<\/span><\/p>\n<p><span title=\":calendar_spiral:\"><span data-offset-key=\"boi7r-4-0\">&#x1f5d3;&#xfe0f;<\/span><\/span><span data-offset-key=\"boi7r-5-0\"> Tendr\u00e1 lugar el <strong>mi\u00e9rcoles 14 de octubre a las 18h<\/strong> a trav\u00e9s de la plataforma <strong>Zoom<\/strong>.<\/span><\/p>\n<p><span title=\":pencil:\"><span data-offset-key=\"boi7r-6-0\">&#x1f4dd;<\/span><\/span><span data-offset-key=\"boi7r-7-0\"> Para inscribirte debes rellenar el siguiente <strong>formulario de inscripci\u00f3n<\/strong>: <\/span><a href=\"https:\/\/forms.gle\/mkmLQ7HWaWDdVvwv6\">https:\/\/forms.gle\/mkmLQ7HWaWDdVvwv6<\/a><\/p>\n<p>[\/et_pb_blurb][et_pb_blurb title=\u00bbInscripci\u00f3n para comedor y ludoteca de octubre a mayo\u00bb url=\u00bbhttps:\/\/alicante.salesianos.edu\/deporte\/senderismo\/\u00bb use_icon=\u00bbon\u00bb font_icon=\u00bb&#xe07e;||divi||400&#8243; icon_color=\u00bb#ffffff\u00bb image_icon_background_color=\u00bb#0c71c3&#8243; icon_placement=\u00bbleft\u00bb image_icon_width=\u00bb23px\u00bb disabled_on=\u00bboff|off|off\u00bb _builder_version=\u00bb4.16&#8243; header_font=\u00bbLato|700|||||||\u00bb header_text_color=\u00bb#0c71c3&#8243; header_font_size=\u00bb20px\u00bb header_line_height=\u00bb1.3em\u00bb body_line_height=\u00bb1.3em\u00bb background_color=\u00bb#f2f2f2&#8243; image_icon_custom_padding=\u00bb8px|8px|8px|8px|false|false\u00bb custom_margin=\u00bb||||false|false\u00bb custom_padding=\u00bb13px|15px|1px|15px|false|true\u00bb link_option_url=\u00bbhttps:\/\/alicante.salesianos.edu\/deporte\/senderismo\/\u00bb border_radii=\u00bbon|20px|20px|20px|20px\u00bb border_radii_image=\u00bbon|100%|100%|100%|100%\u00bb icon_font_size=\u00bb23px\u00bb use_circle=\u00bbon\u00bb circle_color=\u00bb#0c71c3&#8243; global_colors_info=\u00bb{}\u00bb transform_styles__hover_enabled=\u00bbon|hover\u00bb transform_scale__hover_enabled=\u00bbon|hover\u00bb transform_translate__hover_enabled=\u00bbon|desktop\u00bb transform_rotate__hover_enabled=\u00bbon|desktop\u00bb transform_skew__hover_enabled=\u00bbon|desktop\u00bb transform_origin__hover_enabled=\u00bbon|desktop\u00bb transform_scale__hover=\u00bb108%|108%\u00bb image_icon_background_color__sticky_enabled=\u00bb#dc001b\u00bb image_icon_background_color__sticky=\u00bb#dc001b\u00bb]<\/p>\n<p><span>Ya puedes solicitar el <strong>servicio de comedor y ludoteca de octubre a mayo<\/strong>. Puedes acceder directamente al <strong>formulario<\/strong> pinchando en el siguiente enlace:\u00a0<\/span><a href=\"https:\/\/buff.ly\/3kDSWXx\" target=\"_blank\" rel=\"noopener noreferrer\">https:\/\/buff.ly\/3kDSWXx<\/a><\/p>\n<p>[\/et_pb_blurb][et_pb_blurb title=\u00bbNuevo sistema de cita previa\u00bb url=\u00bbhttps:\/\/alicante.salesianos.edu\/colegio\/administracion\/\u00bb use_icon=\u00bbon\u00bb font_icon=\u00bb&#xe00b;||divi||400&#8243; icon_color=\u00bb#ffffff\u00bb image_icon_background_color=\u00bb#0c71c3&#8243; icon_placement=\u00bbleft\u00bb image_icon_width=\u00bb23px\u00bb disabled_on=\u00bboff|off|off\u00bb _builder_version=\u00bb4.16&#8243; header_font=\u00bbLato|700|||||||\u00bb header_text_color=\u00bb#0c71c3&#8243; header_font_size=\u00bb20px\u00bb header_line_height=\u00bb1.3em\u00bb body_line_height=\u00bb1.3em\u00bb background_color=\u00bb#f2f2f2&#8243; image_icon_custom_padding=\u00bb8px|8px|8px|8px|false|false\u00bb custom_margin=\u00bb||||false|false\u00bb custom_padding=\u00bb13px|15px|1px|15px|false|true\u00bb link_option_url=\u00bbhttps:\/\/alicante.salesianos.edu\/colegio\/administracion\/\u00bb border_radii=\u00bbon|20px|20px|20px|20px\u00bb border_radii_image=\u00bbon|100%|100%|100%|100%\u00bb icon_font_size=\u00bb23px\u00bb use_circle=\u00bbon\u00bb circle_color=\u00bb#0c71c3&#8243; global_colors_info=\u00bb{}\u00bb transform_styles__hover_enabled=\u00bbon|hover\u00bb transform_scale__hover_enabled=\u00bbon|hover\u00bb transform_translate__hover_enabled=\u00bbon|desktop\u00bb transform_rotate__hover_enabled=\u00bbon|desktop\u00bb transform_skew__hover_enabled=\u00bbon|desktop\u00bb transform_origin__hover_enabled=\u00bbon|desktop\u00bb transform_scale__hover=\u00bb108%|108%\u00bb image_icon_background_color__sticky_enabled=\u00bb#dc001b\u00bb image_icon_background_color__sticky=\u00bb#dc001b\u00bb]<\/p>\n<p>Hemos incorporado a la p\u00e1gina web un nuevo sistema de <strong>gesti\u00f3n de cita previa<\/strong> para los tr\u00e1mites que requieran de atenci\u00f3n presencial en <strong>Recepci\u00f3n<\/strong> o en el <strong>Departamento de Administraci\u00f3n<\/strong>. Podr\u00e1s acceder desde la pesta\u00f1a <strong>Servicios &gt; Administraci\u00f3n<\/strong>. Con este mismo sistema se gestionar\u00e1n las reservas de la biblioteca a partir de octubre.\u00a0<\/p>\n<p>[\/et_pb_blurb][et_pb_blurb title=\u00bbNueva normalidad COVID-19&#8243; url=\u00bbhttps:\/\/alicante.salesianos.edu\/colegio\/coronavirus\/\u00bb use_icon=\u00bbon\u00bb font_icon=\u00bb&#xe060;||divi||400&#8243; icon_color=\u00bb#ffffff\u00bb image_icon_background_color=\u00bb#0c71c3&#8243; icon_placement=\u00bbleft\u00bb image_icon_width=\u00bb23px\u00bb disabled_on=\u00bboff|off|off\u00bb _builder_version=\u00bb4.16&#8243; header_font=\u00bbLato|700|||||||\u00bb header_text_color=\u00bb#0c71c3&#8243; header_font_size=\u00bb20px\u00bb header_line_height=\u00bb1.3em\u00bb body_line_height=\u00bb1.3em\u00bb background_color=\u00bb#f2f2f2&#8243; image_icon_custom_padding=\u00bb8px|8px|8px|8px|false|false\u00bb custom_margin=\u00bb||||false|false\u00bb custom_padding=\u00bb13px|15px|1px|15px|false|true\u00bb link_option_url=\u00bbhttps:\/\/alicante.salesianos.edu\/colegio\/coronavirus\/\u00bb border_radii=\u00bbon|20px|20px|20px|20px\u00bb border_radii_image=\u00bbon|100%|100%|100%|100%\u00bb icon_font_size=\u00bb23px\u00bb use_circle=\u00bbon\u00bb circle_color=\u00bb#0c71c3&#8243; global_colors_info=\u00bb{}\u00bb transform_styles__hover_enabled=\u00bbon|hover\u00bb transform_scale__hover_enabled=\u00bbon|hover\u00bb transform_translate__hover_enabled=\u00bbon|desktop\u00bb transform_rotate__hover_enabled=\u00bbon|desktop\u00bb transform_skew__hover_enabled=\u00bbon|desktop\u00bb transform_origin__hover_enabled=\u00bbon|desktop\u00bb transform_scale__hover=\u00bb108%|108%\u00bb image_icon_background_color__sticky_enabled=\u00bb#dc001b\u00bb image_icon_background_color__sticky=\u00bb#dc001b\u00bb]<\/p>\n<p><span><strong>Te presentamos nuestro plan de acci\u00f3n para este curso 2020\/21<\/strong>, el cual\u00a0<\/span><span>nos ayudar\u00e1 a cumplir nuestro objetivo: dar respuesta a la necesidad de continuar aplicando <strong>medidas de prevenci\u00f3n y control de la COVID-19<\/strong> para que nuestro centro sea saludable y seguro, y al mismo tiempo alcanzar los objetivos educativos y de sociabilidad que favorezcan el desarrollo del conjunto de todos nuestros alumnos\/as y garanticen la equidad. <em>Pincha para m\u00e1s informaci\u00f3n.<\/em><\/span><\/p>\n<p>[\/et_pb_blurb][et_pb_blurb title=\u00bbAyudas para alumnado con necesidades espec\u00edficas de apoyo educativo\u00bb url=\u00bbhttps:\/\/alicante.salesianos.edu\/colegio\/becas\/\u00bb use_icon=\u00bbon\u00bb font_icon=\u00bb&#xe07e;||divi||400&#8243; icon_color=\u00bb#ffffff\u00bb image_icon_background_color=\u00bb#0c71c3&#8243; icon_placement=\u00bbleft\u00bb image_icon_width=\u00bb23px\u00bb disabled_on=\u00bboff|off|off\u00bb _builder_version=\u00bb4.16&#8243; header_font=\u00bbLato|700|||||||\u00bb header_text_color=\u00bb#0c71c3&#8243; header_font_size=\u00bb20px\u00bb header_line_height=\u00bb1.3em\u00bb body_line_height=\u00bb1.3em\u00bb background_color=\u00bb#f2f2f2&#8243; image_icon_custom_padding=\u00bb8px|8px|8px|8px|false|false\u00bb custom_margin=\u00bb||||false|false\u00bb custom_padding=\u00bb13px|15px|1px|15px|false|true\u00bb link_option_url=\u00bbhttps:\/\/alicante.salesianos.edu\/colegio\/becas\/\u00bb border_radii=\u00bbon|20px|20px|20px|20px\u00bb border_radii_image=\u00bbon|100%|100%|100%|100%\u00bb icon_font_size=\u00bb23px\u00bb use_circle=\u00bbon\u00bb circle_color=\u00bb#0c71c3&#8243; global_colors_info=\u00bb{}\u00bb transform_styles__hover_enabled=\u00bbon|hover\u00bb transform_scale__hover_enabled=\u00bbon|hover\u00bb transform_translate__hover_enabled=\u00bbon|desktop\u00bb transform_rotate__hover_enabled=\u00bbon|desktop\u00bb transform_skew__hover_enabled=\u00bbon|desktop\u00bb transform_origin__hover_enabled=\u00bbon|desktop\u00bb transform_scale__hover=\u00bb108%|108%\u00bb image_icon_background_color__sticky_enabled=\u00bb#dc001b\u00bb image_icon_background_color__sticky=\u00bb#dc001b\u00bb]<\/p>\n<p>Ya han salido las ayudas del <strong>Ministerio de Educaci\u00f3n<\/strong> para el alumnado con necesidades espec\u00edficas de apoyo educativo. La solicitud se realiza a trav\u00e9s de la sede electr\u00f3nica y tienes de plazo\u00a0<strong>desde\u00a0el 9 de agosto hasta el 30 de septiembre de 2020<\/strong>.<\/p>\n<p>[\/et_pb_blurb][et_pb_divider color=\u00bb#d1d1d1&#8243; divider_style=\u00bbdashed\u00bb divider_position=\u00bbcenter\u00bb disabled_on=\u00bboff|off|on\u00bb _builder_version=\u00bb4.16&#8243; height=\u00bb1px\u00bb global_colors_info=\u00bb{}\u00bb]\u00a0<br \/>\n[\/et_pb_divider][\/et_pb_column][et_pb_column type=\u00bb1_2&#8243; _builder_version=\u00bb4.16&#8243; custom_padding=\u00bb|||\u00bb global_colors_info=\u00bb{}\u00bb custom_padding__hover=\u00bb|||\u00bb][et_pb_text _builder_version=\u00bb4.16&#8243; link_text_color=\u00bb#dc001b\u00bb header_3_font=\u00bbLato|300|||||||\u00bb header_3_text_color=\u00bb#e02b20&#8243; header_3_font_size=\u00bb36px\u00bb global_colors_info=\u00bb{}\u00bb]<\/p>\n<h3 style=\"text-align: center;\"><em><strong>\u00bfCu\u00e1l es el protocolo ante un caso positivo?<\/strong><\/em><\/h3>\n<p style=\"text-align: center;\"><em><strong>Te respondemos a esta pregunta<\/strong> desde nuestro <a href=\"https:\/\/alicante.salesianos.edu\/colegio\/coronavirus\/#protocolo\" title=\"Ir al apartado\">apartado COVID-19<\/a>. Adem\u00e1s, <strong>pr\u00f3ximamente publicaremos un listado de preguntas frecuentes<\/strong> con todas aquellas cuestiones que nos hab\u00e9is ido planteando en las primeras semanas de curso.\u00a0<\/em><\/p>\n<p>[\/et_pb_text][et_pb_button button_url=\u00bbhttps:\/\/alicante.salesianos.edu\/colegio\/coronavirus\/#protocolo\u00bb button_text=\u00bbCOVID-19&#8243; button_alignment=\u00bbcenter\u00bb _builder_version=\u00bb4.16&#8243; custom_button=\u00bbon\u00bb button_text_size=\u00bb17px\u00bb button_text_color=\u00bb#ffffff\u00bb button_bg_color=\u00bb#dc001b\u00bb button_border_width=\u00bb5px\u00bb button_border_color=\u00bb#dc001b\u00bb button_border_radius=\u00bb100px\u00bb button_letter_spacing=\u00bb1px\u00bb button_font=\u00bbLato|700||on|||||\u00bb button_icon=\u00bb&#xe060;||divi||400&#8243; button_icon_placement=\u00bbleft\u00bb button_on_hover=\u00bboff\u00bb custom_margin=\u00bb||26px|||\u00bb custom_padding=\u00bb|30px||52px|false|false\u00bb box_shadow_style=\u00bbpreset3&#8243; locked=\u00bboff\u00bb global_colors_info=\u00bb{}\u00bb custom_padding__hover=\u00bb|38px||60px|false|false\u00bb custom_padding__hover_enabled=\u00bbon|hover\u00bb][\/et_pb_button][et_pb_divider color=\u00bb#d1d1d1&#8243; divider_style=\u00bbdashed\u00bb divider_position=\u00bbcenter\u00bb _builder_version=\u00bb4.16&#8243; height=\u00bb0px\u00bb global_colors_info=\u00bb{}\u00bb]\u00a0<br \/>\n[\/et_pb_divider][et_pb_image src=\u00bbhttps:\/\/cordoba.salesianos.edu\/colegio\/wp-content\/uploads\/sites\/2\/2020\/10\/orientacion_vocacional_colegio_don_bosco-min.png\u00bb title_text=\u00bborientacion_vocacional_colegio_don_bosco-min\u00bb url=\u00bbhttps:\/\/alicante.salesianos.edu\/colegio\/orientacion\/vocacional\/\u00bb _builder_version=\u00bb4.16&#8243; global_colors_info=\u00bb{}\u00bb][\/et_pb_image][et_pb_divider color=\u00bb#d1d1d1&#8243; divider_style=\u00bbdashed\u00bb divider_position=\u00bbcenter\u00bb _builder_version=\u00bb4.16&#8243; height=\u00bb0px\u00bb global_colors_info=\u00bb{}\u00bb]\u00a0<br \/>\n[\/et_pb_divider][et_pb_text disabled_on=\u00bboff|off|off\u00bb _builder_version=\u00bb4.16&#8243; text_font_size=\u00bb11px\u00bb header_font=\u00bbLato|300|||||||\u00bb header_font_size=\u00bb24px\u00bb header_3_font=\u00bbLato|300|||||||\u00bb header_3_font_size=\u00bb23px\u00bb background_color=\u00bb#dc001b\u00bb background_layout=\u00bbdark\u00bb custom_margin=\u00bb0px||0px|\u00bb custom_padding=\u00bb10px||0px|20px\u00bb border_radii=\u00bb|8px|8px||\u00bb box_shadow_style=\u00bbpreset3&#8243; global_colors_info=\u00bb{}\u00bb]<\/p>\n<h3 class=\"title style-scope ytd-video-primary-info-renderer\"><yt-formatted-string force-default-style=\"\" class=\"style-scope ytd-video-primary-info-renderer\">#CreciendoJuntos | Colegio Don Bosco<\/yt-formatted-string><\/h3>\n<p>[\/et_pb_text][et_pb_video src=\u00bbhttps:\/\/www.youtube.com\/watch?v=L_zwc-W79NM\u00bb image_src=\u00bb\/\/i.ytimg.com\/vi\/L_zwc-W79NM\/hqdefault.jpg\u00bb thumbnail_overlay_color=\u00bbrgba(0,0,0,0.6)\u00bb disabled_on=\u00bboff|off|off\u00bb _builder_version=\u00bb4.16&#8243; box_shadow_style=\u00bbpreset3&#8243; global_colors_info=\u00bb{}\u00bb]\u00a0<br \/>\n[\/et_pb_video][et_pb_button button_url=\u00bbhttps:\/\/alicante.salesianos.edu\/colegio\/admisiones\/#Comenzamos\u00bb button_text=\u00bbSobre el centro\u00bb button_alignment=\u00bbcenter\u00bb _builder_version=\u00bb4.16&#8243; custom_button=\u00bbon\u00bb button_text_color=\u00bb#ffffff\u00bb button_bg_color=\u00bb#e02b20&#8243; button_bg_image=\u00bbhttps:\/\/cordoba.salesianos.edu\/colegio\/wp-content\/uploads\/sites\/2\/2020\/10\/fondo_novedades_web.png\u00bb button_border_width=\u00bb0px\u00bb global_colors_info=\u00bb{}\u00bb button_text_size__hover_enabled=\u00bboff\u00bb button_one_text_size__hover_enabled=\u00bboff\u00bb button_two_text_size__hover_enabled=\u00bboff\u00bb button_text_color__hover_enabled=\u00bboff\u00bb button_one_text_color__hover_enabled=\u00bboff\u00bb button_two_text_color__hover_enabled=\u00bboff\u00bb button_border_width__hover_enabled=\u00bboff\u00bb button_one_border_width__hover_enabled=\u00bboff\u00bb button_two_border_width__hover_enabled=\u00bboff\u00bb button_border_color__hover_enabled=\u00bboff\u00bb button_one_border_color__hover_enabled=\u00bboff\u00bb button_two_border_color__hover_enabled=\u00bboff\u00bb button_border_radius__hover_enabled=\u00bboff\u00bb button_one_border_radius__hover_enabled=\u00bboff\u00bb button_two_border_radius__hover_enabled=\u00bboff\u00bb button_letter_spacing__hover_enabled=\u00bboff\u00bb button_one_letter_spacing__hover_enabled=\u00bboff\u00bb button_two_letter_spacing__hover_enabled=\u00bboff\u00bb button_bg_color__hover_enabled=\u00bboff\u00bb button_one_bg_color__hover_enabled=\u00bboff\u00bb button_two_bg_color__hover_enabled=\u00bboff\u00bb]\u00a0<br \/>\n[\/et_pb_button][et_pb_button button_url=\u00bbhttps:\/\/alicante.salesianos.edu\/colegio\/instalaciones\/\u00bb button_text=\u00bbDescubre nuestras instalaciones\u00bb button_alignment=\u00bbcenter\u00bb _builder_version=\u00bb4.16&#8243; custom_button=\u00bbon\u00bb button_text_color=\u00bb#ffffff\u00bb button_bg_color=\u00bb#e02b20&#8243; button_bg_image=\u00bbhttps:\/\/cordoba.salesianos.edu\/colegio\/wp-content\/uploads\/sites\/2\/2020\/10\/fondo_novedades_web.png\u00bb button_border_width=\u00bb0px\u00bb global_colors_info=\u00bb{}\u00bb button_text_size__hover_enabled=\u00bboff\u00bb button_one_text_size__hover_enabled=\u00bboff\u00bb button_two_text_size__hover_enabled=\u00bboff\u00bb button_text_color__hover_enabled=\u00bboff\u00bb button_one_text_color__hover_enabled=\u00bboff\u00bb button_two_text_color__hover_enabled=\u00bboff\u00bb button_border_width__hover_enabled=\u00bboff\u00bb button_one_border_width__hover_enabled=\u00bboff\u00bb button_two_border_width__hover_enabled=\u00bboff\u00bb button_border_color__hover_enabled=\u00bboff\u00bb button_one_border_color__hover_enabled=\u00bboff\u00bb button_two_border_color__hover_enabled=\u00bboff\u00bb button_border_radius__hover_enabled=\u00bboff\u00bb button_one_border_radius__hover_enabled=\u00bboff\u00bb button_two_border_radius__hover_enabled=\u00bboff\u00bb button_letter_spacing__hover_enabled=\u00bboff\u00bb button_one_letter_spacing__hover_enabled=\u00bboff\u00bb button_two_letter_spacing__hover_enabled=\u00bboff\u00bb button_bg_color__hover_enabled=\u00bboff\u00bb button_one_bg_color__hover_enabled=\u00bboff\u00bb button_two_bg_color__hover_enabled=\u00bboff\u00bb]\u00a0<br \/>\n[\/et_pb_button][et_pb_divider color=\u00bb#d1d1d1&#8243; divider_style=\u00bbdashed\u00bb divider_position=\u00bbcenter\u00bb disabled_on=\u00bboff|off|off\u00bb _builder_version=\u00bb4.16&#8243; height=\u00bb1px\u00bb global_colors_info=\u00bb{}\u00bb]\u00a0<br \/>\n[\/et_pb_divider][\/et_pb_column][\/et_pb_row][et_pb_row column_structure=\u00bb1_2,1_2&#8243; disabled_on=\u00bbon|on|on\u00bb _builder_version=\u00bb4.16&#8243; disabled=\u00bbon\u00bb global_colors_info=\u00bb{}\u00bb][et_pb_column type=\u00bb1_2&#8243; _builder_version=\u00bb4.16&#8243; global_colors_info=\u00bb{}\u00bb][et_pb_text _builder_version=\u00bb4.16&#8243; header_font=\u00bb||||||||\u00bb header_3_font=\u00bbLato|300|||||||\u00bb header_3_text_color=\u00bb#0c71c3&#8243; header_3_font_size=\u00bb36px\u00bb global_colors_info=\u00bb{}\u00bb]<\/p>\n<h3>#AccesosDirectos<\/h3>\n<p>[\/et_pb_text][et_pb_button button_url=\u00bbhttps:\/\/alicante.salesianos.edu\/colegio\/administracion\/\u00bb button_text=\u00bbHorario de administraci\u00f3n y cita previa\u00bb disabled_on=\u00bboff|off|off\u00bb _builder_version=\u00bb4.16&#8243; custom_button=\u00bbon\u00bb button_text_color=\u00bb#ffffff\u00bb button_bg_color=\u00bb#0c71c3&#8243; button_border_width=\u00bb0px\u00bb button_font=\u00bb||||||||\u00bb global_colors_info=\u00bb{}\u00bb button_text_size__hover_enabled=\u00bboff\u00bb button_one_text_size__hover_enabled=\u00bboff\u00bb button_two_text_size__hover_enabled=\u00bboff\u00bb button_text_color__hover_enabled=\u00bboff\u00bb button_one_text_color__hover_enabled=\u00bboff\u00bb button_two_text_color__hover_enabled=\u00bboff\u00bb button_border_width__hover_enabled=\u00bboff\u00bb button_one_border_width__hover_enabled=\u00bboff\u00bb button_two_border_width__hover_enabled=\u00bboff\u00bb button_border_color__hover_enabled=\u00bboff\u00bb button_one_border_color__hover_enabled=\u00bboff\u00bb button_two_border_color__hover_enabled=\u00bboff\u00bb button_border_radius__hover_enabled=\u00bboff\u00bb button_one_border_radius__hover_enabled=\u00bboff\u00bb button_two_border_radius__hover_enabled=\u00bboff\u00bb button_letter_spacing__hover_enabled=\u00bboff\u00bb button_one_letter_spacing__hover_enabled=\u00bboff\u00bb button_two_letter_spacing__hover_enabled=\u00bboff\u00bb button_bg_color__hover_enabled=\u00bboff\u00bb button_one_bg_color__hover_enabled=\u00bboff\u00bb button_two_bg_color__hover_enabled=\u00bboff\u00bb]\u00a0<br \/>\n[\/et_pb_button][et_pb_button button_url=\u00bbhttps:\/\/alicante.salesianos.edu\/colegio\/orientacion\/vocacional\/\u00bb button_text=\u00bbOrientaci\u00f3n vocacional\u00bb _builder_version=\u00bb4.16&#8243; custom_button=\u00bbon\u00bb button_text_color=\u00bb#ffffff\u00bb button_bg_color=\u00bb#0c71c3&#8243; button_border_width=\u00bb0px\u00bb button_font=\u00bb||||||||\u00bb global_colors_info=\u00bb{}\u00bb button_text_size__hover_enabled=\u00bboff\u00bb button_one_text_size__hover_enabled=\u00bboff\u00bb button_two_text_size__hover_enabled=\u00bboff\u00bb button_text_color__hover_enabled=\u00bboff\u00bb button_one_text_color__hover_enabled=\u00bboff\u00bb button_two_text_color__hover_enabled=\u00bboff\u00bb button_border_width__hover_enabled=\u00bboff\u00bb button_one_border_width__hover_enabled=\u00bboff\u00bb button_two_border_width__hover_enabled=\u00bboff\u00bb button_border_color__hover_enabled=\u00bboff\u00bb button_one_border_color__hover_enabled=\u00bboff\u00bb button_two_border_color__hover_enabled=\u00bboff\u00bb button_border_radius__hover_enabled=\u00bboff\u00bb button_one_border_radius__hover_enabled=\u00bboff\u00bb button_two_border_radius__hover_enabled=\u00bboff\u00bb button_letter_spacing__hover_enabled=\u00bboff\u00bb button_one_letter_spacing__hover_enabled=\u00bboff\u00bb button_two_letter_spacing__hover_enabled=\u00bboff\u00bb button_bg_color__hover_enabled=\u00bboff\u00bb button_one_bg_color__hover_enabled=\u00bboff\u00bb button_two_bg_color__hover_enabled=\u00bboff\u00bb]\u00a0<br \/>\n[\/et_pb_button][et_pb_button button_url=\u00bbhttps:\/\/alicante.salesianos.edu\/colegio\/becas\/\u00bb button_text=\u00bbBecas y ayudas\u00bb _builder_version=\u00bb4.16&#8243; custom_button=\u00bbon\u00bb button_text_color=\u00bb#ffffff\u00bb button_bg_color=\u00bb#0c71c3&#8243; button_border_width=\u00bb0px\u00bb button_font=\u00bb||||||||\u00bb global_colors_info=\u00bb{}\u00bb button_text_size__hover_enabled=\u00bboff\u00bb button_one_text_size__hover_enabled=\u00bboff\u00bb button_two_text_size__hover_enabled=\u00bboff\u00bb button_text_color__hover_enabled=\u00bboff\u00bb button_one_text_color__hover_enabled=\u00bboff\u00bb button_two_text_color__hover_enabled=\u00bboff\u00bb button_border_width__hover_enabled=\u00bboff\u00bb button_one_border_width__hover_enabled=\u00bboff\u00bb button_two_border_width__hover_enabled=\u00bboff\u00bb button_border_color__hover_enabled=\u00bboff\u00bb button_one_border_color__hover_enabled=\u00bboff\u00bb button_two_border_color__hover_enabled=\u00bboff\u00bb button_border_radius__hover_enabled=\u00bboff\u00bb button_one_border_radius__hover_enabled=\u00bboff\u00bb button_two_border_radius__hover_enabled=\u00bboff\u00bb button_letter_spacing__hover_enabled=\u00bboff\u00bb button_one_letter_spacing__hover_enabled=\u00bboff\u00bb button_two_letter_spacing__hover_enabled=\u00bboff\u00bb button_bg_color__hover_enabled=\u00bboff\u00bb button_one_bg_color__hover_enabled=\u00bboff\u00bb button_two_bg_color__hover_enabled=\u00bboff\u00bb]\u00a0<br \/>\n[\/et_pb_button][et_pb_button button_url=\u00bbhttps:\/\/actividades.salesianosalicante.es\/\u00bb button_text=\u00bbInscripci\u00f3n y pagos online\u00bb _builder_version=\u00bb4.16&#8243; custom_button=\u00bbon\u00bb button_text_color=\u00bb#ffffff\u00bb button_bg_color=\u00bb#0c71c3&#8243; button_border_width=\u00bb0px\u00bb button_font=\u00bb||||||||\u00bb global_colors_info=\u00bb{}\u00bb button_text_size__hover_enabled=\u00bboff\u00bb button_one_text_size__hover_enabled=\u00bboff\u00bb button_two_text_size__hover_enabled=\u00bboff\u00bb button_text_color__hover_enabled=\u00bboff\u00bb button_one_text_color__hover_enabled=\u00bboff\u00bb button_two_text_color__hover_enabled=\u00bboff\u00bb button_border_width__hover_enabled=\u00bboff\u00bb button_one_border_width__hover_enabled=\u00bboff\u00bb button_two_border_width__hover_enabled=\u00bboff\u00bb button_border_color__hover_enabled=\u00bboff\u00bb button_one_border_color__hover_enabled=\u00bboff\u00bb button_two_border_color__hover_enabled=\u00bboff\u00bb button_border_radius__hover_enabled=\u00bboff\u00bb button_one_border_radius__hover_enabled=\u00bboff\u00bb button_two_border_radius__hover_enabled=\u00bboff\u00bb button_letter_spacing__hover_enabled=\u00bboff\u00bb button_one_letter_spacing__hover_enabled=\u00bboff\u00bb button_two_letter_spacing__hover_enabled=\u00bboff\u00bb button_bg_color__hover_enabled=\u00bboff\u00bb button_one_bg_color__hover_enabled=\u00bboff\u00bb button_two_bg_color__hover_enabled=\u00bboff\u00bb]\u00a0<br \/>\n[\/et_pb_button][et_pb_button button_url=\u00bbhttp:\/\/correo.alicante.salesianos.edu\/\u00bb button_text=\u00bbCorreo alumnado\u00bb _builder_version=\u00bb4.16&#8243; custom_button=\u00bbon\u00bb button_text_color=\u00bb#ffffff\u00bb button_bg_color=\u00bb#0c71c3&#8243; button_border_width=\u00bb0px\u00bb button_font=\u00bb||||||||\u00bb global_colors_info=\u00bb{}\u00bb button_text_size__hover_enabled=\u00bboff\u00bb button_one_text_size__hover_enabled=\u00bboff\u00bb button_two_text_size__hover_enabled=\u00bboff\u00bb button_text_color__hover_enabled=\u00bboff\u00bb button_one_text_color__hover_enabled=\u00bboff\u00bb button_two_text_color__hover_enabled=\u00bboff\u00bb button_border_width__hover_enabled=\u00bboff\u00bb button_one_border_width__hover_enabled=\u00bboff\u00bb button_two_border_width__hover_enabled=\u00bboff\u00bb button_border_color__hover_enabled=\u00bboff\u00bb button_one_border_color__hover_enabled=\u00bboff\u00bb button_two_border_color__hover_enabled=\u00bboff\u00bb button_border_radius__hover_enabled=\u00bboff\u00bb button_one_border_radius__hover_enabled=\u00bboff\u00bb button_two_border_radius__hover_enabled=\u00bboff\u00bb button_letter_spacing__hover_enabled=\u00bboff\u00bb button_one_letter_spacing__hover_enabled=\u00bboff\u00bb button_two_letter_spacing__hover_enabled=\u00bboff\u00bb button_bg_color__hover_enabled=\u00bboff\u00bb button_one_bg_color__hover_enabled=\u00bboff\u00bb button_two_bg_color__hover_enabled=\u00bboff\u00bb]\u00a0<br \/>\n[\/et_pb_button][et_pb_button button_url=\u00bbhttps:\/\/alicante.salesianos.edu\/colegio\/fotos\/\u00bb button_text=\u00bb\u00c1lbum de fotos\u00bb disabled_on=\u00bboff|off|off\u00bb _builder_version=\u00bb4.16&#8243; custom_button=\u00bbon\u00bb button_text_color=\u00bb#ffffff\u00bb button_bg_color=\u00bb#0c71c3&#8243; button_border_width=\u00bb0px\u00bb button_font=\u00bb||||||||\u00bb global_colors_info=\u00bb{}\u00bb button_text_size__hover_enabled=\u00bboff\u00bb button_one_text_size__hover_enabled=\u00bboff\u00bb button_two_text_size__hover_enabled=\u00bboff\u00bb button_text_color__hover_enabled=\u00bboff\u00bb button_one_text_color__hover_enabled=\u00bboff\u00bb button_two_text_color__hover_enabled=\u00bboff\u00bb button_border_width__hover_enabled=\u00bboff\u00bb button_one_border_width__hover_enabled=\u00bboff\u00bb button_two_border_width__hover_enabled=\u00bboff\u00bb button_border_color__hover_enabled=\u00bboff\u00bb button_one_border_color__hover_enabled=\u00bboff\u00bb button_two_border_color__hover_enabled=\u00bboff\u00bb button_border_radius__hover_enabled=\u00bboff\u00bb button_one_border_radius__hover_enabled=\u00bboff\u00bb button_two_border_radius__hover_enabled=\u00bboff\u00bb button_letter_spacing__hover_enabled=\u00bboff\u00bb button_one_letter_spacing__hover_enabled=\u00bboff\u00bb button_two_letter_spacing__hover_enabled=\u00bboff\u00bb button_bg_color__hover_enabled=\u00bboff\u00bb button_one_bg_color__hover_enabled=\u00bboff\u00bb button_two_bg_color__hover_enabled=\u00bboff\u00bb]\u00a0<br \/>\n[\/et_pb_button][et_pb_button button_url=\u00bbhttps:\/\/alicante.salesianos.edu\/colegio\/programaciones-de-aula\/\u00bb button_text=\u00bbProgramaciones de aula\u00bb disabled_on=\u00bbon|on|on\u00bb _builder_version=\u00bb4.16&#8243; custom_button=\u00bbon\u00bb button_text_color=\u00bb#ffffff\u00bb button_bg_color=\u00bb#0c71c3&#8243; button_border_width=\u00bb0px\u00bb button_font=\u00bb||||||||\u00bb disabled=\u00bbon\u00bb global_colors_info=\u00bb{}\u00bb button_text_size__hover_enabled=\u00bboff\u00bb button_one_text_size__hover_enabled=\u00bboff\u00bb button_two_text_size__hover_enabled=\u00bboff\u00bb button_text_color__hover_enabled=\u00bboff\u00bb button_one_text_color__hover_enabled=\u00bboff\u00bb button_two_text_color__hover_enabled=\u00bboff\u00bb button_border_width__hover_enabled=\u00bboff\u00bb button_one_border_width__hover_enabled=\u00bboff\u00bb button_two_border_width__hover_enabled=\u00bboff\u00bb button_border_color__hover_enabled=\u00bboff\u00bb button_one_border_color__hover_enabled=\u00bboff\u00bb button_two_border_color__hover_enabled=\u00bboff\u00bb button_border_radius__hover_enabled=\u00bboff\u00bb button_one_border_radius__hover_enabled=\u00bboff\u00bb button_two_border_radius__hover_enabled=\u00bboff\u00bb button_letter_spacing__hover_enabled=\u00bboff\u00bb button_one_letter_spacing__hover_enabled=\u00bboff\u00bb button_two_letter_spacing__hover_enabled=\u00bboff\u00bb button_bg_color__hover_enabled=\u00bboff\u00bb button_one_bg_color__hover_enabled=\u00bboff\u00bb button_two_bg_color__hover_enabled=\u00bboff\u00bb]\u00a0<br \/>\n[\/et_pb_button][et_pb_button button_url=\u00bbhttps:\/\/alicante.salesianos.edu\/colegio\/calendario-escolar\/\u00bb button_text=\u00bbCalendario escolar 2019\/20&#8243; disabled_on=\u00bbon|on|on\u00bb _builder_version=\u00bb4.16&#8243; custom_button=\u00bbon\u00bb button_text_color=\u00bb#ffffff\u00bb button_bg_color=\u00bb#0c71c3&#8243; button_border_width=\u00bb0px\u00bb button_font=\u00bb||||||||\u00bb disabled=\u00bbon\u00bb global_colors_info=\u00bb{}\u00bb button_text_size__hover_enabled=\u00bboff\u00bb button_one_text_size__hover_enabled=\u00bboff\u00bb button_two_text_size__hover_enabled=\u00bboff\u00bb button_text_color__hover_enabled=\u00bboff\u00bb button_one_text_color__hover_enabled=\u00bboff\u00bb button_two_text_color__hover_enabled=\u00bboff\u00bb button_border_width__hover_enabled=\u00bboff\u00bb button_one_border_width__hover_enabled=\u00bboff\u00bb button_two_border_width__hover_enabled=\u00bboff\u00bb button_border_color__hover_enabled=\u00bboff\u00bb button_one_border_color__hover_enabled=\u00bboff\u00bb button_two_border_color__hover_enabled=\u00bboff\u00bb button_border_radius__hover_enabled=\u00bboff\u00bb button_one_border_radius__hover_enabled=\u00bboff\u00bb button_two_border_radius__hover_enabled=\u00bboff\u00bb button_letter_spacing__hover_enabled=\u00bboff\u00bb button_one_letter_spacing__hover_enabled=\u00bboff\u00bb button_two_letter_spacing__hover_enabled=\u00bboff\u00bb button_bg_color__hover_enabled=\u00bboff\u00bb button_one_bg_color__hover_enabled=\u00bboff\u00bb button_two_bg_color__hover_enabled=\u00bboff\u00bb]\u00a0<br \/>\n[\/et_pb_button][et_pb_divider color=\u00bb#d1d1d1&#8243; divider_style=\u00bbdashed\u00bb divider_position=\u00bbcenter\u00bb disabled_on=\u00bboff|off|on\u00bb _builder_version=\u00bb4.16&#8243; height=\u00bb1px\u00bb global_colors_info=\u00bb{}\u00bb]\u00a0<br \/>\n[\/et_pb_divider][\/et_pb_column][et_pb_column type=\u00bb1_2&#8243; _builder_version=\u00bb4.16&#8243; global_colors_info=\u00bb{}\u00bb][et_pb_text _builder_version=\u00bb4.16&#8243; header_3_font=\u00bbLato|300|||||||\u00bb header_3_text_color=\u00bb#e02b20&#8243; header_3_font_size=\u00bb36px\u00bb global_colors_info=\u00bb{}\u00bb]<\/p>\n<h3>#NovedadesWeb<\/h3>\n<p><strong>La web sigue en construcci\u00f3n<\/strong>, por lo que aqu\u00ed publicaremos todos los cambios y novedades.\u00a0<a title=\"\u00bfC\u00f3mo funciona la web?\" href=\"https:\/\/alicante.salesianos.edu\/salesianos-alicante-estrena-web-te-explicamos-funciona\/\">\u00bfQuieres saber c\u00f3mo funciona la nueva web? Pincha aqu\u00ed.<\/a><br \/>\n[\/et_pb_text][et_pb_button button_url=\u00bbhttps:\/\/alicante.salesianos.edu\/colegio\/orientacion\/vocacional\/\u00bb button_text=\u00bbNUEVO | Orientaci\u00f3n vocacional\u00bb _builder_version=\u00bb4.16&#8243; custom_button=\u00bbon\u00bb button_text_color=\u00bb#ffffff\u00bb button_bg_color=\u00bb#e02b20&#8243; button_bg_image=\u00bbhttps:\/\/cordoba.salesianos.edu\/colegio\/wp-content\/uploads\/sites\/2\/2020\/10\/fondo_novedades_web.png\u00bb button_border_width=\u00bb0px\u00bb global_colors_info=\u00bb{}\u00bb button_text_size__hover_enabled=\u00bboff\u00bb button_one_text_size__hover_enabled=\u00bboff\u00bb button_two_text_size__hover_enabled=\u00bboff\u00bb button_text_color__hover_enabled=\u00bboff\u00bb button_one_text_color__hover_enabled=\u00bboff\u00bb button_two_text_color__hover_enabled=\u00bboff\u00bb button_border_width__hover_enabled=\u00bboff\u00bb button_one_border_width__hover_enabled=\u00bboff\u00bb button_two_border_width__hover_enabled=\u00bboff\u00bb button_border_color__hover_enabled=\u00bboff\u00bb button_one_border_color__hover_enabled=\u00bboff\u00bb button_two_border_color__hover_enabled=\u00bboff\u00bb button_border_radius__hover_enabled=\u00bboff\u00bb button_one_border_radius__hover_enabled=\u00bboff\u00bb button_two_border_radius__hover_enabled=\u00bboff\u00bb button_letter_spacing__hover_enabled=\u00bboff\u00bb button_one_letter_spacing__hover_enabled=\u00bboff\u00bb button_two_letter_spacing__hover_enabled=\u00bboff\u00bb button_bg_color__hover_enabled=\u00bboff\u00bb button_one_bg_color__hover_enabled=\u00bboff\u00bb button_two_bg_color__hover_enabled=\u00bboff\u00bb]\u00a0<br \/>\n[\/et_pb_button][et_pb_button button_url=\u00bbhttps:\/\/alicante.salesianos.edu\/colegio\/instalaciones\/\u00bb button_text=\u00bbNUEVO | Instalaciones\u00bb _builder_version=\u00bb4.16&#8243; custom_button=\u00bbon\u00bb button_text_color=\u00bb#ffffff\u00bb button_bg_color=\u00bb#e02b20&#8243; button_bg_image=\u00bbhttps:\/\/cordoba.salesianos.edu\/colegio\/wp-content\/uploads\/sites\/2\/2020\/10\/fondo_novedades_web.png\u00bb button_border_width=\u00bb0px\u00bb global_colors_info=\u00bb{}\u00bb button_text_size__hover_enabled=\u00bboff\u00bb button_one_text_size__hover_enabled=\u00bboff\u00bb button_two_text_size__hover_enabled=\u00bboff\u00bb button_text_color__hover_enabled=\u00bboff\u00bb button_one_text_color__hover_enabled=\u00bboff\u00bb button_two_text_color__hover_enabled=\u00bboff\u00bb button_border_width__hover_enabled=\u00bboff\u00bb button_one_border_width__hover_enabled=\u00bboff\u00bb button_two_border_width__hover_enabled=\u00bboff\u00bb button_border_color__hover_enabled=\u00bboff\u00bb button_one_border_color__hover_enabled=\u00bboff\u00bb button_two_border_color__hover_enabled=\u00bboff\u00bb button_border_radius__hover_enabled=\u00bboff\u00bb button_one_border_radius__hover_enabled=\u00bboff\u00bb button_two_border_radius__hover_enabled=\u00bboff\u00bb button_letter_spacing__hover_enabled=\u00bboff\u00bb button_one_letter_spacing__hover_enabled=\u00bboff\u00bb button_two_letter_spacing__hover_enabled=\u00bboff\u00bb button_bg_color__hover_enabled=\u00bboff\u00bb button_one_bg_color__hover_enabled=\u00bboff\u00bb button_two_bg_color__hover_enabled=\u00bboff\u00bb]\u00a0<br \/>\n[\/et_pb_button][et_pb_image src=\u00bbhttps:\/\/cordoba.salesianos.edu\/colegio\/wp-content\/uploads\/sites\/2\/2020\/10\/noticia_colegio_19_12_16_donbosco_green_alliance.jpg\u00bb url=\u00bbhttps:\/\/donboscogreen.org\/es\/\u00bb _builder_version=\u00bb4.16&#8243; custom_margin=\u00bb-20px||-20px||false|false\u00bb global_colors_info=\u00bb{}\u00bb][\/et_pb_image][\/et_pb_column][\/et_pb_row][et_pb_row column_structure=\u00bb1_4,1_4,1_4,1_4&#8243; custom_padding_last_edited=\u00bbon|phone\u00bb _builder_version=\u00bb4.16&#8243; background_size=\u00bbinitial\u00bb background_position=\u00bbtop_left\u00bb background_repeat=\u00bbrepeat\u00bb custom_margin=\u00bb|||\u00bb custom_padding=\u00bb25px||25px||false|false\u00bb custom_padding_tablet=\u00bb\u00bb custom_padding_phone=\u00bb||0px\u00bb global_colors_info=\u00bb{}\u00bb][et_pb_column type=\u00bb1_4&#8243; _builder_version=\u00bb4.16&#8243; background_position=\u00bbtop_left\u00bb custom_padding=\u00bb|||\u00bb global_colors_info=\u00bb{}\u00bb custom_padding__hover=\u00bb|||\u00bb][et_pb_text admin_label=\u00bbRedes sociales (Texto)\u00bb _builder_version=\u00bb4.16&#8243; text_font=\u00bbArial||||\u00bb text_text_color=\u00bb#636a70&#8243; text_font_size=\u00bb22&#8243; text_line_height=\u00bb1.6em\u00bb header_font=\u00bbLato|300|||||||\u00bb header_text_color=\u00bbrgba(81,98,111,0.81)\u00bb header_font_size=\u00bb27px\u00bb header_2_font=\u00bbLato|300|||||||\u00bb header_2_text_color=\u00bbrgba(81,98,111,0.81)\u00bb header_2_font_size=\u00bb27px\u00bb background_size=\u00bbinitial\u00bb background_position=\u00bbtop_left\u00bb background_repeat=\u00bbrepeat\u00bb custom_margin=\u00bb|||\u00bb custom_padding=\u00bb|||\u00bb global_colors_info=\u00bb{}\u00bb]<\/p>\n<h1><strong>Redes sociales<\/strong><strong><img loading=\"lazy\" decoding=\"async\" class=\"wp-image-3090 alignleft\" src=\"https:\/\/cordoba.salesianos.edu\/colegio\/wp-content\/uploads\/sites\/2\/2020\/10\/redes_sociales.png\" alt=\"\" width=\"29\" height=\"30\" \/><\/strong><\/h1>\n<p>[\/et_pb_text][\/et_pb_column][et_pb_column type=\u00bb1_4&#8243; _builder_version=\u00bb4.16&#8243; background_position=\u00bbtop_left\u00bb custom_padding=\u00bb|||\u00bb global_colors_info=\u00bb{}\u00bb custom_padding__hover=\u00bb|||\u00bb][et_pb_social_media_follow _builder_version=\u00bb4.27.4&#8243; border_radii=\u00bbon|100%|100%|100%|100%\u00bb link_shape=\u00bbcircle\u00bb global_colors_info=\u00bb{}\u00bb][et_pb_social_media_follow_network social_network=\u00bbfacebook\u00bb url=\u00bbhttps:\/\/www.facebook.com\/salesianoscordoba\u00bb _builder_version=\u00bb4.27.4&#8243; background_color=\u00bb#3b5998&#8243; bg_color=\u00bb#3b5998&#8243; global_colors_info=\u00bb{}\u00bb follow_button=\u00bboff\u00bb url_new_window=\u00bbon\u00bb]facebook[\/et_pb_social_media_follow_network][et_pb_social_media_follow_network social_network=\u00bbtwitter\u00bb url=\u00bbhttps:\/\/twitter.com\/salescordoba\u00bb _builder_version=\u00bb4.27.4&#8243; background_color=\u00bb#000000&#8243; bg_color=\u00bb#00aced\u00bb global_colors_info=\u00bb{}\u00bb follow_button=\u00bboff\u00bb url_new_window=\u00bbon\u00bb]twitter[\/et_pb_social_media_follow_network][et_pb_social_media_follow_network social_network=\u00bbinstagram\u00bb url=\u00bbhttps:\/\/www.instagram.com\/salescordoba\/\u00bb _builder_version=\u00bb4.27.4&#8243; background_color=\u00bb#517fa4&#8243; bg_color=\u00bb#517fa4&#8243; global_colors_info=\u00bb{}\u00bb follow_button=\u00bboff\u00bb url_new_window=\u00bbon\u00bb]instagram[\/et_pb_social_media_follow_network][et_pb_social_media_follow_network social_network=\u00bbyoutube\u00bb url=\u00bbhttp:\/\/www.youtube.com\/@SalesCordoba\u00bb _builder_version=\u00bb4.27.4&#8243; background_color=\u00bb#a82400&#8243; bg_color=\u00bb#a82400&#8243; global_colors_info=\u00bb{}\u00bb follow_button=\u00bboff\u00bb url_new_window=\u00bbon\u00bb]youtube[\/et_pb_social_media_follow_network][\/et_pb_social_media_follow][\/et_pb_column][et_pb_column type=\u00bb1_4&#8243; _builder_version=\u00bb4.16&#8243; background_position=\u00bbtop_left\u00bb custom_padding=\u00bb|||\u00bb global_colors_info=\u00bb{}\u00bb custom_padding__hover=\u00bb|||\u00bb][et_pb_code _builder_version=\u00bb4.16&#8243; global_colors_info=\u00bb{}\u00bb]<script src=\"https:\/\/apis.google.com\/js\/platform.js\"><\/script><!-- [et_pb_line_break_holder] --><!-- [et_pb_line_break_holder] --><\/p>\n<div class=\"g-ytsubscribe\" data-channel=\"SalesianosALC\" data-layout=\"default\" data-count=\"default\"><\/div>\n<p>[\/et_pb_code][\/et_pb_column][et_pb_column type=\u00bb1_4&#8243; _builder_version=\u00bb4.16&#8243; background_position=\u00bbtop_left\u00bb custom_padding=\u00bb|||\u00bb global_colors_info=\u00bb{}\u00bb custom_padding__hover=\u00bb|||\u00bb][\/et_pb_column][\/et_pb_row][et_pb_row _builder_version=\u00bb4.16&#8243; background_size=\u00bbinitial\u00bb background_position=\u00bbtop_left\u00bb background_repeat=\u00bbrepeat\u00bb custom_margin=\u00bb|||\u00bb custom_padding=\u00bb25px||25px||false|false\u00bb global_colors_info=\u00bb{}\u00bb][et_pb_column type=\u00bb4_4&#8243; _builder_version=\u00bb4.16&#8243; background_position=\u00bbtop_left\u00bb custom_padding=\u00bb|||\u00bb global_colors_info=\u00bb{}\u00bb custom_padding__hover=\u00bb|||\u00bb][et_pb_text admin_label=\u00bbSalesianos (Texto)\u00bb _builder_version=\u00bb4.16&#8243; text_font=\u00bbArial||||\u00bb text_text_color=\u00bb#636a70&#8243; text_font_size=\u00bb22&#8243; text_line_height=\u00bb1.6em\u00bb header_font=\u00bbLato|300|||||||\u00bb header_text_color=\u00bbrgba(81,98,111,0.81)\u00bb header_font_size=\u00bb27px\u00bb header_2_font=\u00bbLato|300|||||||\u00bb header_2_text_color=\u00bbrgba(81,98,111,0.81)\u00bb header_2_font_size=\u00bb27px\u00bb background_size=\u00bbinitial\u00bb background_position=\u00bbtop_left\u00bb background_repeat=\u00bbrepeat\u00bb custom_margin=\u00bb|||\u00bb custom_padding=\u00bb|||\u00bb global_colors_info=\u00bb{}\u00bb]<\/p>\n<h1><strong>Salesianos<\/strong><strong><img loading=\"lazy\" decoding=\"async\" class=\"wp-image-3090 alignleft\" src=\"https:\/\/cordoba.salesianos.edu\/colegio\/wp-content\/uploads\/sites\/2\/2020\/10\/enlaces_salesianos.png\" alt=\"\" width=\"29\" height=\"30\" \/><\/strong><\/h1>\n<p>[\/et_pb_text][\/et_pb_column][\/et_pb_row][et_pb_row column_padding_mobile=\u00bbon\u00bb module_id=\u00bbportada-web-salesianas\u00bb module_class=\u00bbseis-columnas et_pb_row_fullwidth\u00bb _builder_version=\u00bb4.16&#8243; background_size=\u00bbinitial\u00bb background_position=\u00bbtop_left\u00bb background_repeat=\u00bbrepeat\u00bb width=\u00bb94%\u00bb width_tablet=\u00bb80%\u00bb width_phone=\u00bb\u00bb width_last_edited=\u00bbon|desktop\u00bb max_width=\u00bb94%\u00bb max_width_tablet=\u00bb80%\u00bb max_width_phone=\u00bb\u00bb max_width_last_edited=\u00bbon|desktop\u00bb custom_margin=\u00bb|||\u00bb custom_padding=\u00bb25px||||false|false\u00bb make_fullwidth=\u00bbon\u00bb global_colors_info=\u00bb{}\u00bb][et_pb_column type=\u00bb4_4&#8243; _builder_version=\u00bb4.16&#8243; background_position=\u00bbtop_left\u00bb custom_padding=\u00bb|||\u00bb global_colors_info=\u00bb{}\u00bb custom_padding__hover=\u00bb|||\u00bb][et_pb_blurb url=\u00bbhttp:\/\/sdb.org\/es\/\u00bb url_new_window=\u00bbon\u00bb image=\u00bbhttps:\/\/cordoba.salesianos.edu\/colegio\/wp-content\/uploads\/sites\/2\/2020\/10\/01_SDBORG.png\u00bb alt=\u00bbSalesianos en el mundo\u00bb admin_label=\u00bbSDB_org\u00bb _builder_version=\u00bb4.16&#8243; background_size=\u00bbinitial\u00bb background_position=\u00bbtop_left\u00bb background_repeat=\u00bbrepeat\u00bb text_orientation=\u00bbcenter\u00bb animation_style=\u00bbbounce\u00bb animation=\u00bboff\u00bb global_colors_info=\u00bb{}\u00bb]En el mundo<br \/>\n[\/et_pb_blurb][et_pb_blurb url=\u00bbhttp:\/\/www.donbosco.es\u00bb url_new_window=\u00bbon\u00bb image=\u00bbhttps:\/\/cordoba.salesianos.edu\/colegio\/wp-content\/uploads\/sites\/2\/2020\/10\/02_DBES.png\u00bb alt=\u00bbSalesianos en Espa\u00f1a\u00bb admin_label=\u00bbDonBosco_ES\u00bb _builder_version=\u00bb4.16&#8243; background_size=\u00bbinitial\u00bb background_position=\u00bbtop_left\u00bb background_repeat=\u00bbrepeat\u00bb text_orientation=\u00bbcenter\u00bb animation_style=\u00bbbounce\u00bb animation=\u00bboff\u00bb global_colors_info=\u00bb{}\u00bb]En Espa\u00f1a<br \/>\n[\/et_pb_blurb][et_pb_blurb url=\u00bbhttp:\/\/www.salesianos.edu\u00bb url_new_window=\u00bbon\u00bb image=\u00bbhttps:\/\/cordoba.salesianos.edu\/colegio\/wp-content\/uploads\/sites\/2\/2020\/10\/03_smxedu.png\u00bb admin_label=\u00bbInspector\u00eda\u00bb _builder_version=\u00bb4.16&#8243; background_size=\u00bbinitial\u00bb background_position=\u00bbtop_left\u00bb background_repeat=\u00bbrepeat\u00bb text_orientation=\u00bbcenter\u00bb animation_style=\u00bbbounce\u00bb animation=\u00bboff\u00bb global_colors_info=\u00bb{}\u00bb]En la Inspector\u00eda<br \/>\n[\/et_pb_blurb][et_pb_blurb url=\u00bbhttp:\/\/www.infoans.org\/es\u00bb url_new_window=\u00bbon\u00bb image=\u00bbhttps:\/\/cordoba.salesianos.edu\/colegio\/wp-content\/uploads\/sites\/2\/2020\/10\/04_ans.png\u00bb admin_label=\u00bbANS_info\u00bb _builder_version=\u00bb4.16&#8243; background_size=\u00bbinitial\u00bb background_position=\u00bbtop_left\u00bb background_repeat=\u00bbrepeat\u00bb text_orientation=\u00bbcenter\u00bb animation_style=\u00bbbounce\u00bb animation=\u00bboff\u00bb global_colors_info=\u00bb{}\u00bb]Agencia noticias<br \/>\n[\/et_pb_blurb][et_pb_blurb url=\u00bbhttp:\/\/boletin-salesiano.com\/\u00bb url_new_window=\u00bbon\u00bb image=\u00bbhttps:\/\/cordoba.salesianos.edu\/colegio\/wp-content\/uploads\/sites\/2\/2020\/10\/05_boletins.png\u00bb admin_label=\u00bbBoletinSalesiano\u00bb _builder_version=\u00bb4.16&#8243; background_size=\u00bbinitial\u00bb background_position=\u00bbtop_left\u00bb background_repeat=\u00bbrepeat\u00bb text_orientation=\u00bbcenter\u00bb animation_style=\u00bbbounce\u00bb animation=\u00bboff\u00bb global_colors_info=\u00bb{}\u00bb]Bolet\u00edn Salesiano<br \/>\n[\/et_pb_blurb][et_pb_blurb url=\u00bbhttp:\/\/www.salesianos.info\/\u00bb url_new_window=\u00bbon\u00bb image=\u00bbhttps:\/\/cordoba.salesianos.edu\/colegio\/wp-content\/uploads\/sites\/2\/2020\/10\/06_salesinfo.png\u00bb admin_label=\u00bbInspector\u00eda\u00bb _builder_version=\u00bb4.16&#8243; background_size=\u00bbinitial\u00bb background_position=\u00bbtop_left\u00bb background_repeat=\u00bbrepeat\u00bb text_orientation=\u00bbcenter\u00bb animation_style=\u00bbbounce\u00bb animation=\u00bboff\u00bb global_colors_info=\u00bb{}\u00bb]Salesianos INFO<br \/>\n[\/et_pb_blurb][\/et_pb_column][\/et_pb_row][\/et_pb_section]<\/p>\n","protected":false},"excerpt":{"rendered":"<p>\u00a1Con\u00f3cenos desde casa!CURSO 2022-2023Con\u00f3cenosNoticias del Colegio\u00a0 \u00a0 Destacado#\u00daltimaHora&#x2139;&#xfe0f; Desde la Concejal\u00eda de Educaci\u00f3n del Ayuntamiento de Alicante nos informan de la realizaci\u00f3n de la Conferencia online \u00abC\u00f3mo fomentar la autonom\u00eda en los ni\u00f1os\/as\u00bb a cargo del psic\u00f3logo Alberto Soler (https:\/\/www.albertosoler.es\/), dirigido a padres y madres de la ciudad de Alicante con hijos e hijas en [&hellip;]<\/p>\n","protected":false},"author":3,"featured_media":0,"parent":0,"menu_order":0,"comment_status":"closed","ping_status":"closed","template":"","meta":{"_et_pb_use_builder":"on","_et_pb_old_content":"","_et_gb_content_width":"","footnotes":""},"class_list":["post-4709","page","type-page","status-publish","hentry"],"yoast_head":"<!-- This site is optimized with the Yoast SEO plugin v28.4 - https:\/\/yoast.com\/product\/yoast-seo-wordpress\/ -->\n<title>Inicio Colegio - Colegio Salesiano San Francisco de Sales<\/title>\n<meta name=\"robots\" content=\"index, follow, max-snippet:-1, max-image-preview:large, max-video-preview:-1\" \/>\n<link rel=\"canonical\" href=\"https:\/\/cordoba.salesianos.edu\/colegio\/\" \/>\n<meta property=\"og:locale\" content=\"es_ES\" \/>\n<meta property=\"og:type\" content=\"article\" \/>\n<meta property=\"og:title\" content=\"Inicio Colegio - Colegio Salesiano San Francisco de Sales\" \/>\n<meta property=\"og:description\" content=\"\u00a1Con\u00f3cenos desde casa!CURSO 2022-2023Con\u00f3cenosNoticias del Colegio\u00a0 \u00a0 Destacado#\u00daltimaHora&#x2139;&#xfe0f; Desde la Concejal\u00eda de Educaci\u00f3n del Ayuntamiento de Alicante nos informan de la realizaci\u00f3n de la Conferencia online &quot;C\u00f3mo fomentar la autonom\u00eda en los ni\u00f1os\/as&quot; a cargo del psic\u00f3logo Alberto Soler (https:\/\/www.albertosoler.es\/), dirigido a padres y madres de la ciudad de Alicante con hijos e hijas en [&hellip;]\" \/>\n<meta property=\"og:url\" content=\"https:\/\/cordoba.salesianos.edu\/colegio\/\" \/>\n<meta property=\"og:site_name\" content=\"Colegio Salesiano San Francisco de Sales\" \/>\n<meta property=\"article:modified_time\" content=\"2026-02-01T11:22:00+00:00\" \/>\n<meta property=\"og:image\" content=\"https:\/\/cordoba.salesianos.edu\/colegio\/wp-content\/uploads\/sites\/2\/2020\/10\/don-bosco.png\" \/>\n<meta name=\"twitter:card\" content=\"summary_large_image\" \/>\n<meta name=\"twitter:label1\" content=\"Tiempo de lectura\" \/>\n\t<meta name=\"twitter:data1\" content=\"3 minutos\" \/>\n<script type=\"application\/ld+json\" class=\"yoast-schema-graph\">{\"@context\":\"https:\\\/\\\/schema.org\",\"@graph\":[{\"@type\":\"WebPage\",\"@id\":\"https:\\\/\\\/cordoba.salesianos.edu\\\/colegio\\\/\",\"url\":\"https:\\\/\\\/cordoba.salesianos.edu\\\/colegio\\\/\",\"name\":\"Inicio Colegio - Colegio Salesiano San Francisco de Sales\",\"isPartOf\":{\"@id\":\"https:\\\/\\\/cordoba.salesianos.edu\\\/colegio\\\/#website\"},\"primaryImageOfPage\":{\"@id\":\"https:\\\/\\\/cordoba.salesianos.edu\\\/colegio\\\/#primaryimage\"},\"image\":{\"@id\":\"https:\\\/\\\/cordoba.salesianos.edu\\\/colegio\\\/#primaryimage\"},\"thumbnailUrl\":\"https:\\\/\\\/cordoba.salesianos.edu\\\/colegio\\\/wp-content\\\/uploads\\\/sites\\\/2\\\/2020\\\/10\\\/don-bosco.png\",\"datePublished\":\"2020-10-07T17:34:25+00:00\",\"dateModified\":\"2026-02-01T11:22:00+00:00\",\"breadcrumb\":{\"@id\":\"https:\\\/\\\/cordoba.salesianos.edu\\\/colegio\\\/#breadcrumb\"},\"inLanguage\":\"es\",\"potentialAction\":[{\"@type\":\"ReadAction\",\"target\":[\"https:\\\/\\\/cordoba.salesianos.edu\\\/colegio\\\/\"]}]},{\"@type\":\"ImageObject\",\"inLanguage\":\"es\",\"@id\":\"https:\\\/\\\/cordoba.salesianos.edu\\\/colegio\\\/#primaryimage\",\"url\":\"\",\"contentUrl\":\"\"},{\"@type\":\"BreadcrumbList\",\"@id\":\"https:\\\/\\\/cordoba.salesianos.edu\\\/colegio\\\/#breadcrumb\",\"itemListElement\":[{\"@type\":\"ListItem\",\"position\":1,\"name\":\"Portada\",\"item\":\"https:\\\/\\\/cordoba.salesianos.edu\\\/colegio\\\/\"},{\"@type\":\"ListItem\",\"position\":2,\"name\":\"Inicio Colegio\"}]},{\"@type\":\"WebSite\",\"@id\":\"https:\\\/\\\/cordoba.salesianos.edu\\\/colegio\\\/#website\",\"url\":\"https:\\\/\\\/cordoba.salesianos.edu\\\/colegio\\\/\",\"name\":\"Colegio Salesiano San Francisco de Sales\",\"description\":\"P\u00e1gina oficial Salesianos C\u00f3rdoba\",\"potentialAction\":[{\"@type\":\"SearchAction\",\"target\":{\"@type\":\"EntryPoint\",\"urlTemplate\":\"https:\\\/\\\/cordoba.salesianos.edu\\\/colegio\\\/?s={search_term_string}\"},\"query-input\":{\"@type\":\"PropertyValueSpecification\",\"valueRequired\":true,\"valueName\":\"search_term_string\"}}],\"inLanguage\":\"es\"}]}<\/script>\n<!-- \/ Yoast SEO plugin. -->","yoast_head_json":{"title":"Inicio Colegio - Colegio Salesiano San Francisco de Sales","robots":{"index":"index","follow":"follow","max-snippet":"max-snippet:-1","max-image-preview":"max-image-preview:large","max-video-preview":"max-video-preview:-1"},"canonical":"https:\/\/cordoba.salesianos.edu\/colegio\/","og_locale":"es_ES","og_type":"article","og_title":"Inicio Colegio - Colegio Salesiano San Francisco de Sales","og_description":"\u00a1Con\u00f3cenos desde casa!CURSO 2022-2023Con\u00f3cenosNoticias del Colegio\u00a0 \u00a0 Destacado#\u00daltimaHora&#x2139;&#xfe0f; Desde la Concejal\u00eda de Educaci\u00f3n del Ayuntamiento de Alicante nos informan de la realizaci\u00f3n de la Conferencia online \"C\u00f3mo fomentar la autonom\u00eda en los ni\u00f1os\/as\" a cargo del psic\u00f3logo Alberto Soler (https:\/\/www.albertosoler.es\/), dirigido a padres y madres de la ciudad de Alicante con hijos e hijas en [&hellip;]","og_url":"https:\/\/cordoba.salesianos.edu\/colegio\/","og_site_name":"Colegio Salesiano San Francisco de Sales","article_modified_time":"2026-02-01T11:22:00+00:00","og_image":[{"url":"https:\/\/cordoba.salesianos.edu\/colegio\/wp-content\/uploads\/sites\/2\/2020\/10\/don-bosco.png","type":"","width":"","height":""}],"twitter_card":"summary_large_image","twitter_misc":{"Tiempo de lectura":"3 minutos"},"schema":{"@context":"https:\/\/schema.org","@graph":[{"@type":"WebPage","@id":"https:\/\/cordoba.salesianos.edu\/colegio\/","url":"https:\/\/cordoba.salesianos.edu\/colegio\/","name":"Inicio Colegio - Colegio Salesiano San Francisco de Sales","isPartOf":{"@id":"https:\/\/cordoba.salesianos.edu\/colegio\/#website"},"primaryImageOfPage":{"@id":"https:\/\/cordoba.salesianos.edu\/colegio\/#primaryimage"},"image":{"@id":"https:\/\/cordoba.salesianos.edu\/colegio\/#primaryimage"},"thumbnailUrl":"https:\/\/cordoba.salesianos.edu\/colegio\/wp-content\/uploads\/sites\/2\/2020\/10\/don-bosco.png","datePublished":"2020-10-07T17:34:25+00:00","dateModified":"2026-02-01T11:22:00+00:00","breadcrumb":{"@id":"https:\/\/cordoba.salesianos.edu\/colegio\/#breadcrumb"},"inLanguage":"es","potentialAction":[{"@type":"ReadAction","target":["https:\/\/cordoba.salesianos.edu\/colegio\/"]}]},{"@type":"ImageObject","inLanguage":"es","@id":"https:\/\/cordoba.salesianos.edu\/colegio\/#primaryimage","url":"","contentUrl":""},{"@type":"BreadcrumbList","@id":"https:\/\/cordoba.salesianos.edu\/colegio\/#breadcrumb","itemListElement":[{"@type":"ListItem","position":1,"name":"Portada","item":"https:\/\/cordoba.salesianos.edu\/colegio\/"},{"@type":"ListItem","position":2,"name":"Inicio Colegio"}]},{"@type":"WebSite","@id":"https:\/\/cordoba.salesianos.edu\/colegio\/#website","url":"https:\/\/cordoba.salesianos.edu\/colegio\/","name":"Colegio Salesiano San Francisco de Sales","description":"P\u00e1gina oficial Salesianos C\u00f3rdoba","potentialAction":[{"@type":"SearchAction","target":{"@type":"EntryPoint","urlTemplate":"https:\/\/cordoba.salesianos.edu\/colegio\/?s={search_term_string}"},"query-input":{"@type":"PropertyValueSpecification","valueRequired":true,"valueName":"search_term_string"}}],"inLanguage":"es"}]}},"_links":{"self":[{"href":"https:\/\/cordoba.salesianos.edu\/colegio\/wp-json\/wp\/v2\/pages\/4709","targetHints":{"allow":["GET"]}}],"collection":[{"href":"https:\/\/cordoba.salesianos.edu\/colegio\/wp-json\/wp\/v2\/pages"}],"about":[{"href":"https:\/\/cordoba.salesianos.edu\/colegio\/wp-json\/wp\/v2\/types\/page"}],"author":[{"embeddable":true,"href":"https:\/\/cordoba.salesianos.edu\/colegio\/wp-json\/wp\/v2\/users\/3"}],"replies":[{"embeddable":true,"href":"https:\/\/cordoba.salesianos.edu\/colegio\/wp-json\/wp\/v2\/comments?post=4709"}],"version-history":[{"count":26,"href":"https:\/\/cordoba.salesianos.edu\/colegio\/wp-json\/wp\/v2\/pages\/4709\/revisions"}],"predecessor-version":[{"id":9225,"href":"https:\/\/cordoba.salesianos.edu\/colegio\/wp-json\/wp\/v2\/pages\/4709\/revisions\/9225"}],"wp:attachment":[{"href":"https:\/\/cordoba.salesianos.edu\/colegio\/wp-json\/wp\/v2\/media?parent=4709"}],"curies":[{"name":"wp","href":"https:\/\/api.w.org\/{rel}","templated":true}]}}